{"id":70,"date":"2011-10-27T10:26:16","date_gmt":"2011-10-27T08:26:16","guid":{"rendered":"http:\/\/cedera-okna.sk\/index.php\/vonkajsie-zaluzie\/"},"modified":"2024-07-10T20:15:47","modified_gmt":"2024-07-10T18:15:47","slug":"vonkajsie-exterierove-zaluzie-hlinikove","status":"publish","type":"page","link":"https:\/\/www.cedera-okna.sk\/sk\/vonkajsie-exterierove-zaluzie-hlinikove\/","title":{"rendered":"Vonkaj\u0161ie hlin\u00edkov\u00e9 \u017eal\u00fazie"},"content":{"rendered":"<div class=\"wpb-content-wrapper\"><p>[vc_row][vc_column][vc_column_text]<\/p>\n<h2><img decoding=\"async\" class=\"alignright wp-image-67 size-full\" style=\"vertical-align: top; margin-left: 30px; margin-right: 30px; float: right;\" src=\"http:\/\/cedera-okna.sk\/wp-content\/uploads\/2011\/10\/venkovni-zaluzie-c80-1.jpg\" alt=\"Vonkaj\u0161ie hlin\u00edkov\u00e9 \u017eal\u00fazie TYP C-80\" width=\"200\" height=\"195\" border=\"0\" \/>Vonkaj\u0161ie \u017eal\u00fazie TYP C-80<\/h2>\n<p>Vonkaj\u0161ie <strong>hlin\u00edkov\u00e9 \u017eal\u00fazie\u00a0C-80<\/strong>\u00a0umo\u017e\u0148uj\u00fa plynule regulova\u0165 prirodzen\u00e9 osvetlenie a zachyt\u00e1vaj\u00fa priame slne\u010dn\u00e9 l\u00fa\u010de. Horn\u00fd profil m\u00e1 rozmery 58 x 56 mm, je oce\u013eov\u00fd valcovan\u00fd, upraven\u00fd pozinkovan\u00edm. Lamely s\u00fa hlin\u00edkov\u00e9 a ako u\u017e aj n\u00e1zov napoved\u00e1 maj\u00fa \u0161\u00edrku 80 mm.<\/p>\n<p>Nav\u00edjacie mechanizmy, textiln\u00e9 rebr\u00ed\u010dky a vy\u0165ahovacie p\u00e1sky s\u00fa zhotoven\u00e9 z vysoko kvalitn\u00fdch materi\u00e1lov, ktor\u00e9\u00a0<strong>odol\u00e1vaj\u00fa poveternostn\u00fdm vplyvom a UV \u017eiareniu<\/strong>. Bo\u010dn\u00e9 vedenie je zaisten\u00e9 vodiacimi li\u0161tami.<\/p>\n<p>Hlin\u00edkov\u00e9 vodiace li\u0161ty maj\u00fa rozmery 20 x 20 mm, s\u00fa \u0161tandardne dod\u00e1van\u00e9 vo farbe strieborn\u00fd elox, ale v pr\u00edpade po\u017eiadavky je mo\u017en\u00e9 doda\u0165 aj vo farbe RAL. \u017dal\u00fazie je mo\u017en\u00e9 ovl\u00e1da\u0165 k\u013eukou alebo motorom.<\/p>\n<h2><img decoding=\"async\" class=\"alignright wp-image-68 size-full\" style=\"float: right; margin-left: 30px; margin-right: 30px;\" src=\"http:\/\/cedera-okna.sk\/wp-content\/uploads\/2011\/10\/ext50-1.jpg\" alt=\"Vonkaj\u0161ie hlin\u00edkov\u00e9 \u017eal\u00fazie TYP EXT-50\" width=\"183\" height=\"159\" border=\"0\" srcset=\"https:\/\/www.cedera-okna.sk\/wp-content\/uploads\/2011\/10\/ext50-1.jpg 800w, https:\/\/www.cedera-okna.sk\/wp-content\/uploads\/2011\/10\/ext50-1-300x260.jpg 300w, https:\/\/www.cedera-okna.sk\/wp-content\/uploads\/2011\/10\/ext50-1-768x665.jpg 768w, https:\/\/www.cedera-okna.sk\/wp-content\/uploads\/2011\/10\/ext50-1-390x338.jpg 390w\" sizes=\"(max-width: 183px) 100vw, 183px\" \/>Vonkaj\u0161ie \u017eal\u00fazie TYP EXT-50<\/h2>\n<p>Vonkaj\u0161ie hlin\u00edkov\u00e9 horizont\u00e1lne \u017eal\u00fazie s lamelou s \u0161\u00edrkou 50 mm sa skladaj\u00fa z horn\u00e9ho hlin\u00edkov\u00e9ho nosn\u00edka s rozmerom 41\u00d741 mm, v \u0161tandardnom preveden\u00ed bez povrchovej \u00fapravy, hlin\u00edkov\u00fdch lamiel o \u0161\u00edrke 50 mm a spodn\u00e9ho hlin\u00edkov\u00e9ho profilu.<\/p>\n<p>\u017dal\u00fazie sa ovl\u00e1daj\u00fa nekone\u010dnou ovl\u00e1dacou \u0161n\u00farou, ktor\u00e1 prech\u00e1dza cez prevodovku umiestnen\u00fa na konci horn\u00e9ho nosn\u00edka. Maj\u00fa bo\u010dn\u00fa fix\u00e1ciu,ktor\u00e1 je fixovan\u00e1 v hornom nosn\u00edku \u017eal\u00fazie.<\/p>\n<p>Ovl\u00e1danie \u017eal\u00fazie m\u00f4\u017ee by\u0165 prav\u00e9 alebo \u013eav\u00e9, za ur\u010duj\u00faci sa berie poh\u013ead z miestnosti. Farebn\u00e1 ponuka lamiel predstavuje\u00a0<strong>viacej farebn\u00fdch odtie\u0148ov<\/strong>\u00a0pod\u013ea aktu\u00e1lneho vzorkovn\u00edka. \u017dal\u00fazie EXT-50 sa dod\u00e1vaj\u00fa v pr\u00edpade po\u017eiadavky aj v preveden\u00ed s horn\u00fdm krytom \u017eal\u00fazie s povrchovou \u00fapravou.<\/p>\n<h2><img decoding=\"async\" class=\"alignright wp-image-69 size-full\" style=\"float: right; margin-left: 30px; margin-right: 30px;\" src=\"http:\/\/cedera-okna.sk\/wp-content\/uploads\/2011\/10\/Z903-1.jpg\" alt=\"Vonkaj\u0161ie hlin\u00edkov\u00e9 \u017eal\u00fazie TYP Z-90\" width=\"188\" height=\"163\" border=\"0\" \/>Vonkaj\u0161ie \u017eal\u00fazie TYP Z-90<\/h2>\n<p><strong>Vonkaj\u0161ie hlin\u00edkov\u00e9 \u017eal\u00fazie\u00a0Z-90<\/strong>\u00a0umo\u017e\u0148uj\u00fa plynule regulova\u0165 prirodzen\u00e9 osvetlenie a zachyt\u00e1vaj\u00fa priame slne\u010dn\u00e9 l\u00fa\u010de. Horn\u00fd profil o rozmeroch 58 x 56 mm je oce\u013eov\u00fd valcovan\u00fd, upraven\u00fd pozinkovan\u00edm. Horn\u00fd profil m\u00f4\u017ee by\u0165 zakryt\u00fd kryc\u00edm plechom. Lamely s\u00fa hlin\u00edkov\u00e9, so \u0161\u00edrkou 90 mm. Nav\u00edjacie mechanizmy, textiln\u00e9 rebr\u00ed\u010dky a vy\u0165ahovacie p\u00e1sky s\u00fa zhotoven\u00e9 z vysoko kvalitn\u00fdch materi\u00e1lov, ktor\u00e9 odol\u00e1vaj\u00fa poveternostn\u00fdm vplyvom a UV \u017eiareniu.<\/p>\n<p>Hlin\u00edkov\u00e9 vodiace li\u0161ty o rozmeroch 20 x 20 mm s\u00fa \u0161tandardne dod\u00e1van\u00e9 vo farbe strieborn\u00fd elox, ale v pr\u00edpade po\u017eiadavky je mo\u017en\u00e9 doda\u0165 aj vo farbe RAL. Bo\u010dn\u00e9 vedenie je zaisten\u00e9 vodiacimi li\u0161tami. \u017dal\u00fazie Z-90 je mo\u017en\u00e9 ovl\u00e1da\u0165 k\u013eukou alebo motorom.[\/vc_column_text][\/vc_column][\/vc_row][vc_row css=&#8221;.vc_custom_1476801390040{margin-top: 50px !important;}&#8221;][vc_column][vc_column_text css=&#8221;&#8221;]<\/p>\n<h2 style=\"text-align: center;\">M\u00e1te z\u00e1ujem o nov\u00e9 hlin\u00edkov\u00e9 \u017eal\u00fazie alebo potrebujete poradi\u0165 s v\u00fdberom?<br \/>\nVypl\u0148te formul\u00e1r ni\u017e\u0161ie a ozveme sa v\u00e1m do 24 hod\u00edn.<\/h2>\n<p>[\/vc_column_text]\n<div class=\"wpcf7 no-js\" id=\"wpcf7-f2486-o1\" lang=\"sk-SK\" dir=\"ltr\" data-wpcf7-id=\"2486\">\n<div class=\"screen-reader-response\"><p role=\"status\" aria-live=\"polite\" aria-atomic=\"true\"><\/p> <ul><\/ul><\/div>\n<form action=\"\/sk\/wp-json\/wp\/v2\/pages\/70#wpcf7-f2486-o1\" method=\"post\" class=\"wpcf7-form init\" aria-label=\"Kontaktn\u00fd formul\u00e1r\" novalidate=\"novalidate\" data-status=\"init\">\n<fieldset class=\"hidden-fields-container\"><input type=\"hidden\" name=\"_wpcf7\" value=\"2486\" \/><input type=\"hidden\" name=\"_wpcf7_version\" value=\"6.1.5\" \/><input type=\"hidden\" name=\"_wpcf7_locale\" value=\"sk_SK\" \/><input type=\"hidden\" name=\"_wpcf7_unit_tag\" value=\"wpcf7-f2486-o1\" \/><input type=\"hidden\" name=\"_wpcf7_container_post\" value=\"0\" \/><input type=\"hidden\" name=\"_wpcf7_posted_data_hash\" value=\"\" \/><input type=\"hidden\" name=\"_wpcf7_recaptcha_response\" value=\"\" \/>\n<\/fieldset>\n<p><label><br \/>\n<span class=\"wpcf7-form-control-wrap\" data-name=\"your-name\"><input size=\"40\" maxlength=\"400\" class=\"wpcf7-form-control wpcf7-text wpcf7-validates-as-required\" aria-required=\"true\" aria-invalid=\"false\" placeholder=\"Meno*\" value=\"\" type=\"text\" name=\"your-name\" \/><\/span> <\/label>\n<\/p>\n<div class=\"sc_form_info columns_wrap\">\n\t<div class=\"sc_form_item sc_form_field label_over column-1_2\">\n\t\t<p><label><br \/>\n<span class=\"wpcf7-form-control-wrap\" data-name=\"your-telefon\"><input size=\"40\" maxlength=\"400\" class=\"wpcf7-form-control wpcf7-tel wpcf7-validates-as-required wpcf7-text wpcf7-validates-as-tel\" aria-required=\"true\" aria-invalid=\"false\" placeholder=\"Telef\u00f3n*\" value=\"\" type=\"tel\" name=\"your-telefon\" \/><\/span> <\/label>\n\t\t<\/p>\n\t<\/div>\n\t<div class=\"sc_form_item sc_form_field label_over column-1_2 pading0\">\n\t\t<p><label><br \/>\n<span class=\"wpcf7-form-control-wrap\" data-name=\"your-email\"><input size=\"40\" maxlength=\"400\" class=\"wpcf7-form-control wpcf7-email wpcf7-validates-as-required wpcf7-text wpcf7-validates-as-email\" aria-required=\"true\" aria-invalid=\"false\" placeholder=\"E-mail*\" value=\"\" type=\"email\" name=\"your-email\" \/><\/span><\/label>\n\t\t<\/p>\n\t<\/div>\n<\/div>\n<p><label><br \/>\n<span class=\"wpcf7-form-control-wrap\" data-name=\"your-message\"><textarea cols=\"40\" rows=\"10\" maxlength=\"2000\" class=\"wpcf7-form-control wpcf7-textarea\" aria-invalid=\"false\" placeholder=\"Pros\u00edm kontaktujte ma oh\u013eadom...\" name=\"your-message\"><\/textarea><\/span> <\/label>\n<\/p>\n<p><span class=\"wpcf7-form-control-wrap\" data-name=\"checkbox-597\"><span class=\"wpcf7-form-control wpcf7-checkbox wpcf7-validates-as-required\"><span class=\"wpcf7-list-item first last\"><input type=\"checkbox\" name=\"checkbox-597[]\" value=\"S\u00fahlas\u00edm so zpracovan\u00edm osobn\u00fdch \u00fadajov*\" \/><span class=\"wpcf7-list-item-label\">S\u00fahlas\u00edm so zpracovan\u00edm osobn\u00fdch \u00fadajov*<\/span><\/span><\/span><\/span>\n<\/p>\n<p><input class=\"wpcf7-form-control wpcf7-submit has-spinner\" type=\"submit\" value=\"Posla\u0165 po\u017eiadavku\" \/>\n<\/p>\n<p>*polo\u017eka je povinn\u00e1\n<\/p><div class=\"wpcf7-response-output\" aria-hidden=\"true\"><\/div>\n<\/form>\n<\/div>\n[\/vc_column][\/vc_row]<\/p>\n<\/div>","protected":false},"excerpt":{"rendered":"<p>[vc_row][vc_column][vc_column_text] Vonkaj\u0161ie \u017eal\u00fazie TYP C-80 Vonkaj\u0161ie hlin\u00edkov\u00e9 \u017eal\u00fazie\u00a0C-80\u00a0umo\u017e\u0148uj\u00fa plynule regulova\u0165 prirodzen\u00e9 osvetlenie a zachyt\u00e1vaj\u00fa priame slne\u010dn\u00e9 l\u00fa\u010de. Horn\u00fd profil m\u00e1 rozmery 58 x 56 mm, je oce\u013eov\u00fd valcovan\u00fd, upraven\u00fd pozinkovan\u00edm. Lamely s\u00fa hlin\u00edkov\u00e9 a ako u\u017e aj n\u00e1zov napoved\u00e1 maj\u00fa \u0161\u00edrku 80 mm. Nav\u00edjacie mechanizmy, textiln\u00e9 rebr\u00ed\u010dky a vy\u0165ahovacie p\u00e1sky s\u00fa zhotoven\u00e9 z vysoko kvalitn\u00fdch [&hellip;]<\/p>\n","protected":false},"author":3,"featured_media":67,"parent":0,"menu_order":58,"comment_status":"closed","ping_status":"closed","template":"","meta":{"footnotes":""},"class_list":["post-70","page","type-page","status-publish","has-post-thumbnail","hentry"],"yoast_head":"<!-- This site is optimized with the Yoast SEO plugin v27.4 - https:\/\/yoast.com\/product\/yoast-seo-wordpress\/ -->\n<title>Vonkaj\u0161ie hlin\u00edkov\u00e9 \u017eal\u00fazie - vonkaj\u0161ie \u017eal\u00fazie Bratislava | Cedera<\/title>\n<meta name=\"description\" content=\"Vonkaj\u0161ie hlin\u00edkov\u00e9 \u017eal\u00fazie zabr\u00e1nia nielen nadmern\u00e9mu prenikaniu tepla alebo zimy z vonkaj\u0161ieho prostredia, ale aj pr\u00edli\u0161 siln\u00fdm slne\u010dn\u00fdm l\u00fa\u010dom. Kompletn\u00e9 zameranie a mont\u00e1\u017e vonkaj\u0161\u00edch \u017eal\u00fazi\u00ed v Bratislave.\" \/>\n<meta name=\"robots\" content=\"index, follow, max-snippet:-1, max-image-preview:large, max-video-preview:-1\" \/>\n<link rel=\"canonical\" href=\"https:\/\/www.cedera-okna.sk\/sk\/vonkajsie-exterierove-zaluzie-hlinikove\/\" \/>\n<meta property=\"og:locale\" content=\"sk_SK\" \/>\n<meta property=\"og:type\" content=\"article\" \/>\n<meta property=\"og:title\" content=\"Vonkaj\u0161ie hlin\u00edkov\u00e9 \u017eal\u00fazie - vonkaj\u0161ie \u017eal\u00fazie Bratislava | Cedera\" \/>\n<meta property=\"og:description\" content=\"Vonkaj\u0161ie hlin\u00edkov\u00e9 \u017eal\u00fazie zabr\u00e1nia nielen nadmern\u00e9mu prenikaniu tepla alebo zimy z vonkaj\u0161ieho prostredia, ale aj pr\u00edli\u0161 siln\u00fdm slne\u010dn\u00fdm l\u00fa\u010dom. Kompletn\u00e9 zameranie a mont\u00e1\u017e vonkaj\u0161\u00edch \u017eal\u00fazi\u00ed v Bratislave.\" \/>\n<meta property=\"og:url\" content=\"https:\/\/www.cedera-okna.sk\/sk\/vonkajsie-exterierove-zaluzie-hlinikove\/\" \/>\n<meta property=\"og:site_name\" content=\"Cedera\" \/>\n<meta property=\"article:publisher\" content=\"https:\/\/www.facebook.com\/okna.cedera\/\" \/>\n<meta property=\"article:modified_time\" content=\"2024-07-10T18:15:47+00:00\" \/>\n<meta property=\"og:image\" content=\"https:\/\/www.cedera-okna.sk\/wp-content\/uploads\/2011\/10\/venkovni-zaluzie-c80-1.jpg\" \/>\n\t<meta property=\"og:image:width\" content=\"200\" \/>\n\t<meta property=\"og:image:height\" content=\"195\" \/>\n\t<meta property=\"og:image:type\" content=\"image\/jpeg\" \/>\n<meta name=\"twitter:label1\" content=\"Predpokladan\u00fd \u010das \u010d\u00edtania\" \/>\n\t<meta name=\"twitter:data1\" content=\"3 min\u00faty\" \/>\n<!-- \/ Yoast SEO plugin. -->","yoast_head_json":{"title":"Vonkaj\u0161ie hlin\u00edkov\u00e9 \u017eal\u00fazie - vonkaj\u0161ie \u017eal\u00fazie Bratislava | Cedera","description":"Vonkaj\u0161ie hlin\u00edkov\u00e9 \u017eal\u00fazie zabr\u00e1nia nielen nadmern\u00e9mu prenikaniu tepla alebo zimy z vonkaj\u0161ieho prostredia, ale aj pr\u00edli\u0161 siln\u00fdm slne\u010dn\u00fdm l\u00fa\u010dom. Kompletn\u00e9 zameranie a mont\u00e1\u017e vonkaj\u0161\u00edch \u017eal\u00fazi\u00ed v Bratislave.","robots":{"index":"index","follow":"follow","max-snippet":"max-snippet:-1","max-image-preview":"max-image-preview:large","max-video-preview":"max-video-preview:-1"},"canonical":"https:\/\/www.cedera-okna.sk\/sk\/vonkajsie-exterierove-zaluzie-hlinikove\/","og_locale":"sk_SK","og_type":"article","og_title":"Vonkaj\u0161ie hlin\u00edkov\u00e9 \u017eal\u00fazie - vonkaj\u0161ie \u017eal\u00fazie Bratislava | Cedera","og_description":"Vonkaj\u0161ie hlin\u00edkov\u00e9 \u017eal\u00fazie zabr\u00e1nia nielen nadmern\u00e9mu prenikaniu tepla alebo zimy z vonkaj\u0161ieho prostredia, ale aj pr\u00edli\u0161 siln\u00fdm slne\u010dn\u00fdm l\u00fa\u010dom. Kompletn\u00e9 zameranie a mont\u00e1\u017e vonkaj\u0161\u00edch \u017eal\u00fazi\u00ed v Bratislave.","og_url":"https:\/\/www.cedera-okna.sk\/sk\/vonkajsie-exterierove-zaluzie-hlinikove\/","og_site_name":"Cedera","article_publisher":"https:\/\/www.facebook.com\/okna.cedera\/","article_modified_time":"2024-07-10T18:15:47+00:00","og_image":[{"width":200,"height":195,"url":"https:\/\/www.cedera-okna.sk\/wp-content\/uploads\/2011\/10\/venkovni-zaluzie-c80-1.jpg","type":"image\/jpeg"}],"twitter_misc":{"Predpokladan\u00fd \u010das \u010d\u00edtania":"3 min\u00faty"},"schema":{"@context":"https:\/\/schema.org","@graph":[{"@type":"WebPage","@id":"https:\/\/www.cedera-okna.sk\/sk\/vonkajsie-exterierove-zaluzie-hlinikove\/","url":"https:\/\/www.cedera-okna.sk\/sk\/vonkajsie-exterierove-zaluzie-hlinikove\/","name":"Vonkaj\u0161ie hlin\u00edkov\u00e9 \u017eal\u00fazie - vonkaj\u0161ie \u017eal\u00fazie Bratislava | Cedera","isPartOf":{"@id":"https:\/\/www.cedera-okna.sk\/sk\/#website"},"primaryImageOfPage":{"@id":"https:\/\/www.cedera-okna.sk\/sk\/vonkajsie-exterierove-zaluzie-hlinikove\/#primaryimage"},"image":{"@id":"https:\/\/www.cedera-okna.sk\/sk\/vonkajsie-exterierove-zaluzie-hlinikove\/#primaryimage"},"thumbnailUrl":"https:\/\/www.cedera-okna.sk\/wp-content\/uploads\/2011\/10\/venkovni-zaluzie-c80-1.jpg","datePublished":"2011-10-27T08:26:16+00:00","dateModified":"2024-07-10T18:15:47+00:00","description":"Vonkaj\u0161ie hlin\u00edkov\u00e9 \u017eal\u00fazie zabr\u00e1nia nielen nadmern\u00e9mu prenikaniu tepla alebo zimy z vonkaj\u0161ieho prostredia, ale aj pr\u00edli\u0161 siln\u00fdm slne\u010dn\u00fdm l\u00fa\u010dom. Kompletn\u00e9 zameranie a mont\u00e1\u017e vonkaj\u0161\u00edch \u017eal\u00fazi\u00ed v Bratislave.","breadcrumb":{"@id":"https:\/\/www.cedera-okna.sk\/sk\/vonkajsie-exterierove-zaluzie-hlinikove\/#breadcrumb"},"inLanguage":"sk-SK","potentialAction":[{"@type":"ReadAction","target":["https:\/\/www.cedera-okna.sk\/sk\/vonkajsie-exterierove-zaluzie-hlinikove\/"]}]},{"@type":"ImageObject","inLanguage":"sk-SK","@id":"https:\/\/www.cedera-okna.sk\/sk\/vonkajsie-exterierove-zaluzie-hlinikove\/#primaryimage","url":"https:\/\/www.cedera-okna.sk\/wp-content\/uploads\/2011\/10\/venkovni-zaluzie-c80-1.jpg","contentUrl":"https:\/\/www.cedera-okna.sk\/wp-content\/uploads\/2011\/10\/venkovni-zaluzie-c80-1.jpg","width":200,"height":195,"caption":"plastov\u00e9 okn\u00e1, doplnky, \u017eal\u00fazie"},{"@type":"BreadcrumbList","@id":"https:\/\/www.cedera-okna.sk\/sk\/vonkajsie-exterierove-zaluzie-hlinikove\/#breadcrumb","itemListElement":[{"@type":"ListItem","position":1,"name":"Domovsk\u00e1 str\u00e1nka","item":"https:\/\/www.cedera-okna.sk\/sk\/"},{"@type":"ListItem","position":2,"name":"Vonkaj\u0161ie hlin\u00edkov\u00e9 \u017eal\u00fazie"}]},{"@type":"WebSite","@id":"https:\/\/www.cedera-okna.sk\/sk\/#website","url":"https:\/\/www.cedera-okna.sk\/sk\/","name":"Cedera","description":"Plastov\u00e9 okn\u00e1 Bratislava","publisher":{"@id":"https:\/\/www.cedera-okna.sk\/sk\/#organization"},"potentialAction":[{"@type":"SearchAction","target":{"@type":"EntryPoint","urlTemplate":"https:\/\/www.cedera-okna.sk\/sk\/?s={search_term_string}"},"query-input":{"@type":"PropertyValueSpecification","valueRequired":true,"valueName":"search_term_string"}}],"inLanguage":"sk-SK"},{"@type":"Organization","@id":"https:\/\/www.cedera-okna.sk\/sk\/#organization","name":"CEDERA s.r.o.","url":"https:\/\/www.cedera-okna.sk\/sk\/","logo":{"@type":"ImageObject","inLanguage":"sk-SK","@id":"https:\/\/www.cedera-okna.sk\/sk\/#\/schema\/logo\/image\/","url":"https:\/\/www.cedera-okna.sk\/wp-content\/uploads\/2018\/10\/Cedera-logo.png","contentUrl":"https:\/\/www.cedera-okna.sk\/wp-content\/uploads\/2018\/10\/Cedera-logo.png","width":190,"height":66,"caption":"CEDERA s.r.o."},"image":{"@id":"https:\/\/www.cedera-okna.sk\/sk\/#\/schema\/logo\/image\/"},"sameAs":["https:\/\/www.facebook.com\/okna.cedera\/"]}]}},"_links":{"self":[{"href":"https:\/\/www.cedera-okna.sk\/sk\/wp-json\/wp\/v2\/pages\/70","targetHints":{"allow":["GET"]}}],"collection":[{"href":"https:\/\/www.cedera-okna.sk\/sk\/wp-json\/wp\/v2\/pages"}],"about":[{"href":"https:\/\/www.cedera-okna.sk\/sk\/wp-json\/wp\/v2\/types\/page"}],"author":[{"embeddable":true,"href":"https:\/\/www.cedera-okna.sk\/sk\/wp-json\/wp\/v2\/users\/3"}],"replies":[{"embeddable":true,"href":"https:\/\/www.cedera-okna.sk\/sk\/wp-json\/wp\/v2\/comments?post=70"}],"version-history":[{"count":12,"href":"https:\/\/www.cedera-okna.sk\/sk\/wp-json\/wp\/v2\/pages\/70\/revisions"}],"predecessor-version":[{"id":17183,"href":"https:\/\/www.cedera-okna.sk\/sk\/wp-json\/wp\/v2\/pages\/70\/revisions\/17183"}],"wp:featuredmedia":[{"embeddable":true,"href":"https:\/\/www.cedera-okna.sk\/sk\/wp-json\/wp\/v2\/media\/67"}],"wp:attachment":[{"href":"https:\/\/www.cedera-okna.sk\/sk\/wp-json\/wp\/v2\/media?parent=70"}],"curies":[{"name":"wp","href":"https:\/\/api.w.org\/{rel}","templated":true}]}}