{"id":7,"date":"2011-10-19T11:58:45","date_gmt":"2011-10-19T09:58:45","guid":{"rendered":"http:\/\/cedera-okna.sk\/index.php\/referencie-plastove-okna-drevene-eurookna-dvere-garazove-brany-vratane-doplnkov\/"},"modified":"2025-01-05T16:45:16","modified_gmt":"2025-01-05T15:45:16","slug":"referencie","status":"publish","type":"page","link":"https:\/\/www.cedera-okna.sk\/sk\/referencie\/","title":{"rendered":"Referencie od na\u0161ich z\u00e1kazn\u00edkov"},"content":{"rendered":"<div class=\"wpb-content-wrapper\"><p>[vc_row][vc_column][vc_column_text]Sme rodinn\u00e1 firma z Bratislavy s mnohoro\u010dn\u00fdmi sk\u00fasenos\u0165ami doma na Slovensku aj v zahrani\u010d\u00ed. Pre na\u0161ich z\u00e1kazn\u00edkov rie\u0161ime kompletn\u00fa dod\u00e1vku okien a dver\u00ed od \u0161tandardn\u00e9ho rie\u0161enia a\u017e po rie\u0161enie na mieru. Pon\u00fakame iba kvalitn\u00e9 v\u00fdrobky, ktor\u00e9 sami u\u017e\u00edvame.<\/p>\n<p>Ni\u017e\u0161ie si m\u00f4\u017eete pozrie\u0165 niektor\u00e9 referencie a fotky realiz\u00e1ci\u00ed od na\u0161ich z\u00e1kazn\u00edkov.<\/p>\n<p>Dod\u00e1vky <a href=\"\/sk\/plastove-okna-salamander\/\">plastov\u00fdch okien<\/a>, <a href=\"\/sk\/eurookna-drevene-okna\/\">dreven\u00fdch eurookien<\/a>, dver\u00ed, <a href=\"\/sk\/garazove-brany-podla-vasich-predstav\/\">gar\u00e1\u017eov\u00fdch br\u00e1n<\/a>, vr\u00e1tane doplnkov a pr\u00edslu\u0161enstva do novostavieb i rekon\u0161truovan\u00fdch budov.[\/vc_column_text][\/vc_column][\/vc_row][vc_row][vc_column][vc_column_text]<\/p>\n<h2><span class=\"VIiyi\" lang=\"sk\"><span class=\"JLqJ4b ChMk0b\" data-language-for-alternatives=\"sk\" data-language-to-translate-into=\"cs\" data-phrase-index=\"0\" data-number-of-phrases=\"1\"><span class=\"Q4iAWc\">Referencie &#8211; mont\u00e1\u017e okien<\/span><\/span><\/span><\/h2>\n<p>[\/vc_column_text][vc_column_text]<em>S firmou Cedera sme za\u010dali spolupracova\u0165 pred 5-timi rokmi pri prer\u00e1bke domu. Okn\u00e1 n\u00e1m dod\u00e1vali v troch etap\u00e1ch, preto\u017ee sme s\u00fa\u010dasne v dome b\u00fdvali. Nerobilo im to probl\u00e9my. Aj ked sa vyskytli nejak\u00e9 drobn\u00e9 reklam\u00e1cie, v\u017edy ich vedenie firmy ochotne rie\u0161ilo. N\u00e1m bol v\u0161ak mimo toho v\u0161etk\u00e9ho sympatick\u00fd pr\u00edstup a pochopenie z\u00e1kazn\u00edka. Nevy\u017earovala na n\u00e1s nadradenos\u0165 a neochota splni\u0165 prianie z\u00e1kazn\u00edka. Osobne by som odporu\u010dila ka\u017ed\u00e9mu, kto m\u00e1 z\u00e1ujem o nov\u00e9 okn\u00e1 podobn\u00e9 jednanie a tak\u00fa ist\u00fa seri\u00f3znos\u0165, s akou sme sa v tejto firme stretli my. Ne\u013eutujeme, \u017ee sme vtedy vkro\u010dili do ich \u201cordin\u00e1cie\u201d.<\/em><\/p>\n<p>Maria[\/vc_column_text][\/vc_column][\/vc_row][vc_row][vc_column][vc_column_text]<\/p>\n<h2><span class=\"VIiyi\" lang=\"sk\"><span class=\"JLqJ4b ChMk0b\" data-language-for-alternatives=\"sk\" data-language-to-translate-into=\"cs\" data-phrase-index=\"0\" data-number-of-phrases=\"1\"><span class=\"Q4iAWc\">Referencie &#8211; dod\u00e1vky okien a dver\u00ed<\/span><\/span><\/span><\/h2>\n<p>[\/vc_column_text][vc_gallery type=&#8221;image_grid&#8221; images=&#8221;6457,6453,2560,2561,2562,2583,2563,2581,301,13290,13255,13262,21368,21369,21383,21384&#8243; css=&#8221;&#8221;][\/vc_column][\/vc_row][vc_row][vc_column][vc_column_text css=&#8221;&#8221;]<\/p>\n<h2>Plastov\u00e9 okn\u00e1 Salamander &#8211; satelit Bratislavy<\/h2>\n<p>Salamander bluEvolution 82 MD, obojstrann\u00e1 lamin\u00e1cia orech, 3 sklo[\/vc_column_text][vc_gallery type=&#8221;image_grid&#8221; images=&#8221;16662,16661&#8243; css=&#8221;&#8221;][\/vc_column][\/vc_row][vc_row][vc_column][vc_column_text]<\/p>\n<h2>Plastov\u00e9 okn\u00e1 &#8211; Lu\u017en\u00e1<\/h2>\n<p>[\/vc_column_text][vc_gallery type=&#8221;image_grid&#8221; images=&#8221;8854,8857,8855,8858,8856,8859&#8243;][\/vc_column][\/vc_row][vc_row][vc_column][vc_column_text]<\/p>\n<h2>Plastov\u00e9 okn\u00e1 &#8211; Rak\u00fasko<\/h2>\n<p>[\/vc_column_text][vc_gallery type=&#8221;image_grid&#8221; images=&#8221;8861,8863&#8243;][\/vc_column][\/vc_row][vc_row][vc_column][vc_column_text]<\/p>\n<h2>Plastov\u00e9 okn\u00e1 Salamander &#8211; Rusovce<\/h2>\n<p>Posuv Smart slide &#8211; lamin\u00e1cia Winchester, AL dvere Aliplast &#8211; farba RAL[\/vc_column_text][vc_gallery type=&#8221;image_grid&#8221; images=&#8221;7829,7828,7827,21371,21372,21373&#8243; css=&#8221;&#8221;][\/vc_column][\/vc_row][vc_row][vc_column][vc_column_text]<\/p>\n<h2>Dreven\u00e9 okn\u00e1 Woodline &#8211; Bratislava<\/h2>\n<div>Borovica, AL vonkaj\u0161ie rolety<\/div>\n<p>[\/vc_column_text][vc_gallery type=&#8221;image_grid&#8221; images=&#8221;7730,7729,7728&#8243;][\/vc_column][\/vc_row][vc_row][vc_column][vc_column_text]<\/p>\n<h2>Plastov\u00e9 okn\u00e1 Salamander &#8211; Kralova pri Senci<\/h2>\n<p>Lamin\u00e1cia Orech[\/vc_column_text][vc_gallery type=&#8221;image_grid&#8221; images=&#8221;6449,6448,6447&#8243;][\/vc_column][\/vc_row][vc_row][vc_column][vc_column_text]<\/p>\n<h2>Plastov\u00e9 okn\u00e1 Salamander &#8211; Rovinka<\/h2>\n<div>Farba biela<\/div>\n<p>[\/vc_column_text][vc_gallery type=&#8221;image_grid&#8221; images=&#8221;6450,6452&#8243;][\/vc_column][\/vc_row][vc_row][vc_column][vc_column_text css=&#8221;&#8221;]<\/p>\n<h2>V\u00fdmena okien<\/h2>\n<p>[\/vc_column_text][vc_gallery type=&#8221;image_grid&#8221; images=&#8221;21375,21376,21377,21378,21379,21380,21381&#8243; css=&#8221;&#8221;][\/vc_column][\/vc_row][vc_row][vc_column][vc_column_text css=&#8221;&#8221;]<\/p>\n<h2>Mont\u00e1\u017e franc\u00fazskych okien (HS port\u00e1lu)<\/h2>\n<p>[\/vc_column_text][vc_gallery type=&#8221;image_grid&#8221; images=&#8221;21389,21390,21391,21392,21395,21394&#8243; css=&#8221;&#8221;][\/vc_column][\/vc_row][vc_row][vc_column][vc_column_text css=&#8221;&#8221;]<\/p>\n<h2>Mont\u00e1\u017e okien novostavba Rak\u00fasko<\/h2>\n<p>[\/vc_column_text][vc_gallery type=&#8221;image_grid&#8221; images=&#8221;21397,21398,21399,21400&#8243; css=&#8221;&#8221;][\/vc_column][\/vc_row][vc_row css=&#8221;.vc_custom_1476802597154{margin-top: 50px !important;}&#8221;][vc_column][vc_column_text]<\/p>\n<h2 style=\"text-align: center;\">M\u00e1te z\u00e1ujem o nov\u00e9 okn\u00e1 alebo si necha\u0165 poradi\u0165? Vypl\u0148te formul\u00e1r ni\u017e\u0161ie a ozveme sa v\u00e1m do 24 hod\u00edn.<\/h2>\n<p>[\/vc_column_text]\n<div class=\"wpcf7 no-js\" id=\"wpcf7-f2486-o1\" lang=\"sk-SK\" dir=\"ltr\" data-wpcf7-id=\"2486\">\n<div class=\"screen-reader-response\"><p role=\"status\" aria-live=\"polite\" aria-atomic=\"true\"><\/p> <ul><\/ul><\/div>\n<form action=\"\/sk\/wp-json\/wp\/v2\/pages\/7#wpcf7-f2486-o1\" method=\"post\" class=\"wpcf7-form init\" aria-label=\"Kontaktn\u00fd formul\u00e1r\" novalidate=\"novalidate\" data-status=\"init\">\n<fieldset class=\"hidden-fields-container\"><input type=\"hidden\" name=\"_wpcf7\" value=\"2486\" \/><input type=\"hidden\" name=\"_wpcf7_version\" value=\"6.1.5\" \/><input type=\"hidden\" name=\"_wpcf7_locale\" value=\"sk_SK\" \/><input type=\"hidden\" name=\"_wpcf7_unit_tag\" value=\"wpcf7-f2486-o1\" \/><input type=\"hidden\" name=\"_wpcf7_container_post\" value=\"0\" \/><input type=\"hidden\" name=\"_wpcf7_posted_data_hash\" value=\"\" \/><input type=\"hidden\" name=\"_wpcf7_recaptcha_response\" value=\"\" \/>\n<\/fieldset>\n<p><label><br \/>\n<span class=\"wpcf7-form-control-wrap\" data-name=\"your-name\"><input size=\"40\" maxlength=\"400\" class=\"wpcf7-form-control wpcf7-text wpcf7-validates-as-required\" aria-required=\"true\" aria-invalid=\"false\" placeholder=\"Meno*\" value=\"\" type=\"text\" name=\"your-name\" \/><\/span> <\/label>\n<\/p>\n<div class=\"sc_form_info columns_wrap\">\n\t<div class=\"sc_form_item sc_form_field label_over column-1_2\">\n\t\t<p><label><br \/>\n<span class=\"wpcf7-form-control-wrap\" data-name=\"your-telefon\"><input size=\"40\" maxlength=\"400\" class=\"wpcf7-form-control wpcf7-tel wpcf7-validates-as-required wpcf7-text wpcf7-validates-as-tel\" aria-required=\"true\" aria-invalid=\"false\" placeholder=\"Telef\u00f3n*\" value=\"\" type=\"tel\" name=\"your-telefon\" \/><\/span> <\/label>\n\t\t<\/p>\n\t<\/div>\n\t<div class=\"sc_form_item sc_form_field label_over column-1_2 pading0\">\n\t\t<p><label><br \/>\n<span class=\"wpcf7-form-control-wrap\" data-name=\"your-email\"><input size=\"40\" maxlength=\"400\" class=\"wpcf7-form-control wpcf7-email wpcf7-validates-as-required wpcf7-text wpcf7-validates-as-email\" aria-required=\"true\" aria-invalid=\"false\" placeholder=\"E-mail*\" value=\"\" type=\"email\" name=\"your-email\" \/><\/span><\/label>\n\t\t<\/p>\n\t<\/div>\n<\/div>\n<p><label><br \/>\n<span class=\"wpcf7-form-control-wrap\" data-name=\"your-message\"><textarea cols=\"40\" rows=\"10\" maxlength=\"2000\" class=\"wpcf7-form-control wpcf7-textarea\" aria-invalid=\"false\" placeholder=\"Pros\u00edm kontaktujte ma oh\u013eadom...\" name=\"your-message\"><\/textarea><\/span> <\/label>\n<\/p>\n<p><span class=\"wpcf7-form-control-wrap\" data-name=\"checkbox-597\"><span class=\"wpcf7-form-control wpcf7-checkbox wpcf7-validates-as-required\"><span class=\"wpcf7-list-item first last\"><input type=\"checkbox\" name=\"checkbox-597[]\" value=\"S\u00fahlas\u00edm so zpracovan\u00edm osobn\u00fdch \u00fadajov*\" \/><span class=\"wpcf7-list-item-label\">S\u00fahlas\u00edm so zpracovan\u00edm osobn\u00fdch \u00fadajov*<\/span><\/span><\/span><\/span>\n<\/p>\n<p><input class=\"wpcf7-form-control wpcf7-submit has-spinner\" type=\"submit\" value=\"Posla\u0165 po\u017eiadavku\" \/>\n<\/p>\n<p>*polo\u017eka je povinn\u00e1\n<\/p><div class=\"wpcf7-response-output\" aria-hidden=\"true\"><\/div>\n<\/form>\n<\/div>\n[\/vc_column][\/vc_row]<\/p>\n<\/div>","protected":false},"excerpt":{"rendered":"<p>[vc_row][vc_column][vc_column_text]Sme rodinn\u00e1 firma z Bratislavy s mnohoro\u010dn\u00fdmi sk\u00fasenos\u0165ami doma na Slovensku aj v zahrani\u010d\u00ed. Pre na\u0161ich z\u00e1kazn\u00edkov rie\u0161ime kompletn\u00fa dod\u00e1vku okien a dver\u00ed od \u0161tandardn\u00e9ho rie\u0161enia a\u017e po rie\u0161enie na mieru. Pon\u00fakame iba kvalitn\u00e9 v\u00fdrobky, ktor\u00e9 sami u\u017e\u00edvame. Ni\u017e\u0161ie si m\u00f4\u017eete pozrie\u0165 niektor\u00e9 referencie a fotky realiz\u00e1ci\u00ed od na\u0161ich z\u00e1kazn\u00edkov. Dod\u00e1vky plastov\u00fdch okien, dreven\u00fdch eurookien, [&hellip;]<\/p>\n","protected":false},"author":3,"featured_media":0,"parent":0,"menu_order":70,"comment_status":"closed","ping_status":"closed","template":"","meta":{"footnotes":""},"class_list":["post-7","page","type-page","status-publish","hentry"],"yoast_head":"<!-- This site is optimized with the Yoast SEO plugin v27.4 - https:\/\/yoast.com\/product\/yoast-seo-wordpress\/ -->\n<title>Plastov\u00e9 okn\u00e1 referencie \u2013 ako vyzer\u00e1 kvalitn\u00e1 pr\u00e1ca | Cedera<\/title>\n<meta name=\"description\" content=\"Chcete si pred k\u00fapou plastov\u00fdch, dreven\u00fdch \u010di drevohlin\u00edkov\u00fdch okien overi\u0165 referencie firmy? My pr\u00e1cu neskr\u00fdvame. Pozrite si, ak\u00e9 kr\u00e1sne okn\u00e1 m\u00f4\u017eete ma\u0165.\" \/>\n<meta name=\"robots\" content=\"index, follow, max-snippet:-1, max-image-preview:large, max-video-preview:-1\" \/>\n<link rel=\"canonical\" href=\"https:\/\/www.cedera-okna.sk\/sk\/referencie\/\" \/>\n<meta property=\"og:locale\" content=\"sk_SK\" \/>\n<meta property=\"og:type\" content=\"article\" \/>\n<meta property=\"og:title\" content=\"Plastov\u00e9 okn\u00e1 referencie \u2013 ako vyzer\u00e1 kvalitn\u00e1 pr\u00e1ca | Cedera\" \/>\n<meta property=\"og:description\" content=\"Chcete si pred k\u00fapou plastov\u00fdch, dreven\u00fdch \u010di drevohlin\u00edkov\u00fdch okien overi\u0165 referencie firmy? My pr\u00e1cu neskr\u00fdvame. Pozrite si, ak\u00e9 kr\u00e1sne okn\u00e1 m\u00f4\u017eete ma\u0165.\" \/>\n<meta property=\"og:url\" content=\"https:\/\/www.cedera-okna.sk\/sk\/referencie\/\" \/>\n<meta property=\"og:site_name\" content=\"Cedera\" \/>\n<meta property=\"article:publisher\" content=\"https:\/\/www.facebook.com\/okna.cedera\/\" \/>\n<meta property=\"article:modified_time\" content=\"2025-01-05T15:45:16+00:00\" \/>\n<meta name=\"twitter:label1\" content=\"Predpokladan\u00fd \u010das \u010d\u00edtania\" \/>\n\t<meta name=\"twitter:data1\" content=\"2 min\u00faty\" \/>\n<!-- \/ Yoast SEO plugin. -->","yoast_head_json":{"title":"Plastov\u00e9 okn\u00e1 referencie \u2013 ako vyzer\u00e1 kvalitn\u00e1 pr\u00e1ca | Cedera","description":"Chcete si pred k\u00fapou plastov\u00fdch, dreven\u00fdch \u010di drevohlin\u00edkov\u00fdch okien overi\u0165 referencie firmy? My pr\u00e1cu neskr\u00fdvame. Pozrite si, ak\u00e9 kr\u00e1sne okn\u00e1 m\u00f4\u017eete ma\u0165.","robots":{"index":"index","follow":"follow","max-snippet":"max-snippet:-1","max-image-preview":"max-image-preview:large","max-video-preview":"max-video-preview:-1"},"canonical":"https:\/\/www.cedera-okna.sk\/sk\/referencie\/","og_locale":"sk_SK","og_type":"article","og_title":"Plastov\u00e9 okn\u00e1 referencie \u2013 ako vyzer\u00e1 kvalitn\u00e1 pr\u00e1ca | Cedera","og_description":"Chcete si pred k\u00fapou plastov\u00fdch, dreven\u00fdch \u010di drevohlin\u00edkov\u00fdch okien overi\u0165 referencie firmy? My pr\u00e1cu neskr\u00fdvame. Pozrite si, ak\u00e9 kr\u00e1sne okn\u00e1 m\u00f4\u017eete ma\u0165.","og_url":"https:\/\/www.cedera-okna.sk\/sk\/referencie\/","og_site_name":"Cedera","article_publisher":"https:\/\/www.facebook.com\/okna.cedera\/","article_modified_time":"2025-01-05T15:45:16+00:00","twitter_misc":{"Predpokladan\u00fd \u010das \u010d\u00edtania":"2 min\u00faty"},"schema":{"@context":"https:\/\/schema.org","@graph":[{"@type":"WebPage","@id":"https:\/\/www.cedera-okna.sk\/sk\/referencie\/","url":"https:\/\/www.cedera-okna.sk\/sk\/referencie\/","name":"Plastov\u00e9 okn\u00e1 referencie \u2013 ako vyzer\u00e1 kvalitn\u00e1 pr\u00e1ca | Cedera","isPartOf":{"@id":"https:\/\/www.cedera-okna.sk\/sk\/#website"},"datePublished":"2011-10-19T09:58:45+00:00","dateModified":"2025-01-05T15:45:16+00:00","description":"Chcete si pred k\u00fapou plastov\u00fdch, dreven\u00fdch \u010di drevohlin\u00edkov\u00fdch okien overi\u0165 referencie firmy? My pr\u00e1cu neskr\u00fdvame. Pozrite si, ak\u00e9 kr\u00e1sne okn\u00e1 m\u00f4\u017eete ma\u0165.","breadcrumb":{"@id":"https:\/\/www.cedera-okna.sk\/sk\/referencie\/#breadcrumb"},"inLanguage":"sk-SK","potentialAction":[{"@type":"ReadAction","target":["https:\/\/www.cedera-okna.sk\/sk\/referencie\/"]}]},{"@type":"BreadcrumbList","@id":"https:\/\/www.cedera-okna.sk\/sk\/referencie\/#breadcrumb","itemListElement":[{"@type":"ListItem","position":1,"name":"Domovsk\u00e1 str\u00e1nka","item":"https:\/\/www.cedera-okna.sk\/sk\/"},{"@type":"ListItem","position":2,"name":"Referencie od na\u0161ich z\u00e1kazn\u00edkov"}]},{"@type":"WebSite","@id":"https:\/\/www.cedera-okna.sk\/sk\/#website","url":"https:\/\/www.cedera-okna.sk\/sk\/","name":"Cedera","description":"Plastov\u00e9 okn\u00e1 Bratislava","publisher":{"@id":"https:\/\/www.cedera-okna.sk\/sk\/#organization"},"potentialAction":[{"@type":"SearchAction","target":{"@type":"EntryPoint","urlTemplate":"https:\/\/www.cedera-okna.sk\/sk\/?s={search_term_string}"},"query-input":{"@type":"PropertyValueSpecification","valueRequired":true,"valueName":"search_term_string"}}],"inLanguage":"sk-SK"},{"@type":"Organization","@id":"https:\/\/www.cedera-okna.sk\/sk\/#organization","name":"CEDERA s.r.o.","url":"https:\/\/www.cedera-okna.sk\/sk\/","logo":{"@type":"ImageObject","inLanguage":"sk-SK","@id":"https:\/\/www.cedera-okna.sk\/sk\/#\/schema\/logo\/image\/","url":"https:\/\/www.cedera-okna.sk\/wp-content\/uploads\/2018\/10\/Cedera-logo.png","contentUrl":"https:\/\/www.cedera-okna.sk\/wp-content\/uploads\/2018\/10\/Cedera-logo.png","width":190,"height":66,"caption":"CEDERA s.r.o."},"image":{"@id":"https:\/\/www.cedera-okna.sk\/sk\/#\/schema\/logo\/image\/"},"sameAs":["https:\/\/www.facebook.com\/okna.cedera\/"]}]}},"_links":{"self":[{"href":"https:\/\/www.cedera-okna.sk\/sk\/wp-json\/wp\/v2\/pages\/7","targetHints":{"allow":["GET"]}}],"collection":[{"href":"https:\/\/www.cedera-okna.sk\/sk\/wp-json\/wp\/v2\/pages"}],"about":[{"href":"https:\/\/www.cedera-okna.sk\/sk\/wp-json\/wp\/v2\/types\/page"}],"author":[{"embeddable":true,"href":"https:\/\/www.cedera-okna.sk\/sk\/wp-json\/wp\/v2\/users\/3"}],"replies":[{"embeddable":true,"href":"https:\/\/www.cedera-okna.sk\/sk\/wp-json\/wp\/v2\/comments?post=7"}],"version-history":[{"count":37,"href":"https:\/\/www.cedera-okna.sk\/sk\/wp-json\/wp\/v2\/pages\/7\/revisions"}],"predecessor-version":[{"id":21401,"href":"https:\/\/www.cedera-okna.sk\/sk\/wp-json\/wp\/v2\/pages\/7\/revisions\/21401"}],"wp:attachment":[{"href":"https:\/\/www.cedera-okna.sk\/sk\/wp-json\/wp\/v2\/media?parent=7"}],"curies":[{"name":"wp","href":"https:\/\/api.w.org\/{rel}","templated":true}]}}