{"id":5,"date":"2011-10-18T13:47:44","date_gmt":"2011-10-18T11:47:44","guid":{"rendered":"http:\/\/cedera-okna.sk\/index.php\/cennik\/"},"modified":"2024-08-12T18:21:09","modified_gmt":"2024-08-12T16:21:09","slug":"cennik-plastove-drevohlinikove-eurookna","status":"publish","type":"page","link":"https:\/\/www.cedera-okna.sk\/sk\/cennik-plastove-drevohlinikove-eurookna\/","title":{"rendered":"Cena plastov\u00fdch okien, eurookien a drevohlin\u00edkov\u00fdch okien"},"content":{"rendered":"<div class=\"wpb-content-wrapper\"><p>[vc_row][vc_column][vc_column_text css=&#8221;&#8221;]Chcete zisti\u0165 cenu plastov\u00fdch okien pre v\u00e1\u0161 dom, byt \u010di kancel\u00e1riu? Urobte si <strong><a href=\"http:\/\/cedera-okna.sk\/sk\/nezavazna-cenova-ponuka\/\">nez\u00e1v\u00e4zn\u00fa cenov\u00fa kalkul\u00e1ciu<\/a><\/strong> priamo na mieru. Priprav\u00edme v\u00e1m kalkul\u00e1ciu dod\u00e1vky okien s n\u00e1slednou mont\u00e1\u017eou a pr\u00edpadn\u00fdmi doplnkami.<\/p>\n<p>Pre vypracovanie nacenenia plastov\u00fdch okien, eurookien alebo drevohlin\u00edkov\u00fdch okien potrebujete premyslie\u0165:<\/p>\n<ul>\n<li><strong>materi\u00e1l<\/strong> okna (drevo, plast, &#8230;)<\/li>\n<li><strong>rozmer<\/strong>\u00a0okna\u00a0(od m\u00faru po m\u00far)<\/li>\n<li><strong>\u010dlenenie<\/strong> \u2013 po\u010det kr\u00eddel<\/li>\n<li>po\u017eadovan\u00e9 <strong>slu\u017eby<\/strong><\/li>\n<li><strong>doplnky<\/strong><\/li>\n<\/ul>\n<p>V\u0161etky tieto mo\u017enosti spolu s t\u00fdm ak\u00e9 slu\u017eby budete potrebova\u0165 m\u00f4\u017eete preh\u013eadne vyplni\u0165 vo formul\u00e1ri na <a href=\"http:\/\/cedera-okna.sk\/sk\/nezavazna-cenova-ponuka\/\">nez\u00e1v\u00e4zn\u00fa cenov\u00fa ponuku<\/a>. M\u00f4\u017eete dop\u00edsa\u0165 \u010di sa jedn\u00e1 o okn\u00e1 do novostavby, rodinn\u00e9ho domu alebo napr\u00edklad bytov\u00e9ho domu alebo panel\u00e1ku. Na z\u00e1klade va\u0161ich po\u017eiadaviek priprav\u00edme cenov\u00fa kalkul\u00e1ciu, ktor\u00fa spolo\u010dne upresn\u00edme.[\/vc_column_text][vc_column_text]<\/p>\n<h2>Ako vyzer\u00e1 na\u0161a pr\u00e1ca<\/h2>\n<p>[\/vc_column_text][vc_gallery type=&#8221;image_grid&#8221; images=&#8221;2568,8781,8858,7829,7828,7827,7728,7730,6446,301,293,13287&#8243;][vc_column_text]Ak si neviete rady pri meran\u00ed va\u0161ich okien? Nevad\u00ed, nechajte to na n\u00e1s. Pon\u00fakame mo\u017enos\u0165 bezplatnej obhliadky (plat\u00ed pri realiz\u00e1cii okien v Bratislave a bl\u00edzkom okol\u00ed).\u00a0Nap\u00ed\u0161te n\u00e1m a z\u00edskate inform\u00e1cie o \u010fal\u0161\u00edch z\u013eav\u00e1ch!<\/p>\n<p><a href=\"http:\/\/cedera-okna.sk\/sk\/nezavazna-cenova-ponuka\/\"><strong>Formul\u00e1r pre nez\u00e1v\u00e4zn\u00fa cenov\u00fa kalkul\u00e1ciu \u203a\u203a\u203a<\/strong><\/a><\/p>\n<div id=\"promo-box\">\n<h3>Ako prebieha spolupr\u00e1ca<\/h3>\n<p>Vyberte si z na\u0161ej ponuky plastov\u00fdch, dreven\u00fdch, hlin\u00edkov\u00fdch alebo drevohlin\u00edkov\u00fdch franc\u00fazskych okien. N\u00e1\u0161 technik vykon\u00e1 odborn\u00e9 zameranie, po dohode s vami zabezpe\u010d\u00edme dopravu a profesion\u00e1lnu mont\u00e1\u017e. Samozrejmos\u0165ou je poradenstvo ak\u00e9 okn\u00e1 a doplnky vybra\u0165 tak, aby sme minimalizovali mo\u017enos\u0165 nekompatibility jednotliv\u00fdch prvkov. Na z\u00e1klade <strong><a href=\"http:\/\/cedera-okna.sk\/sk\/nezavazna-cenova-ponuka\/\">nez\u00e1v\u00e4znej cenovej ponuky<\/a><\/strong> v\u00e1s budeme kontaktova\u0165.<\/p>\n<\/div>\n<p>[\/vc_column_text][\/vc_column][\/vc_row][vc_row][vc_column][vc_column_text]<\/p>\n<h2 style=\"text-align: center;\">Pre r\u00fdchlu kalkul\u00e1ciu vypl\u0148te formul\u00e1r ni\u017e\u0161ie. Ozveme sa v\u00e1m do 24 hod\u00edn.<\/h2>\n<p>[\/vc_column_text]\n<div class=\"wpcf7 no-js\" id=\"wpcf7-f2486-o1\" lang=\"sk-SK\" dir=\"ltr\" data-wpcf7-id=\"2486\">\n<div class=\"screen-reader-response\"><p role=\"status\" aria-live=\"polite\" aria-atomic=\"true\"><\/p> <ul><\/ul><\/div>\n<form action=\"\/sk\/wp-json\/wp\/v2\/pages\/5#wpcf7-f2486-o1\" method=\"post\" class=\"wpcf7-form init\" aria-label=\"Kontaktn\u00fd formul\u00e1r\" novalidate=\"novalidate\" data-status=\"init\">\n<fieldset class=\"hidden-fields-container\"><input type=\"hidden\" name=\"_wpcf7\" value=\"2486\" \/><input type=\"hidden\" name=\"_wpcf7_version\" value=\"6.1.5\" \/><input type=\"hidden\" name=\"_wpcf7_locale\" value=\"sk_SK\" \/><input type=\"hidden\" name=\"_wpcf7_unit_tag\" value=\"wpcf7-f2486-o1\" \/><input type=\"hidden\" name=\"_wpcf7_container_post\" value=\"0\" \/><input type=\"hidden\" name=\"_wpcf7_posted_data_hash\" value=\"\" \/><input type=\"hidden\" name=\"_wpcf7_recaptcha_response\" value=\"\" \/>\n<\/fieldset>\n<p><label><br \/>\n<span class=\"wpcf7-form-control-wrap\" data-name=\"your-name\"><input size=\"40\" maxlength=\"400\" class=\"wpcf7-form-control wpcf7-text wpcf7-validates-as-required\" aria-required=\"true\" aria-invalid=\"false\" placeholder=\"Meno*\" value=\"\" type=\"text\" name=\"your-name\" \/><\/span> <\/label>\n<\/p>\n<div class=\"sc_form_info columns_wrap\">\n\t<div class=\"sc_form_item sc_form_field label_over column-1_2\">\n\t\t<p><label><br \/>\n<span class=\"wpcf7-form-control-wrap\" data-name=\"your-telefon\"><input size=\"40\" maxlength=\"400\" class=\"wpcf7-form-control wpcf7-tel wpcf7-validates-as-required wpcf7-text wpcf7-validates-as-tel\" aria-required=\"true\" aria-invalid=\"false\" placeholder=\"Telef\u00f3n*\" value=\"\" type=\"tel\" name=\"your-telefon\" \/><\/span> <\/label>\n\t\t<\/p>\n\t<\/div>\n\t<div class=\"sc_form_item sc_form_field label_over column-1_2 pading0\">\n\t\t<p><label><br \/>\n<span class=\"wpcf7-form-control-wrap\" data-name=\"your-email\"><input size=\"40\" maxlength=\"400\" class=\"wpcf7-form-control wpcf7-email wpcf7-validates-as-required wpcf7-text wpcf7-validates-as-email\" aria-required=\"true\" aria-invalid=\"false\" placeholder=\"E-mail*\" value=\"\" type=\"email\" name=\"your-email\" \/><\/span><\/label>\n\t\t<\/p>\n\t<\/div>\n<\/div>\n<p><label><br \/>\n<span class=\"wpcf7-form-control-wrap\" data-name=\"your-message\"><textarea cols=\"40\" rows=\"10\" maxlength=\"2000\" class=\"wpcf7-form-control wpcf7-textarea\" aria-invalid=\"false\" placeholder=\"Pros\u00edm kontaktujte ma oh\u013eadom...\" name=\"your-message\"><\/textarea><\/span> <\/label>\n<\/p>\n<p><span class=\"wpcf7-form-control-wrap\" data-name=\"checkbox-597\"><span class=\"wpcf7-form-control wpcf7-checkbox wpcf7-validates-as-required\"><span class=\"wpcf7-list-item first last\"><input type=\"checkbox\" name=\"checkbox-597[]\" value=\"S\u00fahlas\u00edm so zpracovan\u00edm osobn\u00fdch \u00fadajov*\" \/><span class=\"wpcf7-list-item-label\">S\u00fahlas\u00edm so zpracovan\u00edm osobn\u00fdch \u00fadajov*<\/span><\/span><\/span><\/span>\n<\/p>\n<p><input class=\"wpcf7-form-control wpcf7-submit has-spinner\" type=\"submit\" value=\"Posla\u0165 po\u017eiadavku\" \/>\n<\/p>\n<p>*polo\u017eka je povinn\u00e1\n<\/p><div class=\"wpcf7-response-output\" aria-hidden=\"true\"><\/div>\n<\/form>\n<\/div>\n[\/vc_column][\/vc_row]<\/p>\n<\/div>","protected":false},"excerpt":{"rendered":"<p>[vc_row][vc_column][vc_column_text css=&#8221;&#8221;]Chcete zisti\u0165 cenu plastov\u00fdch okien pre v\u00e1\u0161 dom, byt \u010di kancel\u00e1riu? Urobte si nez\u00e1v\u00e4zn\u00fa cenov\u00fa kalkul\u00e1ciu priamo na mieru. Priprav\u00edme v\u00e1m kalkul\u00e1ciu dod\u00e1vky okien s n\u00e1slednou mont\u00e1\u017eou a pr\u00edpadn\u00fdmi doplnkami. Pre vypracovanie nacenenia plastov\u00fdch okien, eurookien alebo drevohlin\u00edkov\u00fdch okien potrebujete premyslie\u0165: materi\u00e1l okna (drevo, plast, &#8230;) rozmer\u00a0okna\u00a0(od m\u00faru po m\u00far) \u010dlenenie \u2013 po\u010det kr\u00eddel [&hellip;]<\/p>\n","protected":false},"author":3,"featured_media":0,"parent":0,"menu_order":71,"comment_status":"closed","ping_status":"closed","template":"","meta":{"footnotes":""},"class_list":["post-5","page","type-page","status-publish","hentry"],"yoast_head":"<!-- This site is optimized with the Yoast SEO plugin v27.4 - https:\/\/yoast.com\/product\/yoast-seo-wordpress\/ -->\n<title>Plastov\u00e9 okn\u00e1 cena s mont\u00e1\u017eou | Cedera<\/title>\n<meta name=\"description\" content=\"Chcete zisti\u0165 cenu plastov\u00fdch okien pre v\u00e1\u0161 dom \u010di byt? Urobte si nez\u00e1v\u00e4zn\u00fa cenov\u00fa kalkul\u00e1ciu. N\u00e1\u0161 cenn\u00edk okien v\u00e1s iste milo prekvap\u00ed.\" \/>\n<meta name=\"robots\" content=\"index, follow, max-snippet:-1, max-image-preview:large, max-video-preview:-1\" \/>\n<link rel=\"canonical\" href=\"https:\/\/www.cedera-okna.sk\/sk\/cennik-plastove-drevohlinikove-eurookna\/\" \/>\n<meta property=\"og:locale\" content=\"sk_SK\" \/>\n<meta property=\"og:type\" content=\"article\" \/>\n<meta property=\"og:title\" content=\"Plastov\u00e9 okn\u00e1 cena s mont\u00e1\u017eou | Cedera\" \/>\n<meta property=\"og:description\" content=\"Chcete zisti\u0165 cenu plastov\u00fdch okien pre v\u00e1\u0161 dom \u010di byt? Urobte si nez\u00e1v\u00e4zn\u00fa cenov\u00fa kalkul\u00e1ciu. N\u00e1\u0161 cenn\u00edk okien v\u00e1s iste milo prekvap\u00ed.\" \/>\n<meta property=\"og:url\" content=\"https:\/\/www.cedera-okna.sk\/sk\/cennik-plastove-drevohlinikove-eurookna\/\" \/>\n<meta property=\"og:site_name\" content=\"Cedera\" \/>\n<meta property=\"article:publisher\" content=\"https:\/\/www.facebook.com\/okna.cedera\/\" \/>\n<meta property=\"article:modified_time\" content=\"2024-08-12T16:21:09+00:00\" \/>\n<meta name=\"twitter:label1\" content=\"Predpokladan\u00fd \u010das \u010d\u00edtania\" \/>\n\t<meta name=\"twitter:data1\" content=\"4 min\u00faty\" \/>\n<!-- \/ Yoast SEO plugin. -->","yoast_head_json":{"title":"Plastov\u00e9 okn\u00e1 cena s mont\u00e1\u017eou | Cedera","description":"Chcete zisti\u0165 cenu plastov\u00fdch okien pre v\u00e1\u0161 dom \u010di byt? Urobte si nez\u00e1v\u00e4zn\u00fa cenov\u00fa kalkul\u00e1ciu. N\u00e1\u0161 cenn\u00edk okien v\u00e1s iste milo prekvap\u00ed.","robots":{"index":"index","follow":"follow","max-snippet":"max-snippet:-1","max-image-preview":"max-image-preview:large","max-video-preview":"max-video-preview:-1"},"canonical":"https:\/\/www.cedera-okna.sk\/sk\/cennik-plastove-drevohlinikove-eurookna\/","og_locale":"sk_SK","og_type":"article","og_title":"Plastov\u00e9 okn\u00e1 cena s mont\u00e1\u017eou | Cedera","og_description":"Chcete zisti\u0165 cenu plastov\u00fdch okien pre v\u00e1\u0161 dom \u010di byt? Urobte si nez\u00e1v\u00e4zn\u00fa cenov\u00fa kalkul\u00e1ciu. N\u00e1\u0161 cenn\u00edk okien v\u00e1s iste milo prekvap\u00ed.","og_url":"https:\/\/www.cedera-okna.sk\/sk\/cennik-plastove-drevohlinikove-eurookna\/","og_site_name":"Cedera","article_publisher":"https:\/\/www.facebook.com\/okna.cedera\/","article_modified_time":"2024-08-12T16:21:09+00:00","twitter_misc":{"Predpokladan\u00fd \u010das \u010d\u00edtania":"4 min\u00faty"},"schema":{"@context":"https:\/\/schema.org","@graph":[{"@type":"WebPage","@id":"https:\/\/www.cedera-okna.sk\/sk\/cennik-plastove-drevohlinikove-eurookna\/","url":"https:\/\/www.cedera-okna.sk\/sk\/cennik-plastove-drevohlinikove-eurookna\/","name":"Plastov\u00e9 okn\u00e1 cena s mont\u00e1\u017eou | Cedera","isPartOf":{"@id":"https:\/\/www.cedera-okna.sk\/sk\/#website"},"datePublished":"2011-10-18T11:47:44+00:00","dateModified":"2024-08-12T16:21:09+00:00","description":"Chcete zisti\u0165 cenu plastov\u00fdch okien pre v\u00e1\u0161 dom \u010di byt? Urobte si nez\u00e1v\u00e4zn\u00fa cenov\u00fa kalkul\u00e1ciu. N\u00e1\u0161 cenn\u00edk okien v\u00e1s iste milo prekvap\u00ed.","breadcrumb":{"@id":"https:\/\/www.cedera-okna.sk\/sk\/cennik-plastove-drevohlinikove-eurookna\/#breadcrumb"},"inLanguage":"sk-SK","potentialAction":[{"@type":"ReadAction","target":["https:\/\/www.cedera-okna.sk\/sk\/cennik-plastove-drevohlinikove-eurookna\/"]}]},{"@type":"BreadcrumbList","@id":"https:\/\/www.cedera-okna.sk\/sk\/cennik-plastove-drevohlinikove-eurookna\/#breadcrumb","itemListElement":[{"@type":"ListItem","position":1,"name":"Domovsk\u00e1 str\u00e1nka","item":"https:\/\/www.cedera-okna.sk\/sk\/"},{"@type":"ListItem","position":2,"name":"Cena plastov\u00fdch okien, eurookien a drevohlin\u00edkov\u00fdch okien"}]},{"@type":"WebSite","@id":"https:\/\/www.cedera-okna.sk\/sk\/#website","url":"https:\/\/www.cedera-okna.sk\/sk\/","name":"Cedera","description":"Plastov\u00e9 okn\u00e1 Bratislava","publisher":{"@id":"https:\/\/www.cedera-okna.sk\/sk\/#organization"},"potentialAction":[{"@type":"SearchAction","target":{"@type":"EntryPoint","urlTemplate":"https:\/\/www.cedera-okna.sk\/sk\/?s={search_term_string}"},"query-input":{"@type":"PropertyValueSpecification","valueRequired":true,"valueName":"search_term_string"}}],"inLanguage":"sk-SK"},{"@type":"Organization","@id":"https:\/\/www.cedera-okna.sk\/sk\/#organization","name":"CEDERA s.r.o.","url":"https:\/\/www.cedera-okna.sk\/sk\/","logo":{"@type":"ImageObject","inLanguage":"sk-SK","@id":"https:\/\/www.cedera-okna.sk\/sk\/#\/schema\/logo\/image\/","url":"https:\/\/www.cedera-okna.sk\/wp-content\/uploads\/2018\/10\/Cedera-logo.png","contentUrl":"https:\/\/www.cedera-okna.sk\/wp-content\/uploads\/2018\/10\/Cedera-logo.png","width":190,"height":66,"caption":"CEDERA s.r.o."},"image":{"@id":"https:\/\/www.cedera-okna.sk\/sk\/#\/schema\/logo\/image\/"},"sameAs":["https:\/\/www.facebook.com\/okna.cedera\/"]}]}},"_links":{"self":[{"href":"https:\/\/www.cedera-okna.sk\/sk\/wp-json\/wp\/v2\/pages\/5","targetHints":{"allow":["GET"]}}],"collection":[{"href":"https:\/\/www.cedera-okna.sk\/sk\/wp-json\/wp\/v2\/pages"}],"about":[{"href":"https:\/\/www.cedera-okna.sk\/sk\/wp-json\/wp\/v2\/types\/page"}],"author":[{"embeddable":true,"href":"https:\/\/www.cedera-okna.sk\/sk\/wp-json\/wp\/v2\/users\/3"}],"replies":[{"embeddable":true,"href":"https:\/\/www.cedera-okna.sk\/sk\/wp-json\/wp\/v2\/comments?post=5"}],"version-history":[{"count":19,"href":"https:\/\/www.cedera-okna.sk\/sk\/wp-json\/wp\/v2\/pages\/5\/revisions"}],"predecessor-version":[{"id":17482,"href":"https:\/\/www.cedera-okna.sk\/sk\/wp-json\/wp\/v2\/pages\/5\/revisions\/17482"}],"wp:attachment":[{"href":"https:\/\/www.cedera-okna.sk\/sk\/wp-json\/wp\/v2\/media?parent=5"}],"curies":[{"name":"wp","href":"https:\/\/api.w.org\/{rel}","templated":true}]}}