{"id":39,"date":"2011-10-27T09:59:29","date_gmt":"2011-10-27T07:59:29","guid":{"rendered":"http:\/\/cedera-okna.sk\/index.php\/povrchova-uprava-eurookien\/"},"modified":"2024-08-16T07:10:48","modified_gmt":"2024-08-16T05:10:48","slug":"vyroba-drevene-eurookna","status":"publish","type":"page","link":"https:\/\/www.cedera-okna.sk\/sk\/vyroba-drevene-eurookna\/","title":{"rendered":"Ako prebieha v\u00fdroba dreven\u00fdch okien"},"content":{"rendered":"<div class=\"wpb-content-wrapper\"><p>[vc_row][vc_column][vc_column_text css=&#8221;&#8221;]Pri v\u00fdrobe a povrchovej \u00faprave dreven\u00fdch okien sa pou\u017e\u00edvaj\u00fa <strong>ekologicky<\/strong> <strong>nez\u00e1vadn\u00e9<\/strong>, vodou riedite\u013en\u00e9 zna\u010dkov\u00e9 farby Adler. Vyzna\u010duj\u00fa sa vysokou kvalitou a \u013eahkou obnovite\u013enos\u0165ou &#8211; laz\u00fara je pru\u017en\u00e1, neprask\u00e1 a neodlupuje sa. Samozrejmos\u0165ou je odolnos\u0165 proti UV \u017eiareniu, hnilobe, plesniam, \u0161kodcom a vlhkosti. Povrchov\u00e1 \u00faprava po\u010das v\u00fdroby okien prebieha v <strong>nasledovn\u00fdch<\/strong> <strong>f\u00e1zach<\/strong>:<\/p>\n<h2>1. f\u00e1za &#8211; impregn\u00e1cia<\/h2>\n<ul>\n<li>ponorenie vysu\u0161en\u00e9ho a prebr\u00fasen\u00e9ho r\u00e1mu do konzerva\u010dn\u00e9ho a moriaceho k\u00fape\u013ea (v autokl\u00e1ve &#8211; pod tlakom), kde drevo h\u013abkovo nasiakne z\u00e1kladom, ktor\u00fd je odoln\u00fd vo\u010di hnilobe, plesniam, \u0161kodcom &#8230;<\/li>\n<li>vysu\u0161enie a prebr\u00fasenie nerovnost\u00ed dreva<\/li>\n<\/ul>\n<h2>2. f\u00e1za &#8211; z\u00e1kladovanie<\/h2>\n<ul>\n<li>prv\u00fd n\u00e1nos laku vysokotlakov\u00fdm zariaden\u00edm<\/li>\n<li>vyschnutie n\u00e1teru<\/li>\n<li>vysu\u0161enie a prebr\u00fasenie nerovnost\u00ed dreva<\/li>\n<\/ul>\n<h2>3. f\u00e1za &#8211; vrchn\u00e1 laz\u00fara<\/h2>\n<ul>\n<li>kone\u010dn\u00fd druh\u00fd n\u00e1nos laku s UV filtrom vysokotlakov\u00fdm zariaden\u00edm<\/li>\n<li>vytvrdnutie n\u00e1teru<\/li>\n<\/ul>\n<p>Na konzerv\u00e1ciu povrchov sa pou\u017e\u00edvaj\u00fa prostriedky na b\u00e1ze voskov, ktor\u00e9 sa aplikuj\u00fa raz do roka po umyt\u00ed <a href=\"http:\/\/cedera-okna.sk\/sk\/eurookna-drevene-okna\/\">eurookien<\/a>. Pri pravidelnom o\u0161etrovan\u00ed je dosiahnut\u00e1 <strong>dlhodob\u00e1<\/strong> <strong>\u017eivotnos\u0165<\/strong> n\u00e1teru. Pri oprave nie je potrebn\u00e9 laz\u00fary opa\u013eova\u0165 ani obrusova\u0165, ale po o\u010disten\u00ed povrchu sa \u0161tetcom nanesie nov\u00e1 vrstva.<\/p>\n<p><strong>Odtie\u0148<\/strong> <strong>laku<\/strong> si m\u00e1te mo\u017enos\u0165 vybra\u0165 zo \u0161irokej \u0161k\u00e1ly n\u00e1\u0161ho vzorkovn\u00edka. Ak m\u00e1te z\u00e1ujem pozrie\u0165 si <strong>vzorkovn\u00edk<\/strong> <strong>farieb<\/strong> <strong>a<\/strong> <strong>laz\u00far<\/strong>, nev\u00e1hajte n\u00e1s pros\u00edm <a href=\"http:\/\/cedera-okna.sk\/sk\/kontakt\/\">kontaktova\u0165<\/a>. Radi si s vami dohodneme stretnutie a porad\u00edme v\u00e1m pri v\u00fdbere toho spr\u00e1vneho odtie\u0148u pre va\u0161e dreven\u00e9 okn\u00e1.<\/p>\n<h2>Na\u0161e postrehy k eurookn\u00e1m<\/h2>\n<p><strong>Pozor na v\u00fdber vhodn\u00e9ho odtie\u0148a laz\u00fary!<\/strong><\/p>\n<ul>\n<li>\u010d\u00edm je odtie\u0148 svetlej\u0161\u00ed, t\u00fdm je men\u0161ia \u017eivotnos\u0165 povrchovej \u00fapravy &#8211; mal\u00fd obsah pigmentov<\/li>\n<li>\u010d\u00edm je odtie\u0148 tmav\u0161\u00ed, t\u00fdm je v\u00e4\u010d\u0161ia teplota n\u00e1teru i dreva (a\u017e do 80\u00b0C)<\/li>\n<\/ul>\n<p><strong>Laz\u00fara odpudzuje vodu, pri\u010dom drevo m\u00f4\u017ee d\u00fdcha\u0165!<\/strong><\/p>\n<p>Napriek trom vrstv\u00e1m n\u00e1teru m\u00f4\u017ee <a href=\"http:\/\/cedera-okna.sk\/sk\/drevene-eurookna\/\">drevo<\/a> d\u00fdcha\u0165 a preto je potrebn\u00e9 pravidelne vetra\u0165, aby sa vyhlo po\u0161kodeniu vonkaj\u0161ej laz\u00fary. Vysok\u00e1 vlhkos\u0165 v miestnosti sa prejav\u00ed vyzr\u00e1\u017ean\u00edm na <a href=\"http:\/\/cedera-okna.sk\/sk\/eurookna-trojsklo\/\">skle<\/a> a v tom hor\u0161om pr\u00edpade nabobtnan\u00edm laz\u00fary na vonkaj\u0161om r\u00e1me okna.<br \/>\nOkno dokonale utes\u0148uje vn\u00fatorn\u00fd priestor a t\u00fdm zabra\u0148uje \u00faniku tepla ale i vlhkosti, ktor\u00e1 sa pretl\u00e1\u010da cez slab\u00e9 miesta r\u00e1mu okna a po\u0161kodzuje tak vonkaj\u0161\u00ed n\u00e1ter.[\/vc_column_text][\/vc_column][\/vc_row][vc_row][vc_column][vc_column_text css=&#8221;&#8221;]<\/p>\n<h2>Pozrite sa na uk\u00e1\u017eky na\u0161ej pr\u00e1ce<\/h2>\n<p>[\/vc_column_text][\/vc_column][\/vc_row][vc_row][vc_column][vc_gallery type=&#8221;image_grid&#8221; images=&#8221;7728,2562,2561,2560,293,286,13263,13262&#8243;][\/vc_column][\/vc_row][vc_row css=&#8221;.vc_custom_1476800237599{margin-top: 50px !important;}&#8221;][vc_column][vc_column_text css=&#8221;&#8221;]<\/p>\n<h2 style=\"text-align: center;\">M\u00e1te z\u00e1ujem o nov\u00e9 dreven\u00e9 okn\u00e1 alebo si necha\u0165 poradi\u0165? Vypl\u0148te formul\u00e1r ni\u017e\u0161ie a ozveme sa v\u00e1m do 24 hod\u00edn.<\/h2>\n<p>[\/vc_column_text]\n<div class=\"wpcf7 no-js\" id=\"wpcf7-f2486-o1\" lang=\"sk-SK\" dir=\"ltr\" data-wpcf7-id=\"2486\">\n<div class=\"screen-reader-response\"><p role=\"status\" aria-live=\"polite\" aria-atomic=\"true\"><\/p> <ul><\/ul><\/div>\n<form action=\"\/sk\/wp-json\/wp\/v2\/pages\/39#wpcf7-f2486-o1\" method=\"post\" class=\"wpcf7-form init\" aria-label=\"Kontaktn\u00fd formul\u00e1r\" novalidate=\"novalidate\" data-status=\"init\">\n<fieldset class=\"hidden-fields-container\"><input type=\"hidden\" name=\"_wpcf7\" value=\"2486\" \/><input type=\"hidden\" name=\"_wpcf7_version\" value=\"6.1.5\" \/><input type=\"hidden\" name=\"_wpcf7_locale\" value=\"sk_SK\" \/><input type=\"hidden\" name=\"_wpcf7_unit_tag\" value=\"wpcf7-f2486-o1\" \/><input type=\"hidden\" name=\"_wpcf7_container_post\" value=\"0\" \/><input type=\"hidden\" name=\"_wpcf7_posted_data_hash\" value=\"\" \/><input type=\"hidden\" name=\"_wpcf7_recaptcha_response\" value=\"\" \/>\n<\/fieldset>\n<p><label><br \/>\n<span class=\"wpcf7-form-control-wrap\" data-name=\"your-name\"><input size=\"40\" maxlength=\"400\" class=\"wpcf7-form-control wpcf7-text wpcf7-validates-as-required\" aria-required=\"true\" aria-invalid=\"false\" placeholder=\"Meno*\" value=\"\" type=\"text\" name=\"your-name\" \/><\/span> <\/label>\n<\/p>\n<div class=\"sc_form_info columns_wrap\">\n\t<div class=\"sc_form_item sc_form_field label_over column-1_2\">\n\t\t<p><label><br \/>\n<span class=\"wpcf7-form-control-wrap\" data-name=\"your-telefon\"><input size=\"40\" maxlength=\"400\" class=\"wpcf7-form-control wpcf7-tel wpcf7-validates-as-required wpcf7-text wpcf7-validates-as-tel\" aria-required=\"true\" aria-invalid=\"false\" placeholder=\"Telef\u00f3n*\" value=\"\" type=\"tel\" name=\"your-telefon\" \/><\/span> <\/label>\n\t\t<\/p>\n\t<\/div>\n\t<div class=\"sc_form_item sc_form_field label_over column-1_2 pading0\">\n\t\t<p><label><br \/>\n<span class=\"wpcf7-form-control-wrap\" data-name=\"your-email\"><input size=\"40\" maxlength=\"400\" class=\"wpcf7-form-control wpcf7-email wpcf7-validates-as-required wpcf7-text wpcf7-validates-as-email\" aria-required=\"true\" aria-invalid=\"false\" placeholder=\"E-mail*\" value=\"\" type=\"email\" name=\"your-email\" \/><\/span><\/label>\n\t\t<\/p>\n\t<\/div>\n<\/div>\n<p><label><br \/>\n<span class=\"wpcf7-form-control-wrap\" data-name=\"your-message\"><textarea cols=\"40\" rows=\"10\" maxlength=\"2000\" class=\"wpcf7-form-control wpcf7-textarea\" aria-invalid=\"false\" placeholder=\"Pros\u00edm kontaktujte ma oh\u013eadom...\" name=\"your-message\"><\/textarea><\/span> <\/label>\n<\/p>\n<p><span class=\"wpcf7-form-control-wrap\" data-name=\"checkbox-597\"><span class=\"wpcf7-form-control wpcf7-checkbox wpcf7-validates-as-required\"><span class=\"wpcf7-list-item first last\"><input type=\"checkbox\" name=\"checkbox-597[]\" value=\"S\u00fahlas\u00edm so zpracovan\u00edm osobn\u00fdch \u00fadajov*\" \/><span class=\"wpcf7-list-item-label\">S\u00fahlas\u00edm so zpracovan\u00edm osobn\u00fdch \u00fadajov*<\/span><\/span><\/span><\/span>\n<\/p>\n<p><input class=\"wpcf7-form-control wpcf7-submit has-spinner\" type=\"submit\" value=\"Posla\u0165 po\u017eiadavku\" \/>\n<\/p>\n<p>*polo\u017eka je povinn\u00e1\n<\/p><div class=\"wpcf7-response-output\" aria-hidden=\"true\"><\/div>\n<\/form>\n<\/div>\n[\/vc_column][\/vc_row]<\/p>\n<\/div>","protected":false},"excerpt":{"rendered":"<p>[vc_row][vc_column][vc_column_text css=&#8221;&#8221;]Pri v\u00fdrobe a povrchovej \u00faprave dreven\u00fdch okien sa pou\u017e\u00edvaj\u00fa ekologicky nez\u00e1vadn\u00e9, vodou riedite\u013en\u00e9 zna\u010dkov\u00e9 farby Adler. Vyzna\u010duj\u00fa sa vysokou kvalitou a \u013eahkou obnovite\u013enos\u0165ou &#8211; laz\u00fara je pru\u017en\u00e1, neprask\u00e1 a neodlupuje sa. Samozrejmos\u0165ou je odolnos\u0165 proti UV \u017eiareniu, hnilobe, plesniam, \u0161kodcom a vlhkosti. Povrchov\u00e1 \u00faprava po\u010das v\u00fdroby okien prebieha v nasledovn\u00fdch f\u00e1zach: 1. f\u00e1za &#8211; [&hellip;]<\/p>\n","protected":false},"author":3,"featured_media":0,"parent":0,"menu_order":65,"comment_status":"closed","ping_status":"closed","template":"","meta":{"footnotes":""},"class_list":["post-39","page","type-page","status-publish","hentry"],"yoast_head":"<!-- This site is optimized with the Yoast SEO plugin v27.4 - https:\/\/yoast.com\/product\/yoast-seo-wordpress\/ -->\n<title>V\u00fdroba dreven\u00fdch okien - dreven\u00e9 okn\u00e1 na mieru | Cedera<\/title>\n<meta name=\"description\" content=\"Kvalitn\u00e1 v\u00fdroba dreven\u00fdch okien mysl\u00ed aj na odolnos\u0165 vo\u010di UV \u017eiareniu, vlhkosti aj hnilobe. V\u010faka tomu vydr\u017eia dreven\u00e9 okn\u00e1 dlh\u0161ie a zachovaj\u00fa si svoj vzh\u013ead.\" \/>\n<meta name=\"robots\" content=\"index, follow, max-snippet:-1, max-image-preview:large, max-video-preview:-1\" \/>\n<link rel=\"canonical\" href=\"https:\/\/www.cedera-okna.sk\/sk\/vyroba-drevene-eurookna\/\" \/>\n<meta property=\"og:locale\" content=\"sk_SK\" \/>\n<meta property=\"og:type\" content=\"article\" \/>\n<meta property=\"og:title\" content=\"V\u00fdroba dreven\u00fdch okien - dreven\u00e9 okn\u00e1 na mieru | Cedera\" \/>\n<meta property=\"og:description\" content=\"Kvalitn\u00e1 v\u00fdroba dreven\u00fdch okien mysl\u00ed aj na odolnos\u0165 vo\u010di UV \u017eiareniu, vlhkosti aj hnilobe. V\u010faka tomu vydr\u017eia dreven\u00e9 okn\u00e1 dlh\u0161ie a zachovaj\u00fa si svoj vzh\u013ead.\" \/>\n<meta property=\"og:url\" content=\"https:\/\/www.cedera-okna.sk\/sk\/vyroba-drevene-eurookna\/\" \/>\n<meta property=\"og:site_name\" content=\"Cedera\" \/>\n<meta property=\"article:publisher\" content=\"https:\/\/www.facebook.com\/okna.cedera\/\" \/>\n<meta property=\"article:modified_time\" content=\"2024-08-16T05:10:48+00:00\" \/>\n<meta name=\"twitter:label1\" content=\"Predpokladan\u00fd \u010das \u010d\u00edtania\" \/>\n\t<meta name=\"twitter:data1\" content=\"4 min\u00faty\" \/>\n<!-- \/ Yoast SEO plugin. -->","yoast_head_json":{"title":"V\u00fdroba dreven\u00fdch okien - dreven\u00e9 okn\u00e1 na mieru | Cedera","description":"Kvalitn\u00e1 v\u00fdroba dreven\u00fdch okien mysl\u00ed aj na odolnos\u0165 vo\u010di UV \u017eiareniu, vlhkosti aj hnilobe. V\u010faka tomu vydr\u017eia dreven\u00e9 okn\u00e1 dlh\u0161ie a zachovaj\u00fa si svoj vzh\u013ead.","robots":{"index":"index","follow":"follow","max-snippet":"max-snippet:-1","max-image-preview":"max-image-preview:large","max-video-preview":"max-video-preview:-1"},"canonical":"https:\/\/www.cedera-okna.sk\/sk\/vyroba-drevene-eurookna\/","og_locale":"sk_SK","og_type":"article","og_title":"V\u00fdroba dreven\u00fdch okien - dreven\u00e9 okn\u00e1 na mieru | Cedera","og_description":"Kvalitn\u00e1 v\u00fdroba dreven\u00fdch okien mysl\u00ed aj na odolnos\u0165 vo\u010di UV \u017eiareniu, vlhkosti aj hnilobe. V\u010faka tomu vydr\u017eia dreven\u00e9 okn\u00e1 dlh\u0161ie a zachovaj\u00fa si svoj vzh\u013ead.","og_url":"https:\/\/www.cedera-okna.sk\/sk\/vyroba-drevene-eurookna\/","og_site_name":"Cedera","article_publisher":"https:\/\/www.facebook.com\/okna.cedera\/","article_modified_time":"2024-08-16T05:10:48+00:00","twitter_misc":{"Predpokladan\u00fd \u010das \u010d\u00edtania":"4 min\u00faty"},"schema":{"@context":"https:\/\/schema.org","@graph":[{"@type":"WebPage","@id":"https:\/\/www.cedera-okna.sk\/sk\/vyroba-drevene-eurookna\/","url":"https:\/\/www.cedera-okna.sk\/sk\/vyroba-drevene-eurookna\/","name":"V\u00fdroba dreven\u00fdch okien - dreven\u00e9 okn\u00e1 na mieru | Cedera","isPartOf":{"@id":"https:\/\/www.cedera-okna.sk\/sk\/#website"},"datePublished":"2011-10-27T07:59:29+00:00","dateModified":"2024-08-16T05:10:48+00:00","description":"Kvalitn\u00e1 v\u00fdroba dreven\u00fdch okien mysl\u00ed aj na odolnos\u0165 vo\u010di UV \u017eiareniu, vlhkosti aj hnilobe. V\u010faka tomu vydr\u017eia dreven\u00e9 okn\u00e1 dlh\u0161ie a zachovaj\u00fa si svoj vzh\u013ead.","breadcrumb":{"@id":"https:\/\/www.cedera-okna.sk\/sk\/vyroba-drevene-eurookna\/#breadcrumb"},"inLanguage":"sk-SK","potentialAction":[{"@type":"ReadAction","target":["https:\/\/www.cedera-okna.sk\/sk\/vyroba-drevene-eurookna\/"]}]},{"@type":"BreadcrumbList","@id":"https:\/\/www.cedera-okna.sk\/sk\/vyroba-drevene-eurookna\/#breadcrumb","itemListElement":[{"@type":"ListItem","position":1,"name":"Domovsk\u00e1 str\u00e1nka","item":"https:\/\/www.cedera-okna.sk\/sk\/"},{"@type":"ListItem","position":2,"name":"Ako prebieha v\u00fdroba dreven\u00fdch okien"}]},{"@type":"WebSite","@id":"https:\/\/www.cedera-okna.sk\/sk\/#website","url":"https:\/\/www.cedera-okna.sk\/sk\/","name":"Cedera","description":"Plastov\u00e9 okn\u00e1 Bratislava","publisher":{"@id":"https:\/\/www.cedera-okna.sk\/sk\/#organization"},"potentialAction":[{"@type":"SearchAction","target":{"@type":"EntryPoint","urlTemplate":"https:\/\/www.cedera-okna.sk\/sk\/?s={search_term_string}"},"query-input":{"@type":"PropertyValueSpecification","valueRequired":true,"valueName":"search_term_string"}}],"inLanguage":"sk-SK"},{"@type":"Organization","@id":"https:\/\/www.cedera-okna.sk\/sk\/#organization","name":"CEDERA s.r.o.","url":"https:\/\/www.cedera-okna.sk\/sk\/","logo":{"@type":"ImageObject","inLanguage":"sk-SK","@id":"https:\/\/www.cedera-okna.sk\/sk\/#\/schema\/logo\/image\/","url":"https:\/\/www.cedera-okna.sk\/wp-content\/uploads\/2018\/10\/Cedera-logo.png","contentUrl":"https:\/\/www.cedera-okna.sk\/wp-content\/uploads\/2018\/10\/Cedera-logo.png","width":190,"height":66,"caption":"CEDERA s.r.o."},"image":{"@id":"https:\/\/www.cedera-okna.sk\/sk\/#\/schema\/logo\/image\/"},"sameAs":["https:\/\/www.facebook.com\/okna.cedera\/"]}]}},"_links":{"self":[{"href":"https:\/\/www.cedera-okna.sk\/sk\/wp-json\/wp\/v2\/pages\/39","targetHints":{"allow":["GET"]}}],"collection":[{"href":"https:\/\/www.cedera-okna.sk\/sk\/wp-json\/wp\/v2\/pages"}],"about":[{"href":"https:\/\/www.cedera-okna.sk\/sk\/wp-json\/wp\/v2\/types\/page"}],"author":[{"embeddable":true,"href":"https:\/\/www.cedera-okna.sk\/sk\/wp-json\/wp\/v2\/users\/3"}],"replies":[{"embeddable":true,"href":"https:\/\/www.cedera-okna.sk\/sk\/wp-json\/wp\/v2\/comments?post=39"}],"version-history":[{"count":8,"href":"https:\/\/www.cedera-okna.sk\/sk\/wp-json\/wp\/v2\/pages\/39\/revisions"}],"predecessor-version":[{"id":17516,"href":"https:\/\/www.cedera-okna.sk\/sk\/wp-json\/wp\/v2\/pages\/39\/revisions\/17516"}],"wp:attachment":[{"href":"https:\/\/www.cedera-okna.sk\/sk\/wp-json\/wp\/v2\/media?parent=39"}],"curies":[{"name":"wp","href":"https:\/\/api.w.org\/{rel}","templated":true}]}}