{"id":3467,"date":"2018-04-25T21:58:15","date_gmt":"2018-04-25T19:58:15","guid":{"rendered":"http:\/\/cedera-okna.sk\/sk\/?page_id=3467"},"modified":"2021-10-25T13:28:10","modified_gmt":"2021-10-25T11:28:10","slug":"bezfalcove-dvere","status":"publish","type":"page","link":"https:\/\/www.cedera-okna.sk\/sk\/bezfalcove-dvere\/","title":{"rendered":"Bezfalcov\u00e9 dvere"},"content":{"rendered":"<div class=\"wpb-content-wrapper\"><p>[vc_row][vc_column][vc_column_text]<\/p>\n<div id=\"info-box\">V\u00e1\u017een\u00ed z\u00e1kazn\u00edci. Rozhodli sme sa ukon\u010di\u0165 cel\u00fd predaj interi\u00e9rov\u00fdch dver\u00ed a to vr\u00e1tane posuvn\u00fdch interi\u00e9rov\u00fdch dver\u00ed a ich mont\u00e1\u017ee. Predaj a mont\u00e1\u017e vonkaj\u0161\u00edch dver\u00ed zost\u00e1va zachovan\u00fd.<br \/>\n\u010eakujeme za pochopenie.<\/div>\n<h2>Bezfalcov\u00e9 dvere &#8211; interi\u00e9rov\u00e9 dvere, ktor\u00e9 zmodernizuj\u00fa miestnosti v dome<\/h2>\n<p>Uva\u017eujete o\u00a0rekon\u0161trukcii star\u0161ieho interi\u00e9ru alebo zaria\u010fujete novostavbu? Sk\u00f4r, ako za\u010dnete rie\u0161i\u0165 bytov\u00e9 doplnky, poprem\u00fd\u0161\u013eajte nad dverami. Dvere s\u00fa toti\u017e s\u00fa\u010das\u0165ou ka\u017ed\u00e9ho interi\u00e9ru a\u00a0patria medzi ve\u013emi d\u00f4le\u017eit\u00fd prvok a\u00a0to nielen z\u00a0praktick\u00e9ho h\u013eadiska, ale aj z\u00a0toho dizajnov\u00e9ho. Kombin\u00e1ciou spr\u00e1vneho materi\u00e1lu a\u00a0z\u00e1rubne dod\u00e1te miestnostiam v\u00a0dome charakter.<\/p>\n<h2>Ak\u00e9 typy dver\u00ed pozn\u00e1me?<\/h2>\n<h3>Falcov\u00e9 dvere<\/h3>\n<p>Ide o\u00a0klasick\u00e9 oto\u010dn\u00e9 dvere s\u00a0takzvanou polodr\u00e1\u017ekou, ktor\u00e9 s\u00fa v\u00a0interi\u00e9roch \u010dasto vyu\u017e\u00edvan\u00e9. Najstar\u0161\u00ed typ dver\u00ed m\u00e1 dvern\u00e9 kr\u00eddlo zasaden\u00e9 do p\u00e1ntov v\u00a0z\u00e1rubni. Ke\u010f dvere zatvor\u00edte, po celom obvode m\u00f4\u017eete bada\u0165 profilovan\u00fa hranu, ktor\u00e1 vystupuje do priestoru. Falcov\u00e9 dvere boli ob\u013e\u00faben\u00e9 najm\u00e4 v\u00a0minulosti, kedy sa nepou\u017e\u00edvalo klasick\u00e9 tesnenie a\u00a0presah teda rie\u0161il probl\u00e9m s\u00a0prievanom a\u00a0chladom. Falcov\u00fa kon\u0161trukciu be\u017ene n\u00e1jdete v\u00a0mnoh\u00fdch dom\u00e1cnostiach.<\/p>\n<h3>Bezfalcov\u00e9 dvere<\/h3>\n<p>Do m\u00f3dy vst\u00fapili dvere bezpolodr\u00e1\u017ekov\u00e9, ktor\u00e9 \u017eiadnu profilovan\u00fa hranu nemaj\u00fa. Dvern\u00e9 kr\u00eddlo je v\u00a0jednej rovine so z\u00e1rub\u0148ou, ktor\u00fa kop\u00edruje. Zatvoren\u00e9 dvere teda nijako do priestoru nevy\u010dnievaj\u00fa. Pokia\u013e preferujete modern\u00fd \u0161t\u00fdl, bezfalcov\u00e9 dvere s\u00fa tou pravou interi\u00e9rovou vo\u013ebou. P\u00f4sobia nev\u0161edne a\u00a0atypicky a\u00a0dodaj\u00fa tak miestnostiam vo va\u0161om dome luxusn\u00fd r\u00e1z. Dvere a\u00a0z\u00e1rub\u0148a splyn\u00fa so stenami, vytvoria priestorov\u00fd s\u00fazvuk, \u010d\u00edm vynikne ich striedma elegancia.<\/p>\n<p>U\u00a0bezpolodr\u00e1\u017ekov\u00fdch dver\u00ed m\u00e1te na v\u00fdber z\u00a0dvoch typov p\u00e1ntov \u2013 <b>vidite\u013en\u00fdch lomen\u00fdch<\/b> alebo <b>nevidite\u013en\u00fdch, <\/b>v\u010faka ktor\u00fdm dvere p\u00f4sobia uhladene a dizajnovo. \u010castou vo\u013ebou b\u00fdvaj\u00fa skryt\u00e9 p\u00e1nty, ktor\u00e9 sa in\u0161taluj\u00fa do vn\u00fatornej strany dvern\u00e9ho kr\u00eddla. Pri zatvoren\u00fdch dver\u00e1ch s\u00fa teda p\u00e1nty nevidite\u013en\u00e9.<\/p>\n<p>N\u00e1ro\u010dnej\u0161\u00edch z\u00e1kazn\u00edkov ur\u010dite pote\u0161ia bezpolodr\u00e1\u017ekov\u00e9 dvere s\u00a0magnetick\u00fdm z\u00e1mkom. Ten zais\u0165uje ich nehlu\u010dn\u00fd chod. Magnetick\u00fd z\u00e1mok sa vyzna\u010duje protiplechom schovan\u00fdm v\u00a0polodr\u00e1\u017eke z\u00e1rubne a\u00a0na poh\u013ead je teda nevidite\u013en\u00fd.<\/p>\n<div id=\"promo-box\">\n<h3>Ako prebieha spolupr\u00e1ca<\/h3>\n<p>Vyberiete si z na\u0161ej ponuky bezfalcov\u00fdch dver\u00ed. N\u00e1\u0161 technik vykon\u00e1 odborn\u00e9 zameranie, po dohode s vami zabezpe\u010d\u00edme dopravu a profesion\u00e1lnu mont\u00e1\u017e. Samozrejmos\u0165ou je poradenstvo ak\u00e9 dvere a doplnky vybra\u0165 tak, aby sme minimalizovali mo\u017enos\u0165 nekompatibility jednotliv\u00fdch prvkov. Na z\u00e1klade <strong><a href=\"http:\/\/cedera-okna.sk\/sk\/nezavazna-cenova-ponuka\/\">nez\u00e1v\u00e4znej cenovej ponuky<\/a><\/strong> v\u00e1s budeme kontaktova\u0165.<\/p>\n<\/div>\n<h3>So z\u00e1rub\u0148ou alebo bez?<\/h3>\n<p>Bezfalcov\u00e9 dvere si m\u00f4\u017eete objedna\u0165 s\u00a0oblo\u017ekovou bezbari\u00e9rovou z\u00e1rub\u0148ou alebo bez nej. Oblo\u017ekov\u00e9 z\u00e1rubne maj\u00fa zaoblen\u00e9 hrany a\u00a0hodia sa do bytov, rodinn\u00fdch domov, ale aj hotelov \u010di pracovn\u00fdch budov. S\u00fa vysoko nad\u0161tandardn\u00e9 a\u00a0pote\u0161ia ka\u017ed\u00e9 oko.<\/p>\n<p>Druhou variantou s\u00fa bezfalcov\u00e9 dvere bez oblo\u017ekovej z\u00e1rubne, ktor\u00e9 dodaj\u00fa miestnosti originalitu. Ide o\u00a0exkluz\u00edvne rie\u0161enie modern\u00e9ho r\u00e1zu, ktor\u00e9ho z\u00e1kladn\u00fdm prvkom s\u00fa tenk\u00e9 l\u00ednie.[\/vc_column_text][vc_column_text]<\/p>\n<h2>Niektor\u00e9 na\u0161e realiz\u00e1cie dver\u00ed<\/h2>\n<p>[\/vc_column_text][vc_gallery type=&#8221;image_grid&#8221; images=&#8221;2723,2720,2719,2738,2728,2665,2664&#8243;][vc_column_text]<\/p>\n<h3>Vyberte si materi\u00e1l, v\u010faka ktor\u00e9mu dvere vynikn\u00fa<\/h3>\n<p>Interi\u00e9rov\u00e9 dvere s\u00fa vyr\u00e1ban\u00e9 z\u00a0dreven\u00e9ho mas\u00edvu. Ide o\u00a0vysoko kvalitn\u00fd a\u00a0ekologick\u00fd materi\u00e1l, na ktor\u00fd sa nalep\u00ed pr\u00edrodn\u00e1 dyha. Pov\u00e4\u010d\u0161ine ide o\u00a0dyhu z\u00a0dubu, smreku alebo buku. V\u00a0pr\u00edpade z\u00e1ujmu s\u00fa v\u0161ak dostupn\u00e9 aj in\u00e9 materi\u00e1ly.<\/p>\n<p>Vyberte si dvere pod\u013ea svojho vkusu, ktor\u00e9 pod\u010diarknu a\u00a0zv\u00fdraznia n\u00e1bytok, doplnia farby a\u00a0dekor\u00e1cie a\u00a0vytvoria vo va\u0161om domove atmosf\u00e9ru pohody.[\/vc_column_text][\/vc_column][\/vc_row][vc_row][vc_column][vc_column_text]<\/p>\n<h2 style=\"text-align: center;\">M\u00e1te z\u00e1ujem o nov\u00e9 bezfalcov\u00e9 dvere alebo potrebujete poradi\u0165.<br \/>\nVypl\u0148te formul\u00e1r ni\u017e\u0161ie a ozveme sa v\u00e1m do 24 hod\u00edn.<\/h2>\n<p>[\/vc_column_text]\n<div class=\"wpcf7 no-js\" id=\"wpcf7-f2486-o1\" lang=\"sk-SK\" dir=\"ltr\" data-wpcf7-id=\"2486\">\n<div class=\"screen-reader-response\"><p role=\"status\" aria-live=\"polite\" aria-atomic=\"true\"><\/p> <ul><\/ul><\/div>\n<form action=\"\/sk\/wp-json\/wp\/v2\/pages\/3467#wpcf7-f2486-o1\" method=\"post\" class=\"wpcf7-form init\" aria-label=\"Kontaktn\u00fd formul\u00e1r\" novalidate=\"novalidate\" data-status=\"init\">\n<fieldset class=\"hidden-fields-container\"><input type=\"hidden\" name=\"_wpcf7\" value=\"2486\" \/><input type=\"hidden\" name=\"_wpcf7_version\" value=\"6.1.5\" \/><input type=\"hidden\" name=\"_wpcf7_locale\" value=\"sk_SK\" \/><input type=\"hidden\" name=\"_wpcf7_unit_tag\" value=\"wpcf7-f2486-o1\" \/><input type=\"hidden\" name=\"_wpcf7_container_post\" value=\"0\" \/><input type=\"hidden\" name=\"_wpcf7_posted_data_hash\" value=\"\" \/><input type=\"hidden\" name=\"_wpcf7_recaptcha_response\" value=\"\" \/>\n<\/fieldset>\n<p><label><br \/>\n<span class=\"wpcf7-form-control-wrap\" data-name=\"your-name\"><input size=\"40\" maxlength=\"400\" class=\"wpcf7-form-control wpcf7-text wpcf7-validates-as-required\" aria-required=\"true\" aria-invalid=\"false\" placeholder=\"Meno*\" value=\"\" type=\"text\" name=\"your-name\" \/><\/span> <\/label>\n<\/p>\n<div class=\"sc_form_info columns_wrap\">\n\t<div class=\"sc_form_item sc_form_field label_over column-1_2\">\n\t\t<p><label><br \/>\n<span class=\"wpcf7-form-control-wrap\" data-name=\"your-telefon\"><input size=\"40\" maxlength=\"400\" class=\"wpcf7-form-control wpcf7-tel wpcf7-validates-as-required wpcf7-text wpcf7-validates-as-tel\" aria-required=\"true\" aria-invalid=\"false\" placeholder=\"Telef\u00f3n*\" value=\"\" type=\"tel\" name=\"your-telefon\" \/><\/span> <\/label>\n\t\t<\/p>\n\t<\/div>\n\t<div class=\"sc_form_item sc_form_field label_over column-1_2 pading0\">\n\t\t<p><label><br \/>\n<span class=\"wpcf7-form-control-wrap\" data-name=\"your-email\"><input size=\"40\" maxlength=\"400\" class=\"wpcf7-form-control wpcf7-email wpcf7-validates-as-required wpcf7-text wpcf7-validates-as-email\" aria-required=\"true\" aria-invalid=\"false\" placeholder=\"E-mail*\" value=\"\" type=\"email\" name=\"your-email\" \/><\/span><\/label>\n\t\t<\/p>\n\t<\/div>\n<\/div>\n<p><label><br \/>\n<span class=\"wpcf7-form-control-wrap\" data-name=\"your-message\"><textarea cols=\"40\" rows=\"10\" maxlength=\"2000\" class=\"wpcf7-form-control wpcf7-textarea\" aria-invalid=\"false\" placeholder=\"Pros\u00edm kontaktujte ma oh\u013eadom...\" name=\"your-message\"><\/textarea><\/span> <\/label>\n<\/p>\n<p><span class=\"wpcf7-form-control-wrap\" data-name=\"checkbox-597\"><span class=\"wpcf7-form-control wpcf7-checkbox wpcf7-validates-as-required\"><span class=\"wpcf7-list-item first last\"><input type=\"checkbox\" name=\"checkbox-597[]\" value=\"S\u00fahlas\u00edm so zpracovan\u00edm osobn\u00fdch \u00fadajov*\" \/><span class=\"wpcf7-list-item-label\">S\u00fahlas\u00edm so zpracovan\u00edm osobn\u00fdch \u00fadajov*<\/span><\/span><\/span><\/span>\n<\/p>\n<p><input class=\"wpcf7-form-control wpcf7-submit has-spinner\" type=\"submit\" value=\"Posla\u0165 po\u017eiadavku\" \/>\n<\/p>\n<p>*polo\u017eka je povinn\u00e1\n<\/p><div class=\"wpcf7-response-output\" aria-hidden=\"true\"><\/div>\n<\/form>\n<\/div>\n[\/vc_column][\/vc_row]<\/p>\n<\/div>","protected":false},"excerpt":{"rendered":"<p>[vc_row][vc_column][vc_column_text] V\u00e1\u017een\u00ed z\u00e1kazn\u00edci. Rozhodli sme sa ukon\u010di\u0165 cel\u00fd predaj interi\u00e9rov\u00fdch dver\u00ed a to vr\u00e1tane posuvn\u00fdch interi\u00e9rov\u00fdch dver\u00ed a ich mont\u00e1\u017ee. Predaj a mont\u00e1\u017e vonkaj\u0161\u00edch dver\u00ed zost\u00e1va zachovan\u00fd. \u010eakujeme za pochopenie. Bezfalcov\u00e9 dvere &#8211; interi\u00e9rov\u00e9 dvere, ktor\u00e9 zmodernizuj\u00fa miestnosti v dome Uva\u017eujete o\u00a0rekon\u0161trukcii star\u0161ieho interi\u00e9ru alebo zaria\u010fujete novostavbu? Sk\u00f4r, ako za\u010dnete rie\u0161i\u0165 bytov\u00e9 doplnky, poprem\u00fd\u0161\u013eajte nad [&hellip;]<\/p>\n","protected":false},"author":3,"featured_media":0,"parent":0,"menu_order":0,"comment_status":"closed","ping_status":"closed","template":"","meta":{"footnotes":""},"class_list":["post-3467","page","type-page","status-publish","hentry"],"yoast_head":"<!-- This site is optimized with the Yoast SEO plugin v27.4 - https:\/\/yoast.com\/product\/yoast-seo-wordpress\/ -->\n<title>Bezfalcov\u00e9 dvere - Cedera<\/title>\n<meta name=\"description\" content=\"Bezfalcov\u00e9 dvere \u2013 interi\u00e9rov\u00e9 dvere, ktor\u00e9 zmodernizuj\u00fa miestnosti v dome. Uva\u017eujete o rekon\u0161trukcii? Sk\u00f4r, ako za\u010dnete rie\u0161i\u0165 bytov\u00e9 doplnky, poprem\u00fd\u0161\u013eajte nad dverami. Dvere s\u00fa toti\u017e s\u00fa\u010das\u0165ou ka\u017ed\u00e9ho interi\u00e9ru a patria medzi ve\u013emi d\u00f4le\u017eit\u00fd prvok a to nielen z praktick\u00e9ho h\u013eadiska, ale aj z toho dizajnov\u00e9ho.\" \/>\n<meta name=\"robots\" content=\"index, follow, max-snippet:-1, max-image-preview:large, max-video-preview:-1\" \/>\n<link rel=\"canonical\" href=\"https:\/\/www.cedera-okna.sk\/sk\/bezfalcove-dvere\/\" \/>\n<meta property=\"og:locale\" content=\"sk_SK\" \/>\n<meta property=\"og:type\" content=\"article\" \/>\n<meta property=\"og:title\" content=\"Bezfalcov\u00e9 dvere - Cedera\" \/>\n<meta property=\"og:description\" content=\"Bezfalcov\u00e9 dvere \u2013 interi\u00e9rov\u00e9 dvere, ktor\u00e9 zmodernizuj\u00fa miestnosti v dome. Uva\u017eujete o rekon\u0161trukcii? Sk\u00f4r, ako za\u010dnete rie\u0161i\u0165 bytov\u00e9 doplnky, poprem\u00fd\u0161\u013eajte nad dverami. Dvere s\u00fa toti\u017e s\u00fa\u010das\u0165ou ka\u017ed\u00e9ho interi\u00e9ru a patria medzi ve\u013emi d\u00f4le\u017eit\u00fd prvok a to nielen z praktick\u00e9ho h\u013eadiska, ale aj z toho dizajnov\u00e9ho.\" \/>\n<meta property=\"og:url\" content=\"https:\/\/www.cedera-okna.sk\/sk\/bezfalcove-dvere\/\" \/>\n<meta property=\"og:site_name\" content=\"Cedera\" \/>\n<meta property=\"article:publisher\" content=\"https:\/\/www.facebook.com\/okna.cedera\/\" \/>\n<meta property=\"article:modified_time\" content=\"2021-10-25T11:28:10+00:00\" \/>\n<meta name=\"twitter:label1\" content=\"Predpokladan\u00fd \u010das \u010d\u00edtania\" \/>\n\t<meta name=\"twitter:data1\" content=\"3 min\u00faty\" \/>\n<!-- \/ Yoast SEO plugin. -->","yoast_head_json":{"title":"Bezfalcov\u00e9 dvere - Cedera","description":"Bezfalcov\u00e9 dvere \u2013 interi\u00e9rov\u00e9 dvere, ktor\u00e9 zmodernizuj\u00fa miestnosti v dome. Uva\u017eujete o rekon\u0161trukcii? Sk\u00f4r, ako za\u010dnete rie\u0161i\u0165 bytov\u00e9 doplnky, poprem\u00fd\u0161\u013eajte nad dverami. Dvere s\u00fa toti\u017e s\u00fa\u010das\u0165ou ka\u017ed\u00e9ho interi\u00e9ru a patria medzi ve\u013emi d\u00f4le\u017eit\u00fd prvok a to nielen z praktick\u00e9ho h\u013eadiska, ale aj z toho dizajnov\u00e9ho.","robots":{"index":"index","follow":"follow","max-snippet":"max-snippet:-1","max-image-preview":"max-image-preview:large","max-video-preview":"max-video-preview:-1"},"canonical":"https:\/\/www.cedera-okna.sk\/sk\/bezfalcove-dvere\/","og_locale":"sk_SK","og_type":"article","og_title":"Bezfalcov\u00e9 dvere - Cedera","og_description":"Bezfalcov\u00e9 dvere \u2013 interi\u00e9rov\u00e9 dvere, ktor\u00e9 zmodernizuj\u00fa miestnosti v dome. Uva\u017eujete o rekon\u0161trukcii? Sk\u00f4r, ako za\u010dnete rie\u0161i\u0165 bytov\u00e9 doplnky, poprem\u00fd\u0161\u013eajte nad dverami. Dvere s\u00fa toti\u017e s\u00fa\u010das\u0165ou ka\u017ed\u00e9ho interi\u00e9ru a patria medzi ve\u013emi d\u00f4le\u017eit\u00fd prvok a to nielen z praktick\u00e9ho h\u013eadiska, ale aj z toho dizajnov\u00e9ho.","og_url":"https:\/\/www.cedera-okna.sk\/sk\/bezfalcove-dvere\/","og_site_name":"Cedera","article_publisher":"https:\/\/www.facebook.com\/okna.cedera\/","article_modified_time":"2021-10-25T11:28:10+00:00","twitter_misc":{"Predpokladan\u00fd \u010das \u010d\u00edtania":"3 min\u00faty"},"schema":{"@context":"https:\/\/schema.org","@graph":[{"@type":"WebPage","@id":"https:\/\/www.cedera-okna.sk\/sk\/bezfalcove-dvere\/","url":"https:\/\/www.cedera-okna.sk\/sk\/bezfalcove-dvere\/","name":"Bezfalcov\u00e9 dvere - Cedera","isPartOf":{"@id":"https:\/\/www.cedera-okna.sk\/sk\/#website"},"datePublished":"2018-04-25T19:58:15+00:00","dateModified":"2021-10-25T11:28:10+00:00","description":"Bezfalcov\u00e9 dvere \u2013 interi\u00e9rov\u00e9 dvere, ktor\u00e9 zmodernizuj\u00fa miestnosti v dome. Uva\u017eujete o rekon\u0161trukcii? Sk\u00f4r, ako za\u010dnete rie\u0161i\u0165 bytov\u00e9 doplnky, poprem\u00fd\u0161\u013eajte nad dverami. Dvere s\u00fa toti\u017e s\u00fa\u010das\u0165ou ka\u017ed\u00e9ho interi\u00e9ru a patria medzi ve\u013emi d\u00f4le\u017eit\u00fd prvok a to nielen z praktick\u00e9ho h\u013eadiska, ale aj z toho dizajnov\u00e9ho.","breadcrumb":{"@id":"https:\/\/www.cedera-okna.sk\/sk\/bezfalcove-dvere\/#breadcrumb"},"inLanguage":"sk-SK","potentialAction":[{"@type":"ReadAction","target":["https:\/\/www.cedera-okna.sk\/sk\/bezfalcove-dvere\/"]}]},{"@type":"BreadcrumbList","@id":"https:\/\/www.cedera-okna.sk\/sk\/bezfalcove-dvere\/#breadcrumb","itemListElement":[{"@type":"ListItem","position":1,"name":"Domovsk\u00e1 str\u00e1nka","item":"https:\/\/www.cedera-okna.sk\/sk\/"},{"@type":"ListItem","position":2,"name":"Bezfalcov\u00e9 dvere"}]},{"@type":"WebSite","@id":"https:\/\/www.cedera-okna.sk\/sk\/#website","url":"https:\/\/www.cedera-okna.sk\/sk\/","name":"Cedera","description":"Plastov\u00e9 okn\u00e1 Bratislava","publisher":{"@id":"https:\/\/www.cedera-okna.sk\/sk\/#organization"},"potentialAction":[{"@type":"SearchAction","target":{"@type":"EntryPoint","urlTemplate":"https:\/\/www.cedera-okna.sk\/sk\/?s={search_term_string}"},"query-input":{"@type":"PropertyValueSpecification","valueRequired":true,"valueName":"search_term_string"}}],"inLanguage":"sk-SK"},{"@type":"Organization","@id":"https:\/\/www.cedera-okna.sk\/sk\/#organization","name":"CEDERA s.r.o.","url":"https:\/\/www.cedera-okna.sk\/sk\/","logo":{"@type":"ImageObject","inLanguage":"sk-SK","@id":"https:\/\/www.cedera-okna.sk\/sk\/#\/schema\/logo\/image\/","url":"https:\/\/www.cedera-okna.sk\/wp-content\/uploads\/2018\/10\/Cedera-logo.png","contentUrl":"https:\/\/www.cedera-okna.sk\/wp-content\/uploads\/2018\/10\/Cedera-logo.png","width":190,"height":66,"caption":"CEDERA s.r.o."},"image":{"@id":"https:\/\/www.cedera-okna.sk\/sk\/#\/schema\/logo\/image\/"},"sameAs":["https:\/\/www.facebook.com\/okna.cedera\/"]}]}},"_links":{"self":[{"href":"https:\/\/www.cedera-okna.sk\/sk\/wp-json\/wp\/v2\/pages\/3467","targetHints":{"allow":["GET"]}}],"collection":[{"href":"https:\/\/www.cedera-okna.sk\/sk\/wp-json\/wp\/v2\/pages"}],"about":[{"href":"https:\/\/www.cedera-okna.sk\/sk\/wp-json\/wp\/v2\/types\/page"}],"author":[{"embeddable":true,"href":"https:\/\/www.cedera-okna.sk\/sk\/wp-json\/wp\/v2\/users\/3"}],"replies":[{"embeddable":true,"href":"https:\/\/www.cedera-okna.sk\/sk\/wp-json\/wp\/v2\/comments?post=3467"}],"version-history":[{"count":8,"href":"https:\/\/www.cedera-okna.sk\/sk\/wp-json\/wp\/v2\/pages\/3467\/revisions"}],"predecessor-version":[{"id":10253,"href":"https:\/\/www.cedera-okna.sk\/sk\/wp-json\/wp\/v2\/pages\/3467\/revisions\/10253"}],"wp:attachment":[{"href":"https:\/\/www.cedera-okna.sk\/sk\/wp-json\/wp\/v2\/media?parent=3467"}],"curies":[{"name":"wp","href":"https:\/\/api.w.org\/{rel}","templated":true}]}}