{"id":3446,"date":"2018-03-27T16:14:53","date_gmt":"2018-03-27T14:14:53","guid":{"rendered":"http:\/\/cedera-okna.sk\/sk\/?page_id=3446"},"modified":"2021-10-25T13:30:31","modified_gmt":"2021-10-25T11:30:31","slug":"interierove-posuvne-dvere","status":"publish","type":"page","link":"https:\/\/www.cedera-okna.sk\/sk\/interierove-posuvne-dvere\/","title":{"rendered":"Interi\u00e9rov\u00e9 posuvn\u00e9 dvere"},"content":{"rendered":"<div class=\"wpb-content-wrapper\"><p>[vc_row][vc_column][vc_column_text]<\/p>\n<div id=\"info-box\">V\u00e1\u017een\u00ed z\u00e1kazn\u00edci. Rozhodli sme sa ukon\u010di\u0165 cel\u00fd predaj interi\u00e9rov\u00fdch dver\u00ed a to vr\u00e1tane posuvn\u00fdch interi\u00e9rov\u00fdch dver\u00ed a ich mont\u00e1\u017ee. Predaj a mont\u00e1\u017e vonkaj\u0161\u00edch dver\u00ed zost\u00e1va zachovan\u00fd.<br \/>\n\u010eakujeme za pochopenie.<\/div>\n<p>Chcete u\u0161etri\u0165 priestor a z\u00e1rove\u0148 doda\u0165 interi\u00e9ru modern\u00fd r\u00e1z? Vo\u013ete interi\u00e9rov\u00e9 posuvn\u00e9 dvere, kde nemus\u00edte ako u klasick\u00fdch kr\u00eddlov\u00fdch po\u010d\u00edta\u0165 s priestorom na ich zatv\u00e1ranie \u010di otv\u00e1ranie. Posuvn\u00e9 dvere s\u00fa teda skvel\u00fdm rie\u0161en\u00edm, ak b\u00fdvate v malom byte a z\u00e1le\u017e\u00ed v\u00e1m na ka\u017edom centimetri \u0161tvorcovom alebo vo ve\u013ek\u00fdch priestoroch, kde by ste klasick\u00fdmi dverami pokazili celkov\u00fd dojem z miestnosti.<\/p>\n<h2>Ak\u00e9 typy posuvn\u00fdch dver\u00ed pozn\u00e1me?<\/h2>\n<h3>Interi\u00e9rov\u00e9 posuvn\u00e9 dvere na stenu<\/h3>\n<p>Funguj\u00fa na princ\u00edpe kladiek v oce\u013eovom profile. Na dver\u00e1ch je zhora pripevnen\u00fd z\u00e1ves, v ktorom sa pohybuj\u00fa kolieska. Na kolieskach m\u00f4\u017ee by\u0165 pripevnen\u00e1 aj spodn\u00e1 hrana dver\u00ed, \u010do zna\u010dne zjednodu\u0161\u00ed manipul\u00e1ciu s dverami. Posuvn\u00e9 dvere na stenu s\u00fa\u00a0<span style=\"font-weight: 400;\">ide\u00e1lnou<\/span> vo\u013ebou najm\u00e4, ak ste sa rozhodli pre rekon\u0161trukciu a\u017e dodato\u010dne. Nemus\u00edte toti\u017e b\u00fara\u0165 steny a vytv\u00e1ra\u0165 priestor pre stavebn\u00e9 puzdro. Ot\u00e1zku nov\u00fdch dver\u00ed po\u013eahky vyrie\u0161i mont\u00e1\u017e z\u00e1vesn\u00fdch dver\u00ed na stenu.<\/p>\n<h3>Interi\u00e9rov\u00e9 zas\u00favacie dvere do puzdra<\/h3>\n<p>Vs\u00favaj\u00fa sa po vodiacej li\u0161te do priestoru v stene. Puzdr\u00e1 m\u00f4\u017eu by\u0165 jednoduch\u00e9, ale aj dvojit\u00e9, kedy sa do steny zas\u00favaj\u00fa s\u00fabe\u017ene obe kr\u00eddla. Stavebn\u00e9 puzdr\u00e1 nem\u00f4\u017eete in\u0161talova\u0165 do v\u0161etk\u00fdch typov stien \u2013 najvhodnej\u0161ia je sadrokart\u00f3nov\u00e1 prie\u010dka. Zas\u00favacie dvere v\u00e1m taktie\u017e prines\u00fa mnoho v\u00fdhod. Vytvoria prirodzen\u00e9 prepojenie medzi miestnos\u0165ami, neprek\u00e1\u017eaj\u00fa a v\u010faka tesnosti puzdier v\u00e1s uchr\u00e1nia aj pred vznikom prievanu.<\/p>\n<h2>Pre\u010do si vybra\u0165 posuvn\u00e9 dvere &#8211; v\u00fdhody posuvn\u00fdch dver\u00ed<\/h2>\n<ul>\n<li><b>Uspor\u00edte miesto<\/b><\/li>\n<\/ul>\n<p>Jedin\u00e9 miesto, s ktor\u00fdm mus\u00edte po\u010d\u00edta\u0165, je to pri stene (ak sa nerozhodnete pre dvere zas\u00favacie). Ak chcete k stene postavi\u0165 n\u00e1bytok, nain\u0161talujte zas\u00favacie dvere do puzdra a priestor pri stene m\u00f4\u017eete vyu\u017ei\u0165 inak.<\/p>\n<ul>\n<li><b>Elegantn\u00fd estetick\u00fd doplnok<\/b><\/li>\n<\/ul>\n<p>Posuvn\u00e9 dvere nemaj\u00fa len u\u017eito\u010dn\u00e9 technick\u00e9 vlastnosti, ale opl\u00fdvaj\u00fa aj t\u00fdmi estetick\u00fdmi. Elegantn\u00fd k\u00fasok v interi\u00e9ri za\u017eiari. Vybera\u0165 si m\u00f4\u017eete z rozli\u010dn\u00fdch materi\u00e1lov a ornamentov \u2013 lakovan\u00e9 povrchy, dekorovan\u00e9 f\u00f3lie, lamin\u00e1t <span style=\"font-weight: 400;\">napodob\u0148uj\u00faci<\/span> drevo, sklo \u010di pr\u00edrodn\u00e1 dyha zo smreku, dubu a buku &#8211; ktor\u00e9 dodaj\u00fa miestnosti v\u00fdnimo\u010dn\u00fd charakter.<\/p>\n<ul>\n<li><b>Bezbari\u00e9rovos\u0165<\/b><\/li>\n<\/ul>\n<p>Pri zas\u00favac\u00edch dver\u00e1ch nemus\u00edte in\u0161talova\u0165 \u017eiadne li\u0161ty alebo ko\u013eajnice na prahu. S\u00fa preto vhodn\u00e9 aj pre rodiny s de\u0165mi, pre <span style=\"font-weight: 400;\">hendikepovan\u00fdch<\/span> \u010di seniorov so zn\u00ed\u017eenou mobilitou.<\/p>\n<ul>\n<li><b>Stavebn\u00e9 \u00fapravy s\u00fa nepotrebn\u00e9<\/b><\/li>\n<\/ul>\n<p>Ak sa rozhodnete pre in\u0161tal\u00e1ciu posuvn\u00fdch dver\u00ed na stenu, nemus\u00edte sa ob\u00e1va\u0165 \u017eiadnych v\u00e4\u010d\u0161\u00edch stavebn\u00fdch \u00faprav. Sta\u010d\u00ed namontova\u0165 pojazdov\u00fa li\u0161tu a dvere s\u00fa na svete.<\/p>\n<h2>S \u010d\u00edm mus\u00edte po\u010d\u00edta\u0165 &#8211; nev\u00fdhody posuvn\u00fdch dver\u00ed<\/h2>\n<ul>\n<li><b>Materi\u00e1l zav\u00e1\u017ei<\/b><\/li>\n<\/ul>\n<p>Ak sa rozhodnete pre lacnej\u0161iu variantu, m\u00f4\u017ee sa sta\u0165, \u017ee dvere bud\u00fa pri pohybe hlu\u010dn\u00e9 alebo nebud\u00fa efekt\u00edvne tesni\u0165. Z miestnosti tak bude unika\u0165 teplo.<\/p>\n<ul>\n<li><b>Nezabudnite na priestor<\/b><\/li>\n<\/ul>\n<p>Posuvn\u00e9 dvere na stenu vy\u017eaduj\u00fa ur\u010dit\u00fd priestor. Mus\u00edte r\u00e1ta\u0165 s t\u00fdm, \u017ee v ich bl\u00edzkosti neumiestnite \u017eiadny n\u00e1bytok.<\/p>\n<ul>\n<li><b>Vy\u0161\u0161ie n\u00e1klady a stavebn\u00e9 \u00fapravy<\/b><\/li>\n<\/ul>\n<p>Pri dver\u00e1ch zas\u00favac\u00edch do puzdra s\u00fa n\u00e1klady o nie\u010do vy\u0161\u0161ie. Navy\u0161e, mus\u00edte s nimi po\u010d\u00edta\u0165 u\u017e pri v\u00fdstavbe \u2013 puzdro sa mus\u00ed zabudova\u0165 do steny. Realiz\u00e1cia je teda o nie\u010do n\u00e1ro\u010dnej\u0161ia a drah\u0161ia. Av\u0161ak v kone\u010dnom d\u00f4sledku sa v\u00e1m invest\u00edcia vyplat\u00ed.<\/p>\n<h2>Posuvn\u00e9 dvere &#8211; fotogalerie<\/h2>\n<p>[\/vc_column_text][vc_gallery type=&#8221;image_grid&#8221; images=&#8221;2713,2710,2709,2695,2694,2673,2672,293&#8243;][\/vc_column][\/vc_row][vc_row][vc_column][vc_column_text]<\/p>\n<h2 style=\"text-align: center;\">M\u00e1te z\u00e1ujem o nov\u00e9 posuvn\u00e9 dvere alebo potrebujete poradi\u0165.<br \/>\nVypl\u0148te formul\u00e1r ni\u017e\u0161ie a ozveme sa v\u00e1m do 24 hod\u00edn.<\/h2>\n<p>[\/vc_column_text]\n<div class=\"wpcf7 no-js\" id=\"wpcf7-f2486-o1\" lang=\"sk-SK\" dir=\"ltr\" data-wpcf7-id=\"2486\">\n<div class=\"screen-reader-response\"><p role=\"status\" aria-live=\"polite\" aria-atomic=\"true\"><\/p> <ul><\/ul><\/div>\n<form action=\"\/sk\/wp-json\/wp\/v2\/pages\/3446#wpcf7-f2486-o1\" method=\"post\" class=\"wpcf7-form init\" aria-label=\"Kontaktn\u00fd formul\u00e1r\" novalidate=\"novalidate\" data-status=\"init\">\n<fieldset class=\"hidden-fields-container\"><input type=\"hidden\" name=\"_wpcf7\" value=\"2486\" \/><input type=\"hidden\" name=\"_wpcf7_version\" value=\"6.1.5\" \/><input type=\"hidden\" name=\"_wpcf7_locale\" value=\"sk_SK\" \/><input type=\"hidden\" name=\"_wpcf7_unit_tag\" value=\"wpcf7-f2486-o1\" \/><input type=\"hidden\" name=\"_wpcf7_container_post\" value=\"0\" \/><input type=\"hidden\" name=\"_wpcf7_posted_data_hash\" value=\"\" \/><input type=\"hidden\" name=\"_wpcf7_recaptcha_response\" value=\"\" \/>\n<\/fieldset>\n<p><label><br \/>\n<span class=\"wpcf7-form-control-wrap\" data-name=\"your-name\"><input size=\"40\" maxlength=\"400\" class=\"wpcf7-form-control wpcf7-text wpcf7-validates-as-required\" aria-required=\"true\" aria-invalid=\"false\" placeholder=\"Meno*\" value=\"\" type=\"text\" name=\"your-name\" \/><\/span> <\/label>\n<\/p>\n<div class=\"sc_form_info columns_wrap\">\n\t<div class=\"sc_form_item sc_form_field label_over column-1_2\">\n\t\t<p><label><br \/>\n<span class=\"wpcf7-form-control-wrap\" data-name=\"your-telefon\"><input size=\"40\" maxlength=\"400\" class=\"wpcf7-form-control wpcf7-tel wpcf7-validates-as-required wpcf7-text wpcf7-validates-as-tel\" aria-required=\"true\" aria-invalid=\"false\" placeholder=\"Telef\u00f3n*\" value=\"\" type=\"tel\" name=\"your-telefon\" \/><\/span> <\/label>\n\t\t<\/p>\n\t<\/div>\n\t<div class=\"sc_form_item sc_form_field label_over column-1_2 pading0\">\n\t\t<p><label><br \/>\n<span class=\"wpcf7-form-control-wrap\" data-name=\"your-email\"><input size=\"40\" maxlength=\"400\" class=\"wpcf7-form-control wpcf7-email wpcf7-validates-as-required wpcf7-text wpcf7-validates-as-email\" aria-required=\"true\" aria-invalid=\"false\" placeholder=\"E-mail*\" value=\"\" type=\"email\" name=\"your-email\" \/><\/span><\/label>\n\t\t<\/p>\n\t<\/div>\n<\/div>\n<p><label><br \/>\n<span class=\"wpcf7-form-control-wrap\" data-name=\"your-message\"><textarea cols=\"40\" rows=\"10\" maxlength=\"2000\" class=\"wpcf7-form-control wpcf7-textarea\" aria-invalid=\"false\" placeholder=\"Pros\u00edm kontaktujte ma oh\u013eadom...\" name=\"your-message\"><\/textarea><\/span> <\/label>\n<\/p>\n<p><span class=\"wpcf7-form-control-wrap\" data-name=\"checkbox-597\"><span class=\"wpcf7-form-control wpcf7-checkbox wpcf7-validates-as-required\"><span class=\"wpcf7-list-item first last\"><input type=\"checkbox\" name=\"checkbox-597[]\" value=\"S\u00fahlas\u00edm so zpracovan\u00edm osobn\u00fdch \u00fadajov*\" \/><span class=\"wpcf7-list-item-label\">S\u00fahlas\u00edm so zpracovan\u00edm osobn\u00fdch \u00fadajov*<\/span><\/span><\/span><\/span>\n<\/p>\n<p><input class=\"wpcf7-form-control wpcf7-submit has-spinner\" type=\"submit\" value=\"Posla\u0165 po\u017eiadavku\" \/>\n<\/p>\n<p>*polo\u017eka je povinn\u00e1\n<\/p><div class=\"wpcf7-response-output\" aria-hidden=\"true\"><\/div>\n<\/form>\n<\/div>\n[\/vc_column][\/vc_row]<\/p>\n<\/div>","protected":false},"excerpt":{"rendered":"<p>[vc_row][vc_column][vc_column_text] V\u00e1\u017een\u00ed z\u00e1kazn\u00edci. Rozhodli sme sa ukon\u010di\u0165 cel\u00fd predaj interi\u00e9rov\u00fdch dver\u00ed a to vr\u00e1tane posuvn\u00fdch interi\u00e9rov\u00fdch dver\u00ed a ich mont\u00e1\u017ee. Predaj a mont\u00e1\u017e vonkaj\u0161\u00edch dver\u00ed zost\u00e1va zachovan\u00fd. \u010eakujeme za pochopenie. Chcete u\u0161etri\u0165 priestor a z\u00e1rove\u0148 doda\u0165 interi\u00e9ru modern\u00fd r\u00e1z? Vo\u013ete interi\u00e9rov\u00e9 posuvn\u00e9 dvere, kde nemus\u00edte ako u klasick\u00fdch kr\u00eddlov\u00fdch po\u010d\u00edta\u0165 s priestorom na ich zatv\u00e1ranie [&hellip;]<\/p>\n","protected":false},"author":3,"featured_media":0,"parent":0,"menu_order":0,"comment_status":"closed","ping_status":"closed","template":"","meta":{"footnotes":""},"class_list":["post-3446","page","type-page","status-publish","hentry"],"yoast_head":"<!-- This site is optimized with the Yoast SEO plugin v27.4 - https:\/\/yoast.com\/product\/yoast-seo-wordpress\/ -->\n<title>Interi\u00e9rov\u00e9 posuvn\u00e9 dvere - zas\u00favacie dvere | Cedera<\/title>\n<meta name=\"description\" content=\"Chcete u\u0161etri\u0165 priestor a z\u00e1rove\u0148 doda\u0165 interi\u00e9ru modern\u00fd r\u00e1z? Vo\u013ete interi\u00e9rov\u00e9 posuvn\u00e9 dvere, kde nemus\u00edte ako u klasick\u00fdch kr\u00eddlov\u00fdch po\u010d\u00edta\u0165 s priestorom na ich zatv\u00e1ranie \u010di otv\u00e1ranie. Pon\u00fakame posuvn\u00e9 dvere na stenu i zas\u00favacie do puzdra.\" \/>\n<meta name=\"robots\" content=\"index, follow, max-snippet:-1, max-image-preview:large, max-video-preview:-1\" \/>\n<link rel=\"canonical\" href=\"https:\/\/www.cedera-okna.sk\/sk\/interierove-posuvne-dvere\/\" \/>\n<meta property=\"og:locale\" content=\"sk_SK\" \/>\n<meta property=\"og:type\" content=\"article\" \/>\n<meta property=\"og:title\" content=\"Interi\u00e9rov\u00e9 posuvn\u00e9 dvere - zas\u00favacie dvere | Cedera\" \/>\n<meta property=\"og:description\" content=\"Chcete u\u0161etri\u0165 priestor a z\u00e1rove\u0148 doda\u0165 interi\u00e9ru modern\u00fd r\u00e1z? Vo\u013ete interi\u00e9rov\u00e9 posuvn\u00e9 dvere, kde nemus\u00edte ako u klasick\u00fdch kr\u00eddlov\u00fdch po\u010d\u00edta\u0165 s priestorom na ich zatv\u00e1ranie \u010di otv\u00e1ranie. Pon\u00fakame posuvn\u00e9 dvere na stenu i zas\u00favacie do puzdra.\" \/>\n<meta property=\"og:url\" content=\"https:\/\/www.cedera-okna.sk\/sk\/interierove-posuvne-dvere\/\" \/>\n<meta property=\"og:site_name\" content=\"Cedera\" \/>\n<meta property=\"article:publisher\" content=\"https:\/\/www.facebook.com\/okna.cedera\/\" \/>\n<meta property=\"article:modified_time\" content=\"2021-10-25T11:30:31+00:00\" \/>\n<meta name=\"twitter:label1\" content=\"Predpokladan\u00fd \u010das \u010d\u00edtania\" \/>\n\t<meta name=\"twitter:data1\" content=\"4 min\u00faty\" \/>\n<!-- \/ Yoast SEO plugin. -->","yoast_head_json":{"title":"Interi\u00e9rov\u00e9 posuvn\u00e9 dvere - zas\u00favacie dvere | Cedera","description":"Chcete u\u0161etri\u0165 priestor a z\u00e1rove\u0148 doda\u0165 interi\u00e9ru modern\u00fd r\u00e1z? Vo\u013ete interi\u00e9rov\u00e9 posuvn\u00e9 dvere, kde nemus\u00edte ako u klasick\u00fdch kr\u00eddlov\u00fdch po\u010d\u00edta\u0165 s priestorom na ich zatv\u00e1ranie \u010di otv\u00e1ranie. Pon\u00fakame posuvn\u00e9 dvere na stenu i zas\u00favacie do puzdra.","robots":{"index":"index","follow":"follow","max-snippet":"max-snippet:-1","max-image-preview":"max-image-preview:large","max-video-preview":"max-video-preview:-1"},"canonical":"https:\/\/www.cedera-okna.sk\/sk\/interierove-posuvne-dvere\/","og_locale":"sk_SK","og_type":"article","og_title":"Interi\u00e9rov\u00e9 posuvn\u00e9 dvere - zas\u00favacie dvere | Cedera","og_description":"Chcete u\u0161etri\u0165 priestor a z\u00e1rove\u0148 doda\u0165 interi\u00e9ru modern\u00fd r\u00e1z? Vo\u013ete interi\u00e9rov\u00e9 posuvn\u00e9 dvere, kde nemus\u00edte ako u klasick\u00fdch kr\u00eddlov\u00fdch po\u010d\u00edta\u0165 s priestorom na ich zatv\u00e1ranie \u010di otv\u00e1ranie. Pon\u00fakame posuvn\u00e9 dvere na stenu i zas\u00favacie do puzdra.","og_url":"https:\/\/www.cedera-okna.sk\/sk\/interierove-posuvne-dvere\/","og_site_name":"Cedera","article_publisher":"https:\/\/www.facebook.com\/okna.cedera\/","article_modified_time":"2021-10-25T11:30:31+00:00","twitter_misc":{"Predpokladan\u00fd \u010das \u010d\u00edtania":"4 min\u00faty"},"schema":{"@context":"https:\/\/schema.org","@graph":[{"@type":"WebPage","@id":"https:\/\/www.cedera-okna.sk\/sk\/interierove-posuvne-dvere\/","url":"https:\/\/www.cedera-okna.sk\/sk\/interierove-posuvne-dvere\/","name":"Interi\u00e9rov\u00e9 posuvn\u00e9 dvere - zas\u00favacie dvere | Cedera","isPartOf":{"@id":"https:\/\/www.cedera-okna.sk\/sk\/#website"},"datePublished":"2018-03-27T14:14:53+00:00","dateModified":"2021-10-25T11:30:31+00:00","description":"Chcete u\u0161etri\u0165 priestor a z\u00e1rove\u0148 doda\u0165 interi\u00e9ru modern\u00fd r\u00e1z? Vo\u013ete interi\u00e9rov\u00e9 posuvn\u00e9 dvere, kde nemus\u00edte ako u klasick\u00fdch kr\u00eddlov\u00fdch po\u010d\u00edta\u0165 s priestorom na ich zatv\u00e1ranie \u010di otv\u00e1ranie. Pon\u00fakame posuvn\u00e9 dvere na stenu i zas\u00favacie do puzdra.","breadcrumb":{"@id":"https:\/\/www.cedera-okna.sk\/sk\/interierove-posuvne-dvere\/#breadcrumb"},"inLanguage":"sk-SK","potentialAction":[{"@type":"ReadAction","target":["https:\/\/www.cedera-okna.sk\/sk\/interierove-posuvne-dvere\/"]}]},{"@type":"BreadcrumbList","@id":"https:\/\/www.cedera-okna.sk\/sk\/interierove-posuvne-dvere\/#breadcrumb","itemListElement":[{"@type":"ListItem","position":1,"name":"Domovsk\u00e1 str\u00e1nka","item":"https:\/\/www.cedera-okna.sk\/sk\/"},{"@type":"ListItem","position":2,"name":"Interi\u00e9rov\u00e9 posuvn\u00e9 dvere"}]},{"@type":"WebSite","@id":"https:\/\/www.cedera-okna.sk\/sk\/#website","url":"https:\/\/www.cedera-okna.sk\/sk\/","name":"Cedera","description":"Plastov\u00e9 okn\u00e1 Bratislava","publisher":{"@id":"https:\/\/www.cedera-okna.sk\/sk\/#organization"},"potentialAction":[{"@type":"SearchAction","target":{"@type":"EntryPoint","urlTemplate":"https:\/\/www.cedera-okna.sk\/sk\/?s={search_term_string}"},"query-input":{"@type":"PropertyValueSpecification","valueRequired":true,"valueName":"search_term_string"}}],"inLanguage":"sk-SK"},{"@type":"Organization","@id":"https:\/\/www.cedera-okna.sk\/sk\/#organization","name":"CEDERA s.r.o.","url":"https:\/\/www.cedera-okna.sk\/sk\/","logo":{"@type":"ImageObject","inLanguage":"sk-SK","@id":"https:\/\/www.cedera-okna.sk\/sk\/#\/schema\/logo\/image\/","url":"https:\/\/www.cedera-okna.sk\/wp-content\/uploads\/2018\/10\/Cedera-logo.png","contentUrl":"https:\/\/www.cedera-okna.sk\/wp-content\/uploads\/2018\/10\/Cedera-logo.png","width":190,"height":66,"caption":"CEDERA s.r.o."},"image":{"@id":"https:\/\/www.cedera-okna.sk\/sk\/#\/schema\/logo\/image\/"},"sameAs":["https:\/\/www.facebook.com\/okna.cedera\/"]}]}},"_links":{"self":[{"href":"https:\/\/www.cedera-okna.sk\/sk\/wp-json\/wp\/v2\/pages\/3446","targetHints":{"allow":["GET"]}}],"collection":[{"href":"https:\/\/www.cedera-okna.sk\/sk\/wp-json\/wp\/v2\/pages"}],"about":[{"href":"https:\/\/www.cedera-okna.sk\/sk\/wp-json\/wp\/v2\/types\/page"}],"author":[{"embeddable":true,"href":"https:\/\/www.cedera-okna.sk\/sk\/wp-json\/wp\/v2\/users\/3"}],"replies":[{"embeddable":true,"href":"https:\/\/www.cedera-okna.sk\/sk\/wp-json\/wp\/v2\/comments?post=3446"}],"version-history":[{"count":15,"href":"https:\/\/www.cedera-okna.sk\/sk\/wp-json\/wp\/v2\/pages\/3446\/revisions"}],"predecessor-version":[{"id":3454,"href":"https:\/\/www.cedera-okna.sk\/sk\/wp-json\/wp\/v2\/pages\/3446\/revisions\/3454"}],"wp:attachment":[{"href":"https:\/\/www.cedera-okna.sk\/sk\/wp-json\/wp\/v2\/media?parent=3446"}],"curies":[{"name":"wp","href":"https:\/\/api.w.org\/{rel}","templated":true}]}}