{"id":316,"date":"2016-01-22T13:26:56","date_gmt":"2016-01-22T12:26:56","guid":{"rendered":"http:\/\/cedera-okna.sk\/index.php\/drevohlinikove-okna\/"},"modified":"2025-07-26T10:26:09","modified_gmt":"2025-07-26T08:26:09","slug":"drevohlinikove-okna","status":"publish","type":"page","link":"https:\/\/www.cedera-okna.sk\/sk\/drevohlinikove-okna\/","title":{"rendered":"Drevohlin\u00edkov\u00e9 okn\u00e1"},"content":{"rendered":"<div class=\"wpb-content-wrapper\"><p>[vc_row][vc_column][vc_column_text css=&#8221;&#8221;]Drevohlin\u00edkov\u00e9 okn\u00e1 v sebe sp\u00e1jaj\u00fa pozit\u00edva dreven\u00fdch a hlin\u00edkov\u00fdch okien. S\u00fa estetick\u00e9, modern\u00e9, ne\u0161kodia zdraviu a vy\u017eaduj\u00fa len minim\u00e1lnu \u00fadr\u017ebu. Drevohlin\u00edkov\u00e9 okn\u00e1 vynikaj\u00fa modern\u00fdm a z\u00e1rove\u0148 estetick\u00fdm vzh\u013eadom a navy\u0161e s\u00fa vhodn\u00e9 aj do n\u00edzkoenergetick\u00fdch stavieb a pas\u00edvnych domov.<\/p>\n<h2>Kon\u0161trukcia drevohlin\u00edkov\u00fdch okien<\/h2>\n<p>Dreven\u00fd r\u00e1m tvor\u00ed pevn\u00fd z\u00e1klad okna a z\u00e1rove\u0148 dod\u00e1va interi\u00e9ru pr\u00edjemn\u00fd a prirodzen\u00fd vzh\u013ead. Z vonkaj\u0161ej strany je tento r\u00e1m opatren\u00fd hlin\u00edkov\u00fdm opl\u00e1\u0161ten\u00edm, ktor\u00e9 ho chr\u00e1ni pred nepriazniv\u00fdmi poveternostn\u00fdmi podmienkami a UV \u017eiaren\u00edm. Spojenie t\u00fdchto dvoch materi\u00e1lov zais\u0165uje vysok\u00fa stabilitu, odolnos\u0165 a dlh\u00fa \u017eivotnos\u0165 okien, pri\u010dom ich efekt\u00edvne chr\u00e1ni pred mechanick\u00fdm po\u0161koden\u00edm. V\u010faka tomuto spojeniu materi\u00e1lov s\u00fa okn\u00e1 zvonku dokonale chr\u00e1nen\u00e9 pred p\u00f4soben\u00edm \u017eivlov, zatia\u013e \u010do doma si u\u017e\u00edvate pr\u00edrodn\u00e9 drevo.<\/p>\n<h2>Pon\u00fakan\u00e9 profily<\/h2>\n<p>[\/vc_column_text][vc_column_text][\/vc_column_text][\/vc_column][\/vc_row][vc_row][vc_column width=&#8221;1\/3&#8243;][vc_column_text css=&#8221;&#8221;]<\/p>\n<h3>Naturo 68 ALU<\/h3>\n<div id=\"attachment_27642\" style=\"width: 310px\" class=\"wp-caption alignnone\"><a href=\"https:\/\/www.cedera-okna.sk\/sk\/naturo-68-alu\/\"><img decoding=\"async\" aria-describedby=\"caption-attachment-27642\" class=\"wp-image-27642 size-medium\" src=\"https:\/\/www.cedera-okna.sk\/wp-content\/uploads\/2025\/07\/naturo_68_alu_exterier-300x225.png\" alt=\"\" width=\"300\" height=\"225\" srcset=\"https:\/\/www.cedera-okna.sk\/wp-content\/uploads\/2025\/07\/naturo_68_alu_exterier-300x225.png 300w, https:\/\/www.cedera-okna.sk\/wp-content\/uploads\/2025\/07\/naturo_68_alu_exterier-768x576.png 768w, https:\/\/www.cedera-okna.sk\/wp-content\/uploads\/2025\/07\/naturo_68_alu_exterier-870x653.png 870w, https:\/\/www.cedera-okna.sk\/wp-content\/uploads\/2025\/07\/naturo_68_alu_exterier-390x293.png 390w, https:\/\/www.cedera-okna.sk\/wp-content\/uploads\/2025\/07\/naturo_68_alu_exterier.png 920w\" sizes=\"(max-width: 300px) 100vw, 300px\" \/><\/a><p id=\"caption-attachment-27642\" class=\"wp-caption-text\"><em>Naturo 68 ALU<\/em><\/p><\/div>[\/vc_column_text][\/vc_column][vc_column width=&#8221;1\/3&#8243;][vc_column_text css=&#8221;&#8221;]<\/p>\n<h3>Naturo 80 ALU<\/h3>\n<div id=\"attachment_27671\" style=\"width: 310px\" class=\"wp-caption alignnone\"><a href=\"https:\/\/www.cedera-okna.sk\/sk\/naturo-80-alu\/\"><img decoding=\"async\" aria-describedby=\"caption-attachment-27671\" class=\"wp-image-27671 size-medium\" src=\"https:\/\/www.cedera-okna.sk\/wp-content\/uploads\/2025\/07\/naturo_80_alu_exterier-300x225.png\" alt=\"\" width=\"300\" height=\"225\" srcset=\"https:\/\/www.cedera-okna.sk\/wp-content\/uploads\/2025\/07\/naturo_80_alu_exterier-300x225.png 300w, https:\/\/www.cedera-okna.sk\/wp-content\/uploads\/2025\/07\/naturo_80_alu_exterier-768x576.png 768w, https:\/\/www.cedera-okna.sk\/wp-content\/uploads\/2025\/07\/naturo_80_alu_exterier-870x653.png 870w, https:\/\/www.cedera-okna.sk\/wp-content\/uploads\/2025\/07\/naturo_80_alu_exterier-390x293.png 390w, https:\/\/www.cedera-okna.sk\/wp-content\/uploads\/2025\/07\/naturo_80_alu_exterier.png 920w\" sizes=\"(max-width: 300px) 100vw, 300px\" \/><\/a><p id=\"caption-attachment-27671\" class=\"wp-caption-text\"><em>Naturo 80 ALU<\/em><\/p><\/div>[\/vc_column_text][\/vc_column][vc_column width=&#8221;1\/3&#8243;][vc_column_text css=&#8221;&#8221;]<\/p>\n<h3>Esperia Life 74 ALU<\/h3>\n<div id=\"attachment_27679\" style=\"width: 310px\" class=\"wp-caption alignnone\"><a href=\"https:\/\/www.cedera-okna.sk\/sk\/esperia-life-74-alu\/\"><img decoding=\"async\" aria-describedby=\"caption-attachment-27679\" class=\"wp-image-27679 size-medium\" src=\"https:\/\/www.cedera-okna.sk\/wp-content\/uploads\/2025\/07\/esperia_life_74_alu_exterier-300x225.png\" alt=\"\" width=\"300\" height=\"225\" srcset=\"https:\/\/www.cedera-okna.sk\/wp-content\/uploads\/2025\/07\/esperia_life_74_alu_exterier-300x225.png 300w, https:\/\/www.cedera-okna.sk\/wp-content\/uploads\/2025\/07\/esperia_life_74_alu_exterier-768x576.png 768w, https:\/\/www.cedera-okna.sk\/wp-content\/uploads\/2025\/07\/esperia_life_74_alu_exterier-870x653.png 870w, https:\/\/www.cedera-okna.sk\/wp-content\/uploads\/2025\/07\/esperia_life_74_alu_exterier-390x293.png 390w, https:\/\/www.cedera-okna.sk\/wp-content\/uploads\/2025\/07\/esperia_life_74_alu_exterier.png 920w\" sizes=\"(max-width: 300px) 100vw, 300px\" \/><\/a><p id=\"caption-attachment-27679\" class=\"wp-caption-text\"><em>Esperia Life 74 ALU<\/em><\/p><\/div>[\/vc_column_text][\/vc_column][\/vc_row][vc_row][vc_column][vc_column_text css=&#8221;&#8221;]<\/p>\n<h2>V\u00fdhody drevohlin\u00edkov\u00fdch okien<\/h2>\n<ul>\n<li><strong>Estetika a dizajn<\/strong>: Interi\u00e9r s dreven\u00fdmi r\u00e1mami p\u00f4sob\u00ed teplo a prirodzene, zatia\u013e \u010do hlin\u00edkov\u00e9 opl\u00e1\u0161tenie na vonkaj\u0161ej strane dod\u00e1va modern\u00fd a elegantn\u00fd vzh\u013ead.<\/li>\n<li><strong>Odolnos\u0165 a dlh\u00e1 \u017eivotnos\u0165<\/strong>: Hlin\u00edkov\u00fd pl\u00e1\u0161\u0165 chr\u00e1ni drevo pred vonkaj\u0161\u00edmi vplyvmi, \u010d\u00edm predl\u017euje \u017eivotnos\u0165 okien a zni\u017euje n\u00e1roky na \u00fadr\u017ebu.<\/li>\n<li><strong>Tepeln\u00e1 a zvukov\u00e1 izol\u00e1cia<\/strong>: Dreven\u00fd materi\u00e1l m\u00e1 vynikaj\u00face izola\u010dn\u00e9 vlastnosti, ktor\u00e9 prispievaj\u00fa k energetickej \u00faspornosti a zvy\u0161uj\u00fa komfort b\u00fdvania.<\/li>\n<li><strong>Minim\u00e1lna \u00fadr\u017eba<\/strong>: Hlin\u00edkov\u00fd povrch si nevy\u017eaduje n\u00e1ro\u010dn\u00fa starostlivos\u0165 a na rozdiel od \u010disto dreven\u00fdch okien nie je potrebn\u00e9 pravideln\u00e9 natieranie.<\/li>\n<\/ul>\n<p>[\/vc_column_text][\/vc_column][\/vc_row][vc_row][vc_column][vc_column_text css=&#8221;&#8221;]<\/p>\n<h2>Pon\u00fakan\u00e9 profily<\/h2>\n<p>Spolo\u010dnos\u0165 Cedera pon\u00faka nieko\u013eko typov drevohlin\u00edkov\u00fdch okien, ktor\u00e9 sa odli\u0161uj\u00fa dizajnom a technick\u00fdmi parametrami:<\/p>\n<ul>\n<li><a href=\"https:\/\/www.cedera-okna.sk\/sk\/naturo-68-alu\/\">Naturo 68 ALU<\/a> v sebe sp\u00e1ja teplo pr\u00edrodn\u00e9ho dreva s odolnos\u0165ou a eleganciou hlin\u00edkov\u00e9ho opl\u00e1\u0161tenia. Hlin\u00edkov\u00e9 krytky chr\u00e1nia dreven\u00fd r\u00e1m pred poveternostn\u00fdmi vplyvmi a z\u00e1rove\u0148 dod\u00e1vaj\u00fa okn\u00e1m modern\u00fd vzh\u013ead, ktor\u00fd prirodzene zapadne do architekt\u00fary dne\u0161n\u00fdch stavieb.<\/li>\n<li><a href=\"https:\/\/www.cedera-okna.sk\/sk\/naturo-80-alu\/\">Naturo 80 ALU<\/a> s\u00fa modern\u00e9 drevohlin\u00edkov\u00e9 okn\u00e1. Vonkaj\u0161ie hlin\u00edkov\u00e9 opl\u00e1\u0161tenie im dod\u00e1va vzh\u013ead hlin\u00edkov\u00fdch okien, \u010do v\u00fdborne lad\u00ed s aktu\u00e1lnym trendom jednoduch\u00fdch a \u010dist\u00fdch l\u00edni\u00ed na fas\u00e1dach kancel\u00e1rskych \u010di obytn\u00fdch budov.<\/li>\n<li><a href=\"https:\/\/www.cedera-okna.sk\/sk\/esperia-life-74-alu\/\">Esperia Life 74 ALU<\/a> je kompaktn\u00fd drevohlin\u00edkov\u00fd syst\u00e9m s najni\u017e\u0161ou stavebnou h\u013abkou v r\u00e1mci celej s\u00e9rie. Napriek men\u0161iemu profilu umo\u017e\u0148uje pou\u017eitie hrub\u0161ieho izola\u010dn\u00e9ho skla, v\u010faka \u010domu dosahuje vysok\u00e9 tepelnoizola\u010dn\u00e9 hodnoty. Vhodn\u00fd je najm\u00e4 pre modern\u00e9 stavby, kde je prioritou energetick\u00e1 efektivita a dizajn.\n<div class=\"vc_row wpb_row vc_row-fluid\">\n<div class=\"wpb_column vc_column_container vc_col-sm-6\">\n<div class=\"vc_column-inner\">\n<div class=\"wpb_wrapper\"><\/div>\n<\/div>\n<\/div>\n<\/div>\n<\/li>\n<\/ul>\n<p>&nbsp;<\/p>\n<p>[\/vc_column_text][\/vc_column][\/vc_row][vc_row][vc_column][vc_cta h2=&#8221;&#8221; css=&#8221;&#8221;]Drevohlin\u00edkov\u00e9 okn\u00e1 pon\u00fakaj\u00fa jedine\u010dn\u00e9 spojenie kvality dreven\u00fdch okien s takmer neobmedzenou \u017eivotnos\u0165ou okien hlin\u00edkov\u00fdch.<\/p>\n<p>Drevo v interi\u00e9ri navodzuje priate\u013esk\u00fa atmosf\u00e9ru a udr\u017euje pr\u00edjemn\u00e9 teplo. Naproti tomu vonkaj\u0161ia vrstva hlin\u00edka zais\u0165uje v\u00fdborn\u00fa ochranu okien pred poveternostn\u00fdmi vplyvmi a zaru\u010duje tak ve\u013emi dlh\u00fa \u017eivotnos\u0165 okna.<\/p>\n<p>Ak h\u013ead\u00e1te dlhodob\u00fd \u00fa\u017eitok a minim\u00e1lnu \u00fadr\u017ebu, s\u00fa drevohlin\u00edkov\u00e9 okn\u00e1 jasnou vo\u013ebou. Vonkaj\u0161ie opl\u00e1\u0161tenie odstra\u0148uje nutnos\u0165 starostlivosti o klimatick\u00fdm vplyvom vystaven\u00e9 povrchy.[\/vc_cta][\/vc_column][\/vc_row][vc_row][vc_column][vc_column_text]<\/p>\n<h3>Ako vyzer\u00e1 na\u0161a pr\u00e1ca<\/h3>\n<p>[\/vc_column_text][vc_gallery type=&#8221;image_grid&#8221; images=&#8221;8785,8786&#8243;][\/vc_column][\/vc_row][vc_row][vc_column][vc_column_text css=&#8221;&#8221;]<\/p>\n<div style=\"margin-top: 20px;\"><\/div>\n<div id=\"promo-box\">\n<h3>Ako prebieha spolupr\u00e1ca<\/h3>\n<ul>\n<li><strong>V\u00fdber produktu<\/strong>: Pozrite sa na na\u0161u ponuku a vyberte si drevohlin\u00edkov\u00e9 okn\u00e1, ktor\u00e9 najlep\u0161ie zodpovedaj\u00fa va\u0161im po\u017eiadavk\u00e1m.<\/li>\n<li><strong>Odborn\u00e9 zameranie<\/strong>: N\u00e1\u0161 technik vykon\u00e1 odborn\u00e9 zameranie\u00a0stavebn\u00fdch otvorov na zabezpe\u010denie dokonal\u00e9ho osadenia okien.<\/li>\n<li><strong>Doprava a mont\u00e1\u017e<\/strong>: Po dohode s vami zabezpe\u010d\u00edme dopravu a profesion\u00e1lnu mont\u00e1\u017e.<\/li>\n<li><strong>Poradenstvo<\/strong>: Samozrejmos\u0165ou je poradenstvo ak\u00e9 okn\u00e1 a doplnky vybra\u0165 tak, aby sme minimalizovali mo\u017enos\u0165 nekompatibility jednotliv\u00fdch prvkov. Na z\u00e1klade <strong><a href=\"https:\/\/cedera-okna.sk\/sk\/nezavazna-cenova-ponuka\/\">nez\u00e1v\u00e4znej cenovej ponuky<\/a><\/strong> v\u00e1s budeme kontaktova\u0165.<\/li>\n<\/ul>\n<\/div>\n<p>[\/vc_column_text][\/vc_column][\/vc_row][vc_row css=&#8221;.vc_custom_1476800358130{margin-top: 50px !important;}&#8221;][vc_column][vc_column_text]<\/p>\n<h2 style=\"text-align: center;\">M\u00e1te z\u00e1ujem o nov\u00e9 drevohlin\u00edkov\u00e9 okn\u00e1 alebo si necha\u0165 poradi\u0165?<br \/>\nVypl\u0148te formul\u00e1r ni\u017e\u0161ie a ozveme sa v\u00e1m do 24 hod\u00edn.<\/h2>\n<p>[\/vc_column_text]\n<div class=\"wpcf7 no-js\" id=\"wpcf7-f2486-o1\" lang=\"sk-SK\" dir=\"ltr\" data-wpcf7-id=\"2486\">\n<div class=\"screen-reader-response\"><p role=\"status\" aria-live=\"polite\" aria-atomic=\"true\"><\/p> <ul><\/ul><\/div>\n<form action=\"\/sk\/wp-json\/wp\/v2\/pages\/316#wpcf7-f2486-o1\" method=\"post\" class=\"wpcf7-form init\" aria-label=\"Kontaktn\u00fd formul\u00e1r\" novalidate=\"novalidate\" data-status=\"init\">\n<fieldset class=\"hidden-fields-container\"><input type=\"hidden\" name=\"_wpcf7\" value=\"2486\" \/><input type=\"hidden\" name=\"_wpcf7_version\" value=\"6.1.5\" \/><input type=\"hidden\" name=\"_wpcf7_locale\" value=\"sk_SK\" \/><input type=\"hidden\" name=\"_wpcf7_unit_tag\" value=\"wpcf7-f2486-o1\" \/><input type=\"hidden\" name=\"_wpcf7_container_post\" value=\"0\" \/><input type=\"hidden\" name=\"_wpcf7_posted_data_hash\" value=\"\" \/><input type=\"hidden\" name=\"_wpcf7_recaptcha_response\" value=\"\" \/>\n<\/fieldset>\n<p><label><br \/>\n<span class=\"wpcf7-form-control-wrap\" data-name=\"your-name\"><input size=\"40\" maxlength=\"400\" class=\"wpcf7-form-control wpcf7-text wpcf7-validates-as-required\" aria-required=\"true\" aria-invalid=\"false\" placeholder=\"Meno*\" value=\"\" type=\"text\" name=\"your-name\" \/><\/span> <\/label>\n<\/p>\n<div class=\"sc_form_info columns_wrap\">\n\t<div class=\"sc_form_item sc_form_field label_over column-1_2\">\n\t\t<p><label><br \/>\n<span class=\"wpcf7-form-control-wrap\" data-name=\"your-telefon\"><input size=\"40\" maxlength=\"400\" class=\"wpcf7-form-control wpcf7-tel wpcf7-validates-as-required wpcf7-text wpcf7-validates-as-tel\" aria-required=\"true\" aria-invalid=\"false\" placeholder=\"Telef\u00f3n*\" value=\"\" type=\"tel\" name=\"your-telefon\" \/><\/span> <\/label>\n\t\t<\/p>\n\t<\/div>\n\t<div class=\"sc_form_item sc_form_field label_over column-1_2 pading0\">\n\t\t<p><label><br \/>\n<span class=\"wpcf7-form-control-wrap\" data-name=\"your-email\"><input size=\"40\" maxlength=\"400\" class=\"wpcf7-form-control wpcf7-email wpcf7-validates-as-required wpcf7-text wpcf7-validates-as-email\" aria-required=\"true\" aria-invalid=\"false\" placeholder=\"E-mail*\" value=\"\" type=\"email\" name=\"your-email\" \/><\/span><\/label>\n\t\t<\/p>\n\t<\/div>\n<\/div>\n<p><label><br \/>\n<span class=\"wpcf7-form-control-wrap\" data-name=\"your-message\"><textarea cols=\"40\" rows=\"10\" maxlength=\"2000\" class=\"wpcf7-form-control wpcf7-textarea\" aria-invalid=\"false\" placeholder=\"Pros\u00edm kontaktujte ma oh\u013eadom...\" name=\"your-message\"><\/textarea><\/span> <\/label>\n<\/p>\n<p><span class=\"wpcf7-form-control-wrap\" data-name=\"checkbox-597\"><span class=\"wpcf7-form-control wpcf7-checkbox wpcf7-validates-as-required\"><span class=\"wpcf7-list-item first last\"><input type=\"checkbox\" name=\"checkbox-597[]\" value=\"S\u00fahlas\u00edm so zpracovan\u00edm osobn\u00fdch \u00fadajov*\" \/><span class=\"wpcf7-list-item-label\">S\u00fahlas\u00edm so zpracovan\u00edm osobn\u00fdch \u00fadajov*<\/span><\/span><\/span><\/span>\n<\/p>\n<p><input class=\"wpcf7-form-control wpcf7-submit has-spinner\" type=\"submit\" value=\"Posla\u0165 po\u017eiadavku\" \/>\n<\/p>\n<p>*polo\u017eka je povinn\u00e1\n<\/p><div class=\"wpcf7-response-output\" aria-hidden=\"true\"><\/div>\n<\/form>\n<\/div>\n[\/vc_column][\/vc_row]<\/p>\n<\/div>","protected":false},"excerpt":{"rendered":"<p>[vc_row][vc_column][vc_column_text css=&#8221;&#8221;]Drevohlin\u00edkov\u00e9 okn\u00e1 v sebe sp\u00e1jaj\u00fa pozit\u00edva dreven\u00fdch a hlin\u00edkov\u00fdch okien. S\u00fa estetick\u00e9, modern\u00e9, ne\u0161kodia zdraviu a vy\u017eaduj\u00fa len minim\u00e1lnu \u00fadr\u017ebu. Drevohlin\u00edkov\u00e9 okn\u00e1 vynikaj\u00fa modern\u00fdm a z\u00e1rove\u0148 estetick\u00fdm vzh\u013eadom a navy\u0161e s\u00fa vhodn\u00e9 aj do n\u00edzkoenergetick\u00fdch stavieb a pas\u00edvnych domov. Kon\u0161trukcia drevohlin\u00edkov\u00fdch okien Dreven\u00fd r\u00e1m tvor\u00ed pevn\u00fd z\u00e1klad okna a z\u00e1rove\u0148 dod\u00e1va interi\u00e9ru pr\u00edjemn\u00fd a [&hellip;]<\/p>\n","protected":false},"author":3,"featured_media":0,"parent":0,"menu_order":5,"comment_status":"closed","ping_status":"closed","template":"","meta":{"footnotes":""},"class_list":["post-316","page","type-page","status-publish","hentry"],"yoast_head":"<!-- This site is optimized with the Yoast SEO plugin v27.4 - https:\/\/yoast.com\/product\/yoast-seo-wordpress\/ -->\n<title>Drevohlin\u00edkov\u00e9 okn\u00e1 - okn\u00e1 s dlhou \u017eivotnos\u0165ou | Cedera<\/title>\n<meta name=\"description\" content=\"Drevohlin\u00edkov\u00e9 okn\u00e1 predstavuj\u00fa spojenie kvality dreven\u00fdch eurookien s takmer neobmedzenou \u017eivotnos\u0165ou okien hlin\u00edkov\u00fdch.\" \/>\n<meta name=\"robots\" content=\"index, follow, max-snippet:-1, max-image-preview:large, max-video-preview:-1\" \/>\n<link rel=\"canonical\" href=\"https:\/\/www.cedera-okna.sk\/sk\/drevohlinikove-okna\/\" \/>\n<meta property=\"og:locale\" content=\"sk_SK\" \/>\n<meta property=\"og:type\" content=\"article\" \/>\n<meta property=\"og:title\" content=\"Drevohlin\u00edkov\u00e9 okn\u00e1 - okn\u00e1 s dlhou \u017eivotnos\u0165ou | Cedera\" \/>\n<meta property=\"og:description\" content=\"Drevohlin\u00edkov\u00e9 okn\u00e1 predstavuj\u00fa spojenie kvality dreven\u00fdch eurookien s takmer neobmedzenou \u017eivotnos\u0165ou okien hlin\u00edkov\u00fdch.\" \/>\n<meta property=\"og:url\" content=\"https:\/\/www.cedera-okna.sk\/sk\/drevohlinikove-okna\/\" \/>\n<meta property=\"og:site_name\" content=\"Cedera\" \/>\n<meta property=\"article:publisher\" content=\"https:\/\/www.facebook.com\/okna.cedera\/\" \/>\n<meta property=\"article:modified_time\" content=\"2025-07-26T08:26:09+00:00\" \/>\n<meta property=\"og:image\" content=\"https:\/\/www.cedera-okna.sk\/wp-content\/uploads\/2025\/07\/naturo_68_alu_exterier.png\" \/>\n\t<meta property=\"og:image:width\" content=\"920\" \/>\n\t<meta property=\"og:image:height\" content=\"690\" \/>\n\t<meta property=\"og:image:type\" content=\"image\/png\" \/>\n<meta name=\"twitter:label1\" content=\"Predpokladan\u00fd \u010das \u010d\u00edtania\" \/>\n\t<meta name=\"twitter:data1\" content=\"4 min\u00faty\" \/>\n<!-- \/ Yoast SEO plugin. -->","yoast_head_json":{"title":"Drevohlin\u00edkov\u00e9 okn\u00e1 - okn\u00e1 s dlhou \u017eivotnos\u0165ou | Cedera","description":"Drevohlin\u00edkov\u00e9 okn\u00e1 predstavuj\u00fa spojenie kvality dreven\u00fdch eurookien s takmer neobmedzenou \u017eivotnos\u0165ou okien hlin\u00edkov\u00fdch.","robots":{"index":"index","follow":"follow","max-snippet":"max-snippet:-1","max-image-preview":"max-image-preview:large","max-video-preview":"max-video-preview:-1"},"canonical":"https:\/\/www.cedera-okna.sk\/sk\/drevohlinikove-okna\/","og_locale":"sk_SK","og_type":"article","og_title":"Drevohlin\u00edkov\u00e9 okn\u00e1 - okn\u00e1 s dlhou \u017eivotnos\u0165ou | Cedera","og_description":"Drevohlin\u00edkov\u00e9 okn\u00e1 predstavuj\u00fa spojenie kvality dreven\u00fdch eurookien s takmer neobmedzenou \u017eivotnos\u0165ou okien hlin\u00edkov\u00fdch.","og_url":"https:\/\/www.cedera-okna.sk\/sk\/drevohlinikove-okna\/","og_site_name":"Cedera","article_publisher":"https:\/\/www.facebook.com\/okna.cedera\/","article_modified_time":"2025-07-26T08:26:09+00:00","og_image":[{"width":920,"height":690,"url":"https:\/\/www.cedera-okna.sk\/wp-content\/uploads\/2025\/07\/naturo_68_alu_exterier.png","type":"image\/png"}],"twitter_misc":{"Predpokladan\u00fd \u010das \u010d\u00edtania":"4 min\u00faty"},"schema":{"@context":"https:\/\/schema.org","@graph":[{"@type":"WebPage","@id":"https:\/\/www.cedera-okna.sk\/sk\/drevohlinikove-okna\/","url":"https:\/\/www.cedera-okna.sk\/sk\/drevohlinikove-okna\/","name":"Drevohlin\u00edkov\u00e9 okn\u00e1 - okn\u00e1 s dlhou \u017eivotnos\u0165ou | Cedera","isPartOf":{"@id":"https:\/\/www.cedera-okna.sk\/sk\/#website"},"primaryImageOfPage":{"@id":"https:\/\/www.cedera-okna.sk\/sk\/drevohlinikove-okna\/#primaryimage"},"image":{"@id":"https:\/\/www.cedera-okna.sk\/sk\/drevohlinikove-okna\/#primaryimage"},"thumbnailUrl":"https:\/\/www.cedera-okna.sk\/wp-content\/uploads\/2025\/07\/naturo_68_alu_exterier-300x225.png","datePublished":"2016-01-22T12:26:56+00:00","dateModified":"2025-07-26T08:26:09+00:00","description":"Drevohlin\u00edkov\u00e9 okn\u00e1 predstavuj\u00fa spojenie kvality dreven\u00fdch eurookien s takmer neobmedzenou \u017eivotnos\u0165ou okien hlin\u00edkov\u00fdch.","breadcrumb":{"@id":"https:\/\/www.cedera-okna.sk\/sk\/drevohlinikove-okna\/#breadcrumb"},"inLanguage":"sk-SK","potentialAction":[{"@type":"ReadAction","target":["https:\/\/www.cedera-okna.sk\/sk\/drevohlinikove-okna\/"]}]},{"@type":"ImageObject","inLanguage":"sk-SK","@id":"https:\/\/www.cedera-okna.sk\/sk\/drevohlinikove-okna\/#primaryimage","url":"https:\/\/www.cedera-okna.sk\/wp-content\/uploads\/2025\/07\/naturo_68_alu_exterier-300x225.png","contentUrl":"https:\/\/www.cedera-okna.sk\/wp-content\/uploads\/2025\/07\/naturo_68_alu_exterier-300x225.png"},{"@type":"BreadcrumbList","@id":"https:\/\/www.cedera-okna.sk\/sk\/drevohlinikove-okna\/#breadcrumb","itemListElement":[{"@type":"ListItem","position":1,"name":"Domovsk\u00e1 str\u00e1nka","item":"https:\/\/www.cedera-okna.sk\/sk\/"},{"@type":"ListItem","position":2,"name":"Drevohlin\u00edkov\u00e9 okn\u00e1"}]},{"@type":"WebSite","@id":"https:\/\/www.cedera-okna.sk\/sk\/#website","url":"https:\/\/www.cedera-okna.sk\/sk\/","name":"Cedera","description":"Plastov\u00e9 okn\u00e1 Bratislava","publisher":{"@id":"https:\/\/www.cedera-okna.sk\/sk\/#organization"},"potentialAction":[{"@type":"SearchAction","target":{"@type":"EntryPoint","urlTemplate":"https:\/\/www.cedera-okna.sk\/sk\/?s={search_term_string}"},"query-input":{"@type":"PropertyValueSpecification","valueRequired":true,"valueName":"search_term_string"}}],"inLanguage":"sk-SK"},{"@type":"Organization","@id":"https:\/\/www.cedera-okna.sk\/sk\/#organization","name":"CEDERA s.r.o.","url":"https:\/\/www.cedera-okna.sk\/sk\/","logo":{"@type":"ImageObject","inLanguage":"sk-SK","@id":"https:\/\/www.cedera-okna.sk\/sk\/#\/schema\/logo\/image\/","url":"https:\/\/www.cedera-okna.sk\/wp-content\/uploads\/2018\/10\/Cedera-logo.png","contentUrl":"https:\/\/www.cedera-okna.sk\/wp-content\/uploads\/2018\/10\/Cedera-logo.png","width":190,"height":66,"caption":"CEDERA s.r.o."},"image":{"@id":"https:\/\/www.cedera-okna.sk\/sk\/#\/schema\/logo\/image\/"},"sameAs":["https:\/\/www.facebook.com\/okna.cedera\/"]}]}},"_links":{"self":[{"href":"https:\/\/www.cedera-okna.sk\/sk\/wp-json\/wp\/v2\/pages\/316","targetHints":{"allow":["GET"]}}],"collection":[{"href":"https:\/\/www.cedera-okna.sk\/sk\/wp-json\/wp\/v2\/pages"}],"about":[{"href":"https:\/\/www.cedera-okna.sk\/sk\/wp-json\/wp\/v2\/types\/page"}],"author":[{"embeddable":true,"href":"https:\/\/www.cedera-okna.sk\/sk\/wp-json\/wp\/v2\/users\/3"}],"replies":[{"embeddable":true,"href":"https:\/\/www.cedera-okna.sk\/sk\/wp-json\/wp\/v2\/comments?post=316"}],"version-history":[{"count":45,"href":"https:\/\/www.cedera-okna.sk\/sk\/wp-json\/wp\/v2\/pages\/316\/revisions"}],"predecessor-version":[{"id":28402,"href":"https:\/\/www.cedera-okna.sk\/sk\/wp-json\/wp\/v2\/pages\/316\/revisions\/28402"}],"wp:attachment":[{"href":"https:\/\/www.cedera-okna.sk\/sk\/wp-json\/wp\/v2\/media?parent=316"}],"curies":[{"name":"wp","href":"https:\/\/api.w.org\/{rel}","templated":true}]}}