{"id":27713,"date":"2025-07-13T09:55:31","date_gmt":"2025-07-13T07:55:31","guid":{"rendered":"https:\/\/www.cedera-okna.sk\/sk\/?page_id=27713"},"modified":"2026-03-03T18:19:43","modified_gmt":"2026-03-03T17:19:43","slug":"esperia-life-80","status":"publish","type":"page","link":"https:\/\/www.cedera-okna.sk\/sk\/esperia-life-80\/","title":{"rendered":"Esperia Life 80"},"content":{"rendered":"<div class=\"wpb-content-wrapper\"><p>[vc_row][vc_column][vc_column_text css=&#8221;&#8221;]S\u00e9ria Esperia Life 80 predstavuje okn\u00e1 s elegantn\u00fdm dizajnom a vysokou praktickou hodnotou. V\u010faka \u00fazkym r\u00e1mom prep\u00fa\u0161\u0165aj\u00fa a\u017e o 12 % viac denn\u00e9ho svetla, \u010d\u00edm opticky zv\u00e4\u010d\u0161uj\u00fa priestor a zvy\u0161uj\u00fa komfort b\u00fdvania. Ich nad\u010dasov\u00fd vzh\u013ead sa v\u00fdborne hod\u00ed do novostavieb aj rekon\u0161truovan\u00fdch objektov. Okn\u00e1 s\u00fa kon\u0161truovan\u00e9 tak, aby sp\u013a\u0148ali po\u017eiadavky na energetick\u00fa efektivitu bez kompromisov na estetike.[\/vc_column_text][\/vc_column][\/vc_row][vc_row][vc_column width=&#8221;1\/2&#8243;][vc_column_text css=&#8221;&#8221;]<\/p>\n<h3>Technick\u00e9 parametre:<\/h3>\n<ul>\n<li>stavebn\u00e1 h\u013abka: 80 mm<\/li>\n<li>zasklenie so \u0161\u00edrkou do 48 mm<\/li>\n<li>4-vrstvov\u00fd n\u00e1ter<\/li>\n<li>4-vrstvov\u00e9 lepen\u00e9 drevo<\/li>\n<li>druhy dreva: borovica, smrek, meranti, dub<\/li>\n<li>typy povrchovej \u00fapravy dreva: moridl\u00e1, farby RAL, bezfarebn\u00fd lak, bezfarebn\u00e1 impregn\u00e1cia, hol\u00e9 drevo.<\/li>\n<li>spolupracujeme s dod\u00e1vate\u013emi, ktor\u00ed maj\u00fa certifik\u00e1t FSC<\/li>\n<\/ul>\n<p>[\/vc_column_text][\/vc_column][vc_column width=&#8221;1\/2&#8243;][vc_gallery interval=&#8221;0&#8243; images=&#8221;27715,27716,27717&#8243; img_size=&#8221;large&#8221; css=&#8221;.vc_custom_1752393273376{margin-top: 65px !important;}&#8221;][\/vc_column][\/vc_row][vc_row][vc_column][vc_column_text css=&#8221;&#8221;]<\/p>\n<p>Univerz\u00e1lny dizajn okien Esperia Life 80 z nich rob\u00ed v\u00fdborn\u00fa vo\u013ebu nielen pre modern\u00e9 novostavby, ale aj pri rekon\u0161trukcii star\u0161\u00edch objektov, kde je potrebn\u00e9 zachova\u0165 sveteln\u00fd komfort a \u0161t\u00fdlov\u00fd vzh\u013ead.[\/vc_column_text][\/vc_column][\/vc_row][vc_row][vc_column][vc_column_text css=&#8221;&#8221;]<\/p>\n<h2>S\u00favisiace produkty<\/h2>\n<p>[\/vc_column_text][\/vc_column][\/vc_row][vc_row][vc_column width=&#8221;1\/3&#8243;][vc_column_text css=&#8221;&#8221;]<\/p>\n<h3 class=\"page_title\"><a href=\"https:\/\/www.cedera-okna.sk\/sk\/naturo-68\/\">Naturo 68<\/a><\/h3>\n<p>[\/vc_column_text]<figure class=\"sc_image  sc_image_shape_square\" style=\"````\"><a href=\"https:\/\/www.cedera-okna.sk\/sk\/naturo-68\/\" class=\"hover_icon hover_icon_view\"><img decoding=\"async\" src=\"https:\/\/www.cedera-okna.sk\/wp-content\/uploads\/2025\/07\/naturo_68_exterier.png\" alt=\"\" \/><\/a><\/figure>[\/vc_column][vc_column width=&#8221;1\/3&#8243;][vc_column_text css=&#8221;&#8221;]<\/p>\n<h3 class=\"page_title\"><a href=\"https:\/\/www.cedera-okna.sk\/sk\/naturo-80\/\">Naturo 80<\/a><\/h3>\n<p>[\/vc_column_text]<figure class=\"sc_image  sc_image_shape_square\" style=\"````\"><a href=\"https:\/\/www.cedera-okna.sk\/sk\/naturo-80\/\" class=\"hover_icon hover_icon_view\"><img decoding=\"async\" src=\"https:\/\/www.cedera-okna.sk\/wp-content\/uploads\/2025\/07\/naturo_80_exterier.png\" alt=\"\" \/><\/a><\/figure>[\/vc_column][vc_column width=&#8221;1\/3&#8243;][vc_column_text css=&#8221;&#8221;]<\/p>\n<h3 class=\"page_title\"><a href=\"https:\/\/www.cedera-okna.sk\/sk\/naturo-92\/\">Naturo 92<\/a><\/h3>\n<p>[\/vc_column_text]<figure class=\"sc_image  sc_image_shape_square\" style=\"````\"><a href=\"https:\/\/www.cedera-okna.sk\/sk\/naturo-92\/\" class=\"hover_icon hover_icon_view\"><img decoding=\"async\" src=\"https:\/\/www.cedera-okna.sk\/wp-content\/uploads\/2025\/07\/naturo_92_exterier.png\" alt=\"\" \/><\/a><\/figure>[\/vc_column][\/vc_row][vc_row][vc_column][vc_column_text css=&#8221;&#8221;]<\/p>\n<h2 style=\"text-align: center;\">M\u00e1te z\u00e1ujem o nov\u00e9 dreven\u00e9 okn\u00e1 alebo si necha\u0165 poradi\u0165?<br \/>\nVypl\u0148te formul\u00e1r ni\u017e\u0161ie a ozveme sa v\u00e1m do 24 hod\u00edn.<\/h2>\n<p>[\/vc_column_text]\n<div class=\"wpcf7 no-js\" id=\"wpcf7-f2486-o1\" lang=\"sk-SK\" dir=\"ltr\" data-wpcf7-id=\"2486\">\n<div class=\"screen-reader-response\"><p role=\"status\" aria-live=\"polite\" aria-atomic=\"true\"><\/p> <ul><\/ul><\/div>\n<form action=\"\/sk\/wp-json\/wp\/v2\/pages\/27713#wpcf7-f2486-o1\" method=\"post\" class=\"wpcf7-form init\" aria-label=\"Kontaktn\u00fd formul\u00e1r\" novalidate=\"novalidate\" data-status=\"init\">\n<fieldset class=\"hidden-fields-container\"><input type=\"hidden\" name=\"_wpcf7\" value=\"2486\" \/><input type=\"hidden\" name=\"_wpcf7_version\" value=\"6.1.5\" \/><input type=\"hidden\" name=\"_wpcf7_locale\" value=\"sk_SK\" \/><input type=\"hidden\" name=\"_wpcf7_unit_tag\" value=\"wpcf7-f2486-o1\" \/><input type=\"hidden\" name=\"_wpcf7_container_post\" value=\"0\" \/><input type=\"hidden\" name=\"_wpcf7_posted_data_hash\" value=\"\" \/><input type=\"hidden\" name=\"_wpcf7_recaptcha_response\" value=\"\" \/>\n<\/fieldset>\n<p><label><br \/>\n<span class=\"wpcf7-form-control-wrap\" data-name=\"your-name\"><input size=\"40\" maxlength=\"400\" class=\"wpcf7-form-control wpcf7-text wpcf7-validates-as-required\" aria-required=\"true\" aria-invalid=\"false\" placeholder=\"Meno*\" value=\"\" type=\"text\" name=\"your-name\" \/><\/span> <\/label>\n<\/p>\n<div class=\"sc_form_info columns_wrap\">\n\t<div class=\"sc_form_item sc_form_field label_over column-1_2\">\n\t\t<p><label><br \/>\n<span class=\"wpcf7-form-control-wrap\" data-name=\"your-telefon\"><input size=\"40\" maxlength=\"400\" class=\"wpcf7-form-control wpcf7-tel wpcf7-validates-as-required wpcf7-text wpcf7-validates-as-tel\" aria-required=\"true\" aria-invalid=\"false\" placeholder=\"Telef\u00f3n*\" value=\"\" type=\"tel\" name=\"your-telefon\" \/><\/span> <\/label>\n\t\t<\/p>\n\t<\/div>\n\t<div class=\"sc_form_item sc_form_field label_over column-1_2 pading0\">\n\t\t<p><label><br \/>\n<span class=\"wpcf7-form-control-wrap\" data-name=\"your-email\"><input size=\"40\" maxlength=\"400\" class=\"wpcf7-form-control wpcf7-email wpcf7-validates-as-required wpcf7-text wpcf7-validates-as-email\" aria-required=\"true\" aria-invalid=\"false\" placeholder=\"E-mail*\" value=\"\" type=\"email\" name=\"your-email\" \/><\/span><\/label>\n\t\t<\/p>\n\t<\/div>\n<\/div>\n<p><label><br \/>\n<span class=\"wpcf7-form-control-wrap\" data-name=\"your-message\"><textarea cols=\"40\" rows=\"10\" maxlength=\"2000\" class=\"wpcf7-form-control wpcf7-textarea\" aria-invalid=\"false\" placeholder=\"Pros\u00edm kontaktujte ma oh\u013eadom...\" name=\"your-message\"><\/textarea><\/span> <\/label>\n<\/p>\n<p><span class=\"wpcf7-form-control-wrap\" data-name=\"checkbox-597\"><span class=\"wpcf7-form-control wpcf7-checkbox wpcf7-validates-as-required\"><span class=\"wpcf7-list-item first last\"><input type=\"checkbox\" name=\"checkbox-597[]\" value=\"S\u00fahlas\u00edm so zpracovan\u00edm osobn\u00fdch \u00fadajov*\" \/><span class=\"wpcf7-list-item-label\">S\u00fahlas\u00edm so zpracovan\u00edm osobn\u00fdch \u00fadajov*<\/span><\/span><\/span><\/span>\n<\/p>\n<p><input class=\"wpcf7-form-control wpcf7-submit has-spinner\" type=\"submit\" value=\"Posla\u0165 po\u017eiadavku\" \/>\n<\/p>\n<p>*polo\u017eka je povinn\u00e1\n<\/p><div class=\"wpcf7-response-output\" aria-hidden=\"true\"><\/div>\n<\/form>\n<\/div>\n[\/vc_column][\/vc_row]<\/p>\n<\/div>","protected":false},"excerpt":{"rendered":"<p>[vc_row][vc_column][vc_column_text css=&#8221;&#8221;]S\u00e9ria Esperia Life 80 predstavuje okn\u00e1 s elegantn\u00fdm dizajnom a vysokou praktickou hodnotou. V\u010faka \u00fazkym r\u00e1mom prep\u00fa\u0161\u0165aj\u00fa a\u017e o 12 % viac denn\u00e9ho svetla, \u010d\u00edm opticky zv\u00e4\u010d\u0161uj\u00fa priestor a zvy\u0161uj\u00fa komfort b\u00fdvania. Ich nad\u010dasov\u00fd vzh\u013ead sa v\u00fdborne hod\u00ed do novostavieb aj rekon\u0161truovan\u00fdch objektov. Okn\u00e1 s\u00fa kon\u0161truovan\u00e9 tak, aby sp\u013a\u0148ali po\u017eiadavky na energetick\u00fa efektivitu bez [&hellip;]<\/p>\n","protected":false},"author":3,"featured_media":0,"parent":0,"menu_order":0,"comment_status":"closed","ping_status":"closed","template":"","meta":{"footnotes":""},"class_list":["post-27713","page","type-page","status-publish","hentry"],"yoast_head":"<!-- This site is optimized with the Yoast SEO plugin v27.4 - https:\/\/yoast.com\/product\/yoast-seo-wordpress\/ -->\n<title>Esperia Life 80 | Dreven\u00e9 okn\u00e1 | Cedera<\/title>\n<meta name=\"description\" content=\"Okn\u00e1 Esperia Life s\u00fa elegantn\u00e9 a z\u00e1rove\u0148 praktick\u00e9. S\u00fa to tepl\u00e9 okn\u00e1 s \u00fazkymi profilmi, v\u010faka ktor\u00fdm do interi\u00e9ru m\u00f4\u017ee prenika\u0165 zvonka a\u017e o 12% viac prirodzen\u00e9ho svetla.\" \/>\n<meta name=\"robots\" content=\"index, follow, max-snippet:-1, max-image-preview:large, max-video-preview:-1\" \/>\n<link rel=\"canonical\" href=\"https:\/\/www.cedera-okna.sk\/sk\/esperia-life-80\/\" \/>\n<meta property=\"og:locale\" content=\"sk_SK\" \/>\n<meta property=\"og:type\" content=\"article\" \/>\n<meta property=\"og:title\" content=\"Esperia Life 80 | Dreven\u00e9 okn\u00e1 | Cedera\" \/>\n<meta property=\"og:description\" content=\"Okn\u00e1 Esperia Life s\u00fa elegantn\u00e9 a z\u00e1rove\u0148 praktick\u00e9. S\u00fa to tepl\u00e9 okn\u00e1 s \u00fazkymi profilmi, v\u010faka ktor\u00fdm do interi\u00e9ru m\u00f4\u017ee prenika\u0165 zvonka a\u017e o 12% viac prirodzen\u00e9ho svetla.\" \/>\n<meta property=\"og:url\" content=\"https:\/\/www.cedera-okna.sk\/sk\/esperia-life-80\/\" \/>\n<meta property=\"og:site_name\" content=\"Cedera\" \/>\n<meta property=\"article:publisher\" content=\"https:\/\/www.facebook.com\/okna.cedera\/\" \/>\n<meta property=\"article:modified_time\" content=\"2026-03-03T17:19:43+00:00\" \/>\n<meta name=\"twitter:label1\" content=\"Predpokladan\u00fd \u010das \u010d\u00edtania\" \/>\n\t<meta name=\"twitter:data1\" content=\"3 min\u00faty\" \/>\n<!-- \/ Yoast SEO plugin. -->","yoast_head_json":{"title":"Esperia Life 80 | Dreven\u00e9 okn\u00e1 | Cedera","description":"Okn\u00e1 Esperia Life s\u00fa elegantn\u00e9 a z\u00e1rove\u0148 praktick\u00e9. S\u00fa to tepl\u00e9 okn\u00e1 s \u00fazkymi profilmi, v\u010faka ktor\u00fdm do interi\u00e9ru m\u00f4\u017ee prenika\u0165 zvonka a\u017e o 12% viac prirodzen\u00e9ho svetla.","robots":{"index":"index","follow":"follow","max-snippet":"max-snippet:-1","max-image-preview":"max-image-preview:large","max-video-preview":"max-video-preview:-1"},"canonical":"https:\/\/www.cedera-okna.sk\/sk\/esperia-life-80\/","og_locale":"sk_SK","og_type":"article","og_title":"Esperia Life 80 | Dreven\u00e9 okn\u00e1 | Cedera","og_description":"Okn\u00e1 Esperia Life s\u00fa elegantn\u00e9 a z\u00e1rove\u0148 praktick\u00e9. S\u00fa to tepl\u00e9 okn\u00e1 s \u00fazkymi profilmi, v\u010faka ktor\u00fdm do interi\u00e9ru m\u00f4\u017ee prenika\u0165 zvonka a\u017e o 12% viac prirodzen\u00e9ho svetla.","og_url":"https:\/\/www.cedera-okna.sk\/sk\/esperia-life-80\/","og_site_name":"Cedera","article_publisher":"https:\/\/www.facebook.com\/okna.cedera\/","article_modified_time":"2026-03-03T17:19:43+00:00","twitter_misc":{"Predpokladan\u00fd \u010das \u010d\u00edtania":"3 min\u00faty"},"schema":{"@context":"https:\/\/schema.org","@graph":[{"@type":"WebPage","@id":"https:\/\/www.cedera-okna.sk\/sk\/esperia-life-80\/","url":"https:\/\/www.cedera-okna.sk\/sk\/esperia-life-80\/","name":"Esperia Life 80 | Dreven\u00e9 okn\u00e1 | Cedera","isPartOf":{"@id":"https:\/\/www.cedera-okna.sk\/sk\/#website"},"datePublished":"2025-07-13T07:55:31+00:00","dateModified":"2026-03-03T17:19:43+00:00","description":"Okn\u00e1 Esperia Life s\u00fa elegantn\u00e9 a z\u00e1rove\u0148 praktick\u00e9. S\u00fa to tepl\u00e9 okn\u00e1 s \u00fazkymi profilmi, v\u010faka ktor\u00fdm do interi\u00e9ru m\u00f4\u017ee prenika\u0165 zvonka a\u017e o 12% viac prirodzen\u00e9ho svetla.","breadcrumb":{"@id":"https:\/\/www.cedera-okna.sk\/sk\/esperia-life-80\/#breadcrumb"},"inLanguage":"sk-SK","potentialAction":[{"@type":"ReadAction","target":["https:\/\/www.cedera-okna.sk\/sk\/esperia-life-80\/"]}]},{"@type":"BreadcrumbList","@id":"https:\/\/www.cedera-okna.sk\/sk\/esperia-life-80\/#breadcrumb","itemListElement":[{"@type":"ListItem","position":1,"name":"Domovsk\u00e1 str\u00e1nka","item":"https:\/\/www.cedera-okna.sk\/sk\/"},{"@type":"ListItem","position":2,"name":"Esperia Life 80"}]},{"@type":"WebSite","@id":"https:\/\/www.cedera-okna.sk\/sk\/#website","url":"https:\/\/www.cedera-okna.sk\/sk\/","name":"Cedera","description":"Plastov\u00e9 okn\u00e1 Bratislava","publisher":{"@id":"https:\/\/www.cedera-okna.sk\/sk\/#organization"},"potentialAction":[{"@type":"SearchAction","target":{"@type":"EntryPoint","urlTemplate":"https:\/\/www.cedera-okna.sk\/sk\/?s={search_term_string}"},"query-input":{"@type":"PropertyValueSpecification","valueRequired":true,"valueName":"search_term_string"}}],"inLanguage":"sk-SK"},{"@type":"Organization","@id":"https:\/\/www.cedera-okna.sk\/sk\/#organization","name":"CEDERA s.r.o.","url":"https:\/\/www.cedera-okna.sk\/sk\/","logo":{"@type":"ImageObject","inLanguage":"sk-SK","@id":"https:\/\/www.cedera-okna.sk\/sk\/#\/schema\/logo\/image\/","url":"https:\/\/www.cedera-okna.sk\/wp-content\/uploads\/2018\/10\/Cedera-logo.png","contentUrl":"https:\/\/www.cedera-okna.sk\/wp-content\/uploads\/2018\/10\/Cedera-logo.png","width":190,"height":66,"caption":"CEDERA s.r.o."},"image":{"@id":"https:\/\/www.cedera-okna.sk\/sk\/#\/schema\/logo\/image\/"},"sameAs":["https:\/\/www.facebook.com\/okna.cedera\/"]}]}},"_links":{"self":[{"href":"https:\/\/www.cedera-okna.sk\/sk\/wp-json\/wp\/v2\/pages\/27713","targetHints":{"allow":["GET"]}}],"collection":[{"href":"https:\/\/www.cedera-okna.sk\/sk\/wp-json\/wp\/v2\/pages"}],"about":[{"href":"https:\/\/www.cedera-okna.sk\/sk\/wp-json\/wp\/v2\/types\/page"}],"author":[{"embeddable":true,"href":"https:\/\/www.cedera-okna.sk\/sk\/wp-json\/wp\/v2\/users\/3"}],"replies":[{"embeddable":true,"href":"https:\/\/www.cedera-okna.sk\/sk\/wp-json\/wp\/v2\/comments?post=27713"}],"version-history":[{"count":6,"href":"https:\/\/www.cedera-okna.sk\/sk\/wp-json\/wp\/v2\/pages\/27713\/revisions"}],"predecessor-version":[{"id":33818,"href":"https:\/\/www.cedera-okna.sk\/sk\/wp-json\/wp\/v2\/pages\/27713\/revisions\/33818"}],"wp:attachment":[{"href":"https:\/\/www.cedera-okna.sk\/sk\/wp-json\/wp\/v2\/media?parent=27713"}],"curies":[{"name":"wp","href":"https:\/\/api.w.org\/{rel}","templated":true}]}}