{"id":26597,"date":"2025-06-21T18:09:10","date_gmt":"2025-06-21T16:09:10","guid":{"rendered":"https:\/\/www.cedera-okna.sk\/sk\/?page_id=26597"},"modified":"2025-09-21T13:32:37","modified_gmt":"2025-09-21T11:32:37","slug":"eurookna-woodline-78","status":"publish","type":"page","link":"https:\/\/www.cedera-okna.sk\/sk\/eurookna-woodline-78\/","title":{"rendered":"Dreven\u00e9 okn\u00e1 &#8211; WoodLine 78 Plus"},"content":{"rendered":"<div class=\"wpb-content-wrapper\"><p>[vc_row][vc_column][vc_column_text css=&#8221;&#8221;]<\/p>\n<div id=\"info-box\">V\u00e1\u017een\u00ed z\u00e1kazn\u00edci. Predaj okenn\u00e9ho profilu WoodLine 78 Plus bol ukon\u010den\u00fd. Pozrite sa na novo pon\u00fakan\u00e9 profily <a href=\"https:\/\/www.cedera-okna.sk\/sk\/eurookna-drevene-okna\/\">dreven\u00fdch okien<\/a>.<br \/>\n\u010eakujeme za pochopenie.<\/div>\n<p>[\/vc_column_text][\/vc_column][\/vc_row][vc_row][vc_column][vc_column_text css=&#8221;&#8221;]Dreven\u00fd hranol najvy\u0161\u0161ej kvality, ktor\u00fd sa sklad\u00e1 z troch lamiel, ktor\u00e9 s\u00fa lepen\u00e9 r\u00f4znym smerom vl\u00e1kien pr\u00e1ve kv\u00f4li vy\u0161\u0161ej pevnosti, pru\u017enosti a dlh\u0161ej \u017eivotnosti dreven\u00fdch okien.[\/vc_column_text][\/vc_column][\/vc_row][vc_row][vc_column width=&#8221;1\/2&#8243;][vc_column_text css=&#8221;&#8221;]<\/p>\n<h3>Technick\u00e9 parametre:<\/h3>\n<ul>\n<li>stavebn\u00e1 h\u013abka profilu 78 mm<\/li>\n<li>zasklenie a\u017e do \u0161\u00edrky 48 mm<\/li>\n<li>mo\u017enos\u0165 kombin\u00e1cie dreviny i laz\u00fary<\/li>\n<li>laz\u00fary Remmers<\/li>\n<li>odtie\u0148 pod\u013ea vzorkovn\u00edka<\/li>\n<li>nemeck\u00e9 kovanie G-U<\/li>\n<li>tesnenie Schlegel<\/li>\n<\/ul>\n<p>[\/vc_column_text][\/vc_column][vc_column width=&#8221;1\/2&#8243;][vc_column_text css=&#8221;&#8221;]<\/p>\n<p>&nbsp;<\/p>\n<div id=\"attachment_3376\" style=\"width: 265px\" class=\"wp-caption alignnone\"><img decoding=\"async\" aria-describedby=\"caption-attachment-3376\" class=\"size-medium wp-image-3376\" src=\"https:\/\/www.cedera-okna.sk\/wp-content\/uploads\/2011\/10\/wood-line-255x300.png\" alt=\"Dreven\u00e9 eurookn\u00e1 WoodLine 78 Plus\" width=\"255\" height=\"300\" srcset=\"https:\/\/www.cedera-okna.sk\/wp-content\/uploads\/2011\/10\/wood-line-255x300.png 255w, https:\/\/www.cedera-okna.sk\/wp-content\/uploads\/2011\/10\/wood-line-300x353.png 300w, https:\/\/www.cedera-okna.sk\/wp-content\/uploads\/2011\/10\/wood-line.png 380w\" sizes=\"(max-width: 255px) 100vw, 255px\" \/><p id=\"caption-attachment-3376\" class=\"wp-caption-text\">Dreven\u00e9 eurookn\u00e1 WoodLine 78 Plus<\/p><\/div>[\/vc_column_text][\/vc_column][\/vc_row][vc_row][vc_column][vc_column_text css=&#8221;&#8221;]Pri tomto profile je mo\u017enos\u0165 vyrobenia kombinovan\u00e9ho hranola z r\u00f4znych druhov drev\u00edn. Napr\u00edklad kombin\u00e1cia lamiel \u2013 2 lamely z dreviny dub a jedna lamela z dreviny borovica. V\u00fdsledkom je odolnej\u0161ie Eurokno s estetickej\u0161\u00edm vzh\u013eadom.[\/vc_column_text][\/vc_column][\/vc_row][vc_row][vc_column][vc_column_text css=&#8221;&#8221;]<\/p>\n<h3>Farebn\u00e9 prevedenie<\/h3>\n<p>Farebn\u00e9 prevedenia je mo\u017en\u00e9 v prirodn\u00fdch farbach drev\u00edn pod\u013ea v\u00fdberu zo vzorkovn\u00edka farieb pre histor\u00edck\u00e9 stavby a tradi\u010dn\u00e9 domy a novostavby, pr\u00edpadne mo\u017enos\u0165 striekania eurookien do akejko\u013evek farby pod\u013ea vzorkovn\u00edka RAL pre modern\u00e9 stavby a taktie\u017e najn\u00e1ro\u010dnej\u0161ie po\u017eiadavky klienta.[\/vc_column_text][\/vc_column][\/vc_row][vc_row][vc_column][vc_column_text css=&#8221;&#8221;]<\/p>\n<h3>Povrchov\u00e1 \u00faprava<\/h3>\n<p>Povrchov\u00e1 \u00faprava je od nemeck\u00e9ho v\u00fdrobcu laz\u00far zna\u010dky Remmers na b\u00e1ze vody. Laz\u00fary Remmers su certifikovan\u00e9, bezpe\u010dn\u00e9, bez pr\u00edznakov alergick\u00fdch\u00a0 reakci\u00ed \u2013 tieto farby sa pou\u017e\u00edvaju aj pri farben\u00ed detsk\u00fdch hra\u010diek.[\/vc_column_text][\/vc_column][\/vc_row][vc_row][vc_column][vc_column_text css=&#8221;&#8221;]<\/p>\n<h3>Kovanie<\/h3>\n<p>Pou\u017e\u00edvame nemeck\u00e9 kovanie zna\u010dky G-U pre komfortn\u00e9 ovl\u00e1danie a 100% spo\u013eahlivos\u0165.[\/vc_column_text][\/vc_column][\/vc_row][vc_row][vc_column][vc_column_text css=&#8221;&#8221;]<\/p>\n<h3>Tesnenie<\/h3>\n<p>Nemeck\u00e9 tesnenia Schlegel v\u00fdrazne predl\u017euj\u00fa \u017eivotnos\u0165 a funk\u010dnos\u0165 dreven\u00fdch okien v porovnan\u00ed s klasick\u00fdm gumov\u00fdm tesnen\u00edm.[\/vc_column_text][\/vc_column][\/vc_row][vc_row][vc_column][vc_column_text css=&#8221;&#8221;]<\/p>\n<h2 style=\"text-align: center;\">M\u00e1te z\u00e1ujem o eurookn\u00e1 WoodLine 78 alebo in\u00fd profil dreven\u00fdch okien?<br \/>\nNev\u00e1hajte n\u00e1s kontaktova\u0165. Ozveme sa v\u00e1m do 24 hod\u00edn.<\/h2>\n<p>[\/vc_column_text]\n<div class=\"wpcf7 no-js\" id=\"wpcf7-f2486-o1\" lang=\"sk-SK\" dir=\"ltr\" data-wpcf7-id=\"2486\">\n<div class=\"screen-reader-response\"><p role=\"status\" aria-live=\"polite\" aria-atomic=\"true\"><\/p> <ul><\/ul><\/div>\n<form action=\"\/sk\/wp-json\/wp\/v2\/pages\/26597#wpcf7-f2486-o1\" method=\"post\" class=\"wpcf7-form init\" aria-label=\"Kontaktn\u00fd formul\u00e1r\" novalidate=\"novalidate\" data-status=\"init\">\n<fieldset class=\"hidden-fields-container\"><input type=\"hidden\" name=\"_wpcf7\" value=\"2486\" \/><input type=\"hidden\" name=\"_wpcf7_version\" value=\"6.1.5\" \/><input type=\"hidden\" name=\"_wpcf7_locale\" value=\"sk_SK\" \/><input type=\"hidden\" name=\"_wpcf7_unit_tag\" value=\"wpcf7-f2486-o1\" \/><input type=\"hidden\" name=\"_wpcf7_container_post\" value=\"0\" \/><input type=\"hidden\" name=\"_wpcf7_posted_data_hash\" value=\"\" \/><input type=\"hidden\" name=\"_wpcf7_recaptcha_response\" value=\"\" \/>\n<\/fieldset>\n<p><label><br \/>\n<span class=\"wpcf7-form-control-wrap\" data-name=\"your-name\"><input size=\"40\" maxlength=\"400\" class=\"wpcf7-form-control wpcf7-text wpcf7-validates-as-required\" aria-required=\"true\" aria-invalid=\"false\" placeholder=\"Meno*\" value=\"\" type=\"text\" name=\"your-name\" \/><\/span> <\/label>\n<\/p>\n<div class=\"sc_form_info columns_wrap\">\n\t<div class=\"sc_form_item sc_form_field label_over column-1_2\">\n\t\t<p><label><br \/>\n<span class=\"wpcf7-form-control-wrap\" data-name=\"your-telefon\"><input size=\"40\" maxlength=\"400\" class=\"wpcf7-form-control wpcf7-tel wpcf7-validates-as-required wpcf7-text wpcf7-validates-as-tel\" aria-required=\"true\" aria-invalid=\"false\" placeholder=\"Telef\u00f3n*\" value=\"\" type=\"tel\" name=\"your-telefon\" \/><\/span> <\/label>\n\t\t<\/p>\n\t<\/div>\n\t<div class=\"sc_form_item sc_form_field label_over column-1_2 pading0\">\n\t\t<p><label><br \/>\n<span class=\"wpcf7-form-control-wrap\" data-name=\"your-email\"><input size=\"40\" maxlength=\"400\" class=\"wpcf7-form-control wpcf7-email wpcf7-validates-as-required wpcf7-text wpcf7-validates-as-email\" aria-required=\"true\" aria-invalid=\"false\" placeholder=\"E-mail*\" value=\"\" type=\"email\" name=\"your-email\" \/><\/span><\/label>\n\t\t<\/p>\n\t<\/div>\n<\/div>\n<p><label><br \/>\n<span class=\"wpcf7-form-control-wrap\" data-name=\"your-message\"><textarea cols=\"40\" rows=\"10\" maxlength=\"2000\" class=\"wpcf7-form-control wpcf7-textarea\" aria-invalid=\"false\" placeholder=\"Pros\u00edm kontaktujte ma oh\u013eadom...\" name=\"your-message\"><\/textarea><\/span> <\/label>\n<\/p>\n<p><span class=\"wpcf7-form-control-wrap\" data-name=\"checkbox-597\"><span class=\"wpcf7-form-control wpcf7-checkbox wpcf7-validates-as-required\"><span class=\"wpcf7-list-item first last\"><input type=\"checkbox\" name=\"checkbox-597[]\" value=\"S\u00fahlas\u00edm so zpracovan\u00edm osobn\u00fdch \u00fadajov*\" \/><span class=\"wpcf7-list-item-label\">S\u00fahlas\u00edm so zpracovan\u00edm osobn\u00fdch \u00fadajov*<\/span><\/span><\/span><\/span>\n<\/p>\n<p><input class=\"wpcf7-form-control wpcf7-submit has-spinner\" type=\"submit\" value=\"Posla\u0165 po\u017eiadavku\" \/>\n<\/p>\n<p>*polo\u017eka je povinn\u00e1\n<\/p><div class=\"wpcf7-response-output\" aria-hidden=\"true\"><\/div>\n<\/form>\n<\/div>\n[\/vc_column][\/vc_row]<\/p>\n<\/div>","protected":false},"excerpt":{"rendered":"<p>[vc_row][vc_column][vc_column_text css=&#8221;&#8221;] V\u00e1\u017een\u00ed z\u00e1kazn\u00edci. Predaj okenn\u00e9ho profilu WoodLine 78 Plus bol ukon\u010den\u00fd. Pozrite sa na novo pon\u00fakan\u00e9 profily dreven\u00fdch okien. \u010eakujeme za pochopenie. [\/vc_column_text][\/vc_column][\/vc_row][vc_row][vc_column][vc_column_text css=&#8221;&#8221;]Dreven\u00fd hranol najvy\u0161\u0161ej kvality, ktor\u00fd sa sklad\u00e1 z troch lamiel, ktor\u00e9 s\u00fa lepen\u00e9 r\u00f4znym smerom vl\u00e1kien pr\u00e1ve kv\u00f4li vy\u0161\u0161ej pevnosti, pru\u017enosti a dlh\u0161ej \u017eivotnosti dreven\u00fdch okien.[\/vc_column_text][\/vc_column][\/vc_row][vc_row][vc_column width=&#8221;1\/2&#8243;][vc_column_text css=&#8221;&#8221;] Technick\u00e9 parametre: stavebn\u00e1 [&hellip;]<\/p>\n","protected":false},"author":3,"featured_media":0,"parent":0,"menu_order":0,"comment_status":"closed","ping_status":"closed","template":"","meta":{"footnotes":""},"class_list":["post-26597","page","type-page","status-publish","hentry"],"yoast_head":"<!-- This site is optimized with the Yoast SEO plugin v27.4 - https:\/\/yoast.com\/product\/yoast-seo-wordpress\/ -->\n<title>WoodLine 78 Plus | Dreven\u00e9 okn\u00e1 | Cedera<\/title>\n<meta name=\"description\" content=\"WoodLine 78 - dreven\u00fd hranol najvy\u0161\u0161ej kvality, zlo\u017een\u00fd z troch lamiel, ktor\u00e9 s\u00fa lepen\u00e9 r\u00f4znym smerom vl\u00e1kien kv\u00f4li vy\u0161\u0161ej pevnosti, pru\u017enosti a dlh\u0161ej \u017eivotnosti.\" \/>\n<meta name=\"robots\" content=\"index, follow, max-snippet:-1, max-image-preview:large, max-video-preview:-1\" \/>\n<link rel=\"canonical\" href=\"https:\/\/www.cedera-okna.sk\/sk\/eurookna-woodline-78\/\" \/>\n<meta property=\"og:locale\" content=\"sk_SK\" \/>\n<meta property=\"og:type\" content=\"article\" \/>\n<meta property=\"og:title\" content=\"WoodLine 78 Plus | Dreven\u00e9 okn\u00e1 | Cedera\" \/>\n<meta property=\"og:description\" content=\"WoodLine 78 - dreven\u00fd hranol najvy\u0161\u0161ej kvality, zlo\u017een\u00fd z troch lamiel, ktor\u00e9 s\u00fa lepen\u00e9 r\u00f4znym smerom vl\u00e1kien kv\u00f4li vy\u0161\u0161ej pevnosti, pru\u017enosti a dlh\u0161ej \u017eivotnosti.\" \/>\n<meta property=\"og:url\" content=\"https:\/\/www.cedera-okna.sk\/sk\/eurookna-woodline-78\/\" \/>\n<meta property=\"og:site_name\" content=\"Cedera\" \/>\n<meta property=\"article:publisher\" content=\"https:\/\/www.facebook.com\/okna.cedera\/\" \/>\n<meta property=\"article:modified_time\" content=\"2025-09-21T11:32:37+00:00\" \/>\n<meta property=\"og:image\" content=\"https:\/\/www.cedera-okna.sk\/wp-content\/uploads\/2011\/10\/wood-line.png\" \/>\n\t<meta property=\"og:image:width\" content=\"380\" \/>\n\t<meta property=\"og:image:height\" content=\"447\" \/>\n\t<meta property=\"og:image:type\" content=\"image\/png\" \/>\n<meta name=\"twitter:label1\" content=\"Predpokladan\u00fd \u010das \u010d\u00edtania\" \/>\n\t<meta name=\"twitter:data1\" content=\"2 min\u00faty\" \/>\n<!-- \/ Yoast SEO plugin. -->","yoast_head_json":{"title":"WoodLine 78 Plus | Dreven\u00e9 okn\u00e1 | Cedera","description":"WoodLine 78 - dreven\u00fd hranol najvy\u0161\u0161ej kvality, zlo\u017een\u00fd z troch lamiel, ktor\u00e9 s\u00fa lepen\u00e9 r\u00f4znym smerom vl\u00e1kien kv\u00f4li vy\u0161\u0161ej pevnosti, pru\u017enosti a dlh\u0161ej \u017eivotnosti.","robots":{"index":"index","follow":"follow","max-snippet":"max-snippet:-1","max-image-preview":"max-image-preview:large","max-video-preview":"max-video-preview:-1"},"canonical":"https:\/\/www.cedera-okna.sk\/sk\/eurookna-woodline-78\/","og_locale":"sk_SK","og_type":"article","og_title":"WoodLine 78 Plus | Dreven\u00e9 okn\u00e1 | Cedera","og_description":"WoodLine 78 - dreven\u00fd hranol najvy\u0161\u0161ej kvality, zlo\u017een\u00fd z troch lamiel, ktor\u00e9 s\u00fa lepen\u00e9 r\u00f4znym smerom vl\u00e1kien kv\u00f4li vy\u0161\u0161ej pevnosti, pru\u017enosti a dlh\u0161ej \u017eivotnosti.","og_url":"https:\/\/www.cedera-okna.sk\/sk\/eurookna-woodline-78\/","og_site_name":"Cedera","article_publisher":"https:\/\/www.facebook.com\/okna.cedera\/","article_modified_time":"2025-09-21T11:32:37+00:00","og_image":[{"width":380,"height":447,"url":"https:\/\/www.cedera-okna.sk\/wp-content\/uploads\/2011\/10\/wood-line.png","type":"image\/png"}],"twitter_misc":{"Predpokladan\u00fd \u010das \u010d\u00edtania":"2 min\u00faty"},"schema":{"@context":"https:\/\/schema.org","@graph":[{"@type":"WebPage","@id":"https:\/\/www.cedera-okna.sk\/sk\/eurookna-woodline-78\/","url":"https:\/\/www.cedera-okna.sk\/sk\/eurookna-woodline-78\/","name":"WoodLine 78 Plus | Dreven\u00e9 okn\u00e1 | Cedera","isPartOf":{"@id":"https:\/\/www.cedera-okna.sk\/sk\/#website"},"primaryImageOfPage":{"@id":"https:\/\/www.cedera-okna.sk\/sk\/eurookna-woodline-78\/#primaryimage"},"image":{"@id":"https:\/\/www.cedera-okna.sk\/sk\/eurookna-woodline-78\/#primaryimage"},"thumbnailUrl":"https:\/\/www.cedera-okna.sk\/wp-content\/uploads\/2011\/10\/wood-line-255x300.png","datePublished":"2025-06-21T16:09:10+00:00","dateModified":"2025-09-21T11:32:37+00:00","description":"WoodLine 78 - dreven\u00fd hranol najvy\u0161\u0161ej kvality, zlo\u017een\u00fd z troch lamiel, ktor\u00e9 s\u00fa lepen\u00e9 r\u00f4znym smerom vl\u00e1kien kv\u00f4li vy\u0161\u0161ej pevnosti, pru\u017enosti a dlh\u0161ej \u017eivotnosti.","breadcrumb":{"@id":"https:\/\/www.cedera-okna.sk\/sk\/eurookna-woodline-78\/#breadcrumb"},"inLanguage":"sk-SK","potentialAction":[{"@type":"ReadAction","target":["https:\/\/www.cedera-okna.sk\/sk\/eurookna-woodline-78\/"]}]},{"@type":"ImageObject","inLanguage":"sk-SK","@id":"https:\/\/www.cedera-okna.sk\/sk\/eurookna-woodline-78\/#primaryimage","url":"https:\/\/www.cedera-okna.sk\/wp-content\/uploads\/2011\/10\/wood-line-255x300.png","contentUrl":"https:\/\/www.cedera-okna.sk\/wp-content\/uploads\/2011\/10\/wood-line-255x300.png"},{"@type":"BreadcrumbList","@id":"https:\/\/www.cedera-okna.sk\/sk\/eurookna-woodline-78\/#breadcrumb","itemListElement":[{"@type":"ListItem","position":1,"name":"Domovsk\u00e1 str\u00e1nka","item":"https:\/\/www.cedera-okna.sk\/sk\/"},{"@type":"ListItem","position":2,"name":"Dreven\u00e9 okn\u00e1 &#8211; WoodLine 78 Plus"}]},{"@type":"WebSite","@id":"https:\/\/www.cedera-okna.sk\/sk\/#website","url":"https:\/\/www.cedera-okna.sk\/sk\/","name":"Cedera","description":"Plastov\u00e9 okn\u00e1 Bratislava","publisher":{"@id":"https:\/\/www.cedera-okna.sk\/sk\/#organization"},"potentialAction":[{"@type":"SearchAction","target":{"@type":"EntryPoint","urlTemplate":"https:\/\/www.cedera-okna.sk\/sk\/?s={search_term_string}"},"query-input":{"@type":"PropertyValueSpecification","valueRequired":true,"valueName":"search_term_string"}}],"inLanguage":"sk-SK"},{"@type":"Organization","@id":"https:\/\/www.cedera-okna.sk\/sk\/#organization","name":"CEDERA s.r.o.","url":"https:\/\/www.cedera-okna.sk\/sk\/","logo":{"@type":"ImageObject","inLanguage":"sk-SK","@id":"https:\/\/www.cedera-okna.sk\/sk\/#\/schema\/logo\/image\/","url":"https:\/\/www.cedera-okna.sk\/wp-content\/uploads\/2018\/10\/Cedera-logo.png","contentUrl":"https:\/\/www.cedera-okna.sk\/wp-content\/uploads\/2018\/10\/Cedera-logo.png","width":190,"height":66,"caption":"CEDERA s.r.o."},"image":{"@id":"https:\/\/www.cedera-okna.sk\/sk\/#\/schema\/logo\/image\/"},"sameAs":["https:\/\/www.facebook.com\/okna.cedera\/"]}]}},"_links":{"self":[{"href":"https:\/\/www.cedera-okna.sk\/sk\/wp-json\/wp\/v2\/pages\/26597","targetHints":{"allow":["GET"]}}],"collection":[{"href":"https:\/\/www.cedera-okna.sk\/sk\/wp-json\/wp\/v2\/pages"}],"about":[{"href":"https:\/\/www.cedera-okna.sk\/sk\/wp-json\/wp\/v2\/types\/page"}],"author":[{"embeddable":true,"href":"https:\/\/www.cedera-okna.sk\/sk\/wp-json\/wp\/v2\/users\/3"}],"replies":[{"embeddable":true,"href":"https:\/\/www.cedera-okna.sk\/sk\/wp-json\/wp\/v2\/comments?post=26597"}],"version-history":[{"count":3,"href":"https:\/\/www.cedera-okna.sk\/sk\/wp-json\/wp\/v2\/pages\/26597\/revisions"}],"predecessor-version":[{"id":31047,"href":"https:\/\/www.cedera-okna.sk\/sk\/wp-json\/wp\/v2\/pages\/26597\/revisions\/31047"}],"wp:attachment":[{"href":"https:\/\/www.cedera-okna.sk\/sk\/wp-json\/wp\/v2\/media?parent=26597"}],"curies":[{"name":"wp","href":"https:\/\/api.w.org\/{rel}","templated":true}]}}