{"id":246,"date":"2013-03-18T09:13:34","date_gmt":"2013-03-18T08:13:34","guid":{"rendered":"http:\/\/cedera-okna.sk\/index.php\/typy-dveri\/"},"modified":"2021-10-25T13:33:15","modified_gmt":"2021-10-25T11:33:15","slug":"interierove-dvere-na-mieru-typy-dveri","status":"publish","type":"page","link":"https:\/\/www.cedera-okna.sk\/sk\/interierove-dvere-na-mieru-typy-dveri\/","title":{"rendered":"Interi\u00e9rov\u00e9 dvere na mieru"},"content":{"rendered":"<div class=\"wpb-content-wrapper\"><p>[vc_row][vc_column][vc_column_text]<\/p>\n<div id=\"info-box\">V\u00e1\u017een\u00ed z\u00e1kazn\u00edci. Rozhodli sme sa ukon\u010di\u0165 cel\u00fd predaj interi\u00e9rov\u00fdch dver\u00ed a to vr\u00e1tane posuvn\u00fdch interi\u00e9rov\u00fdch dver\u00ed a ich mont\u00e1\u017ee. Predaj a mont\u00e1\u017e vonkaj\u0161\u00edch dver\u00ed zost\u00e1va zachovan\u00fd.<br \/>\n\u010eakujeme za pochopenie.<\/div>\n<p>Rekon\u0161truujete interi\u00e9r a\u00a0prem\u00fd\u0161\u013eate nad origin\u00e1lnym prvkom, ktor\u00fd ho osvie\u017ei? Vo\u013ete interi\u00e9rov\u00e9 dvere na mieru. Dvere pod\u013ea va\u0161ich predst\u00e1v sa m\u00f4\u017eu sta\u0165 dominantou miestnosti, alebo len pod\u010diarkn\u00fa\u0165 n\u00e1bytok a\u00a0ostatn\u00e9 bytov\u00e9 doplnky.<\/p>\n<p>V\u00a0prvom rade by ste si mali polo\u017ei\u0165 ot\u00e1zku, o\u00a0ak\u00e9 dvere na mieru m\u00e1te z\u00e1ujem. Uprednost\u0148ujete oto\u010dn\u00e9 dvere, zas\u00favacie, posuvn\u00e9 alebo kyvn\u00e9, ktor\u00e9 m\u00f4\u017eete otv\u00e1ra\u0165 na obe strany? Nechajte priestor svojej fant\u00e1zii a\u00a0kreativite. Vyberte si dvere pod\u013ea rozmeru, typu, materi\u00e1lu a\u00a0dizajnu.<\/p>\n<h2>Na v\u00fdber m\u00e1te hne\u010f z\u00a0nieko\u013ek\u00fdch typov dver\u00ed<\/h2>\n<ul>\n<li>\n<h2>Interi\u00e9rov\u00e9 dvere falcov\u00e9<\/h2>\n<\/li>\n<\/ul>\n<p>Tradi\u010dn\u00fd typ dver\u00ed s\u00a0polodr\u00e1\u017ekou m\u00e1 dvern\u00e9 kr\u00eddlo zasaden\u00e9 do p\u00e1ntov v z\u00e1rubni. To znamen\u00e1, \u017ee ak dvere zatvor\u00edte, po obvode budete bada\u0165 hranu, ktor\u00e1 vyst\u00fapi do priestoru.<\/p>\n<ul>\n<li>\n<h2>Interi\u00e9rov\u00e9 dvere bezfalcov\u00e9<\/h2>\n<\/li>\n<\/ul>\n<p><a href=\"http:\/\/cedera-okna.sk\/sk\/bezfalcove-dvere\/\">Bezfalcov\u00e9 dvere<\/a> s\u00fa bez polodr\u00e1\u017eky a\u00a0nemaj\u00fa \u017eiadnu profilovan\u00fa hranu. Dvern\u00e9 kr\u00eddlo do z\u00e1rubne dokonale zapadne, je s\u00a0\u0148ou v\u00a0jednej rovine. Pokia\u013e patr\u00edte medzi milovn\u00edkov modern\u00e9ho \u0161t\u00fdlu, tieto atypick\u00e9 dvere s\u00fa zaru\u010dene tou spr\u00e1vnou vo\u013ebou. Hladk\u00e1 a\u00a0neporu\u0161en\u00e1 l\u00ednia a\u00a0skryt\u00e9 p\u00e1nty vytvoria dokonale atrakt\u00edvny vzh\u013ead a\u00a0miestnos\u0165 zmenia na nepoznanie.<\/p>\n<ul>\n<li>\n<h2>Interi\u00e9rov\u00e9 dvere posuvn\u00e9 na stenu<\/h2>\n<\/li>\n<\/ul>\n<p>Zhora je na nich pripevnen\u00fd z\u00e1ves, v\u00a0ktorom s\u00fa umiestnen\u00e9 kolieska. Tie sa pri otv\u00e1ran\u00ed a\u00a0zatv\u00e1ran\u00ed dver\u00ed pohybuj\u00fa. Tento druh dver\u00ed by ste mali voli\u0165 vtedy, ak ste sa pre rekon\u0161trukciu rozhodli a\u017e dodato\u010dne. Nie je toti\u017e potrebn\u00e9 zasahova\u0165 do stien alebo ich b\u00fara\u0165. Viac o <a href=\"http:\/\/cedera-okna.sk\/sk\/interierove-posuvne-dvere\/\">interi\u00e9rov\u00fdch posuvn\u00fdch dver\u00e1ch<\/a>.<\/p>\n<ul>\n<li>\n<h2>Interi\u00e9rov\u00e9 dvere zas\u00favacie do puzdra<\/h2>\n<\/li>\n<\/ul>\n<p>Dvere sa po li\u0161te vsun\u00fa do priestoru v\u00a0stene. Puzdro m\u00f4\u017ee by\u0165 umiestnen\u00e9 len na jednej strane, alebo, ak m\u00e1te z\u00e1ujem o\u00a0dvojkr\u00eddlov\u00e9 dvere, na oboch. Najvhodnej\u0161ia na ich in\u0161tal\u00e1ciu je sadrokart\u00f3nov\u00e1 prie\u010dka. Zas\u00favacie dvere vytvoria prirodzen\u00e9 prepojenie medzi miestnos\u0165ami.<\/p>\n<ul>\n<li>\n<h2>Plastov\u00e9 vchodov\u00e9 dvere<\/h2>\n<\/li>\n<\/ul>\n<p>V tomto pr\u00edpade nejde o interi\u00e9rov\u00e9 dvere, ale o <a href=\"http:\/\/cedera-okna.sk\/sk\/plastove-vchodove-dvere\/\">plastov\u00e9 vchodov\u00e9 dvere<\/a> Salamander. Pozrite sa na na\u0161u ponuku.<\/p>\n<h3>Dosiahnite dokonalos\u0165 s\u00a0t\u00fdm prav\u00fdm materi\u00e1lom<\/h3>\n<p>Rozhodli ste sa pre dvere z\u00a0mas\u00edvu?\u00a0<b>Dreven\u00fd mas\u00edv<\/b> je ekologick\u00fd a\u00a0nez\u00e1vadn\u00fd materi\u00e1l, ktor\u00fd je oblepen\u00fd pr\u00edrodnou dyhou. Pr\u00edrodn\u00e1 dyha je zvy\u010dajne smrekov\u00e1, dubov\u00e1 alebo bukov\u00e1. K\u00a0dispoz\u00edcii s\u00fa ale aj \u010fal\u0161ie materi\u00e1ly, z\u00a0ktor\u00fdch si m\u00f4\u017eete vybera\u0165. Dvere sa hodia nielen do dom\u00e1cnost\u00ed, ale aj do ch\u00e1t \u010di zrubov.<\/p>\n<p>Modern\u00fd a\u00a0origin\u00e1lny r\u00e1z dver\u00e1m dod\u00e1 <a href=\"http:\/\/cedera-okna.sk\/sk\/moderne-interierove-dvere-typy-skiel\/\">sklo<\/a>. V\u010faka nemu presvetl\u00edte tmav\u00e9 interi\u00e9ry a\u00a0tie svetl\u00e9 od\u013eah\u010d\u00edte. Aj tu si m\u00f4\u017eete vybera\u0165 z\u00a0rozli\u010dn\u00fdch vzorov. Ornamentov\u00fdm sklom o\u017eiv\u00edte interi\u00e9r, matn\u00e9 alebo kaln\u00e9 sklo miestnostiam prid\u00e1 na elegancii.<\/p>\n<p>Je len na v\u00e1s, pre ak\u00e9 dvere sa rozhodnete. So sklom, bez skla, radi pre v\u00e1s vytvor\u00edme interi\u00e9rov\u00e9 dvere na mieru pod\u013ea va\u0161ich predst\u00e1v.<\/p>\n<p><img decoding=\"async\" class=\" size-full wp-image-201\" src=\"http:\/\/cedera-okna.sk\/wp-content\/uploads\/2013\/03\/1_02-1.jpg\" alt=\"1 02\" width=\"87\" height=\"210\" border=\"0\" \/><img decoding=\"async\" class=\" size-full wp-image-202\" src=\"http:\/\/cedera-okna.sk\/wp-content\/uploads\/2013\/03\/1_03-1.jpg\" alt=\"1 03\" width=\"87\" height=\"210\" border=\"0\" \/><img decoding=\"async\" class=\" size-full wp-image-203\" src=\"http:\/\/cedera-okna.sk\/wp-content\/uploads\/2013\/03\/1_04-1.jpg\" alt=\"1 04\" width=\"87\" height=\"210\" border=\"0\" \/><img decoding=\"async\" class=\" size-full wp-image-204\" src=\"http:\/\/cedera-okna.sk\/wp-content\/uploads\/2013\/03\/1_05-1.jpg\" alt=\"1 05\" width=\"87\" height=\"210\" border=\"0\" \/><img decoding=\"async\" class=\" size-full wp-image-205\" src=\"http:\/\/cedera-okna.sk\/wp-content\/uploads\/2013\/03\/1_06-1.jpg\" alt=\"1 06\" width=\"87\" height=\"210\" border=\"0\" \/><img decoding=\"async\" class=\" size-full wp-image-206\" src=\"http:\/\/cedera-okna.sk\/wp-content\/uploads\/2013\/03\/1_07-1.jpg\" alt=\"1 07\" width=\"87\" height=\"210\" border=\"0\" \/><img decoding=\"async\" class=\" size-full wp-image-207\" src=\"http:\/\/cedera-okna.sk\/wp-content\/uploads\/2013\/03\/1_08-1.jpg\" alt=\"1 08\" width=\"87\" height=\"210\" border=\"0\" \/><img decoding=\"async\" class=\" size-full wp-image-208\" src=\"http:\/\/cedera-okna.sk\/wp-content\/uploads\/2013\/03\/1_09-1.jpg\" alt=\"1 09\" width=\"87\" height=\"210\" border=\"0\" \/><img decoding=\"async\" class=\" size-full wp-image-209\" src=\"http:\/\/cedera-okna.sk\/wp-content\/uploads\/2013\/03\/1_10-1.jpg\" alt=\"1 10\" width=\"87\" height=\"210\" border=\"0\" \/><img decoding=\"async\" class=\" size-full wp-image-210\" src=\"http:\/\/cedera-okna.sk\/wp-content\/uploads\/2013\/03\/1_12-1.jpg\" alt=\"1 12\" width=\"87\" height=\"210\" border=\"0\" \/><img decoding=\"async\" class=\" size-full wp-image-211\" src=\"http:\/\/cedera-okna.sk\/wp-content\/uploads\/2013\/03\/1_13-1.jpg\" alt=\"1 13\" width=\"87\" height=\"210\" border=\"0\" \/><img decoding=\"async\" class=\" size-full wp-image-212\" src=\"http:\/\/cedera-okna.sk\/wp-content\/uploads\/2013\/03\/1_14-1.jpg\" alt=\"1 14\" width=\"87\" height=\"210\" border=\"0\" \/><img decoding=\"async\" class=\" size-full wp-image-213\" src=\"http:\/\/cedera-okna.sk\/wp-content\/uploads\/2013\/03\/1_15-1.jpg\" alt=\"1 15\" width=\"87\" height=\"210\" border=\"0\" \/><img decoding=\"async\" class=\" size-full wp-image-214\" src=\"http:\/\/cedera-okna.sk\/wp-content\/uploads\/2013\/03\/1_16-1.jpg\" alt=\"1 16\" width=\"87\" height=\"210\" border=\"0\" \/><img decoding=\"async\" class=\" size-full wp-image-215\" src=\"http:\/\/cedera-okna.sk\/wp-content\/uploads\/2013\/03\/1_17-1.jpg\" alt=\"1 17\" width=\"87\" height=\"210\" border=\"0\" \/><img decoding=\"async\" class=\" size-full wp-image-216\" src=\"http:\/\/cedera-okna.sk\/wp-content\/uploads\/2013\/03\/1_18-1.jpg\" alt=\"1 18\" width=\"87\" height=\"210\" border=\"0\" \/><img decoding=\"async\" class=\" size-full wp-image-217\" src=\"http:\/\/cedera-okna.sk\/wp-content\/uploads\/2013\/03\/1_19-1.jpg\" alt=\"1 19\" width=\"87\" height=\"210\" border=\"0\" \/><img decoding=\"async\" class=\" size-full wp-image-218\" src=\"http:\/\/cedera-okna.sk\/wp-content\/uploads\/2013\/03\/1_20-1.jpg\" alt=\"1 20\" width=\"87\" height=\"210\" border=\"0\" \/><img decoding=\"async\" class=\" size-full wp-image-219\" src=\"http:\/\/cedera-okna.sk\/wp-content\/uploads\/2013\/03\/1_21-1.jpg\" alt=\"1 21\" width=\"87\" height=\"210\" border=\"0\" \/><img decoding=\"async\" class=\" size-full wp-image-220\" src=\"http:\/\/cedera-okna.sk\/wp-content\/uploads\/2013\/03\/1_22-1.jpg\" alt=\"1 22\" width=\"87\" height=\"210\" border=\"0\" \/><img decoding=\"async\" class=\" size-full wp-image-221\" src=\"http:\/\/cedera-okna.sk\/wp-content\/uploads\/2013\/03\/1_23-1.jpg\" alt=\"1 23\" width=\"87\" height=\"210\" border=\"0\" \/><img decoding=\"async\" class=\" size-full wp-image-222\" src=\"http:\/\/cedera-okna.sk\/wp-content\/uploads\/2013\/03\/1_24-1.jpg\" alt=\"1 24\" width=\"87\" height=\"210\" border=\"0\" \/><img decoding=\"async\" class=\" size-full wp-image-223\" src=\"http:\/\/cedera-okna.sk\/wp-content\/uploads\/2013\/03\/1_25-1.jpg\" alt=\"1 25\" width=\"87\" height=\"210\" border=\"0\" \/><img decoding=\"async\" class=\" size-full wp-image-224\" src=\"http:\/\/cedera-okna.sk\/wp-content\/uploads\/2013\/03\/1_26-1.jpg\" alt=\"1 26\" width=\"87\" height=\"210\" border=\"0\" \/><img decoding=\"async\" class=\" size-full wp-image-225\" src=\"http:\/\/cedera-okna.sk\/wp-content\/uploads\/2013\/03\/1_27-1.jpg\" alt=\"1 27\" width=\"87\" height=\"210\" border=\"0\" \/><img decoding=\"async\" class=\" size-full wp-image-226\" src=\"http:\/\/cedera-okna.sk\/wp-content\/uploads\/2013\/03\/1_29-1.jpg\" alt=\"1 29\" width=\"87\" height=\"210\" border=\"0\" \/><img decoding=\"async\" class=\" size-full wp-image-227\" src=\"http:\/\/cedera-okna.sk\/wp-content\/uploads\/2013\/03\/1_31-1.jpg\" alt=\"1 31\" width=\"87\" height=\"210\" border=\"0\" \/><img decoding=\"async\" class=\" size-full wp-image-228\" src=\"http:\/\/cedera-okna.sk\/wp-content\/uploads\/2013\/03\/1_32-1.jpg\" alt=\"1 32\" width=\"87\" height=\"210\" border=\"0\" \/><img decoding=\"async\" class=\" size-full wp-image-229\" src=\"http:\/\/cedera-okna.sk\/wp-content\/uploads\/2013\/03\/1_33-1.jpg\" alt=\"1 33\" width=\"87\" height=\"210\" border=\"0\" \/><img decoding=\"async\" class=\" size-full wp-image-230\" src=\"http:\/\/cedera-okna.sk\/wp-content\/uploads\/2013\/03\/1_34-1.jpg\" alt=\"1 34\" width=\"87\" height=\"210\" border=\"0\" \/><img decoding=\"async\" class=\" size-full wp-image-231\" src=\"http:\/\/cedera-okna.sk\/wp-content\/uploads\/2013\/03\/1_35-1.jpg\" alt=\"1 35\" width=\"87\" height=\"210\" border=\"0\" \/><img decoding=\"async\" class=\" size-full wp-image-232\" src=\"http:\/\/cedera-okna.sk\/wp-content\/uploads\/2013\/03\/1_36-1.jpg\" alt=\"1 36\" width=\"87\" height=\"210\" border=\"0\" \/><img decoding=\"async\" class=\" size-full wp-image-233\" src=\"http:\/\/cedera-okna.sk\/wp-content\/uploads\/2013\/03\/1_37-1.jpg\" alt=\"1 37\" width=\"87\" height=\"210\" border=\"0\" \/><img decoding=\"async\" class=\" size-full wp-image-234\" src=\"http:\/\/cedera-okna.sk\/wp-content\/uploads\/2013\/03\/1_38-1.jpg\" alt=\"1 38\" width=\"87\" height=\"210\" border=\"0\" \/><img decoding=\"async\" class=\" size-full wp-image-235\" src=\"http:\/\/cedera-okna.sk\/wp-content\/uploads\/2013\/03\/1_39-1.jpg\" alt=\"1 39\" width=\"87\" height=\"210\" border=\"0\" \/><img decoding=\"async\" class=\" size-full wp-image-236\" src=\"http:\/\/cedera-okna.sk\/wp-content\/uploads\/2013\/03\/1_42-1.jpg\" alt=\"1 42\" width=\"87\" height=\"210\" border=\"0\" \/><img decoding=\"async\" class=\" size-full wp-image-237\" src=\"http:\/\/cedera-okna.sk\/wp-content\/uploads\/2013\/03\/1_43-1.jpg\" alt=\"1 43\" width=\"87\" height=\"210\" border=\"0\" \/><img decoding=\"async\" class=\" size-full wp-image-238\" src=\"http:\/\/cedera-okna.sk\/wp-content\/uploads\/2013\/03\/1_44-1.jpg\" alt=\"1 44\" width=\"87\" height=\"210\" border=\"0\" \/><img decoding=\"async\" class=\" size-full wp-image-239\" src=\"http:\/\/cedera-okna.sk\/wp-content\/uploads\/2013\/03\/1_45-1.jpg\" alt=\"1 45\" width=\"87\" height=\"210\" border=\"0\" \/><img decoding=\"async\" class=\" size-full wp-image-240\" src=\"http:\/\/cedera-okna.sk\/wp-content\/uploads\/2013\/03\/1_46-1.jpg\" alt=\"1 46\" width=\"87\" height=\"210\" border=\"0\" \/><img decoding=\"async\" class=\" size-full wp-image-241\" src=\"http:\/\/cedera-okna.sk\/wp-content\/uploads\/2013\/03\/1_48-1.jpg\" alt=\"1 48\" width=\"87\" height=\"210\" border=\"0\" \/><img decoding=\"async\" class=\" size-full wp-image-242\" src=\"http:\/\/cedera-okna.sk\/wp-content\/uploads\/2013\/03\/1_49-1.jpg\" alt=\"1 49\" width=\"87\" height=\"210\" border=\"0\" \/><img decoding=\"async\" class=\" size-full wp-image-243\" src=\"http:\/\/cedera-okna.sk\/wp-content\/uploads\/2013\/03\/1_50-1.jpg\" alt=\"1 50\" width=\"87\" height=\"210\" border=\"0\" \/><img decoding=\"async\" class=\" size-full wp-image-244\" src=\"http:\/\/cedera-okna.sk\/wp-content\/uploads\/2013\/03\/1_51-1.jpg\" alt=\"1 51\" width=\"87\" height=\"210\" border=\"0\" \/><img decoding=\"async\" class=\" size-full wp-image-245\" src=\"http:\/\/cedera-okna.sk\/wp-content\/uploads\/2013\/03\/1_52-1.jpg\" alt=\"1 52\" width=\"87\" height=\"210\" border=\"0\" \/><\/p>\n<p>Vyberte si z r\u00f4znych variant v na\u0161ej ponuke. Ke\u010f sa v\u00e1m nejak\u00e9 zap\u00e1\u010dia, dajte n\u00e1m vedie\u0165 a vyrob\u00edme v\u00e1m interi\u00e9rov\u00e9 dvere na mieru, ktor\u00e9 splnia va\u0161e o\u010dak\u00e1vania.<\/p>\n<div><\/div>\n<p>[\/vc_column_text][\/vc_column][\/vc_row][vc_row css=&#8221;.vc_custom_1476800502614{margin-top: 50px !important;}&#8221;][vc_column][vc_column_text]<\/p>\n<h2 style=\"text-align: center;\">M\u00e1te z\u00e1ujem o nov\u00e9 interi\u00e9rov\u00e9 dvere na mieru alebo si necha\u0165 poradi\u0165?<br \/>\nVypl\u0148te formul\u00e1r ni\u017e\u0161ie a ozveme sa v\u00e1m do 24 hod\u00edn.<\/h2>\n<p>[\/vc_column_text]\n<div class=\"wpcf7 no-js\" id=\"wpcf7-f2486-o1\" lang=\"sk-SK\" dir=\"ltr\" data-wpcf7-id=\"2486\">\n<div class=\"screen-reader-response\"><p role=\"status\" aria-live=\"polite\" aria-atomic=\"true\"><\/p> <ul><\/ul><\/div>\n<form action=\"\/sk\/wp-json\/wp\/v2\/pages\/246#wpcf7-f2486-o1\" method=\"post\" class=\"wpcf7-form init\" aria-label=\"Kontaktn\u00fd formul\u00e1r\" novalidate=\"novalidate\" data-status=\"init\">\n<fieldset class=\"hidden-fields-container\"><input type=\"hidden\" name=\"_wpcf7\" value=\"2486\" \/><input type=\"hidden\" name=\"_wpcf7_version\" value=\"6.1.5\" \/><input type=\"hidden\" name=\"_wpcf7_locale\" value=\"sk_SK\" \/><input type=\"hidden\" name=\"_wpcf7_unit_tag\" value=\"wpcf7-f2486-o1\" \/><input type=\"hidden\" name=\"_wpcf7_container_post\" value=\"0\" \/><input type=\"hidden\" name=\"_wpcf7_posted_data_hash\" value=\"\" \/><input type=\"hidden\" name=\"_wpcf7_recaptcha_response\" value=\"\" \/>\n<\/fieldset>\n<p><label><br \/>\n<span class=\"wpcf7-form-control-wrap\" data-name=\"your-name\"><input size=\"40\" maxlength=\"400\" class=\"wpcf7-form-control wpcf7-text wpcf7-validates-as-required\" aria-required=\"true\" aria-invalid=\"false\" placeholder=\"Meno*\" value=\"\" type=\"text\" name=\"your-name\" \/><\/span> <\/label>\n<\/p>\n<div class=\"sc_form_info columns_wrap\">\n\t<div class=\"sc_form_item sc_form_field label_over column-1_2\">\n\t\t<p><label><br \/>\n<span class=\"wpcf7-form-control-wrap\" data-name=\"your-telefon\"><input size=\"40\" maxlength=\"400\" class=\"wpcf7-form-control wpcf7-tel wpcf7-validates-as-required wpcf7-text wpcf7-validates-as-tel\" aria-required=\"true\" aria-invalid=\"false\" placeholder=\"Telef\u00f3n*\" value=\"\" type=\"tel\" name=\"your-telefon\" \/><\/span> <\/label>\n\t\t<\/p>\n\t<\/div>\n\t<div class=\"sc_form_item sc_form_field label_over column-1_2 pading0\">\n\t\t<p><label><br \/>\n<span class=\"wpcf7-form-control-wrap\" data-name=\"your-email\"><input size=\"40\" maxlength=\"400\" class=\"wpcf7-form-control wpcf7-email wpcf7-validates-as-required wpcf7-text wpcf7-validates-as-email\" aria-required=\"true\" aria-invalid=\"false\" placeholder=\"E-mail*\" value=\"\" type=\"email\" name=\"your-email\" \/><\/span><\/label>\n\t\t<\/p>\n\t<\/div>\n<\/div>\n<p><label><br \/>\n<span class=\"wpcf7-form-control-wrap\" data-name=\"your-message\"><textarea cols=\"40\" rows=\"10\" maxlength=\"2000\" class=\"wpcf7-form-control wpcf7-textarea\" aria-invalid=\"false\" placeholder=\"Pros\u00edm kontaktujte ma oh\u013eadom...\" name=\"your-message\"><\/textarea><\/span> <\/label>\n<\/p>\n<p><span class=\"wpcf7-form-control-wrap\" data-name=\"checkbox-597\"><span class=\"wpcf7-form-control wpcf7-checkbox wpcf7-validates-as-required\"><span class=\"wpcf7-list-item first last\"><input type=\"checkbox\" name=\"checkbox-597[]\" value=\"S\u00fahlas\u00edm so zpracovan\u00edm osobn\u00fdch \u00fadajov*\" \/><span class=\"wpcf7-list-item-label\">S\u00fahlas\u00edm so zpracovan\u00edm osobn\u00fdch \u00fadajov*<\/span><\/span><\/span><\/span>\n<\/p>\n<p><input class=\"wpcf7-form-control wpcf7-submit has-spinner\" type=\"submit\" value=\"Posla\u0165 po\u017eiadavku\" \/>\n<\/p>\n<p>*polo\u017eka je povinn\u00e1\n<\/p><div class=\"wpcf7-response-output\" aria-hidden=\"true\"><\/div>\n<\/form>\n<\/div>\n[\/vc_column][\/vc_row]<\/p>\n<\/div>","protected":false},"excerpt":{"rendered":"<p>[vc_row][vc_column][vc_column_text] V\u00e1\u017een\u00ed z\u00e1kazn\u00edci. Rozhodli sme sa ukon\u010di\u0165 cel\u00fd predaj interi\u00e9rov\u00fdch dver\u00ed a to vr\u00e1tane posuvn\u00fdch interi\u00e9rov\u00fdch dver\u00ed a ich mont\u00e1\u017ee. Predaj a mont\u00e1\u017e vonkaj\u0161\u00edch dver\u00ed zost\u00e1va zachovan\u00fd. \u010eakujeme za pochopenie. Rekon\u0161truujete interi\u00e9r a\u00a0prem\u00fd\u0161\u013eate nad origin\u00e1lnym prvkom, ktor\u00fd ho osvie\u017ei? Vo\u013ete interi\u00e9rov\u00e9 dvere na mieru. Dvere pod\u013ea va\u0161ich predst\u00e1v sa m\u00f4\u017eu sta\u0165 dominantou miestnosti, alebo len [&hellip;]<\/p>\n","protected":false},"author":3,"featured_media":201,"parent":0,"menu_order":9,"comment_status":"closed","ping_status":"closed","template":"","meta":{"footnotes":""},"class_list":["post-246","page","type-page","status-publish","has-post-thumbnail","hentry"],"yoast_head":"<!-- This site is optimized with the Yoast SEO plugin v27.4 - https:\/\/yoast.com\/product\/yoast-seo-wordpress\/ -->\n<title>Interi\u00e9rov\u00e9 dvere na mieru \u2013 vyberte si typ dver\u00ed | Cedera<\/title>\n<meta name=\"description\" content=\"Sta\u010d\u00ed si vybra\u0165 typ dver\u00ed a my v\u00e1m vyrob\u00edme interi\u00e9rov\u00e9 dvere na mieru, ktor\u00e9 splnia va\u0161e po\u017eiadavky a hodia sa v v\u00e1\u0161mu domovu.\" \/>\n<meta name=\"robots\" content=\"index, follow, max-snippet:-1, max-image-preview:large, max-video-preview:-1\" \/>\n<link rel=\"canonical\" href=\"https:\/\/www.cedera-okna.sk\/sk\/interierove-dvere-na-mieru-typy-dveri\/\" \/>\n<meta property=\"og:locale\" content=\"sk_SK\" \/>\n<meta property=\"og:type\" content=\"article\" \/>\n<meta property=\"og:title\" content=\"Interi\u00e9rov\u00e9 dvere na mieru \u2013 vyberte si typ dver\u00ed | Cedera\" \/>\n<meta property=\"og:description\" content=\"Sta\u010d\u00ed si vybra\u0165 typ dver\u00ed a my v\u00e1m vyrob\u00edme interi\u00e9rov\u00e9 dvere na mieru, ktor\u00e9 splnia va\u0161e po\u017eiadavky a hodia sa v v\u00e1\u0161mu domovu.\" \/>\n<meta property=\"og:url\" content=\"https:\/\/www.cedera-okna.sk\/sk\/interierove-dvere-na-mieru-typy-dveri\/\" \/>\n<meta property=\"og:site_name\" content=\"Cedera\" \/>\n<meta property=\"article:publisher\" content=\"https:\/\/www.facebook.com\/okna.cedera\/\" \/>\n<meta property=\"article:modified_time\" content=\"2021-10-25T11:33:15+00:00\" \/>\n<meta property=\"og:image\" content=\"https:\/\/www.cedera-okna.sk\/wp-content\/uploads\/2013\/03\/1_02-1.jpg\" \/>\n\t<meta property=\"og:image:width\" content=\"87\" \/>\n\t<meta property=\"og:image:height\" content=\"210\" \/>\n\t<meta property=\"og:image:type\" content=\"image\/jpeg\" \/>\n<meta name=\"twitter:label1\" content=\"Predpokladan\u00fd \u010das \u010d\u00edtania\" \/>\n\t<meta name=\"twitter:data1\" content=\"3 min\u00faty\" \/>\n<!-- \/ Yoast SEO plugin. -->","yoast_head_json":{"title":"Interi\u00e9rov\u00e9 dvere na mieru \u2013 vyberte si typ dver\u00ed | Cedera","description":"Sta\u010d\u00ed si vybra\u0165 typ dver\u00ed a my v\u00e1m vyrob\u00edme interi\u00e9rov\u00e9 dvere na mieru, ktor\u00e9 splnia va\u0161e po\u017eiadavky a hodia sa v v\u00e1\u0161mu domovu.","robots":{"index":"index","follow":"follow","max-snippet":"max-snippet:-1","max-image-preview":"max-image-preview:large","max-video-preview":"max-video-preview:-1"},"canonical":"https:\/\/www.cedera-okna.sk\/sk\/interierove-dvere-na-mieru-typy-dveri\/","og_locale":"sk_SK","og_type":"article","og_title":"Interi\u00e9rov\u00e9 dvere na mieru \u2013 vyberte si typ dver\u00ed | Cedera","og_description":"Sta\u010d\u00ed si vybra\u0165 typ dver\u00ed a my v\u00e1m vyrob\u00edme interi\u00e9rov\u00e9 dvere na mieru, ktor\u00e9 splnia va\u0161e po\u017eiadavky a hodia sa v v\u00e1\u0161mu domovu.","og_url":"https:\/\/www.cedera-okna.sk\/sk\/interierove-dvere-na-mieru-typy-dveri\/","og_site_name":"Cedera","article_publisher":"https:\/\/www.facebook.com\/okna.cedera\/","article_modified_time":"2021-10-25T11:33:15+00:00","og_image":[{"width":87,"height":210,"url":"https:\/\/www.cedera-okna.sk\/wp-content\/uploads\/2013\/03\/1_02-1.jpg","type":"image\/jpeg"}],"twitter_misc":{"Predpokladan\u00fd \u010das \u010d\u00edtania":"3 min\u00faty"},"schema":{"@context":"https:\/\/schema.org","@graph":[{"@type":"WebPage","@id":"https:\/\/www.cedera-okna.sk\/sk\/interierove-dvere-na-mieru-typy-dveri\/","url":"https:\/\/www.cedera-okna.sk\/sk\/interierove-dvere-na-mieru-typy-dveri\/","name":"Interi\u00e9rov\u00e9 dvere na mieru \u2013 vyberte si typ dver\u00ed | Cedera","isPartOf":{"@id":"https:\/\/www.cedera-okna.sk\/sk\/#website"},"primaryImageOfPage":{"@id":"https:\/\/www.cedera-okna.sk\/sk\/interierove-dvere-na-mieru-typy-dveri\/#primaryimage"},"image":{"@id":"https:\/\/www.cedera-okna.sk\/sk\/interierove-dvere-na-mieru-typy-dveri\/#primaryimage"},"thumbnailUrl":"https:\/\/www.cedera-okna.sk\/wp-content\/uploads\/2013\/03\/1_02-1.jpg","datePublished":"2013-03-18T08:13:34+00:00","dateModified":"2021-10-25T11:33:15+00:00","description":"Sta\u010d\u00ed si vybra\u0165 typ dver\u00ed a my v\u00e1m vyrob\u00edme interi\u00e9rov\u00e9 dvere na mieru, ktor\u00e9 splnia va\u0161e po\u017eiadavky a hodia sa v v\u00e1\u0161mu domovu.","breadcrumb":{"@id":"https:\/\/www.cedera-okna.sk\/sk\/interierove-dvere-na-mieru-typy-dveri\/#breadcrumb"},"inLanguage":"sk-SK","potentialAction":[{"@type":"ReadAction","target":["https:\/\/www.cedera-okna.sk\/sk\/interierove-dvere-na-mieru-typy-dveri\/"]}]},{"@type":"ImageObject","inLanguage":"sk-SK","@id":"https:\/\/www.cedera-okna.sk\/sk\/interierove-dvere-na-mieru-typy-dveri\/#primaryimage","url":"https:\/\/www.cedera-okna.sk\/wp-content\/uploads\/2013\/03\/1_02-1.jpg","contentUrl":"https:\/\/www.cedera-okna.sk\/wp-content\/uploads\/2013\/03\/1_02-1.jpg","width":87,"height":210,"caption":"1 02"},{"@type":"BreadcrumbList","@id":"https:\/\/www.cedera-okna.sk\/sk\/interierove-dvere-na-mieru-typy-dveri\/#breadcrumb","itemListElement":[{"@type":"ListItem","position":1,"name":"Domovsk\u00e1 str\u00e1nka","item":"https:\/\/www.cedera-okna.sk\/sk\/"},{"@type":"ListItem","position":2,"name":"Interi\u00e9rov\u00e9 dvere na mieru"}]},{"@type":"WebSite","@id":"https:\/\/www.cedera-okna.sk\/sk\/#website","url":"https:\/\/www.cedera-okna.sk\/sk\/","name":"Cedera","description":"Plastov\u00e9 okn\u00e1 Bratislava","publisher":{"@id":"https:\/\/www.cedera-okna.sk\/sk\/#organization"},"potentialAction":[{"@type":"SearchAction","target":{"@type":"EntryPoint","urlTemplate":"https:\/\/www.cedera-okna.sk\/sk\/?s={search_term_string}"},"query-input":{"@type":"PropertyValueSpecification","valueRequired":true,"valueName":"search_term_string"}}],"inLanguage":"sk-SK"},{"@type":"Organization","@id":"https:\/\/www.cedera-okna.sk\/sk\/#organization","name":"CEDERA s.r.o.","url":"https:\/\/www.cedera-okna.sk\/sk\/","logo":{"@type":"ImageObject","inLanguage":"sk-SK","@id":"https:\/\/www.cedera-okna.sk\/sk\/#\/schema\/logo\/image\/","url":"https:\/\/www.cedera-okna.sk\/wp-content\/uploads\/2018\/10\/Cedera-logo.png","contentUrl":"https:\/\/www.cedera-okna.sk\/wp-content\/uploads\/2018\/10\/Cedera-logo.png","width":190,"height":66,"caption":"CEDERA s.r.o."},"image":{"@id":"https:\/\/www.cedera-okna.sk\/sk\/#\/schema\/logo\/image\/"},"sameAs":["https:\/\/www.facebook.com\/okna.cedera\/"]}]}},"_links":{"self":[{"href":"https:\/\/www.cedera-okna.sk\/sk\/wp-json\/wp\/v2\/pages\/246","targetHints":{"allow":["GET"]}}],"collection":[{"href":"https:\/\/www.cedera-okna.sk\/sk\/wp-json\/wp\/v2\/pages"}],"about":[{"href":"https:\/\/www.cedera-okna.sk\/sk\/wp-json\/wp\/v2\/types\/page"}],"author":[{"embeddable":true,"href":"https:\/\/www.cedera-okna.sk\/sk\/wp-json\/wp\/v2\/users\/3"}],"replies":[{"embeddable":true,"href":"https:\/\/www.cedera-okna.sk\/sk\/wp-json\/wp\/v2\/comments?post=246"}],"version-history":[{"count":15,"href":"https:\/\/www.cedera-okna.sk\/sk\/wp-json\/wp\/v2\/pages\/246\/revisions"}],"predecessor-version":[{"id":10255,"href":"https:\/\/www.cedera-okna.sk\/sk\/wp-json\/wp\/v2\/pages\/246\/revisions\/10255"}],"wp:featuredmedia":[{"embeddable":true,"href":"https:\/\/www.cedera-okna.sk\/sk\/wp-json\/wp\/v2\/media\/201"}],"wp:attachment":[{"href":"https:\/\/www.cedera-okna.sk\/sk\/wp-json\/wp\/v2\/media?parent=246"}],"curies":[{"name":"wp","href":"https:\/\/api.w.org\/{rel}","templated":true}]}}