{"id":200,"date":"2013-03-18T08:42:37","date_gmt":"2013-03-18T07:42:37","guid":{"rendered":"http:\/\/cedera-okna.sk\/index.php\/interierove-dvere\/"},"modified":"2021-10-24T13:20:17","modified_gmt":"2021-10-24T11:20:17","slug":"interierove-dvere","status":"publish","type":"page","link":"https:\/\/www.cedera-okna.sk\/sk\/interierove-dvere\/","title":{"rendered":"Interi\u00e9rov\u00e9 dvere"},"content":{"rendered":"<div class=\"wpb-content-wrapper\"><p>[vc_row][vc_column][vc_column_text]<\/p>\n<div id=\"info-box\">V\u00e1\u017een\u00ed z\u00e1kazn\u00edci. Rozhodli sme sa ukon\u010di\u0165 cel\u00fd predaj interi\u00e9rov\u00fdch dver\u00ed a to vr\u00e1tane posuvn\u00fdch interi\u00e9rov\u00fdch dver\u00ed a ich mont\u00e1\u017ee. Predaj a mont\u00e1\u017e vonkaj\u0161\u00edch dver\u00ed zost\u00e1va zachovan\u00fd.<br \/>\n\u010eakujeme za pochopenie.<\/div>\n<p>Interi\u00e9rov\u00e9 dvere s\u00fa s\u00fa\u010das\u0165ou architekt\u00fary vn\u00fatorn\u00e9ho priestoru a ur\u010dit\u00fdm sp\u00f4sobom prispievaj\u00fa k atmosf\u00e9re pohody, obrazu \u010di vkusu ich majite\u013ea.<\/p>\n<p>Interierov\u00e9 dvere vyr\u00e1bame z dreven\u00e9ho mas\u00edvu, na ktor\u00fd je kv\u00f4li bezchybn\u00e9mu vzh\u013eadu nalepen\u00e1 pr\u00edrodn\u00e1 dyha zo smreku, dubu, buku popr\u00edpade z in\u00fdch dostupn\u00fdch materi\u00e1lov. K modern\u00e9mu vzh\u013eadu interierov\u00fdch dver\u00ed patr\u00ed neodmyslitelne oblo\u017ekovan\u00e1 bezbarierov\u00e1 z\u00e1rub\u0148a r\u00f4zn\u00fdch \u0161\u00edrok a tvarov pod\u013ea \u017eelania z\u00e1kaznika.<\/p>\n<h2>Bezfalcov\u00e9 interi\u00e9rov\u00e9 dvere<\/h2>\n<p>Interi\u00e9rov\u00e9 <a href=\"http:\/\/cedera-okna.sk\/sk\/bezfalcove-dvere\/\">bezfalcov\u00e9 dvere<\/a> (alebo bezpolodr\u00e1\u017ekov\u00e9 dvere), s\u00fa n\u00e1kladnej\u0161ie, ale o to viacej s\u00fa efektn\u00fdm designov\u00fdm prvkom v interi\u00e9ri, ke\u010f je kr\u00eddlo kompletne vsaden\u00e9 do oblo\u017ekovej z\u00e1rubne so skryt\u00fdmi a poh\u013eadovo nevidite\u013en\u00fdmi z\u00e1vesmi. S\u00fa vhodnou vo\u013ebou pre ka\u017ed\u00fd modern\u00fd interi\u00e9r.<\/p>\n<p>Ve\u013emi n\u00e1ro\u010dn\u00ed z\u00e1kazn\u00edci ur\u010dite ocenia aj exkluz\u00edvny model bezpolodr\u00e1\u017ekov\u00e9ho prevedenia s magnetick\u00fdm z\u00e1mkom. Toto nad\u0161tandardn\u00e9 prevedenie zais\u0165uje ve\u013emi tich\u00fd chod dver\u00ed a vyzna\u010duje sa protiplechom, ktor\u00fd je skryt\u00fd v polodr\u00e1\u017eke z\u00e1rubne a nie je tak z poh\u013eadovej strany dver\u00ed vidie\u0165.<\/p>\n<h2>Bezfalcov\u00e9 interi\u00e9rov\u00e9 dvere s oblo\u017ekovou z\u00e1rub\u0148ou<\/h2>\n<p>S\u00fa dvere so zapusten\u00fdmi p\u00e1ntami v \u0161peci\u00e1lnej oblo\u017ekovej z\u00e1rubni, ktor\u00e9 p\u00f4sobia ve\u013emi pekn\u00fdm a modern\u00fdm dojmom.<\/p>\n<p><img decoding=\"async\" class=\" size-full wp-image-188\" style=\"margin: 15px;\" src=\"http:\/\/cedera-okna.sk\/wp-content\/uploads\/2013\/03\/P1010519-1.jpg\" alt=\"P1010519\" width=\"150\" height=\"200\" border=\"0\" \/><img decoding=\"async\" class=\" size-full wp-image-189\" style=\"margin: 15px;\" src=\"http:\/\/cedera-okna.sk\/wp-content\/uploads\/2013\/03\/P1050009-1.jpg\" alt=\"P1050009\" width=\"150\" height=\"200\" border=\"0\" \/><img decoding=\"async\" class=\" size-full wp-image-190\" style=\"margin: 15px;\" src=\"http:\/\/cedera-okna.sk\/wp-content\/uploads\/2013\/03\/P1050010-1.jpg\" alt=\"P1050010\" width=\"150\" height=\"200\" border=\"0\" \/><\/p>\n<h2>Bezfalcov\u00e9 interi\u00e9rov\u00e9 dvere bez oblo\u017ekovej z\u00e1rubne<\/h2>\n<p>Bezfalcov\u00e9 dvere bez oblo\u017ekovej z\u00e1rubne s\u00fa kombin\u00e1ciou najexkluz\u00edvnej\u0161\u00edch rie\u0161en\u00ed dverov\u00fdch uz\u00e1verov. Vyu\u017e\u00edva sa obzvl\u00e1\u0161\u0165 tam, kde m\u00e1 by\u0165 interi\u00e9r origin\u00e1lny, \u0161t\u00fdlov\u00fd a atypick\u00fd. Z\u00e1kladn\u00fdm prvkom s\u00fa tenk\u00e9 a modern\u00e9 l\u00ednie.<br \/>\n<img decoding=\"async\" class=\" size-full wp-image-191\" style=\"margin: 15px;\" src=\"http:\/\/cedera-okna.sk\/wp-content\/uploads\/2013\/03\/IMG_1485-1.jpg\" alt=\"IMG 1485\" width=\"150\" height=\"200\" border=\"0\" \/> <img decoding=\"async\" class=\" size-full wp-image-192\" style=\"margin: 15px;\" src=\"http:\/\/cedera-okna.sk\/wp-content\/uploads\/2013\/03\/IMG_1640-1.jpg\" alt=\"IMG 1640\" width=\"150\" height=\"200\" border=\"0\" \/><img decoding=\"async\" class=\" size-full wp-image-193\" style=\"margin: 15px;\" src=\"http:\/\/cedera-okna.sk\/wp-content\/uploads\/2013\/03\/IMG_1642-1.jpg\" alt=\"IMG 1642\" width=\"150\" height=\"200\" border=\"0\" \/><\/p>\n<h2>Falcov\u00e9 dvere<\/h2>\n<p>Polodr\u00e1\u017ekov\u00e9 dvere s\u00fa sn\u00e1\u010f najstar\u0161ou a najbe\u017enej\u0161ou kon\u0161trukciou. Maj\u00fa polodr\u00e1\u017eku po celom svojom obvode. Pri zatvoren\u00ed s\u00fa nalo\u017een\u00e9 na oblo\u017ek\u00e1ch z\u00e1rubne, \u010d\u00edm presahuj\u00fa do priestoru a tvoria plastick\u00fd lem. T\u00fato kon\u0161trukciu vhodne umoc\u0148uje v\u00fdrazne profilovan\u00e1 hrana dver\u00ed a z\u00e1rubn\u00ed.<\/p>\n<p><img decoding=\"async\" class=\" size-full wp-image-194\" style=\"margin: 15px;\" src=\"http:\/\/cedera-okna.sk\/wp-content\/uploads\/2013\/03\/Svo__ov2-1.jpg\" alt=\"Svo _ov2\" width=\"150\" height=\"200\" border=\"0\" \/><img decoding=\"async\" class=\" size-full wp-image-195\" style=\"margin: 15px;\" src=\"http:\/\/cedera-okna.sk\/wp-content\/uploads\/2013\/03\/Senec-1.jpg\" alt=\"Senec\" width=\"150\" height=\"200\" border=\"0\" \/><img decoding=\"async\" class=\" size-full wp-image-196\" style=\"margin: 15px;\" src=\"http:\/\/cedera-okna.sk\/wp-content\/uploads\/2013\/03\/CIMG1106-1.jpg\" alt=\"CIMG1106\" width=\"150\" height=\"200\" border=\"0\" \/><\/p>\n<h2>Zas\u00favacie dvere interi\u00e9rov\u00e9<\/h2>\n<p>V\u00fdhodou <a href=\"http:\/\/cedera-okna.sk\/sk\/interierove-posuvne-dvere\/\">posuvn\u00fdch dver\u00ed<\/a> je \u00faspora priestoru a z\u00e1rove\u0148 vytvorenie modern\u00e9ho vzh\u013eadu.<\/p>\n<p>Mo\u017enosti rie\u0161enia zas\u00favania:<br \/>\n* zas\u00favaj\u00face sa na stenu, kde je vidite\u013en\u00e1 garn\u00ed\u017ea<br \/>\n* zas\u00favaj\u00face sa len v z\u00e1rubni (toto rie\u0161enie je len pre dvojkr\u00eddlov\u00e9 dvere)<br \/>\n* zas\u00favaj\u00face sa do p\u00fazdra (toto rie\u0161enie treba zv\u00e1\u017ei\u0165 e\u0161te pred vytvoren\u00edm stavebn\u00fdch otvorov)<br \/>\n* zas\u00favacie na stenu na ozdobnej li\u0161te (pri tomto rie\u0161en\u00ed nie je zabezpe\u010den\u00e1 tesnos\u0165 medzi dverami a stenou)<\/p>\n<p>Viac inform\u00e1ci\u00ed o <a href=\"http:\/\/cedera-okna.sk\/sk\/interierove-posuvne-dvere\/\">posuvn\u00fdch interi\u00e9rov\u00fdch dver\u00e1ch<\/a>.<\/p>\n<p>H\u013ead\u00e1te sk\u00f4r vonkaj\u0161ie <a href=\"http:\/\/cedera-okna.sk\/sk\/plastove-vchodove-dvere\/\">vchodov\u00e9 dvere<\/a>?<\/p>\n<p><img decoding=\"async\" class=\" size-full wp-image-197\" style=\"margin: 15px;\" src=\"http:\/\/cedera-okna.sk\/wp-content\/uploads\/2013\/03\/Fridek_Mistek5-1.jpg\" alt=\"Fridek Mistek5\" width=\"150\" height=\"200\" border=\"0\" \/><img decoding=\"async\" class=\" size-full wp-image-198\" style=\"margin: 15px;\" src=\"http:\/\/cedera-okna.sk\/wp-content\/uploads\/2013\/03\/fotka__2_-1.jpg\" alt=\"fotka _2_\" width=\"150\" height=\"200\" border=\"0\" \/><img decoding=\"async\" class=\" size-full wp-image-199\" style=\"margin: 15px;\" src=\"http:\/\/cedera-okna.sk\/wp-content\/uploads\/2013\/03\/IMG_1644-1.jpg\" alt=\"IMG 1644\" width=\"264\" height=\"200\" border=\"0\" \/>[\/vc_column_text][\/vc_column][\/vc_row][vc_row css=&#8221;.vc_custom_1476800423201{margin-top: 50px !important;}&#8221;][vc_column][vc_column_text]<\/p>\n<h2 style=\"text-align: center;\">M\u00e1te z\u00e1ujem o nov\u00e9 interi\u00e9rov\u00e9 dvere alebo si necha\u0165 poradi\u0165?<br \/>\nVypl\u0148te formul\u00e1r ni\u017e\u0161ie a ozveme sa v\u00e1m do 24 hod\u00edn.<\/h2>\n<p>[\/vc_column_text]\n<div class=\"wpcf7 no-js\" id=\"wpcf7-f2486-o1\" lang=\"sk-SK\" dir=\"ltr\" data-wpcf7-id=\"2486\">\n<div class=\"screen-reader-response\"><p role=\"status\" aria-live=\"polite\" aria-atomic=\"true\"><\/p> <ul><\/ul><\/div>\n<form action=\"\/sk\/wp-json\/wp\/v2\/pages\/200#wpcf7-f2486-o1\" method=\"post\" class=\"wpcf7-form init\" aria-label=\"Kontaktn\u00fd formul\u00e1r\" novalidate=\"novalidate\" data-status=\"init\">\n<fieldset class=\"hidden-fields-container\"><input type=\"hidden\" name=\"_wpcf7\" value=\"2486\" \/><input type=\"hidden\" name=\"_wpcf7_version\" value=\"6.1.5\" \/><input type=\"hidden\" name=\"_wpcf7_locale\" value=\"sk_SK\" \/><input type=\"hidden\" name=\"_wpcf7_unit_tag\" value=\"wpcf7-f2486-o1\" \/><input type=\"hidden\" name=\"_wpcf7_container_post\" value=\"0\" \/><input type=\"hidden\" name=\"_wpcf7_posted_data_hash\" value=\"\" \/><input type=\"hidden\" name=\"_wpcf7_recaptcha_response\" value=\"\" \/>\n<\/fieldset>\n<p><label><br \/>\n<span class=\"wpcf7-form-control-wrap\" data-name=\"your-name\"><input size=\"40\" maxlength=\"400\" class=\"wpcf7-form-control wpcf7-text wpcf7-validates-as-required\" aria-required=\"true\" aria-invalid=\"false\" placeholder=\"Meno*\" value=\"\" type=\"text\" name=\"your-name\" \/><\/span> <\/label>\n<\/p>\n<div class=\"sc_form_info columns_wrap\">\n\t<div class=\"sc_form_item sc_form_field label_over column-1_2\">\n\t\t<p><label><br \/>\n<span class=\"wpcf7-form-control-wrap\" data-name=\"your-telefon\"><input size=\"40\" maxlength=\"400\" class=\"wpcf7-form-control wpcf7-tel wpcf7-validates-as-required wpcf7-text wpcf7-validates-as-tel\" aria-required=\"true\" aria-invalid=\"false\" placeholder=\"Telef\u00f3n*\" value=\"\" type=\"tel\" name=\"your-telefon\" \/><\/span> <\/label>\n\t\t<\/p>\n\t<\/div>\n\t<div class=\"sc_form_item sc_form_field label_over column-1_2 pading0\">\n\t\t<p><label><br \/>\n<span class=\"wpcf7-form-control-wrap\" data-name=\"your-email\"><input size=\"40\" maxlength=\"400\" class=\"wpcf7-form-control wpcf7-email wpcf7-validates-as-required wpcf7-text wpcf7-validates-as-email\" aria-required=\"true\" aria-invalid=\"false\" placeholder=\"E-mail*\" value=\"\" type=\"email\" name=\"your-email\" \/><\/span><\/label>\n\t\t<\/p>\n\t<\/div>\n<\/div>\n<p><label><br \/>\n<span class=\"wpcf7-form-control-wrap\" data-name=\"your-message\"><textarea cols=\"40\" rows=\"10\" maxlength=\"2000\" class=\"wpcf7-form-control wpcf7-textarea\" aria-invalid=\"false\" placeholder=\"Pros\u00edm kontaktujte ma oh\u013eadom...\" name=\"your-message\"><\/textarea><\/span> <\/label>\n<\/p>\n<p><span class=\"wpcf7-form-control-wrap\" data-name=\"checkbox-597\"><span class=\"wpcf7-form-control wpcf7-checkbox wpcf7-validates-as-required\"><span class=\"wpcf7-list-item first last\"><input type=\"checkbox\" name=\"checkbox-597[]\" value=\"S\u00fahlas\u00edm so zpracovan\u00edm osobn\u00fdch \u00fadajov*\" \/><span class=\"wpcf7-list-item-label\">S\u00fahlas\u00edm so zpracovan\u00edm osobn\u00fdch \u00fadajov*<\/span><\/span><\/span><\/span>\n<\/p>\n<p><input class=\"wpcf7-form-control wpcf7-submit has-spinner\" type=\"submit\" value=\"Posla\u0165 po\u017eiadavku\" \/>\n<\/p>\n<p>*polo\u017eka je povinn\u00e1\n<\/p><div class=\"wpcf7-response-output\" aria-hidden=\"true\"><\/div>\n<\/form>\n<\/div>\n[\/vc_column][\/vc_row]<\/p>\n<\/div>","protected":false},"excerpt":{"rendered":"<p>[vc_row][vc_column][vc_column_text] V\u00e1\u017een\u00ed z\u00e1kazn\u00edci. Rozhodli sme sa ukon\u010di\u0165 cel\u00fd predaj interi\u00e9rov\u00fdch dver\u00ed a to vr\u00e1tane posuvn\u00fdch interi\u00e9rov\u00fdch dver\u00ed a ich mont\u00e1\u017ee. Predaj a mont\u00e1\u017e vonkaj\u0161\u00edch dver\u00ed zost\u00e1va zachovan\u00fd. \u010eakujeme za pochopenie. Interi\u00e9rov\u00e9 dvere s\u00fa s\u00fa\u010das\u0165ou architekt\u00fary vn\u00fatorn\u00e9ho priestoru a ur\u010dit\u00fdm sp\u00f4sobom prispievaj\u00fa k atmosf\u00e9re pohody, obrazu \u010di vkusu ich majite\u013ea. Interierov\u00e9 dvere vyr\u00e1bame z dreven\u00e9ho mas\u00edvu, [&hellip;]<\/p>\n","protected":false},"author":3,"featured_media":188,"parent":0,"menu_order":10,"comment_status":"closed","ping_status":"closed","template":"","meta":{"footnotes":""},"class_list":["post-200","page","type-page","status-publish","has-post-thumbnail","hentry"],"yoast_head":"<!-- This site is optimized with the Yoast SEO plugin v27.4 - https:\/\/yoast.com\/product\/yoast-seo-wordpress\/ -->\n<title>Interi\u00e9rov\u00e9 dvere do v\u00e1\u0161ho domu alebo bytu | Cedera<\/title>\n<meta name=\"description\" content=\"Pohodlie domova robia aj interi\u00e9rov\u00e9 dvere. V na\u0161ej ponuke n\u00e1jdete bezfalcov\u00e9, falcov\u00e9 aj posuvn\u00e9. Sta\u010d\u00ed si vybra\u0165. Hodia sa k r\u00f4znym typom miestnost\u00ed.\" \/>\n<meta name=\"robots\" content=\"index, follow, max-snippet:-1, max-image-preview:large, max-video-preview:-1\" \/>\n<link rel=\"canonical\" href=\"https:\/\/www.cedera-okna.sk\/sk\/interierove-dvere\/\" \/>\n<meta property=\"og:locale\" content=\"sk_SK\" \/>\n<meta property=\"og:type\" content=\"article\" \/>\n<meta property=\"og:title\" content=\"Interi\u00e9rov\u00e9 dvere do v\u00e1\u0161ho domu alebo bytu | Cedera\" \/>\n<meta property=\"og:description\" content=\"Pohodlie domova robia aj interi\u00e9rov\u00e9 dvere. V na\u0161ej ponuke n\u00e1jdete bezfalcov\u00e9, falcov\u00e9 aj posuvn\u00e9. Sta\u010d\u00ed si vybra\u0165. Hodia sa k r\u00f4znym typom miestnost\u00ed.\" \/>\n<meta property=\"og:url\" content=\"https:\/\/www.cedera-okna.sk\/sk\/interierove-dvere\/\" \/>\n<meta property=\"og:site_name\" content=\"Cedera\" \/>\n<meta property=\"article:publisher\" content=\"https:\/\/www.facebook.com\/okna.cedera\/\" \/>\n<meta property=\"article:modified_time\" content=\"2021-10-24T11:20:17+00:00\" \/>\n<meta property=\"og:image\" content=\"https:\/\/www.cedera-okna.sk\/wp-content\/uploads\/2013\/03\/P1010519-1.jpg\" \/>\n\t<meta property=\"og:image:width\" content=\"150\" \/>\n\t<meta property=\"og:image:height\" content=\"200\" \/>\n\t<meta property=\"og:image:type\" content=\"image\/jpeg\" \/>\n<meta name=\"twitter:label1\" content=\"Predpokladan\u00fd \u010das \u010d\u00edtania\" \/>\n\t<meta name=\"twitter:data1\" content=\"5 min\u00fat\" \/>\n<!-- \/ Yoast SEO plugin. -->","yoast_head_json":{"title":"Interi\u00e9rov\u00e9 dvere do v\u00e1\u0161ho domu alebo bytu | Cedera","description":"Pohodlie domova robia aj interi\u00e9rov\u00e9 dvere. V na\u0161ej ponuke n\u00e1jdete bezfalcov\u00e9, falcov\u00e9 aj posuvn\u00e9. Sta\u010d\u00ed si vybra\u0165. Hodia sa k r\u00f4znym typom miestnost\u00ed.","robots":{"index":"index","follow":"follow","max-snippet":"max-snippet:-1","max-image-preview":"max-image-preview:large","max-video-preview":"max-video-preview:-1"},"canonical":"https:\/\/www.cedera-okna.sk\/sk\/interierove-dvere\/","og_locale":"sk_SK","og_type":"article","og_title":"Interi\u00e9rov\u00e9 dvere do v\u00e1\u0161ho domu alebo bytu | Cedera","og_description":"Pohodlie domova robia aj interi\u00e9rov\u00e9 dvere. V na\u0161ej ponuke n\u00e1jdete bezfalcov\u00e9, falcov\u00e9 aj posuvn\u00e9. Sta\u010d\u00ed si vybra\u0165. Hodia sa k r\u00f4znym typom miestnost\u00ed.","og_url":"https:\/\/www.cedera-okna.sk\/sk\/interierove-dvere\/","og_site_name":"Cedera","article_publisher":"https:\/\/www.facebook.com\/okna.cedera\/","article_modified_time":"2021-10-24T11:20:17+00:00","og_image":[{"width":150,"height":200,"url":"https:\/\/www.cedera-okna.sk\/wp-content\/uploads\/2013\/03\/P1010519-1.jpg","type":"image\/jpeg"}],"twitter_misc":{"Predpokladan\u00fd \u010das \u010d\u00edtania":"5 min\u00fat"},"schema":{"@context":"https:\/\/schema.org","@graph":[{"@type":"WebPage","@id":"https:\/\/www.cedera-okna.sk\/sk\/interierove-dvere\/","url":"https:\/\/www.cedera-okna.sk\/sk\/interierove-dvere\/","name":"Interi\u00e9rov\u00e9 dvere do v\u00e1\u0161ho domu alebo bytu | Cedera","isPartOf":{"@id":"https:\/\/www.cedera-okna.sk\/sk\/#website"},"primaryImageOfPage":{"@id":"https:\/\/www.cedera-okna.sk\/sk\/interierove-dvere\/#primaryimage"},"image":{"@id":"https:\/\/www.cedera-okna.sk\/sk\/interierove-dvere\/#primaryimage"},"thumbnailUrl":"https:\/\/www.cedera-okna.sk\/wp-content\/uploads\/2013\/03\/P1010519-1.jpg","datePublished":"2013-03-18T07:42:37+00:00","dateModified":"2021-10-24T11:20:17+00:00","description":"Pohodlie domova robia aj interi\u00e9rov\u00e9 dvere. V na\u0161ej ponuke n\u00e1jdete bezfalcov\u00e9, falcov\u00e9 aj posuvn\u00e9. Sta\u010d\u00ed si vybra\u0165. Hodia sa k r\u00f4znym typom miestnost\u00ed.","breadcrumb":{"@id":"https:\/\/www.cedera-okna.sk\/sk\/interierove-dvere\/#breadcrumb"},"inLanguage":"sk-SK","potentialAction":[{"@type":"ReadAction","target":["https:\/\/www.cedera-okna.sk\/sk\/interierove-dvere\/"]}]},{"@type":"ImageObject","inLanguage":"sk-SK","@id":"https:\/\/www.cedera-okna.sk\/sk\/interierove-dvere\/#primaryimage","url":"https:\/\/www.cedera-okna.sk\/wp-content\/uploads\/2013\/03\/P1010519-1.jpg","contentUrl":"https:\/\/www.cedera-okna.sk\/wp-content\/uploads\/2013\/03\/P1010519-1.jpg","width":150,"height":200,"caption":"P1010519"},{"@type":"BreadcrumbList","@id":"https:\/\/www.cedera-okna.sk\/sk\/interierove-dvere\/#breadcrumb","itemListElement":[{"@type":"ListItem","position":1,"name":"Domovsk\u00e1 str\u00e1nka","item":"https:\/\/www.cedera-okna.sk\/sk\/"},{"@type":"ListItem","position":2,"name":"Interi\u00e9rov\u00e9 dvere"}]},{"@type":"WebSite","@id":"https:\/\/www.cedera-okna.sk\/sk\/#website","url":"https:\/\/www.cedera-okna.sk\/sk\/","name":"Cedera","description":"Plastov\u00e9 okn\u00e1 Bratislava","publisher":{"@id":"https:\/\/www.cedera-okna.sk\/sk\/#organization"},"potentialAction":[{"@type":"SearchAction","target":{"@type":"EntryPoint","urlTemplate":"https:\/\/www.cedera-okna.sk\/sk\/?s={search_term_string}"},"query-input":{"@type":"PropertyValueSpecification","valueRequired":true,"valueName":"search_term_string"}}],"inLanguage":"sk-SK"},{"@type":"Organization","@id":"https:\/\/www.cedera-okna.sk\/sk\/#organization","name":"CEDERA s.r.o.","url":"https:\/\/www.cedera-okna.sk\/sk\/","logo":{"@type":"ImageObject","inLanguage":"sk-SK","@id":"https:\/\/www.cedera-okna.sk\/sk\/#\/schema\/logo\/image\/","url":"https:\/\/www.cedera-okna.sk\/wp-content\/uploads\/2018\/10\/Cedera-logo.png","contentUrl":"https:\/\/www.cedera-okna.sk\/wp-content\/uploads\/2018\/10\/Cedera-logo.png","width":190,"height":66,"caption":"CEDERA s.r.o."},"image":{"@id":"https:\/\/www.cedera-okna.sk\/sk\/#\/schema\/logo\/image\/"},"sameAs":["https:\/\/www.facebook.com\/okna.cedera\/"]}]}},"_links":{"self":[{"href":"https:\/\/www.cedera-okna.sk\/sk\/wp-json\/wp\/v2\/pages\/200","targetHints":{"allow":["GET"]}}],"collection":[{"href":"https:\/\/www.cedera-okna.sk\/sk\/wp-json\/wp\/v2\/pages"}],"about":[{"href":"https:\/\/www.cedera-okna.sk\/sk\/wp-json\/wp\/v2\/types\/page"}],"author":[{"embeddable":true,"href":"https:\/\/www.cedera-okna.sk\/sk\/wp-json\/wp\/v2\/users\/3"}],"replies":[{"embeddable":true,"href":"https:\/\/www.cedera-okna.sk\/sk\/wp-json\/wp\/v2\/comments?post=200"}],"version-history":[{"count":9,"href":"https:\/\/www.cedera-okna.sk\/sk\/wp-json\/wp\/v2\/pages\/200\/revisions"}],"predecessor-version":[{"id":10250,"href":"https:\/\/www.cedera-okna.sk\/sk\/wp-json\/wp\/v2\/pages\/200\/revisions\/10250"}],"wp:featuredmedia":[{"embeddable":true,"href":"https:\/\/www.cedera-okna.sk\/sk\/wp-json\/wp\/v2\/media\/188"}],"wp:attachment":[{"href":"https:\/\/www.cedera-okna.sk\/sk\/wp-json\/wp\/v2\/media?parent=200"}],"curies":[{"name":"wp","href":"https:\/\/api.w.org\/{rel}","templated":true}]}}