{"id":15686,"date":"2024-04-08T08:50:20","date_gmt":"2024-04-08T06:50:20","guid":{"rendered":"https:\/\/www.cedera-okna.sk\/sk\/?page_id=15686"},"modified":"2024-07-10T21:32:17","modified_gmt":"2024-07-10T19:32:17","slug":"aluprof-mb-86-fold-line","status":"publish","type":"page","link":"https:\/\/www.cedera-okna.sk\/sk\/aluprof-mb-86-fold-line\/","title":{"rendered":"Aluprof MB-86 Fold Line"},"content":{"rendered":"<div class=\"wpb-content-wrapper\"><p>[vc_row][vc_column][vc_column_text css=&#8221;&#8221;]<span class=\"JLqJ4b ChMk0b\" data-language-for-alternatives=\"sk\" data-language-to-translate-into=\"pl\" data-phrase-index=\"0\" data-number-of-phrases=\"3\"><span class=\"Q4iAWc\">H\u013ead\u00e1te dokonal\u00e9 rie\u0161enie pre stavbu ter\u00e1s a priestrann\u00fdch prechodov medzi miestnos\u0165ami?<\/span><\/span>\u00a0<span class=\"JLqJ4b ChMk0b\" data-language-for-alternatives=\"sk\" data-language-to-translate-into=\"pl\" data-phrase-index=\"1\" data-number-of-phrases=\"3\"><span class=\"Q4iAWc\">Vyberte si syst\u00e9m skladac\u00edch hlin\u00edkov\u00fdch dver\u00ed MB-86 Fold Line.<\/span><\/span>\u00a0<span class=\"JLqJ4b ChMk0b\" data-language-for-alternatives=\"sk\" data-language-to-translate-into=\"pl\" data-phrase-index=\"2\" data-number-of-phrases=\"3\"><span class=\"Q4iAWc\">Tento syst\u00e9m m\u00e1 mimoriadne vysok\u00e9 technick\u00e9 parametre, v\u010faka \u010domu nie je probl\u00e9m vytv\u00e1ra\u0165 ve\u013ekorozmern\u00e9 kon\u0161trukcie.<\/span><\/span>[\/vc_column_text][\/vc_column][\/vc_row][vc_row][vc_column width=&#8221;1\/2&#8243;][vc_column_text]<\/p>\n<h3>Technick\u00e9 parametre:<\/h3>\n<ul>\n<li>3 komory<\/li>\n<li><span class=\"VIiyi\" lang=\"sk\"><span class=\"JLqJ4b ChMk0b\" data-language-for-alternatives=\"sk\" data-language-to-translate-into=\"pl\" data-phrase-index=\"0\" data-number-of-phrases=\"1\"><span class=\"Q4iAWc\">mont\u00e1\u017ena h\u013abka 88 mm (z\u00e1rub\u0148a) \/ 77 mm (kr\u00eddla dver\u00ed)<\/span><\/span><\/span><\/li>\n<li><span class=\"VIiyi\" lang=\"sk\"><span class=\"JLqJ4b ChMk0b\" data-language-for-alternatives=\"sk\" data-language-to-translate-into=\"pl\" data-phrase-index=\"0\" data-number-of-phrases=\"1\"><span class=\"Q4iAWc\">zasklenie paketmi so \u0161\u00edrkou 14 a\u017e 61,5 mm<\/span><\/span><\/span><\/li>\n<li><span class=\"VIiyi\" lang=\"sk\"><span class=\"JLqJ4b ChMk0b\" data-language-for-alternatives=\"sk\" data-language-to-translate-into=\"pl\" data-phrase-index=\"0\" data-number-of-phrases=\"1\"><span class=\"Q4iAWc\">tepelne izolovan\u00fd syst\u00e9m<\/span><\/span><\/span><\/li>\n<li><span class=\"VIiyi\" lang=\"sk\"><span class=\"JLqJ4b ChMk0b\" data-language-for-alternatives=\"sk\" data-language-to-translate-into=\"pl\" data-phrase-index=\"0\" data-number-of-phrases=\"1\"><span class=\"Q4iAWc\">klasick\u00fd alebo n\u00edzkoprahov\u00fd<\/span><\/span><\/span><\/li>\n<\/ul>\n<p>[\/vc_column_text][\/vc_column][vc_column width=&#8221;1\/2&#8243;][vc_column_text]<\/p>\n<p>&nbsp;<\/p>\n<div id=\"attachment_11086\" style=\"width: 144px\" class=\"wp-caption alignnone\"><img decoding=\"async\" aria-describedby=\"caption-attachment-11086\" class=\"wp-image-11086 size-medium\" src=\"https:\/\/www.cedera-okna.sk\/wp-content\/uploads\/2022\/05\/MB-86-Fold-Line-134x300.png\" alt=\"Aluprof MB-86 Fold Line\" width=\"134\" height=\"300\" srcset=\"https:\/\/www.cedera-okna.sk\/wp-content\/uploads\/2022\/05\/MB-86-Fold-Line-134x300.png 134w, https:\/\/www.cedera-okna.sk\/wp-content\/uploads\/2022\/05\/MB-86-Fold-Line.png 161w\" sizes=\"(max-width: 134px) 100vw, 134px\" \/><p id=\"caption-attachment-11086\" class=\"wp-caption-text\">Aluprof MB-86 Fold Line<\/p><\/div>[\/vc_column_text][\/vc_column][\/vc_row][vc_row][vc_column][vc_column_text css=&#8221;&#8221;]<\/p>\n<h2 style=\"text-align: center;\">M\u00e1te z\u00e1ujem o syst\u00e9m zhr\u0148ovac\u00edch dver\u00ed\u00a0Aluprof MB-86 Fold Line alebo in\u00fd profil? Nev\u00e1hajte n\u00e1s kontaktova\u0165. Ozveme sa v\u00e1m do 24 hod\u00edn.<\/h2>\n<p>[\/vc_column_text]\n<div class=\"wpcf7 no-js\" id=\"wpcf7-f2486-o1\" lang=\"sk-SK\" dir=\"ltr\" data-wpcf7-id=\"2486\">\n<div class=\"screen-reader-response\"><p role=\"status\" aria-live=\"polite\" aria-atomic=\"true\"><\/p> <ul><\/ul><\/div>\n<form action=\"\/sk\/wp-json\/wp\/v2\/pages\/15686#wpcf7-f2486-o1\" method=\"post\" class=\"wpcf7-form init\" aria-label=\"Kontaktn\u00fd formul\u00e1r\" novalidate=\"novalidate\" data-status=\"init\">\n<fieldset class=\"hidden-fields-container\"><input type=\"hidden\" name=\"_wpcf7\" value=\"2486\" \/><input type=\"hidden\" name=\"_wpcf7_version\" value=\"6.1.5\" \/><input type=\"hidden\" name=\"_wpcf7_locale\" value=\"sk_SK\" \/><input type=\"hidden\" name=\"_wpcf7_unit_tag\" value=\"wpcf7-f2486-o1\" \/><input type=\"hidden\" name=\"_wpcf7_container_post\" value=\"0\" \/><input type=\"hidden\" name=\"_wpcf7_posted_data_hash\" value=\"\" \/><input type=\"hidden\" name=\"_wpcf7_recaptcha_response\" value=\"\" \/>\n<\/fieldset>\n<p><label><br \/>\n<span class=\"wpcf7-form-control-wrap\" data-name=\"your-name\"><input size=\"40\" maxlength=\"400\" class=\"wpcf7-form-control wpcf7-text wpcf7-validates-as-required\" aria-required=\"true\" aria-invalid=\"false\" placeholder=\"Meno*\" value=\"\" type=\"text\" name=\"your-name\" \/><\/span> <\/label>\n<\/p>\n<div class=\"sc_form_info columns_wrap\">\n\t<div class=\"sc_form_item sc_form_field label_over column-1_2\">\n\t\t<p><label><br \/>\n<span class=\"wpcf7-form-control-wrap\" data-name=\"your-telefon\"><input size=\"40\" maxlength=\"400\" class=\"wpcf7-form-control wpcf7-tel wpcf7-validates-as-required wpcf7-text wpcf7-validates-as-tel\" aria-required=\"true\" aria-invalid=\"false\" placeholder=\"Telef\u00f3n*\" value=\"\" type=\"tel\" name=\"your-telefon\" \/><\/span> <\/label>\n\t\t<\/p>\n\t<\/div>\n\t<div class=\"sc_form_item sc_form_field label_over column-1_2 pading0\">\n\t\t<p><label><br \/>\n<span class=\"wpcf7-form-control-wrap\" data-name=\"your-email\"><input size=\"40\" maxlength=\"400\" class=\"wpcf7-form-control wpcf7-email wpcf7-validates-as-required wpcf7-text wpcf7-validates-as-email\" aria-required=\"true\" aria-invalid=\"false\" placeholder=\"E-mail*\" value=\"\" type=\"email\" name=\"your-email\" \/><\/span><\/label>\n\t\t<\/p>\n\t<\/div>\n<\/div>\n<p><label><br \/>\n<span class=\"wpcf7-form-control-wrap\" data-name=\"your-message\"><textarea cols=\"40\" rows=\"10\" maxlength=\"2000\" class=\"wpcf7-form-control wpcf7-textarea\" aria-invalid=\"false\" placeholder=\"Pros\u00edm kontaktujte ma oh\u013eadom...\" name=\"your-message\"><\/textarea><\/span> <\/label>\n<\/p>\n<p><span class=\"wpcf7-form-control-wrap\" data-name=\"checkbox-597\"><span class=\"wpcf7-form-control wpcf7-checkbox wpcf7-validates-as-required\"><span class=\"wpcf7-list-item first last\"><input type=\"checkbox\" name=\"checkbox-597[]\" value=\"S\u00fahlas\u00edm so zpracovan\u00edm osobn\u00fdch \u00fadajov*\" \/><span class=\"wpcf7-list-item-label\">S\u00fahlas\u00edm so zpracovan\u00edm osobn\u00fdch \u00fadajov*<\/span><\/span><\/span><\/span>\n<\/p>\n<p><input class=\"wpcf7-form-control wpcf7-submit has-spinner\" type=\"submit\" value=\"Posla\u0165 po\u017eiadavku\" \/>\n<\/p>\n<p>*polo\u017eka je povinn\u00e1\n<\/p><div class=\"wpcf7-response-output\" aria-hidden=\"true\"><\/div>\n<\/form>\n<\/div>\n[\/vc_column][\/vc_row]<\/p>\n<\/div>","protected":false},"excerpt":{"rendered":"<p>[vc_row][vc_column][vc_column_text css=&#8221;&#8221;]H\u013ead\u00e1te dokonal\u00e9 rie\u0161enie pre stavbu ter\u00e1s a priestrann\u00fdch prechodov medzi miestnos\u0165ami?\u00a0Vyberte si syst\u00e9m skladac\u00edch hlin\u00edkov\u00fdch dver\u00ed MB-86 Fold Line.\u00a0Tento syst\u00e9m m\u00e1 mimoriadne vysok\u00e9 technick\u00e9 parametre, v\u010faka \u010domu nie je probl\u00e9m vytv\u00e1ra\u0165 ve\u013ekorozmern\u00e9 kon\u0161trukcie.[\/vc_column_text][\/vc_column][\/vc_row][vc_row][vc_column width=&#8221;1\/2&#8243;][vc_column_text] Technick\u00e9 parametre: 3 komory mont\u00e1\u017ena h\u013abka 88 mm (z\u00e1rub\u0148a) \/ 77 mm (kr\u00eddla dver\u00ed) zasklenie paketmi so \u0161\u00edrkou 14 a\u017e [&hellip;]<\/p>\n","protected":false},"author":3,"featured_media":0,"parent":0,"menu_order":0,"comment_status":"closed","ping_status":"closed","template":"","meta":{"footnotes":""},"class_list":["post-15686","page","type-page","status-publish","hentry"],"yoast_head":"<!-- This site is optimized with the Yoast SEO plugin v27.4 - https:\/\/yoast.com\/product\/yoast-seo-wordpress\/ -->\n<title>Hlin\u00edkov\u00e9 zhr\u0148ovacie dvere Aluprof MB-86 Fold Line | Cedera<\/title>\n<meta name=\"description\" content=\"Dokonal\u00e9 rie\u0161enie pre stavbu ter\u00e1s a priestrann\u00fdch prechodov medzi miestnos\u0165ami - syst\u00e9m skladac\u00edch hlin\u00edkov\u00fdch dver\u00ed MB-86 Fold Line.\" \/>\n<meta name=\"robots\" content=\"index, follow, max-snippet:-1, max-image-preview:large, max-video-preview:-1\" \/>\n<link rel=\"canonical\" href=\"https:\/\/www.cedera-okna.sk\/sk\/aluprof-mb-86-fold-line\/\" \/>\n<meta property=\"og:locale\" content=\"sk_SK\" \/>\n<meta property=\"og:type\" content=\"article\" \/>\n<meta property=\"og:title\" content=\"Hlin\u00edkov\u00e9 zhr\u0148ovacie dvere Aluprof MB-86 Fold Line | Cedera\" \/>\n<meta property=\"og:description\" content=\"Dokonal\u00e9 rie\u0161enie pre stavbu ter\u00e1s a priestrann\u00fdch prechodov medzi miestnos\u0165ami - syst\u00e9m skladac\u00edch hlin\u00edkov\u00fdch dver\u00ed MB-86 Fold Line.\" \/>\n<meta property=\"og:url\" content=\"https:\/\/www.cedera-okna.sk\/sk\/aluprof-mb-86-fold-line\/\" \/>\n<meta property=\"og:site_name\" content=\"Cedera\" \/>\n<meta property=\"article:publisher\" content=\"https:\/\/www.facebook.com\/okna.cedera\/\" \/>\n<meta property=\"article:modified_time\" content=\"2024-07-10T19:32:17+00:00\" \/>\n<meta property=\"og:image\" content=\"https:\/\/www.cedera-okna.sk\/wp-content\/uploads\/2022\/05\/MB-86-Fold-Line-134x300.png\" \/>\n<meta name=\"twitter:label1\" content=\"Predpokladan\u00fd \u010das \u010d\u00edtania\" \/>\n\t<meta name=\"twitter:data1\" content=\"1 min\u00fata\" \/>\n<!-- \/ Yoast SEO plugin. -->","yoast_head_json":{"title":"Hlin\u00edkov\u00e9 zhr\u0148ovacie dvere Aluprof MB-86 Fold Line | Cedera","description":"Dokonal\u00e9 rie\u0161enie pre stavbu ter\u00e1s a priestrann\u00fdch prechodov medzi miestnos\u0165ami - syst\u00e9m skladac\u00edch hlin\u00edkov\u00fdch dver\u00ed MB-86 Fold Line.","robots":{"index":"index","follow":"follow","max-snippet":"max-snippet:-1","max-image-preview":"max-image-preview:large","max-video-preview":"max-video-preview:-1"},"canonical":"https:\/\/www.cedera-okna.sk\/sk\/aluprof-mb-86-fold-line\/","og_locale":"sk_SK","og_type":"article","og_title":"Hlin\u00edkov\u00e9 zhr\u0148ovacie dvere Aluprof MB-86 Fold Line | Cedera","og_description":"Dokonal\u00e9 rie\u0161enie pre stavbu ter\u00e1s a priestrann\u00fdch prechodov medzi miestnos\u0165ami - syst\u00e9m skladac\u00edch hlin\u00edkov\u00fdch dver\u00ed MB-86 Fold Line.","og_url":"https:\/\/www.cedera-okna.sk\/sk\/aluprof-mb-86-fold-line\/","og_site_name":"Cedera","article_publisher":"https:\/\/www.facebook.com\/okna.cedera\/","article_modified_time":"2024-07-10T19:32:17+00:00","og_image":[{"url":"https:\/\/www.cedera-okna.sk\/wp-content\/uploads\/2022\/05\/MB-86-Fold-Line-134x300.png","type":"","width":"","height":""}],"twitter_misc":{"Predpokladan\u00fd \u010das \u010d\u00edtania":"1 min\u00fata"},"schema":{"@context":"https:\/\/schema.org","@graph":[{"@type":"WebPage","@id":"https:\/\/www.cedera-okna.sk\/sk\/aluprof-mb-86-fold-line\/","url":"https:\/\/www.cedera-okna.sk\/sk\/aluprof-mb-86-fold-line\/","name":"Hlin\u00edkov\u00e9 zhr\u0148ovacie dvere Aluprof MB-86 Fold Line | Cedera","isPartOf":{"@id":"https:\/\/www.cedera-okna.sk\/sk\/#website"},"primaryImageOfPage":{"@id":"https:\/\/www.cedera-okna.sk\/sk\/aluprof-mb-86-fold-line\/#primaryimage"},"image":{"@id":"https:\/\/www.cedera-okna.sk\/sk\/aluprof-mb-86-fold-line\/#primaryimage"},"thumbnailUrl":"https:\/\/www.cedera-okna.sk\/wp-content\/uploads\/2022\/05\/MB-86-Fold-Line-134x300.png","datePublished":"2024-04-08T06:50:20+00:00","dateModified":"2024-07-10T19:32:17+00:00","description":"Dokonal\u00e9 rie\u0161enie pre stavbu ter\u00e1s a priestrann\u00fdch prechodov medzi miestnos\u0165ami - syst\u00e9m skladac\u00edch hlin\u00edkov\u00fdch dver\u00ed MB-86 Fold Line.","breadcrumb":{"@id":"https:\/\/www.cedera-okna.sk\/sk\/aluprof-mb-86-fold-line\/#breadcrumb"},"inLanguage":"sk-SK","potentialAction":[{"@type":"ReadAction","target":["https:\/\/www.cedera-okna.sk\/sk\/aluprof-mb-86-fold-line\/"]}]},{"@type":"ImageObject","inLanguage":"sk-SK","@id":"https:\/\/www.cedera-okna.sk\/sk\/aluprof-mb-86-fold-line\/#primaryimage","url":"https:\/\/www.cedera-okna.sk\/wp-content\/uploads\/2022\/05\/MB-86-Fold-Line-134x300.png","contentUrl":"https:\/\/www.cedera-okna.sk\/wp-content\/uploads\/2022\/05\/MB-86-Fold-Line-134x300.png"},{"@type":"BreadcrumbList","@id":"https:\/\/www.cedera-okna.sk\/sk\/aluprof-mb-86-fold-line\/#breadcrumb","itemListElement":[{"@type":"ListItem","position":1,"name":"Domovsk\u00e1 str\u00e1nka","item":"https:\/\/www.cedera-okna.sk\/sk\/"},{"@type":"ListItem","position":2,"name":"Aluprof MB-86 Fold Line"}]},{"@type":"WebSite","@id":"https:\/\/www.cedera-okna.sk\/sk\/#website","url":"https:\/\/www.cedera-okna.sk\/sk\/","name":"Cedera","description":"Plastov\u00e9 okn\u00e1 Bratislava","publisher":{"@id":"https:\/\/www.cedera-okna.sk\/sk\/#organization"},"potentialAction":[{"@type":"SearchAction","target":{"@type":"EntryPoint","urlTemplate":"https:\/\/www.cedera-okna.sk\/sk\/?s={search_term_string}"},"query-input":{"@type":"PropertyValueSpecification","valueRequired":true,"valueName":"search_term_string"}}],"inLanguage":"sk-SK"},{"@type":"Organization","@id":"https:\/\/www.cedera-okna.sk\/sk\/#organization","name":"CEDERA s.r.o.","url":"https:\/\/www.cedera-okna.sk\/sk\/","logo":{"@type":"ImageObject","inLanguage":"sk-SK","@id":"https:\/\/www.cedera-okna.sk\/sk\/#\/schema\/logo\/image\/","url":"https:\/\/www.cedera-okna.sk\/wp-content\/uploads\/2018\/10\/Cedera-logo.png","contentUrl":"https:\/\/www.cedera-okna.sk\/wp-content\/uploads\/2018\/10\/Cedera-logo.png","width":190,"height":66,"caption":"CEDERA s.r.o."},"image":{"@id":"https:\/\/www.cedera-okna.sk\/sk\/#\/schema\/logo\/image\/"},"sameAs":["https:\/\/www.facebook.com\/okna.cedera\/"]}]}},"_links":{"self":[{"href":"https:\/\/www.cedera-okna.sk\/sk\/wp-json\/wp\/v2\/pages\/15686","targetHints":{"allow":["GET"]}}],"collection":[{"href":"https:\/\/www.cedera-okna.sk\/sk\/wp-json\/wp\/v2\/pages"}],"about":[{"href":"https:\/\/www.cedera-okna.sk\/sk\/wp-json\/wp\/v2\/types\/page"}],"author":[{"embeddable":true,"href":"https:\/\/www.cedera-okna.sk\/sk\/wp-json\/wp\/v2\/users\/3"}],"replies":[{"embeddable":true,"href":"https:\/\/www.cedera-okna.sk\/sk\/wp-json\/wp\/v2\/comments?post=15686"}],"version-history":[{"count":3,"href":"https:\/\/www.cedera-okna.sk\/sk\/wp-json\/wp\/v2\/pages\/15686\/revisions"}],"predecessor-version":[{"id":15851,"href":"https:\/\/www.cedera-okna.sk\/sk\/wp-json\/wp\/v2\/pages\/15686\/revisions\/15851"}],"wp:attachment":[{"href":"https:\/\/www.cedera-okna.sk\/sk\/wp-json\/wp\/v2\/media?parent=15686"}],"curies":[{"name":"wp","href":"https:\/\/api.w.org\/{rel}","templated":true}]}}