{"id":14,"date":"2024-07-06T09:08:35","date_gmt":"2024-07-06T07:08:35","guid":{"rendered":"http:\/\/cedera-okna.sk\/index.php\/eurookna\/"},"modified":"2025-09-27T18:12:48","modified_gmt":"2025-09-27T16:12:48","slug":"eurookna-drevene-okna","status":"publish","type":"page","link":"https:\/\/www.cedera-okna.sk\/sk\/eurookna-drevene-okna\/","title":{"rendered":"Dreven\u00e9 okn\u00e1 \/ eurookn\u00e1"},"content":{"rendered":"<div class=\"wpb-content-wrapper\"><p>[vc_row][vc_column][vc_column_text css=&#8221;&#8221;]Pon\u00fakame iba <strong>dreven\u00e9 eurookn\u00e1<\/strong> vyroben\u00e9 z kvalitn\u00fdch certifikovan\u00fdch hranolov, ktor\u00e9 zabezpe\u010duj\u00fa vysok\u00fa tvarov\u00fa stabilitu profilov. Medzi \u0161tandardn\u00fa v\u00fdbavu dreven\u00fdch okien patr\u00ed <a href=\"https:\/\/www.cedera-okna.sk\/sk\/eurookna-trojsklo\/\">izola\u010dn\u00e9 trojsklo<\/a>\u00a0so \u0161peci\u00e1lnym utesnen\u00edm zasklievacej li\u0161ty pomocou tretieho tesnenia, ktor\u00e9 po celom obvode zabra\u0148uje vzniku kondenzu.<\/p>\n<p>Nam\u00e1han\u00e9 vonkaj\u0161ie plochy okn\u00e1 s\u00fa chr\u00e1nen\u00e9 eloxovan\u00fdmi odkvapnicami z hlin\u00edka s plastov\u00fdmi koncami, ktor\u00e9 dokonale lemuj\u00fa r\u00e1m okna na koncoch li\u0161ty a ochra\u0148uj\u00fa tak kritick\u00e9 miesto na okn\u00e1ch.[\/vc_column_text][vc_column_text css=&#8221;&#8221;][\/vc_column_text][\/vc_column][\/vc_row][vc_row][vc_column][vc_column_text css=&#8221;&#8221;]<\/p>\n<h2>Pon\u00fakan\u00e9 profily<\/h2>\n<p>[\/vc_column_text][\/vc_column][\/vc_row][vc_row][vc_column width=&#8221;1\/2&#8243;][vc_column_text css=&#8221;&#8221;]<\/p>\n<h3 style=\"text-align: left;\">Naturo 68<\/h3>\n<div id=\"attachment_27688\" style=\"width: 310px\" class=\"wp-caption alignnone\"><a href=\"https:\/\/www.cedera-okna.sk\/sk\/naturo-68\/\"><img decoding=\"async\" aria-describedby=\"caption-attachment-27688\" class=\"wp-image-27688 size-medium\" src=\"https:\/\/www.cedera-okna.sk\/wp-content\/uploads\/2025\/07\/naturo_68_exterier-300x225.png\" alt=\"\" width=\"300\" height=\"225\" srcset=\"https:\/\/www.cedera-okna.sk\/wp-content\/uploads\/2025\/07\/naturo_68_exterier-300x225.png 300w, https:\/\/www.cedera-okna.sk\/wp-content\/uploads\/2025\/07\/naturo_68_exterier-768x576.png 768w, https:\/\/www.cedera-okna.sk\/wp-content\/uploads\/2025\/07\/naturo_68_exterier-870x653.png 870w, https:\/\/www.cedera-okna.sk\/wp-content\/uploads\/2025\/07\/naturo_68_exterier-390x293.png 390w, https:\/\/www.cedera-okna.sk\/wp-content\/uploads\/2025\/07\/naturo_68_exterier.png 920w\" sizes=\"(max-width: 300px) 100vw, 300px\" \/><\/a><p id=\"caption-attachment-27688\" class=\"wp-caption-text\"><em>Naturo 68<\/em><\/p><\/div>[\/vc_column_text][\/vc_column][vc_column width=&#8221;1\/2&#8243;][vc_column_text css=&#8221;&#8221;]<\/p>\n<h3>Naturo 80<\/h3>\n<div id=\"attachment_27695\" style=\"width: 310px\" class=\"wp-caption alignleft\"><a href=\"https:\/\/www.cedera-okna.sk\/sk\/naturo-80\/\"><img decoding=\"async\" aria-describedby=\"caption-attachment-27695\" class=\"wp-image-27695 size-medium\" src=\"https:\/\/www.cedera-okna.sk\/wp-content\/uploads\/2025\/07\/naturo_80_exterier-300x225.png\" alt=\"\" width=\"300\" height=\"225\" srcset=\"https:\/\/www.cedera-okna.sk\/wp-content\/uploads\/2025\/07\/naturo_80_exterier-300x225.png 300w, https:\/\/www.cedera-okna.sk\/wp-content\/uploads\/2025\/07\/naturo_80_exterier-768x576.png 768w, https:\/\/www.cedera-okna.sk\/wp-content\/uploads\/2025\/07\/naturo_80_exterier-870x653.png 870w, https:\/\/www.cedera-okna.sk\/wp-content\/uploads\/2025\/07\/naturo_80_exterier-390x293.png 390w, https:\/\/www.cedera-okna.sk\/wp-content\/uploads\/2025\/07\/naturo_80_exterier.png 920w\" sizes=\"(max-width: 300px) 100vw, 300px\" \/><\/a><p id=\"caption-attachment-27695\" class=\"wp-caption-text\"><em>Naturo 80<\/em><\/p><\/div>[\/vc_column_text][\/vc_column][\/vc_row][vc_row][vc_column width=&#8221;1\/2&#8243;][vc_column_text css=&#8221;&#8221;]<\/p>\n<h3>Naturo 92<\/h3>\n<div id=\"attachment_27700\" style=\"width: 310px\" class=\"wp-caption alignnone\"><a href=\"https:\/\/www.cedera-okna.sk\/sk\/naturo-92\/\"><img decoding=\"async\" aria-describedby=\"caption-attachment-27700\" class=\"wp-image-27700 size-medium\" src=\"https:\/\/www.cedera-okna.sk\/wp-content\/uploads\/2025\/07\/naturo_92_exterier-300x225.png\" alt=\"\" width=\"300\" height=\"225\" srcset=\"https:\/\/www.cedera-okna.sk\/wp-content\/uploads\/2025\/07\/naturo_92_exterier-300x225.png 300w, https:\/\/www.cedera-okna.sk\/wp-content\/uploads\/2025\/07\/naturo_92_exterier-768x576.png 768w, https:\/\/www.cedera-okna.sk\/wp-content\/uploads\/2025\/07\/naturo_92_exterier-870x653.png 870w, https:\/\/www.cedera-okna.sk\/wp-content\/uploads\/2025\/07\/naturo_92_exterier-390x293.png 390w, https:\/\/www.cedera-okna.sk\/wp-content\/uploads\/2025\/07\/naturo_92_exterier.png 920w\" sizes=\"(max-width: 300px) 100vw, 300px\" \/><\/a><p id=\"caption-attachment-27700\" class=\"wp-caption-text\"><em>Naturo 92<\/em><\/p><\/div>[\/vc_column_text][\/vc_column][vc_column width=&#8221;1\/2&#8243;][vc_column_text css=&#8221;&#8221;]<\/p>\n<h3>Esperia Life 80<\/h3>\n<div id=\"attachment_27715\" style=\"width: 310px\" class=\"wp-caption alignnone\"><a href=\"https:\/\/www.cedera-okna.sk\/sk\/esperia-life-80\/\"><img decoding=\"async\" aria-describedby=\"caption-attachment-27715\" class=\"wp-image-27715 size-medium\" src=\"https:\/\/www.cedera-okna.sk\/wp-content\/uploads\/2025\/07\/esperia_life_80_exterier-300x225.png\" alt=\"\" width=\"300\" height=\"225\" srcset=\"https:\/\/www.cedera-okna.sk\/wp-content\/uploads\/2025\/07\/esperia_life_80_exterier-300x225.png 300w, https:\/\/www.cedera-okna.sk\/wp-content\/uploads\/2025\/07\/esperia_life_80_exterier-768x576.png 768w, https:\/\/www.cedera-okna.sk\/wp-content\/uploads\/2025\/07\/esperia_life_80_exterier-870x653.png 870w, https:\/\/www.cedera-okna.sk\/wp-content\/uploads\/2025\/07\/esperia_life_80_exterier-390x293.png 390w, https:\/\/www.cedera-okna.sk\/wp-content\/uploads\/2025\/07\/esperia_life_80_exterier.png 920w\" sizes=\"(max-width: 300px) 100vw, 300px\" \/><\/a><p id=\"caption-attachment-27715\" class=\"wp-caption-text\"><em>Esperia Life 80<\/em><\/p><\/div>[\/vc_column_text][\/vc_column][\/vc_row][vc_row][vc_column][vc_column_text css=&#8221;&#8221;]<\/p>\n<h3>Povrhov\u00e1 \u00faprava<\/h3>\n<p>Povrchov\u00e1 \u00faprava je od nemeck\u00e9ho v\u00fdrobcu laz\u00far zna\u010dky Remmers na b\u00e1ze vody. Laz\u00fary Remmers su certifikovan\u00e9, bezpe\u010dn\u00e9, bez pr\u00edznakov alergick\u00fdch\u00a0 reakci\u00ed \u2013 tieto farby sa pou\u017e\u00edvaju aj pri farben\u00ed detsk\u00fdch hra\u010diek.[\/vc_column_text][\/vc_column][\/vc_row][vc_row][vc_column][vc_column_text css=&#8221;&#8221;]<\/p>\n<h3>Kovanie a tesnenie oken<\/h3>\n<p>Pou\u017e\u00edv\u00e1me n\u011bmeck\u00e9 kov\u00e1n\u00ed zna\u010dky G-U, kter\u00e9 zaji\u0161\u0165uje komfortn\u00ed ovl\u00e1d\u00e1n\u00ed a 100% spolehlivost, a z\u00e1rove\u0148 osazujeme d\u0159ev\u011bn\u00e1 okna kvalitn\u00edm n\u011bmeck\u00fdm t\u011bsn\u011bn\u00edm Schlegel, kter\u00e9 v\u00fdrazn\u011b prodlu\u017euje jejich \u017eivotnost a funk\u010dnost v porovn\u00e1n\u00ed s b\u011b\u017en\u00fdm gumov\u00fdm t\u011bsn\u011bn\u00edm.[\/vc_column_text][\/vc_column][\/vc_row][vc_row][vc_column][vc_cta h2=&#8221;Kvalita a odborn\u00e1 mont\u00e1\u017e&#8221; css=&#8221;.vc_custom_1720325160069{margin-top: 20px !important;}&#8221;]V\u0161etky otv\u00e1rav\u00e9 \u010dasti okien a dver\u00ed s\u00fa okovan\u00e9 \u0161pi\u010dkov\u00fdm nemeck\u00fdm kovan\u00edm po celom obvode okna. V\u010faka kvalitn\u00e9mu kovaniu je obsluha s kr\u00eddlami ve\u013emi \u013eahk\u00e1 a komfortn\u00e1. Automatickou s\u00fa\u010das\u0165ou kovania je mikroventil\u00e1cia, poistka proti chybnej manipul\u00e1ci\u00ed i zdv\u00edha\u010d kr\u00eddla.<\/p>\n<p>\u0160pi\u010dkov\u00fd profilov\u00fd syst\u00e9m Euro Softline a odborn\u00e1 mont\u00e1\u017e n\u00e1m umo\u017enuj\u00fa poskytova\u0165 <strong>z\u00e1ruku v trvan\u00ed 5 rokov<\/strong>. Pri v\u00fdbere odolnej\u0161\u00edch n\u00e1terov a dodr\u017ean\u00ed servisn\u00fdch podmienok sa <strong>z\u00e1ruka pred\u017euje na 10 rokov<\/strong>. \u0160tandardnou dodacou dobou sa pova\u017euje 5 &#8211; 8 t\u00fd\u017ed\u0148ov od uhradenia z\u00e1lohovej platby vo v\u00fd\u0161ke 60 %.<\/p>\n<p>Kvalitn\u00fd certifikovan\u00fd\u00a0<strong>eurohranol<\/strong> je z\u00e1kladom kvalitn\u00fdch eurookien, ktor\u00fd by mal obsahova\u0165 12 &#8211; 14 % absol\u00fatnej vlhkosti. V\u0161etky\u00a0dreven\u00e9 eurookn\u00e1\u00a0s\u00fa z kvalitn\u00e9ho eurohranolu, ktor\u00fd sa lep\u00ed z lamiel v\u00fdberov\u00e9ho\u00a0dreva.[\/vc_cta][\/vc_column][\/vc_row][vc_row][vc_column][vc_column_text css=&#8221;&#8221;]<\/p>\n<h3>Mo\u017enos\u0165 kvalitat\u00edvneho v\u00fdberu hranola:<\/h3>\n<ul>\n<li><strong>Hranol kateg\u00f3rie A<\/strong> &#8211; fixn\u00fd alebo d\u013a\u017ekovo nenadp\u00e1jan\u00fd<br \/>\n&#8211; Tieto hranoly s\u00fa z poctivo vytrieden\u00fdch lamiel bez vidite\u013en\u00fdch kazov ako hr\u010de \u010di smoln\u00edky.<\/li>\n<li><strong>Hranol kateg\u00f3rie B<\/strong> &#8211; cinkovan\u00fd alebo d\u013a\u017ekovo nadp\u00e1jan\u00fd<br \/>\n&#8211; Nadp\u00e1jan\u00e9 hranoly s\u00fa zlepen\u00e9 lamely spojen\u00e9 pomocou klinov\u00e9ho spoja.<\/li>\n<\/ul>\n<div id=\"promo-box\">\n<h3>Ako prebieha spolupr\u00e1ca<\/h3>\n<p>Vyberte si z na\u0161ej ponuky kvalitn\u00fdch dreven\u00fdch okien. N\u00e1\u0161 technik vykon\u00e1 odborn\u00e9 zameranie, po dohode s vami zabezpe\u010d\u00edme dopravu a profesion\u00e1lnu mont\u00e1\u017e. Samozrejmos\u0165ou je poradenstvo ak\u00e9 okn\u00e1 a doplnky vybra\u0165 tak, aby sme minimalizovali mo\u017enos\u0165 nekompatibility jednotliv\u00fdch prvkov. Na z\u00e1klade <strong><a href=\"http:\/\/cedera-okna.sk\/sk\/nezavazna-cenova-ponuka\/\">nez\u00e1v\u00e4znej cenovej ponuky<\/a><\/strong> v\u00e1s budeme kontaktova\u0165.<\/p>\n<\/div>\n<p>[\/vc_column_text][\/vc_column][\/vc_row][vc_row][vc_column][vc_column_text css=&#8221;&#8221;]<\/p>\n<h2>Ako vyzer\u00e1 na\u0161a pr\u00e1ca<\/h2>\n<p>[\/vc_column_text][vc_gallery type=&#8221;image_grid&#8221; images=&#8221;7728,2562,2561,2560,293,286,13263,13262&#8243;][\/vc_column][\/vc_row][vc_row][vc_column][vc_column_text]<\/p>\n<h2>Dreven\u00e9 eurookn\u00e1 \u2013 fotografie profilov okien<\/h2>\n<p>[\/vc_column_text][vc_gallery type=&#8221;image_grid&#8221; images=&#8221;27690,27689,27688,27697,27696,27695,27702,27701,27700,27717,27716,27715&#8243; css=&#8221;.vc_custom_1758989363203{margin-bottom: -80px !important;}&#8221;][\/vc_column][\/vc_row][vc_row css=&#8221;.vc_custom_1476799512849{margin-top: 50px !important;}&#8221;][vc_column css=&#8221;.vc_custom_1476799465444{margin-top: 50px !important;}&#8221;][vc_column_text]<\/p>\n<h2 style=\"text-align: center;\">M\u00e1te z\u00e1ujem o nov\u00e9 dreven\u00e9 okn\u00e1 alebo si necha\u0165 poradi\u0165?<br \/>\nVypl\u0148te formul\u00e1r ni\u017e\u0161ie a ozveme sa v\u00e1m do 24 hod\u00edn.<\/h2>\n<p>[\/vc_column_text]\n<div class=\"wpcf7 no-js\" id=\"wpcf7-f2486-o1\" lang=\"sk-SK\" dir=\"ltr\" data-wpcf7-id=\"2486\">\n<div class=\"screen-reader-response\"><p role=\"status\" aria-live=\"polite\" aria-atomic=\"true\"><\/p> <ul><\/ul><\/div>\n<form action=\"\/sk\/wp-json\/wp\/v2\/pages\/14#wpcf7-f2486-o1\" method=\"post\" class=\"wpcf7-form init\" aria-label=\"Kontaktn\u00fd formul\u00e1r\" novalidate=\"novalidate\" data-status=\"init\">\n<fieldset class=\"hidden-fields-container\"><input type=\"hidden\" name=\"_wpcf7\" value=\"2486\" \/><input type=\"hidden\" name=\"_wpcf7_version\" value=\"6.1.5\" \/><input type=\"hidden\" name=\"_wpcf7_locale\" value=\"sk_SK\" \/><input type=\"hidden\" name=\"_wpcf7_unit_tag\" value=\"wpcf7-f2486-o1\" \/><input type=\"hidden\" name=\"_wpcf7_container_post\" value=\"0\" \/><input type=\"hidden\" name=\"_wpcf7_posted_data_hash\" value=\"\" \/><input type=\"hidden\" name=\"_wpcf7_recaptcha_response\" value=\"\" \/>\n<\/fieldset>\n<p><label><br \/>\n<span class=\"wpcf7-form-control-wrap\" data-name=\"your-name\"><input size=\"40\" maxlength=\"400\" class=\"wpcf7-form-control wpcf7-text wpcf7-validates-as-required\" aria-required=\"true\" aria-invalid=\"false\" placeholder=\"Meno*\" value=\"\" type=\"text\" name=\"your-name\" \/><\/span> <\/label>\n<\/p>\n<div class=\"sc_form_info columns_wrap\">\n\t<div class=\"sc_form_item sc_form_field label_over column-1_2\">\n\t\t<p><label><br \/>\n<span class=\"wpcf7-form-control-wrap\" data-name=\"your-telefon\"><input size=\"40\" maxlength=\"400\" class=\"wpcf7-form-control wpcf7-tel wpcf7-validates-as-required wpcf7-text wpcf7-validates-as-tel\" aria-required=\"true\" aria-invalid=\"false\" placeholder=\"Telef\u00f3n*\" value=\"\" type=\"tel\" name=\"your-telefon\" \/><\/span> <\/label>\n\t\t<\/p>\n\t<\/div>\n\t<div class=\"sc_form_item sc_form_field label_over column-1_2 pading0\">\n\t\t<p><label><br \/>\n<span class=\"wpcf7-form-control-wrap\" data-name=\"your-email\"><input size=\"40\" maxlength=\"400\" class=\"wpcf7-form-control wpcf7-email wpcf7-validates-as-required wpcf7-text wpcf7-validates-as-email\" aria-required=\"true\" aria-invalid=\"false\" placeholder=\"E-mail*\" value=\"\" type=\"email\" name=\"your-email\" \/><\/span><\/label>\n\t\t<\/p>\n\t<\/div>\n<\/div>\n<p><label><br \/>\n<span class=\"wpcf7-form-control-wrap\" data-name=\"your-message\"><textarea cols=\"40\" rows=\"10\" maxlength=\"2000\" class=\"wpcf7-form-control wpcf7-textarea\" aria-invalid=\"false\" placeholder=\"Pros\u00edm kontaktujte ma oh\u013eadom...\" name=\"your-message\"><\/textarea><\/span> <\/label>\n<\/p>\n<p><span class=\"wpcf7-form-control-wrap\" data-name=\"checkbox-597\"><span class=\"wpcf7-form-control wpcf7-checkbox wpcf7-validates-as-required\"><span class=\"wpcf7-list-item first last\"><input type=\"checkbox\" name=\"checkbox-597[]\" value=\"S\u00fahlas\u00edm so zpracovan\u00edm osobn\u00fdch \u00fadajov*\" \/><span class=\"wpcf7-list-item-label\">S\u00fahlas\u00edm so zpracovan\u00edm osobn\u00fdch \u00fadajov*<\/span><\/span><\/span><\/span>\n<\/p>\n<p><input class=\"wpcf7-form-control wpcf7-submit has-spinner\" type=\"submit\" value=\"Posla\u0165 po\u017eiadavku\" \/>\n<\/p>\n<p>*polo\u017eka je povinn\u00e1\n<\/p><div class=\"wpcf7-response-output\" aria-hidden=\"true\"><\/div>\n<\/form>\n<\/div>\n[\/vc_column][\/vc_row]<\/p>\n<\/div>","protected":false},"excerpt":{"rendered":"<p>[vc_row][vc_column][vc_column_text css=&#8221;&#8221;]Pon\u00fakame iba dreven\u00e9 eurookn\u00e1 vyroben\u00e9 z kvalitn\u00fdch certifikovan\u00fdch hranolov, ktor\u00e9 zabezpe\u010duj\u00fa vysok\u00fa tvarov\u00fa stabilitu profilov. Medzi \u0161tandardn\u00fa v\u00fdbavu dreven\u00fdch okien patr\u00ed izola\u010dn\u00e9 trojsklo\u00a0so \u0161peci\u00e1lnym utesnen\u00edm zasklievacej li\u0161ty pomocou tretieho tesnenia, ktor\u00e9 po celom obvode zabra\u0148uje vzniku kondenzu. Nam\u00e1han\u00e9 vonkaj\u0161ie plochy okn\u00e1 s\u00fa chr\u00e1nen\u00e9 eloxovan\u00fdmi odkvapnicami z hlin\u00edka s plastov\u00fdmi koncami, ktor\u00e9 dokonale lemuj\u00fa r\u00e1m [&hellip;]<\/p>\n","protected":false},"author":3,"featured_media":27700,"parent":0,"menu_order":69,"comment_status":"closed","ping_status":"closed","template":"","meta":{"footnotes":""},"class_list":["post-14","page","type-page","status-publish","has-post-thumbnail","hentry"],"yoast_head":"<!-- This site is optimized with the Yoast SEO plugin v27.5 - https:\/\/yoast.com\/product\/yoast-seo-wordpress\/ -->\n<title>Dreven\u00e9 okn\u00e1 | Predaj a mont\u00e1\u017e dreven\u00fdch eurookien | Cedera<\/title>\n<meta name=\"description\" content=\"Pon\u00fakame dreven\u00e9 eurookn\u00e1 tej najvy\u0161\u0161ej kvality. Zameranie, poradenstvo a odborn\u00e1 mont\u00e1\u017e eurookien v Bratislave a okol\u00ed. Certifikovan\u00fd hranol\" \/>\n<meta name=\"robots\" content=\"index, follow, max-snippet:-1, max-image-preview:large, max-video-preview:-1\" \/>\n<link rel=\"canonical\" href=\"https:\/\/www.cedera-okna.sk\/sk\/eurookna-drevene-okna\/\" \/>\n<meta property=\"og:locale\" content=\"sk_SK\" \/>\n<meta property=\"og:type\" content=\"article\" \/>\n<meta property=\"og:title\" content=\"Dreven\u00e9 okn\u00e1 | Predaj a mont\u00e1\u017e dreven\u00fdch eurookien | Cedera\" \/>\n<meta property=\"og:description\" content=\"Pon\u00fakame dreven\u00e9 eurookn\u00e1 tej najvy\u0161\u0161ej kvality. Zameranie, poradenstvo a odborn\u00e1 mont\u00e1\u017e eurookien v Bratislave a okol\u00ed. Certifikovan\u00fd hranol\" \/>\n<meta property=\"og:url\" content=\"https:\/\/www.cedera-okna.sk\/sk\/eurookna-drevene-okna\/\" \/>\n<meta property=\"og:site_name\" content=\"Cedera\" \/>\n<meta property=\"article:publisher\" content=\"https:\/\/www.facebook.com\/okna.cedera\/\" \/>\n<meta property=\"article:modified_time\" content=\"2025-09-27T16:12:48+00:00\" \/>\n<meta property=\"og:image\" content=\"https:\/\/www.cedera-okna.sk\/wp-content\/uploads\/2025\/07\/naturo_92_exterier.png\" \/>\n\t<meta property=\"og:image:width\" content=\"920\" \/>\n\t<meta property=\"og:image:height\" content=\"690\" \/>\n\t<meta property=\"og:image:type\" content=\"image\/png\" \/>\n<meta name=\"twitter:label1\" content=\"Predpokladan\u00fd \u010das \u010d\u00edtania\" \/>\n\t<meta name=\"twitter:data1\" content=\"8 min\u00fat\" \/>\n<!-- \/ Yoast SEO plugin. -->","yoast_head_json":{"title":"Dreven\u00e9 okn\u00e1 | Predaj a mont\u00e1\u017e dreven\u00fdch eurookien | Cedera","description":"Pon\u00fakame dreven\u00e9 eurookn\u00e1 tej najvy\u0161\u0161ej kvality. Zameranie, poradenstvo a odborn\u00e1 mont\u00e1\u017e eurookien v Bratislave a okol\u00ed. Certifikovan\u00fd hranol","robots":{"index":"index","follow":"follow","max-snippet":"max-snippet:-1","max-image-preview":"max-image-preview:large","max-video-preview":"max-video-preview:-1"},"canonical":"https:\/\/www.cedera-okna.sk\/sk\/eurookna-drevene-okna\/","og_locale":"sk_SK","og_type":"article","og_title":"Dreven\u00e9 okn\u00e1 | Predaj a mont\u00e1\u017e dreven\u00fdch eurookien | Cedera","og_description":"Pon\u00fakame dreven\u00e9 eurookn\u00e1 tej najvy\u0161\u0161ej kvality. Zameranie, poradenstvo a odborn\u00e1 mont\u00e1\u017e eurookien v Bratislave a okol\u00ed. Certifikovan\u00fd hranol","og_url":"https:\/\/www.cedera-okna.sk\/sk\/eurookna-drevene-okna\/","og_site_name":"Cedera","article_publisher":"https:\/\/www.facebook.com\/okna.cedera\/","article_modified_time":"2025-09-27T16:12:48+00:00","og_image":[{"width":920,"height":690,"url":"https:\/\/www.cedera-okna.sk\/wp-content\/uploads\/2025\/07\/naturo_92_exterier.png","type":"image\/png"}],"twitter_misc":{"Predpokladan\u00fd \u010das \u010d\u00edtania":"8 min\u00fat"},"schema":{"@context":"https:\/\/schema.org","@graph":[{"@type":"WebPage","@id":"https:\/\/www.cedera-okna.sk\/sk\/eurookna-drevene-okna\/","url":"https:\/\/www.cedera-okna.sk\/sk\/eurookna-drevene-okna\/","name":"Dreven\u00e9 okn\u00e1 | Predaj a mont\u00e1\u017e dreven\u00fdch eurookien | Cedera","isPartOf":{"@id":"https:\/\/www.cedera-okna.sk\/sk\/#website"},"primaryImageOfPage":{"@id":"https:\/\/www.cedera-okna.sk\/sk\/eurookna-drevene-okna\/#primaryimage"},"image":{"@id":"https:\/\/www.cedera-okna.sk\/sk\/eurookna-drevene-okna\/#primaryimage"},"thumbnailUrl":"https:\/\/www.cedera-okna.sk\/wp-content\/uploads\/2025\/07\/naturo_92_exterier.png","datePublished":"2024-07-06T07:08:35+00:00","dateModified":"2025-09-27T16:12:48+00:00","description":"Pon\u00fakame dreven\u00e9 eurookn\u00e1 tej najvy\u0161\u0161ej kvality. Zameranie, poradenstvo a odborn\u00e1 mont\u00e1\u017e eurookien v Bratislave a okol\u00ed. Certifikovan\u00fd hranol","breadcrumb":{"@id":"https:\/\/www.cedera-okna.sk\/sk\/eurookna-drevene-okna\/#breadcrumb"},"inLanguage":"sk-SK","potentialAction":[{"@type":"ReadAction","target":["https:\/\/www.cedera-okna.sk\/sk\/eurookna-drevene-okna\/"]}]},{"@type":"ImageObject","inLanguage":"sk-SK","@id":"https:\/\/www.cedera-okna.sk\/sk\/eurookna-drevene-okna\/#primaryimage","url":"https:\/\/www.cedera-okna.sk\/wp-content\/uploads\/2025\/07\/naturo_92_exterier.png","contentUrl":"https:\/\/www.cedera-okna.sk\/wp-content\/uploads\/2025\/07\/naturo_92_exterier.png","width":920,"height":690,"caption":"Dreven\u00fd profil Naturo 92"},{"@type":"BreadcrumbList","@id":"https:\/\/www.cedera-okna.sk\/sk\/eurookna-drevene-okna\/#breadcrumb","itemListElement":[{"@type":"ListItem","position":1,"name":"Domovsk\u00e1 str\u00e1nka","item":"https:\/\/www.cedera-okna.sk\/sk\/"},{"@type":"ListItem","position":2,"name":"Dreven\u00e9 okn\u00e1 \/ eurookn\u00e1"}]},{"@type":"WebSite","@id":"https:\/\/www.cedera-okna.sk\/sk\/#website","url":"https:\/\/www.cedera-okna.sk\/sk\/","name":"Cedera","description":"Plastov\u00e9 okn\u00e1 Bratislava","publisher":{"@id":"https:\/\/www.cedera-okna.sk\/sk\/#organization"},"potentialAction":[{"@type":"SearchAction","target":{"@type":"EntryPoint","urlTemplate":"https:\/\/www.cedera-okna.sk\/sk\/?s={search_term_string}"},"query-input":{"@type":"PropertyValueSpecification","valueRequired":true,"valueName":"search_term_string"}}],"inLanguage":"sk-SK"},{"@type":"Organization","@id":"https:\/\/www.cedera-okna.sk\/sk\/#organization","name":"CEDERA s.r.o.","url":"https:\/\/www.cedera-okna.sk\/sk\/","logo":{"@type":"ImageObject","inLanguage":"sk-SK","@id":"https:\/\/www.cedera-okna.sk\/sk\/#\/schema\/logo\/image\/","url":"https:\/\/www.cedera-okna.sk\/wp-content\/uploads\/2018\/10\/Cedera-logo.png","contentUrl":"https:\/\/www.cedera-okna.sk\/wp-content\/uploads\/2018\/10\/Cedera-logo.png","width":190,"height":66,"caption":"CEDERA s.r.o."},"image":{"@id":"https:\/\/www.cedera-okna.sk\/sk\/#\/schema\/logo\/image\/"},"sameAs":["https:\/\/www.facebook.com\/okna.cedera\/"]}]}},"_links":{"self":[{"href":"https:\/\/www.cedera-okna.sk\/sk\/wp-json\/wp\/v2\/pages\/14","targetHints":{"allow":["GET"]}}],"collection":[{"href":"https:\/\/www.cedera-okna.sk\/sk\/wp-json\/wp\/v2\/pages"}],"about":[{"href":"https:\/\/www.cedera-okna.sk\/sk\/wp-json\/wp\/v2\/types\/page"}],"author":[{"embeddable":true,"href":"https:\/\/www.cedera-okna.sk\/sk\/wp-json\/wp\/v2\/users\/3"}],"replies":[{"embeddable":true,"href":"https:\/\/www.cedera-okna.sk\/sk\/wp-json\/wp\/v2\/comments?post=14"}],"version-history":[{"count":52,"href":"https:\/\/www.cedera-okna.sk\/sk\/wp-json\/wp\/v2\/pages\/14\/revisions"}],"predecessor-version":[{"id":31452,"href":"https:\/\/www.cedera-okna.sk\/sk\/wp-json\/wp\/v2\/pages\/14\/revisions\/31452"}],"wp:featuredmedia":[{"embeddable":true,"href":"https:\/\/www.cedera-okna.sk\/sk\/wp-json\/wp\/v2\/media\/27700"}],"wp:attachment":[{"href":"https:\/\/www.cedera-okna.sk\/sk\/wp-json\/wp\/v2\/media?parent=14"}],"curies":[{"name":"wp","href":"https:\/\/api.w.org\/{rel}","templated":true}]}}