{"id":12943,"date":"2024-06-16T16:45:59","date_gmt":"2024-06-16T14:45:59","guid":{"rendered":"http:\/\/cedera-okna.sk\/sk\/?page_id=12943"},"modified":"2024-07-04T21:36:02","modified_gmt":"2024-07-04T19:36:02","slug":"balkonove-dvere","status":"publish","type":"page","link":"https:\/\/www.cedera-okna.sk\/sk\/balkonove-dvere\/","title":{"rendered":"Balk\u00f3nov\u00e9 dvere"},"content":{"rendered":"<div class=\"wpb-content-wrapper\"><p>[vc_row][vc_column][vc_column_text css=&#8221;&#8221;]Vylep\u0161ite vzh\u013ead a funk\u010dnos\u0165 v\u00e1\u0161ho domova s na\u0161imi plastov\u00fdmi balk\u00f3nov\u00fdmi dverami. Kombin\u00e1cia elegantn\u00e9ho dizajnu, vynikaj\u00facej izol\u00e1cie a jednoduchej \u00fadr\u017eby rob\u00ed z t\u00fdchto dver\u00ed ide\u00e1lnu vo\u013ebu pre ak\u00fdko\u013evek priestor. Na\u0161e plastov\u00e9 balk\u00f3nov\u00e9 dvere s\u00fa vyroben\u00e9 z prvotriednych materi\u00e1lov, ktor\u00e9 zaru\u010duj\u00fa dlh\u00fa \u017eivotnos\u0165 a odolnos\u0165 vo\u010di poveternostn\u00fdm vplyvom.<\/p>\n<h4><\/h4>\n<p>[\/vc_column_text][\/vc_column][\/vc_row][vc_row][vc_column][vc_column_text css=&#8221;&#8221;]Pod pojmom balk\u00f3nov\u00e9 dvere ozna\u010dujeme be\u017en\u00e9 rie\u0161enie priechodu na balk\u00f3n alebo lod\u017eiu. Klasick\u00e9 balk\u00f3nov\u00e9 dvere s\u00fa zalo\u017een\u00e9 na okenn\u00fdch profilov\u00fdch syst\u00e9moch a s\u00fa \u010dasto spojen\u00e9 s oknami. Spojenie s oknami je realizovan\u00e9 na jednej alebo oboch stran\u00e1ch.[\/vc_column_text][\/vc_column][\/vc_row][vc_row][vc_column][vc_column_text css=&#8221;&#8221;]<\/p>\n<h2>Hlavn\u00e9 v\u00fdhody na\u0161ich plastov\u00fdch balk\u00f3nov\u00fdch dver\u00ed:<\/h2>\n<p><strong>1. Vysok\u00e1 tepeln\u00e1 a zvukov\u00e1 izol\u00e1cia<\/strong><\/p>\n<p>Na\u0161e plastov\u00e9 balk\u00f3nov\u00e9 dvere poskytuj\u00fa vynikaj\u00facu tepeln\u00fa izol\u00e1ciu, \u010do prispieva k energetickej \u00faspornosti v\u00e1\u0161ho domova. V\u010faka \u0161peci\u00e1lnym izola\u010dn\u00fdm vlastnostiam udr\u017eia teplo vo vn\u00fatri v zime a chlad v lete, \u010do znamen\u00e1 ni\u017e\u0161ie n\u00e1klady na vykurovanie a klimatiz\u00e1ciu. Navy\u0161e v\u00fdborne tlmia hluk z vonkaj\u0161ieho prostredia, \u010do zais\u0165uje pokojn\u00fd a pohodln\u00fd interi\u00e9r.<\/p>\n<p><strong>2. Odolnos\u0165 a dlh\u00e1 \u017eivotnos\u0165<\/strong><\/p>\n<p>Plastov\u00e9 balk\u00f3nov\u00e9 dvere s\u00fa vysoko odoln\u00e9 vo\u010di vlhkosti, UV \u017eiareniu a \u010fal\u0161\u00edm poveternostn\u00fdm vplyvom. Na rozdiel od dreven\u00fdch dver\u00ed nevy\u017eaduj\u00fa pravideln\u00fa \u00fadr\u017ebu, ako je lakovanie alebo natieranie, a s\u00fa menej n\u00e1chyln\u00e9 na deform\u00e1ciu. To znamen\u00e1, \u017ee va\u0161e dvere bud\u00fa vyzera\u0165 ako nov\u00e9 aj po mnoh\u00fdch rokoch pou\u017e\u00edvania.<\/p>\n<p><strong>3. Bezpe\u010dnos\u0165<\/strong><\/p>\n<p>Bezpe\u010dnos\u0165 je pre n\u00e1s prioritou. Na\u0161e plastov\u00e9 balk\u00f3nov\u00e9 dvere s\u00fa vybaven\u00e9 kvalitn\u00fdmi z\u00e1mkami a bezpe\u010dnostn\u00fdm sklom, ktor\u00e9 poskytuj\u00fa vysok\u00fa \u00farove\u0148 ochrany proti vl\u00e1maniu. M\u00f4\u017eete sa spo\u013eahn\u00fa\u0165, \u017ee v\u00e1\u0161 domov bude chr\u00e1nen\u00fd.<\/p>\n<p><strong>4. Jednoduch\u00e1 \u00fadr\u017eba<\/strong><\/p>\n<p>\u00dadr\u017eba plastov\u00fdch balk\u00f3nov\u00fdch dver\u00ed je ve\u013emi jednoduch\u00e1. Sta\u010d\u00ed ich pravidelne \u010disti\u0165 be\u017en\u00fdmi dom\u00e1cimi prostriedkami, aby zostali v dokonalom stave. Plastov\u00e9 dvere s\u00fa odoln\u00e9 vo\u010di \u0161kvrn\u00e1m a neabsorbuj\u00fa ne\u010distoty, \u010do zais\u0165uje ich dlhotrvaj\u00faci \u010dist\u00fd vzh\u013ead.<\/p>\n<p><strong>5. Ekologick\u00e1 \u0161etrnos\u0165<\/strong><\/p>\n<p>Plastov\u00e9 balk\u00f3nov\u00e9 dvere maj\u00fa v\u00fdborn\u00e9 izola\u010dn\u00e9 vlastnosti, ktor\u00e9 pom\u00e1haj\u00fa zni\u017eova\u0165 spotrebu energie, \u010do m\u00e1 pozit\u00edvny dopad na va\u0161u uhl\u00edkov\u00fa stopu.<\/p>\n<p><strong>6. Dizajn a variabilita<\/strong><\/p>\n<p>Pon\u00fakame \u0161irok\u00fa \u0161k\u00e1lu dizajnov a farebn\u00fdch variantov, ktor\u00e9 sa \u013eahko prisp\u00f4sobia ak\u00e9muko\u013evek \u0161t\u00fdlu interi\u00e9ru \u010di exteri\u00e9ru. M\u00f4\u017eete si vybra\u0165 z r\u00f4znych typov otv\u00e1rania, ve\u013ekost\u00ed a povrchov\u00fdch \u00faprav, aby va\u0161e balk\u00f3nov\u00e9 dvere dokonale ladili s va\u0161\u00edm domovom.[\/vc_column_text][\/vc_column][\/vc_row][vc_row][vc_column][vc_column_text css=&#8221;&#8221;]<\/p>\n<h2>Technick\u00e9 \u0161pecifik\u00e1cie:<\/h2>\n<ul>\n<li>Materi\u00e1l: plastov\u00e9 profily Salamander<\/li>\n<li>Tepeln\u00e1 priepustnos\u0165: Ud &lt; 0,91 W\/m\u00b2K<\/li>\n<li>Zvukov\u00e1 izol\u00e1cia: a\u017e 45 dB<\/li>\n<li>Bezpe\u010dnostn\u00e9 sklo: pod\u013ea priania z\u00e1kazn\u00edka<\/li>\n<li>Mo\u017enosti farieb: Biela, hned\u00e1, antracit a \u010fal\u0161ie<\/li>\n<li>Rozmery: \u0160tandardn\u00e9 aj na mieru<\/li>\n<\/ul>\n<p>[\/vc_column_text][\/vc_column][\/vc_row][vc_row][vc_column][vc_column_text css=&#8221;&#8221;]<\/p>\n<h2>Pre\u010do sa rozhodn\u00fa\u0165 pre balk\u00f3nov\u00e9 dvere od n\u00e1s<\/h2>\n<p>Na\u0161e plastov\u00e9 balk\u00f3nov\u00e9 dvere predstavuj\u00fa ide\u00e1lne spojenie estetiky, funkcionality a trvanlivosti. S\u00fa navrhnut\u00e9 tak, aby v\u00e1m poskytli maxim\u00e1lny komfort a bezpe\u010die, zatia\u013e \u010do ich modern\u00fd vzh\u013ead dod\u00e1 v\u00e1\u0161mu domovu elegantn\u00fd a \u0161t\u00fdlov\u00fd vzh\u013ead. Investujte do kvality a spo\u013eahlivosti \u2013 vyberte si na\u0161e plastov\u00e9 balk\u00f3nov\u00e9 dvere a u\u017e\u00edvajte si pohodlie a kr\u00e1su vo va\u0161om domove.[\/vc_column_text][\/vc_column][\/vc_row][vc_row][vc_column][vc_column_text css=&#8221;&#8221;]<\/p>\n<h3>Ako vyzer\u00e1 na\u0161a pr\u00e1ca<\/h3>\n<p>[\/vc_column_text][vc_gallery type=&#8221;image_grid&#8221; images=&#8221;13241,13273,13260,11108&#8243; css=&#8221;&#8221;][\/vc_column][\/vc_row][vc_row][vc_column][vc_column_text css=&#8221;&#8221;]<\/p>\n<p>M\u00e1me stovky \u00faspe\u0161n\u00fdch realiz\u00e1ci\u00ed po celom Slovensku aj v zahrani\u010d\u00ed. D\u00f4kazom s\u00fa <a href=\"https:\/\/www.cedera-okna.sk\/sk\/referencie\/\">referencie<\/a> na\u0161ich spokojn\u00fdch z\u00e1kazn\u00edkov.<\/p>\n<p>Nev\u00e1hajte n\u00e1s kontaktova\u0165 pre viac inform\u00e1ci\u00ed alebo n\u00e1v\u0161tevu na\u0161ej predajne, kde si m\u00f4\u017eete prezrie\u0165 na\u0161e produkty osobne. Te\u0161\u00edme sa na va\u0161u n\u00e1v\u0161tevu![\/vc_column_text][\/vc_column][\/vc_row][vc_row][vc_column][vc_column_text css=&#8221;&#8221;]<\/p>\n<h2 style=\"text-align: center;\">M\u00e1te z\u00e1ujem o nov\u00e9 balk\u00f3nov\u00e9 dvere alebo potrebujete poradi\u0165? Vypl\u0148te formul\u00e1r ni\u017e\u0161ie a ozveme sa v\u00e1m do 24 hod\u00edn.<\/h2>\n<p>[\/vc_column_text]\n<div class=\"wpcf7 no-js\" id=\"wpcf7-f2486-o1\" lang=\"sk-SK\" dir=\"ltr\" data-wpcf7-id=\"2486\">\n<div class=\"screen-reader-response\"><p role=\"status\" aria-live=\"polite\" aria-atomic=\"true\"><\/p> <ul><\/ul><\/div>\n<form action=\"\/sk\/wp-json\/wp\/v2\/pages\/12943#wpcf7-f2486-o1\" method=\"post\" class=\"wpcf7-form init\" aria-label=\"Kontaktn\u00fd formul\u00e1r\" novalidate=\"novalidate\" data-status=\"init\">\n<fieldset class=\"hidden-fields-container\"><input type=\"hidden\" name=\"_wpcf7\" value=\"2486\" \/><input type=\"hidden\" name=\"_wpcf7_version\" value=\"6.1.5\" \/><input type=\"hidden\" name=\"_wpcf7_locale\" value=\"sk_SK\" \/><input type=\"hidden\" name=\"_wpcf7_unit_tag\" value=\"wpcf7-f2486-o1\" \/><input type=\"hidden\" name=\"_wpcf7_container_post\" value=\"0\" \/><input type=\"hidden\" name=\"_wpcf7_posted_data_hash\" value=\"\" \/><input type=\"hidden\" name=\"_wpcf7_recaptcha_response\" value=\"\" \/>\n<\/fieldset>\n<p><label><br \/>\n<span class=\"wpcf7-form-control-wrap\" data-name=\"your-name\"><input size=\"40\" maxlength=\"400\" class=\"wpcf7-form-control wpcf7-text wpcf7-validates-as-required\" aria-required=\"true\" aria-invalid=\"false\" placeholder=\"Meno*\" value=\"\" type=\"text\" name=\"your-name\" \/><\/span> <\/label>\n<\/p>\n<div class=\"sc_form_info columns_wrap\">\n\t<div class=\"sc_form_item sc_form_field label_over column-1_2\">\n\t\t<p><label><br \/>\n<span class=\"wpcf7-form-control-wrap\" data-name=\"your-telefon\"><input size=\"40\" maxlength=\"400\" class=\"wpcf7-form-control wpcf7-tel wpcf7-validates-as-required wpcf7-text wpcf7-validates-as-tel\" aria-required=\"true\" aria-invalid=\"false\" placeholder=\"Telef\u00f3n*\" value=\"\" type=\"tel\" name=\"your-telefon\" \/><\/span> <\/label>\n\t\t<\/p>\n\t<\/div>\n\t<div class=\"sc_form_item sc_form_field label_over column-1_2 pading0\">\n\t\t<p><label><br \/>\n<span class=\"wpcf7-form-control-wrap\" data-name=\"your-email\"><input size=\"40\" maxlength=\"400\" class=\"wpcf7-form-control wpcf7-email wpcf7-validates-as-required wpcf7-text wpcf7-validates-as-email\" aria-required=\"true\" aria-invalid=\"false\" placeholder=\"E-mail*\" value=\"\" type=\"email\" name=\"your-email\" \/><\/span><\/label>\n\t\t<\/p>\n\t<\/div>\n<\/div>\n<p><label><br \/>\n<span class=\"wpcf7-form-control-wrap\" data-name=\"your-message\"><textarea cols=\"40\" rows=\"10\" maxlength=\"2000\" class=\"wpcf7-form-control wpcf7-textarea\" aria-invalid=\"false\" placeholder=\"Pros\u00edm kontaktujte ma oh\u013eadom...\" name=\"your-message\"><\/textarea><\/span> <\/label>\n<\/p>\n<p><span class=\"wpcf7-form-control-wrap\" data-name=\"checkbox-597\"><span class=\"wpcf7-form-control wpcf7-checkbox wpcf7-validates-as-required\"><span class=\"wpcf7-list-item first last\"><input type=\"checkbox\" name=\"checkbox-597[]\" value=\"S\u00fahlas\u00edm so zpracovan\u00edm osobn\u00fdch \u00fadajov*\" \/><span class=\"wpcf7-list-item-label\">S\u00fahlas\u00edm so zpracovan\u00edm osobn\u00fdch \u00fadajov*<\/span><\/span><\/span><\/span>\n<\/p>\n<p><input class=\"wpcf7-form-control wpcf7-submit has-spinner\" type=\"submit\" value=\"Posla\u0165 po\u017eiadavku\" \/>\n<\/p>\n<p>*polo\u017eka je povinn\u00e1\n<\/p><div class=\"wpcf7-response-output\" aria-hidden=\"true\"><\/div>\n<\/form>\n<\/div>\n[\/vc_column][\/vc_row]<\/p>\n<\/div>","protected":false},"excerpt":{"rendered":"<p>[vc_row][vc_column][vc_column_text css=&#8221;&#8221;]Vylep\u0161ite vzh\u013ead a funk\u010dnos\u0165 v\u00e1\u0161ho domova s na\u0161imi plastov\u00fdmi balk\u00f3nov\u00fdmi dverami. Kombin\u00e1cia elegantn\u00e9ho dizajnu, vynikaj\u00facej izol\u00e1cie a jednoduchej \u00fadr\u017eby rob\u00ed z t\u00fdchto dver\u00ed ide\u00e1lnu vo\u013ebu pre ak\u00fdko\u013evek priestor. Na\u0161e plastov\u00e9 balk\u00f3nov\u00e9 dvere s\u00fa vyroben\u00e9 z prvotriednych materi\u00e1lov, ktor\u00e9 zaru\u010duj\u00fa dlh\u00fa \u017eivotnos\u0165 a odolnos\u0165 vo\u010di poveternostn\u00fdm vplyvom. [\/vc_column_text][\/vc_column][\/vc_row][vc_row][vc_column][vc_column_text css=&#8221;&#8221;]Pod pojmom balk\u00f3nov\u00e9 dvere ozna\u010dujeme be\u017en\u00e9 rie\u0161enie [&hellip;]<\/p>\n","protected":false},"author":3,"featured_media":0,"parent":0,"menu_order":0,"comment_status":"closed","ping_status":"closed","template":"","meta":{"footnotes":""},"class_list":["post-12943","page","type-page","status-publish","hentry"],"yoast_head":"<!-- This site is optimized with the Yoast SEO plugin v27.5 - https:\/\/yoast.com\/product\/yoast-seo-wordpress\/ -->\n<title>Balk\u00f3nov\u00e9 dvere | Cedera<\/title>\n<meta name=\"description\" content=\"M\u00e1me stovky \u00faspe\u0161n\u00fdch mont\u00e1\u017e\u00ed balk\u00f3nov\u00fdch dver\u00ed a okien po celom Slovensku aj v zahrani\u010d\u00ed. Pon\u00fakame kvalitn\u00e9 plastov\u00e9 profily Salamander.\" \/>\n<meta name=\"robots\" content=\"index, follow, max-snippet:-1, max-image-preview:large, max-video-preview:-1\" \/>\n<link rel=\"canonical\" href=\"https:\/\/www.cedera-okna.sk\/sk\/balkonove-dvere\/\" \/>\n<meta property=\"og:locale\" content=\"sk_SK\" \/>\n<meta property=\"og:type\" content=\"article\" \/>\n<meta property=\"og:title\" content=\"Balk\u00f3nov\u00e9 dvere | Cedera\" \/>\n<meta property=\"og:description\" content=\"M\u00e1me stovky \u00faspe\u0161n\u00fdch mont\u00e1\u017e\u00ed balk\u00f3nov\u00fdch dver\u00ed a okien po celom Slovensku aj v zahrani\u010d\u00ed. Pon\u00fakame kvalitn\u00e9 plastov\u00e9 profily Salamander.\" \/>\n<meta property=\"og:url\" content=\"https:\/\/www.cedera-okna.sk\/sk\/balkonove-dvere\/\" \/>\n<meta property=\"og:site_name\" content=\"Cedera\" \/>\n<meta property=\"article:publisher\" content=\"https:\/\/www.facebook.com\/okna.cedera\/\" \/>\n<meta property=\"article:modified_time\" content=\"2024-07-04T19:36:02+00:00\" \/>\n<meta name=\"twitter:label1\" content=\"Predpokladan\u00fd \u010das \u010d\u00edtania\" \/>\n\t<meta name=\"twitter:data1\" content=\"4 min\u00faty\" \/>\n<!-- \/ Yoast SEO plugin. -->","yoast_head_json":{"title":"Balk\u00f3nov\u00e9 dvere | Cedera","description":"M\u00e1me stovky \u00faspe\u0161n\u00fdch mont\u00e1\u017e\u00ed balk\u00f3nov\u00fdch dver\u00ed a okien po celom Slovensku aj v zahrani\u010d\u00ed. Pon\u00fakame kvalitn\u00e9 plastov\u00e9 profily Salamander.","robots":{"index":"index","follow":"follow","max-snippet":"max-snippet:-1","max-image-preview":"max-image-preview:large","max-video-preview":"max-video-preview:-1"},"canonical":"https:\/\/www.cedera-okna.sk\/sk\/balkonove-dvere\/","og_locale":"sk_SK","og_type":"article","og_title":"Balk\u00f3nov\u00e9 dvere | Cedera","og_description":"M\u00e1me stovky \u00faspe\u0161n\u00fdch mont\u00e1\u017e\u00ed balk\u00f3nov\u00fdch dver\u00ed a okien po celom Slovensku aj v zahrani\u010d\u00ed. Pon\u00fakame kvalitn\u00e9 plastov\u00e9 profily Salamander.","og_url":"https:\/\/www.cedera-okna.sk\/sk\/balkonove-dvere\/","og_site_name":"Cedera","article_publisher":"https:\/\/www.facebook.com\/okna.cedera\/","article_modified_time":"2024-07-04T19:36:02+00:00","twitter_misc":{"Predpokladan\u00fd \u010das \u010d\u00edtania":"4 min\u00faty"},"schema":{"@context":"https:\/\/schema.org","@graph":[{"@type":"WebPage","@id":"https:\/\/www.cedera-okna.sk\/sk\/balkonove-dvere\/","url":"https:\/\/www.cedera-okna.sk\/sk\/balkonove-dvere\/","name":"Balk\u00f3nov\u00e9 dvere | Cedera","isPartOf":{"@id":"https:\/\/www.cedera-okna.sk\/sk\/#website"},"datePublished":"2024-06-16T14:45:59+00:00","dateModified":"2024-07-04T19:36:02+00:00","description":"M\u00e1me stovky \u00faspe\u0161n\u00fdch mont\u00e1\u017e\u00ed balk\u00f3nov\u00fdch dver\u00ed a okien po celom Slovensku aj v zahrani\u010d\u00ed. Pon\u00fakame kvalitn\u00e9 plastov\u00e9 profily Salamander.","breadcrumb":{"@id":"https:\/\/www.cedera-okna.sk\/sk\/balkonove-dvere\/#breadcrumb"},"inLanguage":"sk-SK","potentialAction":[{"@type":"ReadAction","target":["https:\/\/www.cedera-okna.sk\/sk\/balkonove-dvere\/"]}]},{"@type":"BreadcrumbList","@id":"https:\/\/www.cedera-okna.sk\/sk\/balkonove-dvere\/#breadcrumb","itemListElement":[{"@type":"ListItem","position":1,"name":"Domovsk\u00e1 str\u00e1nka","item":"https:\/\/www.cedera-okna.sk\/sk\/"},{"@type":"ListItem","position":2,"name":"Balk\u00f3nov\u00e9 dvere"}]},{"@type":"WebSite","@id":"https:\/\/www.cedera-okna.sk\/sk\/#website","url":"https:\/\/www.cedera-okna.sk\/sk\/","name":"Cedera","description":"Plastov\u00e9 okn\u00e1 Bratislava","publisher":{"@id":"https:\/\/www.cedera-okna.sk\/sk\/#organization"},"potentialAction":[{"@type":"SearchAction","target":{"@type":"EntryPoint","urlTemplate":"https:\/\/www.cedera-okna.sk\/sk\/?s={search_term_string}"},"query-input":{"@type":"PropertyValueSpecification","valueRequired":true,"valueName":"search_term_string"}}],"inLanguage":"sk-SK"},{"@type":"Organization","@id":"https:\/\/www.cedera-okna.sk\/sk\/#organization","name":"CEDERA s.r.o.","url":"https:\/\/www.cedera-okna.sk\/sk\/","logo":{"@type":"ImageObject","inLanguage":"sk-SK","@id":"https:\/\/www.cedera-okna.sk\/sk\/#\/schema\/logo\/image\/","url":"https:\/\/www.cedera-okna.sk\/wp-content\/uploads\/2018\/10\/Cedera-logo.png","contentUrl":"https:\/\/www.cedera-okna.sk\/wp-content\/uploads\/2018\/10\/Cedera-logo.png","width":190,"height":66,"caption":"CEDERA s.r.o."},"image":{"@id":"https:\/\/www.cedera-okna.sk\/sk\/#\/schema\/logo\/image\/"},"sameAs":["https:\/\/www.facebook.com\/okna.cedera\/"]}]}},"_links":{"self":[{"href":"https:\/\/www.cedera-okna.sk\/sk\/wp-json\/wp\/v2\/pages\/12943","targetHints":{"allow":["GET"]}}],"collection":[{"href":"https:\/\/www.cedera-okna.sk\/sk\/wp-json\/wp\/v2\/pages"}],"about":[{"href":"https:\/\/www.cedera-okna.sk\/sk\/wp-json\/wp\/v2\/types\/page"}],"author":[{"embeddable":true,"href":"https:\/\/www.cedera-okna.sk\/sk\/wp-json\/wp\/v2\/users\/3"}],"replies":[{"embeddable":true,"href":"https:\/\/www.cedera-okna.sk\/sk\/wp-json\/wp\/v2\/comments?post=12943"}],"version-history":[{"count":14,"href":"https:\/\/www.cedera-okna.sk\/sk\/wp-json\/wp\/v2\/pages\/12943\/revisions"}],"predecessor-version":[{"id":17119,"href":"https:\/\/www.cedera-okna.sk\/sk\/wp-json\/wp\/v2\/pages\/12943\/revisions\/17119"}],"wp:attachment":[{"href":"https:\/\/www.cedera-okna.sk\/sk\/wp-json\/wp\/v2\/media?parent=12943"}],"curies":[{"name":"wp","href":"https:\/\/api.w.org\/{rel}","templated":true}]}}