{"id":110,"date":"2011-10-27T10:48:40","date_gmt":"2011-10-27T08:48:40","guid":{"rendered":"http:\/\/cedera-okna.sk\/index.php\/interierove-zaluzie\/"},"modified":"2020-02-07T19:09:50","modified_gmt":"2020-02-07T18:09:50","slug":"interierove-zaluzie-vertikalne-horizontalne-bambusove","status":"publish","type":"page","link":"https:\/\/www.cedera-okna.sk\/sk\/interierove-zaluzie-vertikalne-horizontalne-bambusove\/","title":{"rendered":"Interi\u00e9rov\u00e9 \u017eal\u00fazie &#8211; bambusov\u00e9, vertik\u00e1lne, horizont\u00e1lne. Ak\u00e9 chcete vy?"},"content":{"rendered":"<div class=\"wpb-content-wrapper\"><p>[vc_row][vc_column][vc_column_text]<\/p>\n<h2><img decoding=\"async\" class=\" alignright size-full wp-image-107\" style=\"margin-left: 30px; margin-right: 30px; float: right;\" src=\"http:\/\/cedera-okna.sk\/wp-content\/uploads\/2011\/10\/horizontalne_zaluzie1_thumbnail-1.jpg\" alt=\"plastov\u00e9 okn\u00e1, eurookn\u00e1\" width=\"223\" height=\"173\" border=\"0\" \/>Klasick\u00e9 horizont\u00e1lne \u017eal\u00fazie<\/h2>\n<p>Horizont\u00e1lne \u017eal\u00fazie &#8211; ako u\u017e n\u00e1zov napoved\u00e1 usporiadane lamiel bude horizont\u00e1lne. Pod\u013ea umiestnenia ich rozde\u013eujeme na exteri\u00e9rov\u00e9 a interi\u00e9rov\u00e9.<span class=\"apple-converted-space\">\u00a0<\/span><br \/>\n<span id=\"bambusove_zaluzie\"><\/span><br \/>\nS\u00fa v\u0161eobecne pova\u017eovan\u00e9 za<span class=\"apple-converted-space\">\u00a0<\/span><strong>najpou\u017e\u00edvanej\u0161ie<\/strong><span class=\"apple-converted-space\">\u00a0tieniace v\u00fdrobky. Je zn\u00e1ma ich dlh\u00e1 \u017eivotnos\u0165. Medzi ich vlastnosti nesporne patr\u00ed mo\u017enos\u0165 regulova\u0165 prirodzen\u00e9 osvetlenie a<span class=\"apple-converted-space\">\u00a0<\/span><\/span><strong>zlep\u0161ovanie interi\u00e9rovej kl\u00edmy<\/strong>. S\u00fa vyroben\u00e9 z flexibilnej hlin\u00edkovej zliatiny (\u0161pecificky povrchovo upravenej). Modern\u00e9 interi\u00e9rov\u00e9 \u017eal\u00fazie maj\u00fa ovl\u00e1danie rie\u0161en\u00e9 gu\u013e\u00f4\u010dkovou retiazkou, ktor\u00e1 sl\u00fa\u017ei na nakl\u00e1panie, vy\u0165ahovanie a sp\u00fa\u0161\u0165anie lamiel.<\/p>\n<h2><img decoding=\"async\" class=\" alignright size-full wp-image-108\" style=\"float: right; margin-left: 30px; margin-right: 30px;\" src=\"http:\/\/cedera-okna.sk\/wp-content\/uploads\/2011\/10\/bambusove%20zaluzie%203.jpg\" alt=\"doplnky na okn\u00e1, bambusov\u00e9 \u017eal\u00fazie\" width=\"236\" height=\"252\" border=\"0\" \/>Bambusov\u00e9 \u017eal\u00fazie<\/h2>\n<p>Z<span class=\"apple-converted-space\">\u00a0<\/span><strong>estetick\u00e9ho h\u013eadiska<\/strong><span class=\"apple-converted-space\">\u00a0st\u00e1le viac potencion\u00e1lnych klientov zva\u017euje k\u00fapu pr\u00edrodn\u00fdmch materi\u00e1lov. Bambusov\u00e9 \u017eal\u00fazie s\u00fa pr\u00edrodnou variantou tienenia. Nejde o drevo, hoci tak na prv\u00fd poh\u013ead nepochybne p\u00f4sob\u00ed,ve\u010f bambus patr\u00ed do \u010de\u013eade tr\u00e1v.<span class=\"apple-converted-space\">\u00a0<\/span><\/span><br \/>\n<span id=\"vertikalne_zaluzie\"><\/span><br \/>\n<strong>Nad\u0161tandardn\u00fdm a prec\u00edznym<\/strong><span class=\"apple-converted-space\">\u00a0preveden\u00edm prekra\u010duj\u00fa technick\u00e9 po\u017eiadavky tienenia. Maj\u00fa ojedinel\u00fd vzh\u013ead a dizajn a o skvel\u00fdch<span class=\"apple-converted-space\">\u00a0<\/span><\/span><strong>\u00fa\u017eitkov\u00fdch<\/strong><span class=\"apple-converted-space\">\u00a0vlastnostiach ani nehovoriac. Dokonal\u00e1 kombin\u00e1cia v\u0161etk\u00fdch vlastnost\u00ed bambusovej \u017eal\u00fazie sp\u013a\u0148a i najn\u00e1ro\u010dnej\u0161ie po\u017eiadavky z\u00e1kazn\u00edka. Netradi\u010dn\u00fd pr\u00edrodn\u00fd materi\u00e1l a kon\u0161trukcia \u017eal\u00fazi\u00ed sa st\u00e1va zauj\u00edmav\u00fdm<span class=\"apple-converted-space\">\u00a0<\/span><\/span><strong>dekorat\u00edvnym prvkom<\/strong><span class=\"apple-converted-space\">\u00a0v interi\u00e9ri. Vhodn\u00e1 alternat\u00edva pre z\u00e1ujemcov, ktor\u00ed okrem tieniacej funkcie o\u010dak\u00e1vaj\u00fa aj funkciu estetick\u00fa.<\/span><\/p>\n<p>S\u00fa vhodn\u00e9 do interi\u00e9rov pre v\u0161etky typy okien zvl\u00e1\u0161\u0165 pre dreven\u00e9 eurookn\u00e1 a plastov\u00e9 okn\u00e1 s drevoimita\u010dnou f\u00f3liou. Pod\u013ea potreby a chuti m\u00f4\u017eu aj vo\u013ene visie\u0165 pred oknom.<\/p>\n<h2><img decoding=\"async\" class=\" alignright size-full wp-image-109\" style=\"float: right; margin-left: 30px; margin-right: 30px;\" src=\"http:\/\/cedera-okna.sk\/wp-content\/uploads\/2011\/10\/vertik-1.jpg\" alt=\"interi\u00e9rov\u00e9 \u017eal\u00fazie, bambusov\u00e9\" width=\"163\" height=\"230\" border=\"0\" \/>Vertik\u00e1lne \u017eal\u00fazie<\/h2>\n<p>Vertik\u00e1lne l\u00e1tkov\u00e9 \u017eal\u00fazie s\u00fa<span class=\"apple-converted-space\">\u00a0<\/span><strong>jedine\u010dn\u00fdm doplnkom interi\u00e9ru<\/strong>. Kombin\u00e1ciou technick\u00fdch mo\u017enost\u00ed, z ktor\u00fdch vypl\u00fdva ich \u00fa\u017eitkov\u00e1 hodnota a celkov\u00fdm<span class=\"apple-converted-space\">\u00a0<\/span><strong>estetick\u00fdm dojmom<\/strong><span class=\"apple-converted-space\">\u00a0umo\u017e\u0148uj\u00fa rie\u0161i\u0165 viacero probl\u00e9mov naraz.<span class=\"apple-converted-space\">\u00a0<\/span><\/span><\/p>\n<p>Prim\u00e1rna funkcia je<span class=\"apple-converted-space\">\u00a0<\/span><strong>ochrana pred slnkom<\/strong>,\u010do je aj z\u00e1kladnou funk\u010dnou vlastnos\u0165ou vertik\u00e1lnych \u017eal\u00fazi\u00ed. Vertik\u00e1lne \u017eal\u00fazie umo\u017e\u0148uj\u00fa d\u00f4myseln\u00e9<span class=\"apple-converted-space\">\u00a0<\/span><strong>\u010dlenenie priestoru<\/strong><span class=\"apple-converted-space\">\u00a0v\u00e1\u0161ho bytu i kancel\u00e1rie. Dok\u00e1\u017eu vytvori\u0165 \u00fa\u010dinn\u00fa zvukov\u00fa a tepeln\u00fa bari\u00e9ru. Z\u00e1rove\u0148 nahradia z\u00e1vesy, z\u00e1clony, a in\u00fd druh \u017eal\u00fazi\u00ed. Vertik\u00e1lne \u017eal\u00fazie zohr\u00e1vaj\u00fa aj dekora\u010dn\u00fa \u00falohu a hrou farieb ud\u00e1vaj\u00fa atmosf\u00e9ru a charakter va\u0161im priestorom.<span class=\"apple-converted-space\">\u00a0<\/span><\/span><\/p>\n<p><strong>Technick\u00e1 prepracovanos\u0165<\/strong><span class=\"apple-converted-space\">\u00a0umo\u017e\u0148uje r\u00fdchlu demont\u00e1\u017e lamiel, ich o\u0161etrenie a \u010distenie, pr\u00edpadne v\u00fdmenu za nov\u00e9 &#8211; mechanizmus ost\u00e1va po dlh\u00e9 roky funk\u010dn\u00fd.<\/span>[\/vc_column_text][\/vc_column][\/vc_row][vc_row css=&#8221;.vc_custom_1476802127517{margin-top: 50px !important;}&#8221;][vc_column][vc_column_text]<\/p>\n<h2 style=\"text-align: center;\">M\u00e1te z\u00e1ujem o nov\u00e9 interi\u00e9rov\u00e9 \u017eal\u00fazie alebo potrebujete poradi\u0165 s v\u00fdberom?<br \/>\nVypl\u0148te formul\u00e1r ni\u017e\u0161ie a ozveme sa v\u00e1m do 24 hod\u00edn.<\/h2>\n<p>[\/vc_column_text]\n<div class=\"wpcf7 no-js\" id=\"wpcf7-f2486-o1\" lang=\"sk-SK\" dir=\"ltr\" data-wpcf7-id=\"2486\">\n<div class=\"screen-reader-response\"><p role=\"status\" aria-live=\"polite\" aria-atomic=\"true\"><\/p> <ul><\/ul><\/div>\n<form action=\"\/sk\/wp-json\/wp\/v2\/pages\/110#wpcf7-f2486-o1\" method=\"post\" class=\"wpcf7-form init\" aria-label=\"Kontaktn\u00fd formul\u00e1r\" novalidate=\"novalidate\" data-status=\"init\">\n<fieldset class=\"hidden-fields-container\"><input type=\"hidden\" name=\"_wpcf7\" value=\"2486\" \/><input type=\"hidden\" name=\"_wpcf7_version\" value=\"6.1.5\" \/><input type=\"hidden\" name=\"_wpcf7_locale\" value=\"sk_SK\" \/><input type=\"hidden\" name=\"_wpcf7_unit_tag\" value=\"wpcf7-f2486-o1\" \/><input type=\"hidden\" name=\"_wpcf7_container_post\" value=\"0\" \/><input type=\"hidden\" name=\"_wpcf7_posted_data_hash\" value=\"\" \/><input type=\"hidden\" name=\"_wpcf7_recaptcha_response\" value=\"\" \/>\n<\/fieldset>\n<p><label><br \/>\n<span class=\"wpcf7-form-control-wrap\" data-name=\"your-name\"><input size=\"40\" maxlength=\"400\" class=\"wpcf7-form-control wpcf7-text wpcf7-validates-as-required\" aria-required=\"true\" aria-invalid=\"false\" placeholder=\"Meno*\" value=\"\" type=\"text\" name=\"your-name\" \/><\/span> <\/label>\n<\/p>\n<div class=\"sc_form_info columns_wrap\">\n\t<div class=\"sc_form_item sc_form_field label_over column-1_2\">\n\t\t<p><label><br \/>\n<span class=\"wpcf7-form-control-wrap\" data-name=\"your-telefon\"><input size=\"40\" maxlength=\"400\" class=\"wpcf7-form-control wpcf7-tel wpcf7-validates-as-required wpcf7-text wpcf7-validates-as-tel\" aria-required=\"true\" aria-invalid=\"false\" placeholder=\"Telef\u00f3n*\" value=\"\" type=\"tel\" name=\"your-telefon\" \/><\/span> <\/label>\n\t\t<\/p>\n\t<\/div>\n\t<div class=\"sc_form_item sc_form_field label_over column-1_2 pading0\">\n\t\t<p><label><br \/>\n<span class=\"wpcf7-form-control-wrap\" data-name=\"your-email\"><input size=\"40\" maxlength=\"400\" class=\"wpcf7-form-control wpcf7-email wpcf7-validates-as-required wpcf7-text wpcf7-validates-as-email\" aria-required=\"true\" aria-invalid=\"false\" placeholder=\"E-mail*\" value=\"\" type=\"email\" name=\"your-email\" \/><\/span><\/label>\n\t\t<\/p>\n\t<\/div>\n<\/div>\n<p><label><br \/>\n<span class=\"wpcf7-form-control-wrap\" data-name=\"your-message\"><textarea cols=\"40\" rows=\"10\" maxlength=\"2000\" class=\"wpcf7-form-control wpcf7-textarea\" aria-invalid=\"false\" placeholder=\"Pros\u00edm kontaktujte ma oh\u013eadom...\" name=\"your-message\"><\/textarea><\/span> <\/label>\n<\/p>\n<p><span class=\"wpcf7-form-control-wrap\" data-name=\"checkbox-597\"><span class=\"wpcf7-form-control wpcf7-checkbox wpcf7-validates-as-required\"><span class=\"wpcf7-list-item first last\"><input type=\"checkbox\" name=\"checkbox-597[]\" value=\"S\u00fahlas\u00edm so zpracovan\u00edm osobn\u00fdch \u00fadajov*\" \/><span class=\"wpcf7-list-item-label\">S\u00fahlas\u00edm so zpracovan\u00edm osobn\u00fdch \u00fadajov*<\/span><\/span><\/span><\/span>\n<\/p>\n<p><input class=\"wpcf7-form-control wpcf7-submit has-spinner\" type=\"submit\" value=\"Posla\u0165 po\u017eiadavku\" \/>\n<\/p>\n<p>*polo\u017eka je povinn\u00e1\n<\/p><div class=\"wpcf7-response-output\" aria-hidden=\"true\"><\/div>\n<\/form>\n<\/div>\n[\/vc_column][\/vc_row]<\/p>\n<\/div>","protected":false},"excerpt":{"rendered":"<p>[vc_row][vc_column][vc_column_text] Klasick\u00e9 horizont\u00e1lne \u017eal\u00fazie Horizont\u00e1lne \u017eal\u00fazie &#8211; ako u\u017e n\u00e1zov napoved\u00e1 usporiadane lamiel bude horizont\u00e1lne. Pod\u013ea umiestnenia ich rozde\u013eujeme na exteri\u00e9rov\u00e9 a interi\u00e9rov\u00e9.\u00a0 S\u00fa v\u0161eobecne pova\u017eovan\u00e9 za\u00a0najpou\u017e\u00edvanej\u0161ie\u00a0tieniace v\u00fdrobky. Je zn\u00e1ma ich dlh\u00e1 \u017eivotnos\u0165. Medzi ich vlastnosti nesporne patr\u00ed mo\u017enos\u0165 regulova\u0165 prirodzen\u00e9 osvetlenie a\u00a0zlep\u0161ovanie interi\u00e9rovej kl\u00edmy. S\u00fa vyroben\u00e9 z flexibilnej hlin\u00edkovej zliatiny (\u0161pecificky povrchovo upravenej). Modern\u00e9 [&hellip;]<\/p>\n","protected":false},"author":3,"featured_media":2403,"parent":0,"menu_order":49,"comment_status":"closed","ping_status":"closed","template":"","meta":{"footnotes":""},"class_list":["post-110","page","type-page","status-publish","has-post-thumbnail","hentry"],"yoast_head":"<!-- This site is optimized with the Yoast SEO plugin v27.4 - https:\/\/yoast.com\/product\/yoast-seo-wordpress\/ -->\n<title>Interi\u00e9rov\u00e9 \u017eal\u00fazie, vn\u00fatorn\u00e9 \u017eal\u00fazie | Cedera<\/title>\n<meta name=\"description\" content=\"Radi by ste sa ochr\u00e1nili pred siln\u00fdmi slne\u010dn\u00fdmi l\u00fa\u010dmi alebo v noci zbavili svetla z ulice? Sta\u010d\u00ed si do svojho interi\u00e9ru necha\u0165 namontova\u0165 vn\u00fatorn\u00e9 \u017eal\u00fazie.\" \/>\n<meta name=\"robots\" content=\"index, follow, max-snippet:-1, max-image-preview:large, max-video-preview:-1\" \/>\n<link rel=\"canonical\" href=\"https:\/\/www.cedera-okna.sk\/sk\/interierove-zaluzie-vertikalne-horizontalne-bambusove\/\" \/>\n<meta property=\"og:locale\" content=\"sk_SK\" \/>\n<meta property=\"og:type\" content=\"article\" \/>\n<meta property=\"og:title\" content=\"Interi\u00e9rov\u00e9 \u017eal\u00fazie, vn\u00fatorn\u00e9 \u017eal\u00fazie | Cedera\" \/>\n<meta property=\"og:description\" content=\"Radi by ste sa ochr\u00e1nili pred siln\u00fdmi slne\u010dn\u00fdmi l\u00fa\u010dmi alebo v noci zbavili svetla z ulice? Sta\u010d\u00ed si do svojho interi\u00e9ru necha\u0165 namontova\u0165 vn\u00fatorn\u00e9 \u017eal\u00fazie.\" \/>\n<meta property=\"og:url\" content=\"https:\/\/www.cedera-okna.sk\/sk\/interierove-zaluzie-vertikalne-horizontalne-bambusove\/\" \/>\n<meta property=\"og:site_name\" content=\"Cedera\" \/>\n<meta property=\"article:publisher\" content=\"https:\/\/www.facebook.com\/okna.cedera\/\" \/>\n<meta property=\"article:modified_time\" content=\"2020-02-07T18:09:50+00:00\" \/>\n<meta property=\"og:image\" content=\"https:\/\/www.cedera-okna.sk\/wp-content\/uploads\/2011\/10\/horizontalne_zaluzie1_thumbnail-1.jpg\" \/>\n\t<meta property=\"og:image:width\" content=\"350\" \/>\n\t<meta property=\"og:image:height\" content=\"282\" \/>\n\t<meta property=\"og:image:type\" content=\"image\/jpeg\" \/>\n<meta name=\"twitter:label1\" content=\"Predpokladan\u00fd \u010das \u010d\u00edtania\" \/>\n\t<meta name=\"twitter:data1\" content=\"2 min\u00faty\" \/>\n<!-- \/ Yoast SEO plugin. -->","yoast_head_json":{"title":"Interi\u00e9rov\u00e9 \u017eal\u00fazie, vn\u00fatorn\u00e9 \u017eal\u00fazie | Cedera","description":"Radi by ste sa ochr\u00e1nili pred siln\u00fdmi slne\u010dn\u00fdmi l\u00fa\u010dmi alebo v noci zbavili svetla z ulice? Sta\u010d\u00ed si do svojho interi\u00e9ru necha\u0165 namontova\u0165 vn\u00fatorn\u00e9 \u017eal\u00fazie.","robots":{"index":"index","follow":"follow","max-snippet":"max-snippet:-1","max-image-preview":"max-image-preview:large","max-video-preview":"max-video-preview:-1"},"canonical":"https:\/\/www.cedera-okna.sk\/sk\/interierove-zaluzie-vertikalne-horizontalne-bambusove\/","og_locale":"sk_SK","og_type":"article","og_title":"Interi\u00e9rov\u00e9 \u017eal\u00fazie, vn\u00fatorn\u00e9 \u017eal\u00fazie | Cedera","og_description":"Radi by ste sa ochr\u00e1nili pred siln\u00fdmi slne\u010dn\u00fdmi l\u00fa\u010dmi alebo v noci zbavili svetla z ulice? Sta\u010d\u00ed si do svojho interi\u00e9ru necha\u0165 namontova\u0165 vn\u00fatorn\u00e9 \u017eal\u00fazie.","og_url":"https:\/\/www.cedera-okna.sk\/sk\/interierove-zaluzie-vertikalne-horizontalne-bambusove\/","og_site_name":"Cedera","article_publisher":"https:\/\/www.facebook.com\/okna.cedera\/","article_modified_time":"2020-02-07T18:09:50+00:00","og_image":[{"width":350,"height":282,"url":"https:\/\/www.cedera-okna.sk\/wp-content\/uploads\/2011\/10\/horizontalne_zaluzie1_thumbnail-1.jpg","type":"image\/jpeg"}],"twitter_misc":{"Predpokladan\u00fd \u010das \u010d\u00edtania":"2 min\u00faty"},"schema":{"@context":"https:\/\/schema.org","@graph":[{"@type":"WebPage","@id":"https:\/\/www.cedera-okna.sk\/sk\/interierove-zaluzie-vertikalne-horizontalne-bambusove\/","url":"https:\/\/www.cedera-okna.sk\/sk\/interierove-zaluzie-vertikalne-horizontalne-bambusove\/","name":"Interi\u00e9rov\u00e9 \u017eal\u00fazie, vn\u00fatorn\u00e9 \u017eal\u00fazie | Cedera","isPartOf":{"@id":"https:\/\/www.cedera-okna.sk\/sk\/#website"},"primaryImageOfPage":{"@id":"https:\/\/www.cedera-okna.sk\/sk\/interierove-zaluzie-vertikalne-horizontalne-bambusove\/#primaryimage"},"image":{"@id":"https:\/\/www.cedera-okna.sk\/sk\/interierove-zaluzie-vertikalne-horizontalne-bambusove\/#primaryimage"},"thumbnailUrl":"https:\/\/www.cedera-okna.sk\/wp-content\/uploads\/2011\/10\/horizontalne_zaluzie1_thumbnail-1.jpg","datePublished":"2011-10-27T08:48:40+00:00","dateModified":"2020-02-07T18:09:50+00:00","description":"Radi by ste sa ochr\u00e1nili pred siln\u00fdmi slne\u010dn\u00fdmi l\u00fa\u010dmi alebo v noci zbavili svetla z ulice? Sta\u010d\u00ed si do svojho interi\u00e9ru necha\u0165 namontova\u0165 vn\u00fatorn\u00e9 \u017eal\u00fazie.","breadcrumb":{"@id":"https:\/\/www.cedera-okna.sk\/sk\/interierove-zaluzie-vertikalne-horizontalne-bambusove\/#breadcrumb"},"inLanguage":"sk-SK","potentialAction":[{"@type":"ReadAction","target":["https:\/\/www.cedera-okna.sk\/sk\/interierove-zaluzie-vertikalne-horizontalne-bambusove\/"]}]},{"@type":"ImageObject","inLanguage":"sk-SK","@id":"https:\/\/www.cedera-okna.sk\/sk\/interierove-zaluzie-vertikalne-horizontalne-bambusove\/#primaryimage","url":"https:\/\/www.cedera-okna.sk\/wp-content\/uploads\/2011\/10\/horizontalne_zaluzie1_thumbnail-1.jpg","contentUrl":"https:\/\/www.cedera-okna.sk\/wp-content\/uploads\/2011\/10\/horizontalne_zaluzie1_thumbnail-1.jpg","width":350,"height":282,"caption":"plastov\u00e9 okn\u00e1, eurookn\u00e1"},{"@type":"BreadcrumbList","@id":"https:\/\/www.cedera-okna.sk\/sk\/interierove-zaluzie-vertikalne-horizontalne-bambusove\/#breadcrumb","itemListElement":[{"@type":"ListItem","position":1,"name":"Domovsk\u00e1 str\u00e1nka","item":"https:\/\/www.cedera-okna.sk\/sk\/"},{"@type":"ListItem","position":2,"name":"Interi\u00e9rov\u00e9 \u017eal\u00fazie &#8211; bambusov\u00e9, vertik\u00e1lne, horizont\u00e1lne. Ak\u00e9 chcete vy?"}]},{"@type":"WebSite","@id":"https:\/\/www.cedera-okna.sk\/sk\/#website","url":"https:\/\/www.cedera-okna.sk\/sk\/","name":"Cedera","description":"Plastov\u00e9 okn\u00e1 Bratislava","publisher":{"@id":"https:\/\/www.cedera-okna.sk\/sk\/#organization"},"potentialAction":[{"@type":"SearchAction","target":{"@type":"EntryPoint","urlTemplate":"https:\/\/www.cedera-okna.sk\/sk\/?s={search_term_string}"},"query-input":{"@type":"PropertyValueSpecification","valueRequired":true,"valueName":"search_term_string"}}],"inLanguage":"sk-SK"},{"@type":"Organization","@id":"https:\/\/www.cedera-okna.sk\/sk\/#organization","name":"CEDERA s.r.o.","url":"https:\/\/www.cedera-okna.sk\/sk\/","logo":{"@type":"ImageObject","inLanguage":"sk-SK","@id":"https:\/\/www.cedera-okna.sk\/sk\/#\/schema\/logo\/image\/","url":"https:\/\/www.cedera-okna.sk\/wp-content\/uploads\/2018\/10\/Cedera-logo.png","contentUrl":"https:\/\/www.cedera-okna.sk\/wp-content\/uploads\/2018\/10\/Cedera-logo.png","width":190,"height":66,"caption":"CEDERA s.r.o."},"image":{"@id":"https:\/\/www.cedera-okna.sk\/sk\/#\/schema\/logo\/image\/"},"sameAs":["https:\/\/www.facebook.com\/okna.cedera\/"]}]}},"_links":{"self":[{"href":"https:\/\/www.cedera-okna.sk\/sk\/wp-json\/wp\/v2\/pages\/110","targetHints":{"allow":["GET"]}}],"collection":[{"href":"https:\/\/www.cedera-okna.sk\/sk\/wp-json\/wp\/v2\/pages"}],"about":[{"href":"https:\/\/www.cedera-okna.sk\/sk\/wp-json\/wp\/v2\/types\/page"}],"author":[{"embeddable":true,"href":"https:\/\/www.cedera-okna.sk\/sk\/wp-json\/wp\/v2\/users\/3"}],"replies":[{"embeddable":true,"href":"https:\/\/www.cedera-okna.sk\/sk\/wp-json\/wp\/v2\/comments?post=110"}],"version-history":[{"count":14,"href":"https:\/\/www.cedera-okna.sk\/sk\/wp-json\/wp\/v2\/pages\/110\/revisions"}],"predecessor-version":[{"id":7749,"href":"https:\/\/www.cedera-okna.sk\/sk\/wp-json\/wp\/v2\/pages\/110\/revisions\/7749"}],"wp:featuredmedia":[{"embeddable":true,"href":"https:\/\/www.cedera-okna.sk\/sk\/wp-json\/wp\/v2\/media\/2403"}],"wp:attachment":[{"href":"https:\/\/www.cedera-okna.sk\/sk\/wp-json\/wp\/v2\/media?parent=110"}],"curies":[{"name":"wp","href":"https:\/\/api.w.org\/{rel}","templated":true}]}}