{"id":2412,"date":"2011-10-27T10:51:41","date_gmt":"2011-10-27T08:51:41","guid":{"rendered":"http:\/\/cedera-okna.sk\/index.php\/die-fensterparapete\/"},"modified":"2016-08-23T19:14:06","modified_gmt":"2016-08-23T17:14:06","slug":"die-fensterparapete","status":"publish","type":"page","link":"https:\/\/www.cedera-okna.sk\/de\/die-fensterparapete\/","title":{"rendered":"Die Fensterb\u00e4nke"},"content":{"rendered":"<div class=\"wpb-content-wrapper\"><p>[vc_row][vc_column width=&#8221;2\/3&#8243;][vc_column_text]<\/p>\n<h2 class=\"maly_nadpis\">Innenfensterb\u00e4nke WERZALIT<\/h2>\n<p>Es gibt kein Zweifel daran, dass die Fensterparapete die Gesamtwirkung des Interieurs \u00e4ndern k\u00f6nnen. Die Kombination von Qualit\u00e4t und Stil ist das, was Ihnen Innenfensterb\u00e4nke bieten k\u00f6nnen.<\/p>\n<p>Die Dichtheit der Spanplatten Werzalit ist mit dem \u00fcblichen Spanplatten unvergleichbar. Dreifach h\u00f6herer Harzgehalt sorgt f\u00fcr eine bessere Haftung der einzelnen Sp\u00e4nen.<\/p>\n<p>Die Technologie , bei der Druck und Temperatur auf die Sp\u00e4ne wirken, hat zur Folge, dass alle Poren ideal geschlossen werden. Die vordere Kante ist schon beim Pressen integriert, so dass die Arbeit mit zus\u00e4tzlichem Kleben und das Risiko von L\u00fccken und Fehlerhaftigkeiten ab fallen.<\/p>\n<p>Die Innenfensterb\u00e4nke Werzalit geh\u00f6ren dank ihre Qualit\u00e4t und ihres Design zu den beliebtesten Produkten in Europa.<\/p>\n<p>Gro\u00dfe Variabilit\u00e4t an Dekoration sorgt f\u00fcr \u00e4sthetisch- ausgewogene Anpassung mit jedem M\u00f6belst\u00fcck und mit anderer Interieur- Einrichtung.<\/p>\n<p>Einfache Pflege, Best\u00e4ndigkeit gegen S\u00e4uren und Kalk z\u00e4hlen genauso zu gro\u00dfen Vorteilen dieser Fensterparapeten.[\/vc_column_text][\/vc_column][vc_column width=&#8221;1\/3&#8243;][vc_column_text]<img decoding=\"async\" class=\" size-full wp-image-113\" style=\"width: 172px; height: 127px;\" src=\"http:\/\/cedera-okna.sk\/wp-content\/uploads\/2011\/10\/parapety-vnutorne%202.jpg\" alt=\"doplkny k okn\u00e1m, k\u013eu\u010dky, parapety\" width=\"172\" height=\"127\" align=\"bottom\" border=\"0\" hspace=\"20\" \/>[\/vc_column_text][\/vc_column][\/vc_row][vc_row][vc_column width=&#8221;2\/3&#8243;][vc_column_text]<\/p>\n<h3>Aussenfensterb\u00e4nke \u2013 GUTMANN<\/h3>\n<p>Aussenfensterb\u00e4nke \u2013 GUTMANN sind ideale L\u00f6sung f\u00fcr \u00e4u\u00dfere Fenstergestaltung.<br \/>\nSie decken den \u00e4u\u00dferen Vorfenster- Ausbau \u00fcber, sie leiten das flie\u00dfende Wasser ab, sie sch\u00fctzen die Fassade vor Verschmutzung. Dank geringer W\u00e4rmedehnung und hoher Farbstabilit\u00e4t sind diese Fensterb\u00e4nke auch f\u00fcr die h\u00e4rtesten Bedingungen geeignet.<br \/>\nSie sind aus Aluminium- Strangpressprofilen gefertigt und die Oberfl\u00e4chen sind mit Eloxieren behandelt.<br \/>\nIn unserem Angebot finden Sie die Fensterb\u00e4nke in verschiedenen Farben.<\/p>\n<h3 style=\"color: #669933; font-family: tahoma; font-size: 12px; margin-bottom: 8px;\"><\/h3>\n<p>[\/vc_column_text][\/vc_column][vc_column width=&#8221;1\/3&#8243;][vc_column_text]<img decoding=\"async\" class=\" size-full wp-image-114\" src=\"http:\/\/cedera-okna.sk\/wp-content\/uploads\/2011\/10\/50621-1.jpg\" alt=\"vn\u00fatorn\u00e9 parapety, doplnky k okn\u00e1m\" width=\"172\" height=\"127\" border=\"0\" hspace=\"20\" vspace=\"5\" \/>[\/vc_column_text][\/vc_column][\/vc_row][vc_row][vc_column width=&#8221;2\/3&#8243;][vc_column_text]<\/p>\n<h2>Die Fenstergriffe<\/h2>\n<p>Zum Beschlag geh\u00f6ren nat\u00fcrlich auch die Fenstergriffe MACO \u2013 HARMONY.<br \/>\nSie sind f\u00fcr moderne architektonische Umgebung, aber auch f\u00fcr Fenster in den renovierten Geb\u00e4uden geeignet.<br \/>\nWeiche Konturen der einzelnen Fenstergriffe verschaffen jedem Fenster ein harmonisches Aussehen.<br \/>\nIhr ergonomisches Design ist perfekt, sie passen genau in die Hand.Hohe Widerstandsf\u00e4higkeit gegen Gebrauchspuren und fast unm\u00f6gliche mechanische Besch\u00e4digung machen sie zur Nummer eins.<br \/>\nDie Aluminium Oberfl\u00e4che der Fenstergriffe MACO &#8211; HARMONY ist mit Eloxieren behandelt.Die Fenstergriffe k\u00f6nnen nach Ihrem Wunsch abschlie\u00dfbar, beiderseitig mit zus\u00e4tzlichem Schloss, mit dem Dreher an beiden Seiten, mit dem Befehlschalter des Oberlichtes sein.[\/vc_column_text][\/vc_column][vc_column width=&#8221;1\/3&#8243;][vc_column_text]<img decoding=\"async\" class=\" size-full wp-image-115\" style=\"width: 180px; height: 150px;\" src=\"http:\/\/cedera-okna.sk\/wp-content\/uploads\/2011\/10\/vonkajsie%20parapety.jpg\" alt=\"vonkaj\u0161ie parapety, Gutmann\" width=\"180\" height=\"150\" align=\"textTop\" border=\"0\" hspace=\"15\" vspace=\"20\" \/>[\/vc_column_text][\/vc_column][\/vc_row][vc_row][vc_column width=&#8221;2\/3&#8243;][vc_column_text]Die Fenstergriffe werden mit den Angelabdeckungen in den Farben titanwei\u00df, silber, bronze, champagner, matt-wei\u00df und dunkel-wei\u00df geliefert.[\/vc_column_text][\/vc_column][vc_column width=&#8221;1\/3&#8243;][vc_column_text]<img decoding=\"async\" class=\" size-full wp-image-170\" style=\"width: 178px; height: 89px;\" src=\"http:\/\/cedera-okna.sk\/wp-content\/uploads\/2011\/10\/maco_harmony_small-1.jpg\" alt=\"klu\u010dky, parapetn\u00e9 dosky\" width=\"178\" height=\"89\" border=\"0\" hspace=\"15\" srcset=\"https:\/\/www.cedera-okna.sk\/wp-content\/uploads\/2011\/10\/maco_harmony_small-1.jpg 400w, https:\/\/www.cedera-okna.sk\/wp-content\/uploads\/2011\/10\/maco_harmony_small-1-300x150.jpg 300w, https:\/\/www.cedera-okna.sk\/wp-content\/uploads\/2011\/10\/maco_harmony_small-1-390x195.jpg 390w\" sizes=\"(max-width: 178px) 100vw, 178px\" \/>[\/vc_column_text][\/vc_column][\/vc_row]<\/p>\n<\/div>","protected":false},"excerpt":{"rendered":"<p>[vc_row][vc_column width=&#8221;2\/3&#8243;][vc_column_text] Innenfensterb\u00e4nke WERZALIT Es gibt kein Zweifel daran, dass die Fensterparapete die Gesamtwirkung des Interieurs \u00e4ndern k\u00f6nnen. Die Kombination von Qualit\u00e4t und Stil ist das, was Ihnen Innenfensterb\u00e4nke bieten k\u00f6nnen. Die Dichtheit der Spanplatten Werzalit ist mit dem \u00fcblichen Spanplatten unvergleichbar. Dreifach h\u00f6herer Harzgehalt sorgt f\u00fcr eine bessere Haftung der einzelnen Sp\u00e4nen. Die Technologie [&hellip;]<\/p>\n","protected":false},"author":3,"featured_media":113,"parent":0,"menu_order":24,"comment_status":"closed","ping_status":"closed","template":"","meta":{"footnotes":""},"class_list":["post-2412","page","type-page","status-publish","has-post-thumbnail","hentry"],"yoast_head":"<!-- This site is optimized with the Yoast SEO plugin v27.4 - https:\/\/yoast.com\/product\/yoast-seo-wordpress\/ -->\n<title>Die Fensterb\u00e4nke - Cedera<\/title>\n<meta name=\"robots\" content=\"index, follow, max-snippet:-1, max-image-preview:large, max-video-preview:-1\" \/>\n<link rel=\"canonical\" href=\"https:\/\/www.cedera-okna.sk\/de\/die-fensterparapete\/\" \/>\n<meta property=\"og:locale\" content=\"de_DE\" \/>\n<meta property=\"og:type\" content=\"article\" \/>\n<meta property=\"og:title\" content=\"Die Fensterb\u00e4nke - Cedera\" \/>\n<meta property=\"og:description\" content=\"[vc_row][vc_column width=&#8221;2\/3&#8243;][vc_column_text] Innenfensterb\u00e4nke WERZALIT Es gibt kein Zweifel daran, dass die Fensterparapete die Gesamtwirkung des Interieurs \u00e4ndern k\u00f6nnen. Die Kombination von Qualit\u00e4t und Stil ist das, was Ihnen Innenfensterb\u00e4nke bieten k\u00f6nnen. Die Dichtheit der Spanplatten Werzalit ist mit dem \u00fcblichen Spanplatten unvergleichbar. Dreifach h\u00f6herer Harzgehalt sorgt f\u00fcr eine bessere Haftung der einzelnen Sp\u00e4nen. Die Technologie [&hellip;]\" \/>\n<meta property=\"og:url\" content=\"https:\/\/www.cedera-okna.sk\/de\/die-fensterparapete\/\" \/>\n<meta property=\"og:site_name\" content=\"Cedera\" \/>\n<meta property=\"article:publisher\" content=\"https:\/\/www.facebook.com\/okna.cedera\/\" \/>\n<meta property=\"article:modified_time\" content=\"2016-08-23T17:14:06+00:00\" \/>\n<meta name=\"twitter:label1\" content=\"Est. reading time\" \/>\n\t<meta name=\"twitter:data1\" content=\"2 minutes\" \/>\n<!-- \/ Yoast SEO plugin. -->","yoast_head_json":{"title":"Die Fensterb\u00e4nke - Cedera","robots":{"index":"index","follow":"follow","max-snippet":"max-snippet:-1","max-image-preview":"max-image-preview:large","max-video-preview":"max-video-preview:-1"},"canonical":"https:\/\/www.cedera-okna.sk\/de\/die-fensterparapete\/","og_locale":"de_DE","og_type":"article","og_title":"Die Fensterb\u00e4nke - Cedera","og_description":"[vc_row][vc_column width=&#8221;2\/3&#8243;][vc_column_text] Innenfensterb\u00e4nke WERZALIT Es gibt kein Zweifel daran, dass die Fensterparapete die Gesamtwirkung des Interieurs \u00e4ndern k\u00f6nnen. Die Kombination von Qualit\u00e4t und Stil ist das, was Ihnen Innenfensterb\u00e4nke bieten k\u00f6nnen. Die Dichtheit der Spanplatten Werzalit ist mit dem \u00fcblichen Spanplatten unvergleichbar. Dreifach h\u00f6herer Harzgehalt sorgt f\u00fcr eine bessere Haftung der einzelnen Sp\u00e4nen. Die Technologie [&hellip;]","og_url":"https:\/\/www.cedera-okna.sk\/de\/die-fensterparapete\/","og_site_name":"Cedera","article_publisher":"https:\/\/www.facebook.com\/okna.cedera\/","article_modified_time":"2016-08-23T17:14:06+00:00","twitter_misc":{"Est. reading time":"2 minutes"},"schema":{"@context":"https:\/\/schema.org","@graph":[{"@type":"WebPage","@id":"https:\/\/www.cedera-okna.sk\/de\/die-fensterparapete\/","url":"https:\/\/www.cedera-okna.sk\/de\/die-fensterparapete\/","name":"Die Fensterb\u00e4nke - Cedera","isPartOf":{"@id":"https:\/\/www.cedera-okna.sk\/sk\/#website"},"primaryImageOfPage":{"@id":"https:\/\/www.cedera-okna.sk\/de\/die-fensterparapete\/#primaryimage"},"image":{"@id":"https:\/\/www.cedera-okna.sk\/de\/die-fensterparapete\/#primaryimage"},"thumbnailUrl":"","datePublished":"2011-10-27T08:51:41+00:00","dateModified":"2016-08-23T17:14:06+00:00","breadcrumb":{"@id":"https:\/\/www.cedera-okna.sk\/de\/die-fensterparapete\/#breadcrumb"},"inLanguage":"de-DE","potentialAction":[{"@type":"ReadAction","target":["https:\/\/www.cedera-okna.sk\/de\/die-fensterparapete\/"]}]},{"@type":"ImageObject","inLanguage":"de-DE","@id":"https:\/\/www.cedera-okna.sk\/de\/die-fensterparapete\/#primaryimage","url":"","contentUrl":""},{"@type":"BreadcrumbList","@id":"https:\/\/www.cedera-okna.sk\/de\/die-fensterparapete\/#breadcrumb","itemListElement":[{"@type":"ListItem","position":1,"name":"Domovsk\u00e1 str\u00e1nka","item":"https:\/\/www.cedera-okna.sk\/de\/"},{"@type":"ListItem","position":2,"name":"Die Fensterb\u00e4nke"}]},{"@type":"WebSite","@id":"https:\/\/www.cedera-okna.sk\/sk\/#website","url":"https:\/\/www.cedera-okna.sk\/sk\/","name":"Cedera","description":"Plastov\u00e9 okn\u00e1 Bratislava","publisher":{"@id":"https:\/\/www.cedera-okna.sk\/sk\/#organization"},"potentialAction":[{"@type":"SearchAction","target":{"@type":"EntryPoint","urlTemplate":"https:\/\/www.cedera-okna.sk\/sk\/?s={search_term_string}"},"query-input":{"@type":"PropertyValueSpecification","valueRequired":true,"valueName":"search_term_string"}}],"inLanguage":"de-DE"},{"@type":"Organization","@id":"https:\/\/www.cedera-okna.sk\/sk\/#organization","name":"CEDERA s.r.o.","url":"https:\/\/www.cedera-okna.sk\/sk\/","logo":{"@type":"ImageObject","inLanguage":"de-DE","@id":"https:\/\/www.cedera-okna.sk\/sk\/#\/schema\/logo\/image\/","url":"https:\/\/www.cedera-okna.sk\/wp-content\/uploads\/2018\/10\/Cedera-logo.png","contentUrl":"https:\/\/www.cedera-okna.sk\/wp-content\/uploads\/2018\/10\/Cedera-logo.png","width":190,"height":66,"caption":"CEDERA s.r.o."},"image":{"@id":"https:\/\/www.cedera-okna.sk\/sk\/#\/schema\/logo\/image\/"},"sameAs":["https:\/\/www.facebook.com\/okna.cedera\/"]}]}},"_links":{"self":[{"href":"https:\/\/www.cedera-okna.sk\/de\/wp-json\/wp\/v2\/pages\/2412","targetHints":{"allow":["GET"]}}],"collection":[{"href":"https:\/\/www.cedera-okna.sk\/de\/wp-json\/wp\/v2\/pages"}],"about":[{"href":"https:\/\/www.cedera-okna.sk\/de\/wp-json\/wp\/v2\/types\/page"}],"author":[{"embeddable":true,"href":"https:\/\/www.cedera-okna.sk\/de\/wp-json\/wp\/v2\/users\/3"}],"replies":[{"embeddable":true,"href":"https:\/\/www.cedera-okna.sk\/de\/wp-json\/wp\/v2\/comments?post=2412"}],"version-history":[{"count":7,"href":"https:\/\/www.cedera-okna.sk\/de\/wp-json\/wp\/v2\/pages\/2412\/revisions"}],"predecessor-version":[{"id":2766,"href":"https:\/\/www.cedera-okna.sk\/de\/wp-json\/wp\/v2\/pages\/2412\/revisions\/2766"}],"wp:featuredmedia":[{"embeddable":true,"href":"https:\/\/www.cedera-okna.sk\/de\/wp-json\/"}],"wp:attachment":[{"href":"https:\/\/www.cedera-okna.sk\/de\/wp-json\/wp\/v2\/media?parent=2412"}],"curies":[{"name":"wp","href":"https:\/\/api.w.org\/{rel}","templated":true}]}}